{"id":2941,"date":"2023-11-16T16:00:12","date_gmt":"2023-11-16T15:00:12","guid":{"rendered":"https:\/\/macote.fr\/?page_id=2941"},"modified":"2024-01-12T12:47:02","modified_gmt":"2024-01-12T11:47:02","slug":"bmw-serie-4","status":"publish","type":"page","link":"https:\/\/macote.fr\/en\/bmw-serie-4\/","title":{"rendered":"BMW 4 Series"},"content":{"rendered":"<div data-elementor-type=\"wp-page\" data-elementor-id=\"2941\" class=\"elementor elementor-2941\" data-elementor-post-type=\"page\">\n\t\t\t\t\t\t<section data-particle_enable=\"false\" data-particle-mobile-disabled=\"false\" class=\"elementor-section elementor-top-section elementor-element elementor-element-652d85f5 elementor-section-boxed elementor-section-height-default elementor-section-height-default\" data-id=\"652d85f5\" data-element_type=\"section\" data-e-type=\"section\">\n\t\t\t\t\t\t<div class=\"elementor-container elementor-column-gap-default\">\n\t\t\t\t\t<div class=\"elementor-column elementor-col-100 elementor-top-column elementor-element elementor-element-2ad1bd0d\" data-id=\"2ad1bd0d\" data-element_type=\"column\" data-e-type=\"column\">\n\t\t\t<div class=\"elementor-widget-wrap elementor-element-populated\">\n\t\t\t\t\t\t<div class=\"elementor-element elementor-element-10c37931 elementor-widget elementor-widget-heading\" data-id=\"10c37931\" data-element_type=\"widget\" data-e-type=\"widget\" data-widget_type=\"heading.default\">\n\t\t\t\t<div class=\"elementor-widget-container\">\n\t\t\t\t\t<h5 class=\"elementor-heading-title elementor-size-default\">Our accessories<\/h5>\t\t\t\t<\/div>\n\t\t\t\t<\/div>\n\t\t\t\t<div class=\"elementor-element elementor-element-1fcf95ea e-transform elementor-widget elementor-widget-heading\" data-id=\"1fcf95ea\" data-element_type=\"widget\" data-e-type=\"widget\" data-settings=\"{&quot;_transform_scale_effect&quot;:{&quot;unit&quot;:&quot;px&quot;,&quot;size&quot;:&quot;&quot;,&quot;sizes&quot;:[]},&quot;_transform_scale_effect_tablet&quot;:{&quot;unit&quot;:&quot;px&quot;,&quot;size&quot;:&quot;&quot;,&quot;sizes&quot;:[]},&quot;_transform_scale_effect_mobile&quot;:{&quot;unit&quot;:&quot;px&quot;,&quot;size&quot;:&quot;&quot;,&quot;sizes&quot;:[]}}\" data-widget_type=\"heading.default\">\n\t\t\t\t<div class=\"elementor-widget-container\">\n\t\t\t\t\t<h2 class=\"elementor-heading-title elementor-size-default\">BMW Serie 4<\/h2>\t\t\t\t<\/div>\n\t\t\t\t<\/div>\n\t\t\t\t\t<\/div>\n\t\t<\/div>\n\t\t\t\t\t<\/div>\n\t\t<\/section>\n\t\t\t\t<section data-particle_enable=\"false\" data-particle-mobile-disabled=\"false\" class=\"elementor-section elementor-top-section elementor-element elementor-element-6f8aad9 elementor-section-boxed elementor-section-height-default elementor-section-height-default\" data-id=\"6f8aad9\" data-element_type=\"section\" data-e-type=\"section\">\n\t\t\t\t\t\t<div class=\"elementor-container elementor-column-gap-default\">\n\t\t\t\t\t<div class=\"elementor-column elementor-col-100 elementor-top-column elementor-element elementor-element-7a60413c\" data-id=\"7a60413c\" data-element_type=\"column\" data-e-type=\"column\">\n\t\t\t<div class=\"elementor-widget-wrap elementor-element-populated\">\n\t\t\t\t\t\t\t<\/div>\n\t\t<\/div>\n\t\t\t\t\t<\/div>\n\t\t<\/section>\n\t\t\t\t<section data-particle_enable=\"false\" data-particle-mobile-disabled=\"false\" class=\"elementor-section elementor-top-section elementor-element elementor-element-207cf75a elementor-section-boxed elementor-section-height-default elementor-section-height-default\" data-id=\"207cf75a\" data-element_type=\"section\" data-e-type=\"section\">\n\t\t\t\t\t\t<div class=\"elementor-container elementor-column-gap-default\">\n\t\t\t\t\t<div class=\"elementor-column elementor-col-100 elementor-top-column elementor-element elementor-element-249c10c2\" data-id=\"249c10c2\" data-element_type=\"column\" data-e-type=\"column\">\n\t\t\t<div class=\"elementor-widget-wrap elementor-element-populated\">\n\t\t\t\t\t\t<div class=\"elementor-element elementor-element-371043ec elementor-widget elementor-widget-heading\" data-id=\"371043ec\" data-element_type=\"widget\" data-e-type=\"widget\" data-widget_type=\"heading.default\">\n\t\t\t\t<div class=\"elementor-widget-container\">\n\t\t\t\t\t<h3 class=\"elementor-heading-title elementor-size-default\">Click on your model :<\/h3>\t\t\t\t<\/div>\n\t\t\t\t<\/div>\n\t\t\t\t\t<\/div>\n\t\t<\/div>\n\t\t\t\t\t<\/div>\n\t\t<\/section>\n\t\t\t\t<section data-particle_enable=\"false\" data-particle-mobile-disabled=\"false\" class=\"elementor-section elementor-top-section elementor-element elementor-element-47962a86 elementor-section-boxed elementor-section-height-default elementor-section-height-default\" data-id=\"47962a86\" data-element_type=\"section\" data-e-type=\"section\">\n\t\t\t\t\t\t<div class=\"elementor-container elementor-column-gap-default\">\n\t\t\t\t\t<div class=\"elementor-column elementor-col-50 elementor-top-column elementor-element elementor-element-263768a0\" data-id=\"263768a0\" data-element_type=\"column\" data-e-type=\"column\">\n\t\t\t<div class=\"elementor-widget-wrap elementor-element-populated\">\n\t\t\t\t\t\t<div class=\"elementor-element elementor-element-d7fdeb8 e-transform e-transform elementor-widget elementor-widget-image\" data-id=\"d7fdeb8\" data-element_type=\"widget\" data-e-type=\"widget\" data-settings=\"{&quot;_transform_scale_effect&quot;:{&quot;unit&quot;:&quot;px&quot;,&quot;size&quot;:0.8,&quot;sizes&quot;:[]},&quot;_transform_scale_effect_hover&quot;:{&quot;unit&quot;:&quot;px&quot;,&quot;size&quot;:0.9,&quot;sizes&quot;:[]},&quot;_transform_scale_effect_tablet&quot;:{&quot;unit&quot;:&quot;px&quot;,&quot;size&quot;:&quot;&quot;,&quot;sizes&quot;:[]},&quot;_transform_scale_effect_mobile&quot;:{&quot;unit&quot;:&quot;px&quot;,&quot;size&quot;:&quot;&quot;,&quot;sizes&quot;:[]},&quot;_transform_scale_effect_hover_tablet&quot;:{&quot;unit&quot;:&quot;px&quot;,&quot;size&quot;:&quot;&quot;,&quot;sizes&quot;:[]},&quot;_transform_scale_effect_hover_mobile&quot;:{&quot;unit&quot;:&quot;px&quot;,&quot;size&quot;:&quot;&quot;,&quot;sizes&quot;:[]}}\" data-widget_type=\"image.default\">\n\t\t\t\t<div class=\"elementor-widget-container\">\n\t\t\t\t\t\t\t\t\t\t\t\t\t\t\t\t<a href=\"https:\/\/macote.fr\/en\/product-category\/bmw-serie-4\/bmw-serie-4-f32-f33-f36\/\">\n\t\t\t\t\t\t\t<img fetchpriority=\"high\" decoding=\"async\" width=\"728\" height=\"455\" src=\"https:\/\/macote.fr\/wp-content\/uploads\/2024\/01\/BMW-serie-4-f32-PNG.png\" class=\"attachment-large size-large wp-image-3389\" alt=\"BMW 4 series f32 PNG\" srcset=\"https:\/\/macote.fr\/wp-content\/uploads\/2024\/01\/BMW-serie-4-f32-PNG.png.webp 728w, https:\/\/macote.fr\/wp-content\/uploads\/2024\/01\/BMW-serie-4-f32-PNG-300x188.png.webp 300w, https:\/\/macote.fr\/wp-content\/uploads\/2024\/01\/BMW-serie-4-f32-PNG-18x12.png.webp 18w, https:\/\/macote.fr\/wp-content\/uploads\/2024\/01\/BMW-serie-4-f32-PNG-600x375.png.webp 600w\" sizes=\"(max-width: 728px) 100vw, 728px\" \/>\t\t\t\t\t\t\t\t<\/a>\n\t\t\t\t\t\t\t\t\t\t\t\t\t\t\t<\/div>\n\t\t\t\t<\/div>\n\t\t\t\t<div class=\"elementor-element elementor-element-2298568f elementor-align-center elementor-widget elementor-widget-button\" data-id=\"2298568f\" data-element_type=\"widget\" data-e-type=\"widget\" data-widget_type=\"button.default\">\n\t\t\t\t<div class=\"elementor-widget-container\">\n\t\t\t\t\t\t\t\t\t<div class=\"elementor-button-wrapper\">\n\t\t\t\t\t<a class=\"elementor-button elementor-button-link elementor-size-lg\" href=\"https:\/\/macote.fr\/en\/product-category\/bmw-serie-4\/bmw-serie-4-f32-f33-f36\/\">\n\t\t\t\t\t\t<span class=\"elementor-button-content-wrapper\">\n\t\t\t\t\t\t\t\t\t<span class=\"elementor-button-text\">BMW 4 Series F32<\/span>\n\t\t\t\t\t<\/span>\n\t\t\t\t\t<\/a>\n\t\t\t\t<\/div>\n\t\t\t\t\t\t\t\t<\/div>\n\t\t\t\t<\/div>\n\t\t\t\t<div class=\"elementor-element elementor-element-14561716 elementor-widget elementor-widget-text-editor\" data-id=\"14561716\" data-element_type=\"widget\" data-e-type=\"widget\" data-widget_type=\"text-editor.default\">\n\t\t\t\t<div class=\"elementor-widget-container\">\n\t\t\t\t\t\t\t\t\t<p>2013-2019<\/p>\t\t\t\t\t\t\t\t<\/div>\n\t\t\t\t<\/div>\n\t\t\t\t\t<\/div>\n\t\t<\/div>\n\t\t\t\t<div class=\"elementor-column elementor-col-50 elementor-top-column elementor-element elementor-element-40acfa91\" data-id=\"40acfa91\" data-element_type=\"column\" data-e-type=\"column\">\n\t\t\t<div class=\"elementor-widget-wrap elementor-element-populated\">\n\t\t\t\t\t\t<div class=\"elementor-element elementor-element-40ba61a1 e-transform e-transform elementor-widget elementor-widget-image\" data-id=\"40ba61a1\" data-element_type=\"widget\" data-e-type=\"widget\" data-settings=\"{&quot;_transform_scale_effect_hover&quot;:{&quot;unit&quot;:&quot;px&quot;,&quot;size&quot;:1.1,&quot;sizes&quot;:[]},&quot;_transform_scale_effect&quot;:{&quot;unit&quot;:&quot;px&quot;,&quot;size&quot;:1,&quot;sizes&quot;:[]},&quot;_transform_scale_effect_tablet&quot;:{&quot;unit&quot;:&quot;px&quot;,&quot;size&quot;:&quot;&quot;,&quot;sizes&quot;:[]},&quot;_transform_scale_effect_mobile&quot;:{&quot;unit&quot;:&quot;px&quot;,&quot;size&quot;:&quot;&quot;,&quot;sizes&quot;:[]},&quot;_transform_scale_effect_hover_tablet&quot;:{&quot;unit&quot;:&quot;px&quot;,&quot;size&quot;:&quot;&quot;,&quot;sizes&quot;:[]},&quot;_transform_scale_effect_hover_mobile&quot;:{&quot;unit&quot;:&quot;px&quot;,&quot;size&quot;:&quot;&quot;,&quot;sizes&quot;:[]}}\" data-widget_type=\"image.default\">\n\t\t\t\t<div class=\"elementor-widget-container\">\n\t\t\t\t\t\t\t\t\t\t\t\t\t\t\t\t<a href=\"https:\/\/macote.fr\/en\/product-category\/bmw-serie-4\/bmw-serie-4-g22-g23-g36\/\">\n\t\t\t\t\t\t\t<img decoding=\"async\" width=\"1024\" height=\"614\" src=\"https:\/\/macote.fr\/wp-content\/uploads\/2024\/01\/BMW-serie-4-G22-PNG-1024x614.webp\" class=\"attachment-large size-large wp-image-3391\" alt=\"BMW serie 4 G22 PNG\" srcset=\"https:\/\/macote.fr\/wp-content\/uploads\/2024\/01\/BMW-serie-4-G22-PNG-1024x614.webp 1024w, https:\/\/macote.fr\/wp-content\/uploads\/2024\/01\/BMW-serie-4-G22-PNG-1200x720.webp 1200w, https:\/\/macote.fr\/wp-content\/uploads\/2024\/01\/BMW-serie-4-G22-PNG-300x180.webp 300w, https:\/\/macote.fr\/wp-content\/uploads\/2024\/01\/BMW-serie-4-G22-PNG-768x461.webp 768w, https:\/\/macote.fr\/wp-content\/uploads\/2024\/01\/BMW-serie-4-G22-PNG-18x12.webp 18w, https:\/\/macote.fr\/wp-content\/uploads\/2024\/01\/BMW-serie-4-G22-PNG.webp 1280w\" sizes=\"(max-width: 1024px) 100vw, 1024px\" \/>\t\t\t\t\t\t\t\t<\/a>\n\t\t\t\t\t\t\t\t\t\t\t\t\t\t\t<\/div>\n\t\t\t\t<\/div>\n\t\t\t\t<div class=\"elementor-element elementor-element-716dc122 elementor-widget elementor-widget-spacer\" data-id=\"716dc122\" data-element_type=\"widget\" data-e-type=\"widget\" data-widget_type=\"spacer.default\">\n\t\t\t\t<div class=\"elementor-widget-container\">\n\t\t\t\t\t\t\t<div class=\"elementor-spacer\">\n\t\t\t<div class=\"elementor-spacer-inner\"><\/div>\n\t\t<\/div>\n\t\t\t\t\t\t<\/div>\n\t\t\t\t<\/div>\n\t\t\t\t<div class=\"elementor-element elementor-element-115a356d elementor-align-center elementor-widget elementor-widget-button\" data-id=\"115a356d\" data-element_type=\"widget\" data-e-type=\"widget\" data-widget_type=\"button.default\">\n\t\t\t\t<div class=\"elementor-widget-container\">\n\t\t\t\t\t\t\t\t\t<div class=\"elementor-button-wrapper\">\n\t\t\t\t\t<a class=\"elementor-button elementor-button-link elementor-size-lg\" href=\"https:\/\/macote.fr\/en\/product-category\/bmw-serie-4\/bmw-serie-4-g22-g23-g36\/\">\n\t\t\t\t\t\t<span class=\"elementor-button-content-wrapper\">\n\t\t\t\t\t\t\t\t\t<span class=\"elementor-button-text\">BMW 4 Series G22<\/span>\n\t\t\t\t\t<\/span>\n\t\t\t\t\t<\/a>\n\t\t\t\t<\/div>\n\t\t\t\t\t\t\t\t<\/div>\n\t\t\t\t<\/div>\n\t\t\t\t<div class=\"elementor-element elementor-element-477f1b2c elementor-widget elementor-widget-text-editor\" data-id=\"477f1b2c\" data-element_type=\"widget\" data-e-type=\"widget\" data-widget_type=\"text-editor.default\">\n\t\t\t\t<div class=\"elementor-widget-container\">\n\t\t\t\t\t\t\t\t\t<p>2019-<\/p>\t\t\t\t\t\t\t\t<\/div>\n\t\t\t\t<\/div>\n\t\t\t\t\t<\/div>\n\t\t<\/div>\n\t\t\t\t\t<\/div>\n\t\t<\/section>\n\t\t\t\t<section data-particle_enable=\"false\" data-particle-mobile-disabled=\"false\" class=\"elementor-section elementor-top-section elementor-element elementor-element-44ca3bfe elementor-section-boxed elementor-section-height-default elementor-section-height-default\" data-id=\"44ca3bfe\" data-element_type=\"section\" data-e-type=\"section\">\n\t\t\t\t\t\t<div class=\"elementor-container elementor-column-gap-default\">\n\t\t\t\t\t<div class=\"elementor-column elementor-col-100 elementor-top-column elementor-element elementor-element-5cf1e0f\" data-id=\"5cf1e0f\" data-element_type=\"column\" data-e-type=\"column\">\n\t\t\t<div class=\"elementor-widget-wrap elementor-element-populated\">\n\t\t\t\t\t\t<div class=\"elementor-element elementor-element-5a66e0c5 elementor-widget-divider--view-line elementor-widget elementor-widget-divider\" data-id=\"5a66e0c5\" data-element_type=\"widget\" data-e-type=\"widget\" data-widget_type=\"divider.default\">\n\t\t\t\t<div class=\"elementor-widget-container\">\n\t\t\t\t\t\t\t<div class=\"elementor-divider\">\n\t\t\t<span class=\"elementor-divider-separator\">\n\t\t\t\t\t\t<\/span>\n\t\t<\/div>\n\t\t\t\t\t\t<\/div>\n\t\t\t\t<\/div>\n\t\t\t\t\t<\/div>\n\t\t<\/div>\n\t\t\t\t\t<\/div>\n\t\t<\/section>\n\t\t\t\t<section data-particle_enable=\"false\" data-particle-mobile-disabled=\"false\" class=\"elementor-section elementor-top-section elementor-element elementor-element-8f3b72d elementor-section-boxed elementor-section-height-default elementor-section-height-default\" data-id=\"8f3b72d\" data-element_type=\"section\" data-e-type=\"section\">\n\t\t\t\t\t\t<div class=\"elementor-container elementor-column-gap-default\">\n\t\t\t\t\t<div class=\"elementor-column elementor-col-100 elementor-top-column elementor-element elementor-element-55fdf5bd\" data-id=\"55fdf5bd\" data-element_type=\"column\" data-e-type=\"column\">\n\t\t\t<div class=\"elementor-widget-wrap elementor-element-populated\">\n\t\t\t\t\t\t<div class=\"elementor-element elementor-element-321dfa1c elementor-widget elementor-widget-heading\" data-id=\"321dfa1c\" data-element_type=\"widget\" data-e-type=\"widget\" data-widget_type=\"heading.default\">\n\t\t\t\t<div class=\"elementor-widget-container\">\n\t\t\t\t\t<h3 class=\"elementor-heading-title elementor-size-default\">Series 4: A tradition of elegance and sportiness<\/h3>\t\t\t\t<\/div>\n\t\t\t\t<\/div>\n\t\t\t\t<div class=\"elementor-element elementor-element-456a3a11 elementor-widget elementor-widget-text-editor\" data-id=\"456a3a11\" data-element_type=\"widget\" data-e-type=\"widget\" data-widget_type=\"text-editor.default\">\n\t\t\t\t<div class=\"elementor-widget-container\">\n\t\t\t\t\t\t\t\t\t<p><span style=\"font-size: inherit; text-align: inherit; font-family: var(--theme-font-family); font-style: var(--theme-font-style, inherit); letter-spacing: var(--theme-letter-spacing); text-transform: var(--theme-text-transform); text-decoration: var(--theme-text-decoration);\">Since its launch in 2013, the BMW 4 Series has embodied sporty looks and agility, combined with comfort and exclusivity. Yet its roots go back much further, inheriting the spirit of the legendary 02 Series (114 Series) and directly succeeding the BMW 3 Series Coup\u00e9. The tradition of two-door coupes has been anchored since the introduction of the sports sedan, dating back to the legendary 02 Series. From 1990, with the E36 series, the 3 Series Coup\u00e9 stands out for its design, which is slightly lower and wider than that of the sedan. Long doors, frameless windows and a curved roof underline the vehicle's sporty character, an aesthetic that continues through two further generations (E46, E92).<\/span><\/p><p>The major turning point came in 2013, when the BMW 3 Series Coup\u00e9 evolved into a new series, the BMW 4 Series (F32, F33, F36). Building on the revolutionary foundations of the 2 Series, the BMW 4 Series brilliantly merges driving pleasure, dynamics and confident looks in a single vehicle.<\/p>\t\t\t\t\t\t\t\t<\/div>\n\t\t\t\t<\/div>\n\t\t\t\t<div class=\"elementor-element elementor-element-58b2edf elementor-widget elementor-widget-heading\" data-id=\"58b2edf\" data-element_type=\"widget\" data-e-type=\"widget\" data-widget_type=\"heading.default\">\n\t\t\t\t<div class=\"elementor-widget-container\">\n\t\t\t\t\t<h3 class=\"elementor-heading-title elementor-size-default\">BMW 4 Series - Present and future<\/h3>\t\t\t\t<\/div>\n\t\t\t\t<\/div>\n\t\t\t\t<div class=\"elementor-element elementor-element-5ff4294 elementor-widget elementor-widget-text-editor\" data-id=\"5ff4294\" data-element_type=\"widget\" data-e-type=\"widget\" data-widget_type=\"text-editor.default\">\n\t\t\t\t<div class=\"elementor-widget-container\">\n\t\t\t\t\t\t\t\t\t<p>Since 2013, the BMW 4 Series, the result of the split of the two-door models (coupe and convertible) from the 3 Series, has asserted itself as a distinct series. The second generation, currently in production, introduces significant design changes, including redesigned, forward-sloping grilles for a stunning front end. With its evocative design and remarkable performance, the BMW 4 Series continues to mark the intersection between elegance and sportiness in the automotive world.<\/p>\t\t\t\t\t\t\t\t<\/div>\n\t\t\t\t<\/div>\n\t\t\t\t\t<\/div>\n\t\t<\/div>\n\t\t\t\t\t<\/div>\n\t\t<\/section>\n\t\t\t\t<section data-particle_enable=\"false\" data-particle-mobile-disabled=\"false\" class=\"elementor-section elementor-top-section elementor-element elementor-element-2fd8c5ed elementor-section-boxed elementor-section-height-default elementor-section-height-default\" data-id=\"2fd8c5ed\" data-element_type=\"section\" data-e-type=\"section\">\n\t\t\t\t\t\t<div class=\"elementor-container elementor-column-gap-default\">\n\t\t\t\t\t<div class=\"elementor-column elementor-col-100 elementor-top-column elementor-element elementor-element-1730299f\" data-id=\"1730299f\" data-element_type=\"column\" data-e-type=\"column\">\n\t\t\t<div class=\"elementor-widget-wrap elementor-element-populated\">\n\t\t\t\t\t\t<div class=\"elementor-element elementor-element-4757dfcd elementor-widget-divider--view-line elementor-widget elementor-widget-divider\" data-id=\"4757dfcd\" data-element_type=\"widget\" data-e-type=\"widget\" data-widget_type=\"divider.default\">\n\t\t\t\t<div class=\"elementor-widget-container\">\n\t\t\t\t\t\t\t<div class=\"elementor-divider\">\n\t\t\t<span class=\"elementor-divider-separator\">\n\t\t\t\t\t\t<\/span>\n\t\t<\/div>\n\t\t\t\t\t\t<\/div>\n\t\t\t\t<\/div>\n\t\t\t\t<div class=\"elementor-element elementor-element-463f7862 elementor-widget elementor-widget-heading\" data-id=\"463f7862\" data-element_type=\"widget\" data-e-type=\"widget\" data-widget_type=\"heading.default\">\n\t\t\t\t<div class=\"elementor-widget-container\">\n\t\t\t\t\t<h2 class=\"elementor-heading-title elementor-size-default\">First-generation 4 Series<\/h2>\t\t\t\t<\/div>\n\t\t\t\t<\/div>\n\t\t\t\t<div class=\"elementor-element elementor-element-13cad2e5 elementor-widget elementor-widget-heading\" data-id=\"13cad2e5\" data-element_type=\"widget\" data-e-type=\"widget\" data-widget_type=\"heading.default\">\n\t\t\t\t<div class=\"elementor-widget-container\">\n\t\t\t\t\t<h5 class=\"elementor-heading-title elementor-size-default\">BMW 4 Series F32<\/h5>\t\t\t\t<\/div>\n\t\t\t\t<\/div>\n\t\t\t\t<section data-particle_enable=\"false\" data-particle-mobile-disabled=\"false\" class=\"elementor-section elementor-inner-section elementor-element elementor-element-535b8f67 elementor-section-boxed elementor-section-height-default elementor-section-height-default\" data-id=\"535b8f67\" data-element_type=\"section\" data-e-type=\"section\">\n\t\t\t\t\t\t<div class=\"elementor-container elementor-column-gap-default\">\n\t\t\t\t\t<div class=\"elementor-column elementor-col-50 elementor-inner-column elementor-element elementor-element-28603273\" data-id=\"28603273\" data-element_type=\"column\" data-e-type=\"column\">\n\t\t\t<div class=\"elementor-widget-wrap elementor-element-populated\">\n\t\t\t\t\t\t<div class=\"elementor-element elementor-element-104550c5 elementor-widget elementor-widget-image\" data-id=\"104550c5\" data-element_type=\"widget\" data-e-type=\"widget\" data-widget_type=\"image.default\">\n\t\t\t\t<div class=\"elementor-widget-container\">\n\t\t\t\t\t\t\t\t\t\t\t\t\t\t\t<img decoding=\"async\" width=\"1024\" height=\"683\" src=\"https:\/\/macote.fr\/wp-content\/uploads\/2024\/01\/BMW-serie-4-F32.jpeg\" class=\"attachment-large size-large wp-image-3396\" alt=\"BMW serie 4 F32\" srcset=\"https:\/\/macote.fr\/wp-content\/uploads\/2024\/01\/BMW-serie-4-F32.jpeg.webp 1024w, https:\/\/macote.fr\/wp-content\/uploads\/2024\/01\/BMW-serie-4-F32-300x200.jpeg.webp 300w, https:\/\/macote.fr\/wp-content\/uploads\/2024\/01\/BMW-serie-4-F32-768x512.jpeg.webp 768w, https:\/\/macote.fr\/wp-content\/uploads\/2024\/01\/BMW-serie-4-F32-18x12.jpeg.webp 18w, https:\/\/macote.fr\/wp-content\/uploads\/2024\/01\/BMW-serie-4-F32-600x400.jpeg.webp 600w\" sizes=\"(max-width: 1024px) 100vw, 1024px\" \/>\t\t\t\t\t\t\t\t\t\t\t\t\t\t\t<\/div>\n\t\t\t\t<\/div>\n\t\t\t\t\t<\/div>\n\t\t<\/div>\n\t\t\t\t<div class=\"elementor-column elementor-col-50 elementor-inner-column elementor-element elementor-element-4ce3d3f0\" data-id=\"4ce3d3f0\" data-element_type=\"column\" data-e-type=\"column\">\n\t\t\t<div class=\"elementor-widget-wrap elementor-element-populated\">\n\t\t\t\t\t\t<div class=\"elementor-element elementor-element-67a79e6d elementor-widget elementor-widget-text-editor\" data-id=\"67a79e6d\" data-element_type=\"widget\" data-e-type=\"widget\" data-widget_type=\"text-editor.default\">\n\t\t\t\t<div class=\"elementor-widget-container\">\n\t\t\t\t\t\t\t\t\t<p>The 4 Series F32, launched in 2013, marked a significant evolution by separating the sedan and coup\u00e9 versions of the 3 Series. This decision ushered in a new era of distinct vehicles, with the 4 Series distinguished by its increased width and wheelbase.<\/p><p>Its expressive design is characterized by short overhangs, an elongated hood and a recessed occupant cell. These elements give the car a unique, expressive silhouette. The wide rear section and narrow headlamps create a striking contrast with the brand's iconic features, such as the double round headlamps and double grille.<\/p><p>Wide rear wheel arches contribute to the imposing appearance of the first-generation 4 Series. The interior follows the same philosophy, with functional design and driver-focused geometry, delivering a fantastic driving experience.<\/p><p>The first-generation 4 Series range included the Coup\u00e9 (F32), the Cabriolet (F33) with a modern folding hardtop, and the Gran Coup\u00e9 (F36) launched in summer 2014, offering the combination of a sports coupe with four doors for an elegant marriage of comfort and vitality.<\/p><p>This generation, produced from 2013 to 2020, included turbo gasoline and diesel engines ranging from 2.0 to 3.0 liters, with 4- and 6-cylinder configurations. It is often referred to collectively as the F32. In parallel, the high-performance M4 models, F82\/F83, equipped with the S55 turbo-six engine, were introduced in 2014.<\/p><p>The key dimensions of the 4 Series F32 were 4640 mm in length, 1825 mm in width and 1404 mm in height. This first-generation 4 Series left a distinct mark on the BMW lineage, combining dynamics, elegance and driving pleasure.<\/p>\t\t\t\t\t\t\t\t<\/div>\n\t\t\t\t<\/div>\n\t\t\t\t\t<\/div>\n\t\t<\/div>\n\t\t\t\t\t<\/div>\n\t\t<\/section>\n\t\t\t\t\t<\/div>\n\t\t<\/div>\n\t\t\t\t\t<\/div>\n\t\t<\/section>\n\t\t\t\t<section data-particle_enable=\"false\" data-particle-mobile-disabled=\"false\" class=\"elementor-section elementor-top-section elementor-element elementor-element-5d22b39e elementor-section-boxed elementor-section-height-default elementor-section-height-default\" data-id=\"5d22b39e\" data-element_type=\"section\" data-e-type=\"section\">\n\t\t\t\t\t\t<div class=\"elementor-container elementor-column-gap-default\">\n\t\t\t\t\t<div class=\"elementor-column elementor-col-100 elementor-top-column elementor-element elementor-element-3dc9ff4b\" data-id=\"3dc9ff4b\" data-element_type=\"column\" data-e-type=\"column\">\n\t\t\t<div class=\"elementor-widget-wrap elementor-element-populated\">\n\t\t\t\t\t\t<div class=\"elementor-element elementor-element-14f2a142 elementor-widget-divider--view-line elementor-widget elementor-widget-divider\" data-id=\"14f2a142\" data-element_type=\"widget\" data-e-type=\"widget\" data-widget_type=\"divider.default\">\n\t\t\t\t<div class=\"elementor-widget-container\">\n\t\t\t\t\t\t\t<div class=\"elementor-divider\">\n\t\t\t<span class=\"elementor-divider-separator\">\n\t\t\t\t\t\t<\/span>\n\t\t<\/div>\n\t\t\t\t\t\t<\/div>\n\t\t\t\t<\/div>\n\t\t\t\t<div class=\"elementor-element elementor-element-5f49e629 elementor-widget elementor-widget-heading\" data-id=\"5f49e629\" data-element_type=\"widget\" data-e-type=\"widget\" data-widget_type=\"heading.default\">\n\t\t\t\t<div class=\"elementor-widget-container\">\n\t\t\t\t\t<h2 class=\"elementor-heading-title elementor-size-default\">Second-generation 4 Series<\/h2>\t\t\t\t<\/div>\n\t\t\t\t<\/div>\n\t\t\t\t<div class=\"elementor-element elementor-element-6a355684 elementor-widget elementor-widget-heading\" data-id=\"6a355684\" data-element_type=\"widget\" data-e-type=\"widget\" data-widget_type=\"heading.default\">\n\t\t\t\t<div class=\"elementor-widget-container\">\n\t\t\t\t\t<h5 class=\"elementor-heading-title elementor-size-default\">BMW 4 Series G22<\/h5>\t\t\t\t<\/div>\n\t\t\t\t<\/div>\n\t\t\t\t<section data-particle_enable=\"false\" data-particle-mobile-disabled=\"false\" class=\"elementor-section elementor-inner-section elementor-element elementor-element-2dffea8a elementor-section-boxed elementor-section-height-default elementor-section-height-default\" data-id=\"2dffea8a\" data-element_type=\"section\" data-e-type=\"section\">\n\t\t\t\t\t\t<div class=\"elementor-container elementor-column-gap-default\">\n\t\t\t\t\t<div class=\"elementor-column elementor-col-50 elementor-inner-column elementor-element elementor-element-52804d32\" data-id=\"52804d32\" data-element_type=\"column\" data-e-type=\"column\">\n\t\t\t<div class=\"elementor-widget-wrap elementor-element-populated\">\n\t\t\t\t\t\t<div class=\"elementor-element elementor-element-4c9f99f7 elementor-widget elementor-widget-image\" data-id=\"4c9f99f7\" data-element_type=\"widget\" data-e-type=\"widget\" data-widget_type=\"image.default\">\n\t\t\t\t<div class=\"elementor-widget-container\">\n\t\t\t\t\t\t\t\t\t\t\t\t\t\t\t<img loading=\"lazy\" decoding=\"async\" width=\"990\" height=\"660\" src=\"https:\/\/macote.fr\/wp-content\/uploads\/2024\/01\/BMW-serie-4-G22-coupe.jpeg\" class=\"attachment-large size-large wp-image-3397\" alt=\"BMW 4 Series G22 coupe\" srcset=\"https:\/\/macote.fr\/wp-content\/uploads\/2024\/01\/BMW-serie-4-G22-coupe.jpeg.webp 990w, https:\/\/macote.fr\/wp-content\/uploads\/2024\/01\/BMW-serie-4-G22-coupe-300x200.jpeg.webp 300w, https:\/\/macote.fr\/wp-content\/uploads\/2024\/01\/BMW-serie-4-G22-coupe-768x512.jpeg.webp 768w, https:\/\/macote.fr\/wp-content\/uploads\/2024\/01\/BMW-serie-4-G22-coupe-18x12.jpeg.webp 18w, https:\/\/macote.fr\/wp-content\/uploads\/2024\/01\/BMW-serie-4-G22-coupe-600x400.jpeg.webp 600w\" sizes=\"(max-width: 990px) 100vw, 990px\" \/>\t\t\t\t\t\t\t\t\t\t\t\t\t\t\t<\/div>\n\t\t\t\t<\/div>\n\t\t\t\t\t<\/div>\n\t\t<\/div>\n\t\t\t\t<div class=\"elementor-column elementor-col-50 elementor-inner-column elementor-element elementor-element-10149e24\" data-id=\"10149e24\" data-element_type=\"column\" data-e-type=\"column\">\n\t\t\t<div class=\"elementor-widget-wrap elementor-element-populated\">\n\t\t\t\t\t\t<div class=\"elementor-element elementor-element-11987452 elementor-widget elementor-widget-text-editor\" data-id=\"11987452\" data-element_type=\"widget\" data-e-type=\"widget\" data-widget_type=\"text-editor.default\">\n\t\t\t\t<div class=\"elementor-widget-container\">\n\t\t\t\t\t\t\t\t\t<p>The second-generation BMW 4 Series, represented by the G22 (coup\u00e9), G23 (cabriolet) and G26 (Gran Coup\u00e9) models, offers a redesigned experience with more generous dimensions than its predecessor, the BMW F32. Twelve centimetres longer and considerably wider, this 4 Series has a more imposing appearance.<\/p><p>A distinctive design element is the double nostrils positioned high and sloping forward, combined with the sloping headlamp frames, creating an impressive front end that evokes confidence and dynamism. Prominent rear wheel arches and rear side windows stretching towards the stern accentuate the Coup\u00e9's expressive character. The curved taillights, stretching to the sides and blending with the descending roof, add a striking finishing touch.<\/p><p>Inside, the functional cabin follows the precise design language of the BMW 4 Series, with the use of exclusive materials ensuring a distinctive, modern look.<\/p><p>This second generation of the 4 Series is available in three body variants: the coup\u00e9 (G22), the cabriolet (G23) for those who prefer the wind in their hair, and the Gran Coup\u00e9 (G26) offering a combination of elegance and sportiness with its four doors and large tailgate providing easy access to a spacious cabin.<\/p><p>In technical terms, the 4 Series G22\/G23\/G26 shares many features with the 3 Series G20, but with a center of gravity lowered by more than two centimeters and a rear track 23 millimeters wider, favoring sharper driving dynamics. Engines available are turbocharged petrol and diesel, with cylinders ranging from 4 to 6, offering power from 184 to 374 hp.<\/p><p>Production of this generation began in November 2020, and it continues to offer a driving experience that is both sporty and elegant.<\/p>\t\t\t\t\t\t\t\t<\/div>\n\t\t\t\t<\/div>\n\t\t\t\t\t<\/div>\n\t\t<\/div>\n\t\t\t\t\t<\/div>\n\t\t<\/section>\n\t\t\t\t\t<\/div>\n\t\t<\/div>\n\t\t\t\t\t<\/div>\n\t\t<\/section>\n\t\t\t\t<\/div>","protected":false},"excerpt":{"rendered":"<p>Discover all the accessories to modify your bmw 4 series and its history of sportiness and character.<\/p>","protected":false},"author":1,"featured_media":3397,"parent":0,"menu_order":0,"comment_status":"closed","ping_status":"closed","template":"elementor_header_footer","meta":{"_eb_attr":"","footnotes":""},"class_list":["post-2941","page","type-page","status-publish","has-post-thumbnail","hentry"],"blocksy_meta":[],"yoast_head":"<!-- This site is optimized with the Yoast SEO Premium plugin v20.7 (Yoast SEO v27.5) - https:\/\/yoast.com\/product\/yoast-seo-premium-wordpress\/ -->\n<title>BMW S\u00e9rie 4 - MaCote.fr<\/title>\n<meta name=\"robots\" content=\"index, follow, max-snippet:-1, max-image-preview:large, max-video-preview:-1\" \/>\n<link rel=\"canonical\" href=\"https:\/\/macote.fr\/en\/bmw-serie-4\/\" \/>\n<meta property=\"og:locale\" content=\"en_US\" \/>\n<meta property=\"og:type\" content=\"article\" \/>\n<meta property=\"og:title\" content=\"BMW S\u00e9rie 4\" \/>\n<meta property=\"og:description\" content=\"D\u00e9couvrez tout les accessoires pour modifier votre bmw s\u00e9rie 4 ainsi que son histoire remplie de sportivit\u00e9 et de caract\u00e8re\" \/>\n<meta property=\"og:url\" content=\"https:\/\/macote.fr\/en\/bmw-serie-4\/\" \/>\n<meta property=\"og:site_name\" content=\"MaCote.fr\" \/>\n<meta property=\"article:publisher\" content=\"https:\/\/www.facebook.com\/profile.php?id=100091476586119\" \/>\n<meta property=\"article:modified_time\" content=\"2024-01-12T11:47:02+00:00\" \/>\n<meta property=\"og:image\" content=\"https:\/\/macote.fr\/wp-content\/uploads\/2024\/01\/BMW-serie-4-G22-coupe.jpeg\" \/>\n\t<meta property=\"og:image:width\" content=\"990\" \/>\n\t<meta property=\"og:image:height\" content=\"660\" \/>\n\t<meta property=\"og:image:type\" content=\"image\/jpeg\" \/>\n<meta name=\"twitter:card\" content=\"summary_large_image\" \/>\n<meta name=\"twitter:label1\" content=\"Est. reading time\" \/>\n\t<meta name=\"twitter:data1\" content=\"6 minutes\" \/>\n<script type=\"application\/ld+json\" class=\"yoast-schema-graph\">{\"@context\":\"https:\\\/\\\/schema.org\",\"@graph\":[{\"@type\":\"WebPage\",\"@id\":\"https:\\\/\\\/macote.fr\\\/bmw-serie-4\\\/\",\"url\":\"https:\\\/\\\/macote.fr\\\/bmw-serie-4\\\/\",\"name\":\"BMW S\u00e9rie 4 - MaCote.fr\",\"isPartOf\":{\"@id\":\"https:\\\/\\\/macote.fr\\\/#website\"},\"primaryImageOfPage\":{\"@id\":\"https:\\\/\\\/macote.fr\\\/bmw-serie-4\\\/#primaryimage\"},\"image\":{\"@id\":\"https:\\\/\\\/macote.fr\\\/bmw-serie-4\\\/#primaryimage\"},\"thumbnailUrl\":\"https:\\\/\\\/macote.fr\\\/wp-content\\\/uploads\\\/2024\\\/01\\\/BMW-serie-4-G22-coupe.jpeg\",\"datePublished\":\"2023-11-16T15:00:12+00:00\",\"dateModified\":\"2024-01-12T11:47:02+00:00\",\"breadcrumb\":{\"@id\":\"https:\\\/\\\/macote.fr\\\/bmw-serie-4\\\/#breadcrumb\"},\"inLanguage\":\"en-US\",\"potentialAction\":[{\"@type\":\"ReadAction\",\"target\":[\"https:\\\/\\\/macote.fr\\\/bmw-serie-4\\\/\"]}]},{\"@type\":\"ImageObject\",\"inLanguage\":\"en-US\",\"@id\":\"https:\\\/\\\/macote.fr\\\/bmw-serie-4\\\/#primaryimage\",\"url\":\"https:\\\/\\\/macote.fr\\\/wp-content\\\/uploads\\\/2024\\\/01\\\/BMW-serie-4-G22-coupe.jpeg\",\"contentUrl\":\"https:\\\/\\\/macote.fr\\\/wp-content\\\/uploads\\\/2024\\\/01\\\/BMW-serie-4-G22-coupe.jpeg\",\"width\":990,\"height\":660,\"caption\":\"BMW s\u00e9rie 4 G22 coupe\"},{\"@type\":\"BreadcrumbList\",\"@id\":\"https:\\\/\\\/macote.fr\\\/bmw-serie-4\\\/#breadcrumb\",\"itemListElement\":[{\"@type\":\"ListItem\",\"position\":1,\"name\":\"Accueil\",\"item\":\"https:\\\/\\\/macote.fr\\\/\"},{\"@type\":\"ListItem\",\"position\":2,\"name\":\"BMW S\u00e9rie 4\"}]},{\"@type\":\"WebSite\",\"@id\":\"https:\\\/\\\/macote.fr\\\/#website\",\"url\":\"https:\\\/\\\/macote.fr\\\/\",\"name\":\"MaCote.fr\",\"description\":\"BMW best accessories\",\"publisher\":{\"@id\":\"https:\\\/\\\/macote.fr\\\/#organization\"},\"alternateName\":\"BMW tuning\",\"potentialAction\":[{\"@type\":\"SearchAction\",\"target\":{\"@type\":\"EntryPoint\",\"urlTemplate\":\"https:\\\/\\\/macote.fr\\\/?s={search_term_string}\"},\"query-input\":{\"@type\":\"PropertyValueSpecification\",\"valueRequired\":true,\"valueName\":\"search_term_string\"}}],\"inLanguage\":\"en-US\"},{\"@type\":\"Organization\",\"@id\":\"https:\\\/\\\/macote.fr\\\/#organization\",\"name\":\"Macote.fr\",\"alternateName\":\"BMW tuning\",\"url\":\"https:\\\/\\\/macote.fr\\\/\",\"logo\":{\"@type\":\"ImageObject\",\"inLanguage\":\"en-US\",\"@id\":\"https:\\\/\\\/macote.fr\\\/#\\\/schema\\\/logo\\\/image\\\/\",\"url\":\"https:\\\/\\\/macote.fr\\\/wp-content\\\/uploads\\\/2023\\\/11\\\/LOGO-macote.fr-dessin-bmw-noir-copy.jpg\",\"contentUrl\":\"https:\\\/\\\/macote.fr\\\/wp-content\\\/uploads\\\/2023\\\/11\\\/LOGO-macote.fr-dessin-bmw-noir-copy.jpg\",\"width\":732,\"height\":456,\"caption\":\"Macote.fr\"},\"image\":{\"@id\":\"https:\\\/\\\/macote.fr\\\/#\\\/schema\\\/logo\\\/image\\\/\"},\"sameAs\":[\"https:\\\/\\\/www.facebook.com\\\/profile.php?id=100091476586119\",\"https:\\\/\\\/www.youtube.com\\\/channel\\\/UCgO-YTbaxYO-w_C5GfL-_1w\",\"https:\\\/\\\/www.tiktok.com\\\/@macote.fr?is_from_webapp=1&sender_device=pc\",\"https:\\\/\\\/www.instagram.com\\\/i_xila_i\\\/\"]}]}<\/script>\n<!-- \/ Yoast SEO Premium plugin. -->","yoast_head_json":{"title":"BMW 4 Series - MaCote.fr","robots":{"index":"index","follow":"follow","max-snippet":"max-snippet:-1","max-image-preview":"max-image-preview:large","max-video-preview":"max-video-preview:-1"},"canonical":"https:\/\/macote.fr\/en\/bmw-serie-4\/","og_locale":"en_US","og_type":"article","og_title":"BMW S\u00e9rie 4","og_description":"D\u00e9couvrez tout les accessoires pour modifier votre bmw s\u00e9rie 4 ainsi que son histoire remplie de sportivit\u00e9 et de caract\u00e8re","og_url":"https:\/\/macote.fr\/en\/bmw-serie-4\/","og_site_name":"MaCote.fr","article_publisher":"https:\/\/www.facebook.com\/profile.php?id=100091476586119","article_modified_time":"2024-01-12T11:47:02+00:00","og_image":[{"width":990,"height":660,"url":"https:\/\/macote.fr\/wp-content\/uploads\/2024\/01\/BMW-serie-4-G22-coupe.jpeg","type":"image\/jpeg"}],"twitter_card":"summary_large_image","twitter_misc":{"Est. reading time":"6 minutes"},"schema":{"@context":"https:\/\/schema.org","@graph":[{"@type":"WebPage","@id":"https:\/\/macote.fr\/bmw-serie-4\/","url":"https:\/\/macote.fr\/bmw-serie-4\/","name":"BMW 4 Series - MaCote.fr","isPartOf":{"@id":"https:\/\/macote.fr\/#website"},"primaryImageOfPage":{"@id":"https:\/\/macote.fr\/bmw-serie-4\/#primaryimage"},"image":{"@id":"https:\/\/macote.fr\/bmw-serie-4\/#primaryimage"},"thumbnailUrl":"https:\/\/macote.fr\/wp-content\/uploads\/2024\/01\/BMW-serie-4-G22-coupe.jpeg","datePublished":"2023-11-16T15:00:12+00:00","dateModified":"2024-01-12T11:47:02+00:00","breadcrumb":{"@id":"https:\/\/macote.fr\/bmw-serie-4\/#breadcrumb"},"inLanguage":"en-US","potentialAction":[{"@type":"ReadAction","target":["https:\/\/macote.fr\/bmw-serie-4\/"]}]},{"@type":"ImageObject","inLanguage":"en-US","@id":"https:\/\/macote.fr\/bmw-serie-4\/#primaryimage","url":"https:\/\/macote.fr\/wp-content\/uploads\/2024\/01\/BMW-serie-4-G22-coupe.jpeg","contentUrl":"https:\/\/macote.fr\/wp-content\/uploads\/2024\/01\/BMW-serie-4-G22-coupe.jpeg","width":990,"height":660,"caption":"BMW s\u00e9rie 4 G22 coupe"},{"@type":"BreadcrumbList","@id":"https:\/\/macote.fr\/bmw-serie-4\/#breadcrumb","itemListElement":[{"@type":"ListItem","position":1,"name":"Accueil","item":"https:\/\/macote.fr\/"},{"@type":"ListItem","position":2,"name":"BMW S\u00e9rie 4"}]},{"@type":"WebSite","@id":"https:\/\/macote.fr\/#website","url":"https:\/\/macote.fr\/","name":"MyQuote.com","description":"BMW best accessories","publisher":{"@id":"https:\/\/macote.fr\/#organization"},"alternateName":"BMW tuning","potentialAction":[{"@type":"SearchAction","target":{"@type":"EntryPoint","urlTemplate":"https:\/\/macote.fr\/?s={search_term_string}"},"query-input":{"@type":"PropertyValueSpecification","valueRequired":true,"valueName":"search_term_string"}}],"inLanguage":"en-US"},{"@type":"Organization","@id":"https:\/\/macote.fr\/#organization","name":"Macote.fr","alternateName":"BMW tuning","url":"https:\/\/macote.fr\/","logo":{"@type":"ImageObject","inLanguage":"en-US","@id":"https:\/\/macote.fr\/#\/schema\/logo\/image\/","url":"https:\/\/macote.fr\/wp-content\/uploads\/2023\/11\/LOGO-macote.fr-dessin-bmw-noir-copy.jpg","contentUrl":"https:\/\/macote.fr\/wp-content\/uploads\/2023\/11\/LOGO-macote.fr-dessin-bmw-noir-copy.jpg","width":732,"height":456,"caption":"Macote.fr"},"image":{"@id":"https:\/\/macote.fr\/#\/schema\/logo\/image\/"},"sameAs":["https:\/\/www.facebook.com\/profile.php?id=100091476586119","https:\/\/www.youtube.com\/channel\/UCgO-YTbaxYO-w_C5GfL-_1w","https:\/\/www.tiktok.com\/@macote.fr?is_from_webapp=1&sender_device=pc","https:\/\/www.instagram.com\/i_xila_i\/"]}]}},"_links":{"self":[{"href":"https:\/\/macote.fr\/en\/wp-json\/wp\/v2\/pages\/2941","targetHints":{"allow":["GET"]}}],"collection":[{"href":"https:\/\/macote.fr\/en\/wp-json\/wp\/v2\/pages"}],"about":[{"href":"https:\/\/macote.fr\/en\/wp-json\/wp\/v2\/types\/page"}],"author":[{"embeddable":true,"href":"https:\/\/macote.fr\/en\/wp-json\/wp\/v2\/users\/1"}],"replies":[{"embeddable":true,"href":"https:\/\/macote.fr\/en\/wp-json\/wp\/v2\/comments?post=2941"}],"version-history":[{"count":25,"href":"https:\/\/macote.fr\/en\/wp-json\/wp\/v2\/pages\/2941\/revisions"}],"predecessor-version":[{"id":3482,"href":"https:\/\/macote.fr\/en\/wp-json\/wp\/v2\/pages\/2941\/revisions\/3482"}],"wp:featuredmedia":[{"embeddable":true,"href":"https:\/\/macote.fr\/en\/wp-json\/wp\/v2\/media\/3397"}],"wp:attachment":[{"href":"https:\/\/macote.fr\/en\/wp-json\/wp\/v2\/media?parent=2941"}],"curies":[{"name":"wp","href":"https:\/\/api.w.org\/{rel}","templated":true}]}}