{"id":5026,"date":"2024-10-08T16:07:49","date_gmt":"2024-10-08T14:07:49","guid":{"rendered":"https:\/\/macote.fr\/?post_type=product&#038;p=5026"},"modified":"2024-10-14T10:03:47","modified_gmt":"2024-10-14T08:03:47","slug":"headlight-glass-headlight-cover-bmw-e46","status":"publish","type":"product","link":"https:\/\/macote.fr\/en\/product\/headlight-glass-headlight-cover-bmw-e46\/","title":{"rendered":"Headlight glass - Headlight cover - BMW E46"},"content":{"rendered":"<h1 style=\"text-align: center;\">BMW E46 headlight glass<\/h1>\n<p>BMW E46 headlight glass is the ideal solution for restoring your vehicle's appearance. Unlike other car models, the BMW E46's headlights don't come as a single unit, allowing you to replace only the glass when it becomes yellowed or damaged. This replacement is quick and easy, offering a more effective alternative to a headlight repair kit.<\/p>\n<p>This lens is perfectly translucent and conforms to the original dimensions, ensuring a perfect fit and quality finish. Designed to resist UV rays, it won't yellow, guaranteeing lasting clarity and transparency over time. What's more, our headlamp glass is available for models in the <strong>phase 1 and phase 2 of the BMW 3 Series E46<\/strong>You can restore the appearance of any version of your vehicle.<\/p>\n<p>Replacing the headlamp glass restores your BMW's original appearance and improves visibility when driving, especially at night or in bad weather. Yellowed or cracked headlights not only reduce brightness, but also give your car an aged appearance. Replacing these windows is therefore an excellent opportunity to rejuvenate your vehicle while preserving its authentic look.<\/p>\n<p><strong>Main features :<\/strong><\/p>\n<ul>\n<li><strong>Easy replacement<\/strong> : Quickly replace glass without the need for special tools.<\/li>\n<li><strong>Superior quality<\/strong> Transparent, original-size, UV-resistant lens.<\/li>\n<li><strong>Available for Phase 1 and Phase 2<\/strong> Compatible with all BMW 3 Series E46 models.<\/li>\n<li><strong>Brand-new appearance guaranteed<\/strong> Give your BMW E46 a facelift without the expense of a repair kit.<\/li>\n<li><strong>Improved visibility<\/strong> Clear headlights for safer, more enjoyable driving.<\/li>\n<\/ul>\n<p>Choose this headlight glass for BMW E46 and restore your car's original elegance in just a few simple steps, while preserving the charm of your 3 Series, whether Phase 1 or Phase 2!<\/p>\n<blockquote class=\"wp-embedded-content\" data-secret=\"Q67FnxMhhL\"><p><a href=\"https:\/\/macote.fr\/en\/why-renovate-your-headlights\/\">Why renovate your headlights?<\/a><\/p><\/blockquote>\n<p><iframe class=\"wp-embedded-content\" sandbox=\"allow-scripts\" security=\"restricted\" style=\"position: absolute; visibility: hidden;\" title=\"&quot; Why renovate your headlights? &quot; - MaCote.fr\" src=\"https:\/\/macote.fr\/pourquoi-renover-ses-phares\/embed\/#?secret=rQykubcQfw#?secret=Q67FnxMhhL\" data-secret=\"Q67FnxMhhL\" width=\"600\" height=\"338\" frameborder=\"0\" marginwidth=\"0\" marginheight=\"0\" scrolling=\"no\"><\/iframe><\/p>","protected":false},"excerpt":{"rendered":"<p>Vitre de phare BMW E46 les vitres de phare pour BMW E46 sont la solution id\u00e9ale pour redonner un aspect neuf \u00e0 votre v\u00e9hicule. Contrairement \u00e0 d&rsquo;autres mod\u00e8les de voitures, les phares de la BMW E46 ne sont pas en un seul bloc, ce qui permet de remplacer uniquement la vitre lorsqu&rsquo;elle devient jaunie ou [&hellip;]<\/p>\n","protected":false},"featured_media":5030,"comment_status":"open","ping_status":"closed","template":"","meta":{"_eb_attr":""},"product_brand":[],"product_cat":[132,147,67,201,210],"product_tag":[],"class_list":{"0":"post-5026","1":"product","2":"type-product","3":"status-publish","4":"has-post-thumbnail","6":"product_cat-bmw-serie-3","7":"product_cat-bmw-serie-3-e46","8":"product_cat-modification-exterieur-vehicule","9":"product_cat-m3","10":"product_cat-m3-e46","12":"first","13":"instock","14":"taxable","15":"shipping-taxable","16":"purchasable","17":"product-type-variable"},"yoast_head":"<!-- This site is optimized with the Yoast SEO Premium plugin v20.7 (Yoast SEO v27.5) - https:\/\/yoast.com\/product\/yoast-seo-premium-wordpress\/ -->\n<title>Vitre de phare - Couvercle de phare - BMW E46 - MaCote.fr<\/title>\n<meta name=\"description\" content=\"Redonnez un aspect neuf \u00e0 votre BMW E46 avec nos vitres de phare r\u00e9sistantes aux UV. Installation facile, qualit\u00e9 sup\u00e9rieure, et compatibilit\u00e9 parfaite.\" \/>\n<meta name=\"robots\" content=\"index, follow, max-snippet:-1, max-image-preview:large, max-video-preview:-1\" \/>\n<link rel=\"canonical\" href=\"https:\/\/macote.fr\/en\/product\/headlight-glass-headlight-cover-bmw-e46\/\" \/>\n<meta property=\"og:locale\" content=\"en_US\" \/>\n<meta property=\"og:type\" content=\"article\" \/>\n<meta property=\"og:title\" content=\"Vitre de phare - Couvercle de phare - BMW E46\" \/>\n<meta property=\"og:description\" content=\"Redonnez un aspect neuf \u00e0 votre BMW E46 avec nos vitres de phare r\u00e9sistantes aux UV. Installation facile, qualit\u00e9 sup\u00e9rieure, et compatibilit\u00e9 parfaite.\" \/>\n<meta property=\"og:url\" content=\"https:\/\/macote.fr\/en\/product\/headlight-glass-headlight-cover-bmw-e46\/\" \/>\n<meta property=\"og:site_name\" content=\"MaCote.fr\" \/>\n<meta property=\"article:publisher\" content=\"https:\/\/www.facebook.com\/profile.php?id=100091476586119\" \/>\n<meta property=\"article:modified_time\" content=\"2024-10-14T08:03:47+00:00\" \/>\n<meta property=\"og:image\" content=\"https:\/\/macote.fr\/wp-content\/uploads\/2024\/10\/4.webp\" \/>\n\t<meta property=\"og:image:width\" content=\"800\" \/>\n\t<meta property=\"og:image:height\" content=\"800\" \/>\n\t<meta property=\"og:image:type\" content=\"image\/webp\" \/>\n<meta name=\"twitter:card\" content=\"summary_large_image\" \/>\n<meta name=\"twitter:label1\" content=\"Est. reading time\" \/>\n\t<meta name=\"twitter:data1\" content=\"4 minutes\" \/>\n<script type=\"application\/ld+json\" class=\"yoast-schema-graph\">{\"@context\":\"https:\\\/\\\/schema.org\",\"@graph\":[{\"@type\":\"WebPage\",\"@id\":\"https:\\\/\\\/macote.fr\\\/produit\\\/vitre-de-phare-couvercle-de-phare-bmw-e46\\\/\",\"url\":\"https:\\\/\\\/macote.fr\\\/produit\\\/vitre-de-phare-couvercle-de-phare-bmw-e46\\\/\",\"name\":\"Vitre de phare - Couvercle de phare - BMW E46 - MaCote.fr\",\"isPartOf\":{\"@id\":\"https:\\\/\\\/macote.fr\\\/#website\"},\"primaryImageOfPage\":{\"@id\":\"https:\\\/\\\/macote.fr\\\/produit\\\/vitre-de-phare-couvercle-de-phare-bmw-e46\\\/#primaryimage\"},\"image\":{\"@id\":\"https:\\\/\\\/macote.fr\\\/produit\\\/vitre-de-phare-couvercle-de-phare-bmw-e46\\\/#primaryimage\"},\"thumbnailUrl\":\"https:\\\/\\\/macote.fr\\\/wp-content\\\/uploads\\\/2024\\\/10\\\/4.webp\",\"datePublished\":\"2024-10-08T14:07:49+00:00\",\"dateModified\":\"2024-10-14T08:03:47+00:00\",\"description\":\"Redonnez un aspect neuf \u00e0 votre BMW E46 avec nos vitres de phare r\u00e9sistantes aux UV. Installation facile, qualit\u00e9 sup\u00e9rieure, et compatibilit\u00e9 parfaite.\",\"breadcrumb\":{\"@id\":\"https:\\\/\\\/macote.fr\\\/produit\\\/vitre-de-phare-couvercle-de-phare-bmw-e46\\\/#breadcrumb\"},\"inLanguage\":\"en-US\",\"potentialAction\":[{\"@type\":\"ReadAction\",\"target\":[\"https:\\\/\\\/macote.fr\\\/produit\\\/vitre-de-phare-couvercle-de-phare-bmw-e46\\\/\"]}]},{\"@type\":\"ImageObject\",\"inLanguage\":\"en-US\",\"@id\":\"https:\\\/\\\/macote.fr\\\/produit\\\/vitre-de-phare-couvercle-de-phare-bmw-e46\\\/#primaryimage\",\"url\":\"https:\\\/\\\/macote.fr\\\/wp-content\\\/uploads\\\/2024\\\/10\\\/4.webp\",\"contentUrl\":\"https:\\\/\\\/macote.fr\\\/wp-content\\\/uploads\\\/2024\\\/10\\\/4.webp\",\"width\":800,\"height\":800,\"caption\":\"Vitre de phare BMW phase 1\"},{\"@type\":\"BreadcrumbList\",\"@id\":\"https:\\\/\\\/macote.fr\\\/produit\\\/vitre-de-phare-couvercle-de-phare-bmw-e46\\\/#breadcrumb\",\"itemListElement\":[{\"@type\":\"ListItem\",\"position\":1,\"name\":\"Accueil\",\"item\":\"https:\\\/\\\/macote.fr\\\/\"},{\"@type\":\"ListItem\",\"position\":2,\"name\":\"Boutique\",\"item\":\"https:\\\/\\\/macote.fr\\\/boutique\\\/\"},{\"@type\":\"ListItem\",\"position\":3,\"name\":\"Vitre de phare &#8211; Couvercle de phare &#8211; BMW E46\"}]},{\"@type\":\"WebSite\",\"@id\":\"https:\\\/\\\/macote.fr\\\/#website\",\"url\":\"https:\\\/\\\/macote.fr\\\/\",\"name\":\"MaCote.fr\",\"description\":\"BMW best accessories\",\"publisher\":{\"@id\":\"https:\\\/\\\/macote.fr\\\/#organization\"},\"alternateName\":\"BMW tuning\",\"potentialAction\":[{\"@type\":\"SearchAction\",\"target\":{\"@type\":\"EntryPoint\",\"urlTemplate\":\"https:\\\/\\\/macote.fr\\\/?s={search_term_string}\"},\"query-input\":{\"@type\":\"PropertyValueSpecification\",\"valueRequired\":true,\"valueName\":\"search_term_string\"}}],\"inLanguage\":\"en-US\"},{\"@type\":\"Organization\",\"@id\":\"https:\\\/\\\/macote.fr\\\/#organization\",\"name\":\"Macote.fr\",\"alternateName\":\"BMW tuning\",\"url\":\"https:\\\/\\\/macote.fr\\\/\",\"logo\":{\"@type\":\"ImageObject\",\"inLanguage\":\"en-US\",\"@id\":\"https:\\\/\\\/macote.fr\\\/#\\\/schema\\\/logo\\\/image\\\/\",\"url\":\"https:\\\/\\\/macote.fr\\\/wp-content\\\/uploads\\\/2023\\\/11\\\/LOGO-macote.fr-dessin-bmw-noir-copy.jpg\",\"contentUrl\":\"https:\\\/\\\/macote.fr\\\/wp-content\\\/uploads\\\/2023\\\/11\\\/LOGO-macote.fr-dessin-bmw-noir-copy.jpg\",\"width\":732,\"height\":456,\"caption\":\"Macote.fr\"},\"image\":{\"@id\":\"https:\\\/\\\/macote.fr\\\/#\\\/schema\\\/logo\\\/image\\\/\"},\"sameAs\":[\"https:\\\/\\\/www.facebook.com\\\/profile.php?id=100091476586119\",\"https:\\\/\\\/www.youtube.com\\\/channel\\\/UCgO-YTbaxYO-w_C5GfL-_1w\",\"https:\\\/\\\/www.tiktok.com\\\/@macote.fr?is_from_webapp=1&sender_device=pc\",\"https:\\\/\\\/www.instagram.com\\\/i_xila_i\\\/\"]}]}<\/script>\n<!-- \/ Yoast SEO Premium plugin. -->","yoast_head_json":{"title":"Headlight glass - Headlight cover - BMW E46 - MaCote.fr","description":"Make your BMW E46 look like new again with our UV-resistant headlight glass. Easy installation, superior quality and perfect compatibility.","robots":{"index":"index","follow":"follow","max-snippet":"max-snippet:-1","max-image-preview":"max-image-preview:large","max-video-preview":"max-video-preview:-1"},"canonical":"https:\/\/macote.fr\/en\/product\/headlight-glass-headlight-cover-bmw-e46\/","og_locale":"en_US","og_type":"article","og_title":"Vitre de phare - Couvercle de phare - BMW E46","og_description":"Redonnez un aspect neuf \u00e0 votre BMW E46 avec nos vitres de phare r\u00e9sistantes aux UV. Installation facile, qualit\u00e9 sup\u00e9rieure, et compatibilit\u00e9 parfaite.","og_url":"https:\/\/macote.fr\/en\/product\/headlight-glass-headlight-cover-bmw-e46\/","og_site_name":"MaCote.fr","article_publisher":"https:\/\/www.facebook.com\/profile.php?id=100091476586119","article_modified_time":"2024-10-14T08:03:47+00:00","og_image":[{"width":800,"height":800,"url":"https:\/\/macote.fr\/wp-content\/uploads\/2024\/10\/4.webp","type":"image\/webp"}],"twitter_card":"summary_large_image","twitter_misc":{"Est. reading time":"4 minutes"},"schema":{"@context":"https:\/\/schema.org","@graph":[{"@type":"WebPage","@id":"https:\/\/macote.fr\/produit\/vitre-de-phare-couvercle-de-phare-bmw-e46\/","url":"https:\/\/macote.fr\/produit\/vitre-de-phare-couvercle-de-phare-bmw-e46\/","name":"Headlight glass - Headlight cover - BMW E46 - MaCote.fr","isPartOf":{"@id":"https:\/\/macote.fr\/#website"},"primaryImageOfPage":{"@id":"https:\/\/macote.fr\/produit\/vitre-de-phare-couvercle-de-phare-bmw-e46\/#primaryimage"},"image":{"@id":"https:\/\/macote.fr\/produit\/vitre-de-phare-couvercle-de-phare-bmw-e46\/#primaryimage"},"thumbnailUrl":"https:\/\/macote.fr\/wp-content\/uploads\/2024\/10\/4.webp","datePublished":"2024-10-08T14:07:49+00:00","dateModified":"2024-10-14T08:03:47+00:00","description":"Make your BMW E46 look like new again with our UV-resistant headlight glass. Easy installation, superior quality and perfect compatibility.","breadcrumb":{"@id":"https:\/\/macote.fr\/produit\/vitre-de-phare-couvercle-de-phare-bmw-e46\/#breadcrumb"},"inLanguage":"en-US","potentialAction":[{"@type":"ReadAction","target":["https:\/\/macote.fr\/produit\/vitre-de-phare-couvercle-de-phare-bmw-e46\/"]}]},{"@type":"ImageObject","inLanguage":"en-US","@id":"https:\/\/macote.fr\/produit\/vitre-de-phare-couvercle-de-phare-bmw-e46\/#primaryimage","url":"https:\/\/macote.fr\/wp-content\/uploads\/2024\/10\/4.webp","contentUrl":"https:\/\/macote.fr\/wp-content\/uploads\/2024\/10\/4.webp","width":800,"height":800,"caption":"Vitre de phare BMW phase 1"},{"@type":"BreadcrumbList","@id":"https:\/\/macote.fr\/produit\/vitre-de-phare-couvercle-de-phare-bmw-e46\/#breadcrumb","itemListElement":[{"@type":"ListItem","position":1,"name":"Accueil","item":"https:\/\/macote.fr\/"},{"@type":"ListItem","position":2,"name":"Boutique","item":"https:\/\/macote.fr\/boutique\/"},{"@type":"ListItem","position":3,"name":"Vitre de phare &#8211; Couvercle de phare &#8211; BMW E46"}]},{"@type":"WebSite","@id":"https:\/\/macote.fr\/#website","url":"https:\/\/macote.fr\/","name":"MyQuote.com","description":"BMW best accessories","publisher":{"@id":"https:\/\/macote.fr\/#organization"},"alternateName":"BMW tuning","potentialAction":[{"@type":"SearchAction","target":{"@type":"EntryPoint","urlTemplate":"https:\/\/macote.fr\/?s={search_term_string}"},"query-input":{"@type":"PropertyValueSpecification","valueRequired":true,"valueName":"search_term_string"}}],"inLanguage":"en-US"},{"@type":"Organization","@id":"https:\/\/macote.fr\/#organization","name":"Macote.fr","alternateName":"BMW tuning","url":"https:\/\/macote.fr\/","logo":{"@type":"ImageObject","inLanguage":"en-US","@id":"https:\/\/macote.fr\/#\/schema\/logo\/image\/","url":"https:\/\/macote.fr\/wp-content\/uploads\/2023\/11\/LOGO-macote.fr-dessin-bmw-noir-copy.jpg","contentUrl":"https:\/\/macote.fr\/wp-content\/uploads\/2023\/11\/LOGO-macote.fr-dessin-bmw-noir-copy.jpg","width":732,"height":456,"caption":"Macote.fr"},"image":{"@id":"https:\/\/macote.fr\/#\/schema\/logo\/image\/"},"sameAs":["https:\/\/www.facebook.com\/profile.php?id=100091476586119","https:\/\/www.youtube.com\/channel\/UCgO-YTbaxYO-w_C5GfL-_1w","https:\/\/www.tiktok.com\/@macote.fr?is_from_webapp=1&sender_device=pc","https:\/\/www.instagram.com\/i_xila_i\/"]}]}},"_links":{"self":[{"href":"https:\/\/macote.fr\/en\/wp-json\/wp\/v2\/product\/5026","targetHints":{"allow":["GET"]}}],"collection":[{"href":"https:\/\/macote.fr\/en\/wp-json\/wp\/v2\/product"}],"about":[{"href":"https:\/\/macote.fr\/en\/wp-json\/wp\/v2\/types\/product"}],"replies":[{"embeddable":true,"href":"https:\/\/macote.fr\/en\/wp-json\/wp\/v2\/comments?post=5026"}],"wp:featuredmedia":[{"embeddable":true,"href":"https:\/\/macote.fr\/en\/wp-json\/wp\/v2\/media\/5030"}],"wp:attachment":[{"href":"https:\/\/macote.fr\/en\/wp-json\/wp\/v2\/media?parent=5026"}],"wp:term":[{"taxonomy":"product_brand","embeddable":true,"href":"https:\/\/macote.fr\/en\/wp-json\/wp\/v2\/product_brand?post=5026"},{"taxonomy":"product_cat","embeddable":true,"href":"https:\/\/macote.fr\/en\/wp-json\/wp\/v2\/product_cat?post=5026"},{"taxonomy":"product_tag","embeddable":true,"href":"https:\/\/macote.fr\/en\/wp-json\/wp\/v2\/product_tag?post=5026"}],"curies":[{"name":"wp","href":"https:\/\/api.w.org\/{rel}","templated":true}]}}