{"id":8165,"date":"2026-08-31T16:02:10","date_gmt":"2026-08-31T14:02:10","guid":{"rendered":"https:\/\/macote.fr\/"},"modified":"2026-08-31T16:04:03","modified_gmt":"2026-08-31T14:04:03","slug":"bmw-g87-m2-lower-radiator-grill-protective-grille-gloss-black","status":"publish","type":"product","link":"https:\/\/macote.fr\/en\/product\/bmw-g87-m2-lower-radiator-grill-protective-grille-gloss-black\/","title":{"rendered":"BMW G87 M2 Lower Grille Protector \u2013 Gloss Black"},"content":{"rendered":"<div class=\"qMYqUG_convSearchResultHighlightRoot\">\n<div class=\"\" data-turn-id-container=\"request-WEB:c7fe17a3-3640-47d8-815e-26d931e6435b-2\" data-is-intersecting=\"true\">\n<section class=\"text-token-text-primary w-full focus:outline-none has-data-writing-block:pointer-events-none [&amp;:has([data-writing-block])&gt;*]:pointer-events-auto R6Vx5W_threadScrollVars scroll-mb-[calc(var(--scroll-root-safe-area-inset-bottom,0px)+var(--thread-response-height))] scroll-mt-[calc(var(--header-height)+min(200px,max(70px,20svh)))]\" dir=\"auto\" data-turn-id=\"request-WEB:c7fe17a3-3640-47d8-815e-26d931e6435b-2\" data-turn-id-container=\"request-WEB:c7fe17a3-3640-47d8-815e-26d931e6435b-2\" data-testid=\"conversation-turn-6\" data-turn=\"assistant\">\n<div class=\"text-base my-auto mx-auto pb-8 [--thread-content-margin:var(--thread-content-margin-xs,calc(var(--spacing)*4))] @w-sm\/main:[--thread-content-margin:var(--thread-content-margin-sm,calc(var(--spacing)*6))] @w-lg\/main:[--thread-content-margin:var(--thread-content-margin-lg,calc(var(--spacing)*16))] px-(--thread-content-margin)\">\n<div class=\"[--thread-content-max-width:40rem] @w-lg\/main:[--thread-content-max-width:48rem] mx-auto max-w-(--thread-content-max-width) flex-1 group\/turn-messages focus-visible:outline-hidden relative flex w-full min-w-0 flex-col agent-turn\" data-conversation-screenshot-content=\"\">\n<div class=\"flex max-w-full flex-col gap-4 grow\">\n<div class=\"min-h-8 text-message relative flex w-full flex-col items-end gap-2 text-start break-words whitespace-normal outline-none keyboard-focused:focus-ring [.text-message+&amp;]:mt-1\" dir=\"auto\" tabindex=\"0\" data-message-author-role=\"assistant\" data-message-id=\"83172741-4e64-4ebc-aaba-1374b87009f8\" data-message-model-slug=\"gpt-5-6-mini\" data-turn-start-message=\"true\">\n<div class=\"flex w-full flex-col gap-1 empty:hidden\">\n<div class=\"fbskMG_root markdown prose dark:prose-invert wrap-break-word w-full light markdown-new-styling\">\n<h1 class=\"PDq2pG_selectionAnchorContainer\" style=\"text-align: center;\" data-section-id=\"q6v3jy\" data-start=\"268\" data-end=\"340\">Grille de Protection de Calandre Inf\u00e9rieure BMW G87 M2 \u2013 Noir Brillant<\/h1>\n<h2 data-section-id=\"9w3luw\" data-start=\"342\" data-end=\"409\">Prot\u00e9gez efficacement la calandre inf\u00e9rieure de votre BMW G87 M2<\/h2>\n<p data-start=\"411\" data-end=\"677\">La partie inf\u00e9rieure du pare-chocs de la BMW G87 M2 est directement expos\u00e9e aux projections de la route : gravillons, petits d\u00e9bris, poussi\u00e8re, feuilles ou encore insectes peuvent facilement venir atteindre les \u00e9l\u00e9ments situ\u00e9s derri\u00e8re les ouvertures de la calandre.<\/p>\n<p data-start=\"679\" data-end=\"872\">Cette <strong data-start=\"685\" data-end=\"732\">grille de protection de calandre inf\u00e9rieure<\/strong> a \u00e9t\u00e9 con\u00e7ue pour ajouter une barri\u00e8re suppl\u00e9mentaire derri\u00e8re les ouvertures du pare-chocs tout en conservant un aspect propre et discret.<\/p>\n<p data-start=\"874\" data-end=\"1029\">Sp\u00e9cifiquement adapt\u00e9e \u00e0 la <strong data-start=\"902\" data-end=\"916\">BMW G87 M2<\/strong>, elle permet de prot\u00e9ger la zone situ\u00e9e derri\u00e8re la calandre sans modifier radicalement l&rsquo;apparence du v\u00e9hicule.<\/p>\n<p data-start=\"1031\" data-end=\"1132\">Sa finition <strong data-start=\"1043\" data-end=\"1060\">noir brillant<\/strong> s&rsquo;int\u00e8gre naturellement au design sportif du pare-chocs avant de la M2.<\/p>\n<h2 data-section-id=\"tmhykj\" data-start=\"1134\" data-end=\"1189\">Une protection suppl\u00e9mentaire contre les projections<\/h2>\n<p data-start=\"1191\" data-end=\"1341\">Lorsque vous roulez, les ouvertures de la partie inf\u00e9rieure du pare-chocs permettent \u00e0 l&rsquo;air de circuler vers les diff\u00e9rents \u00e9l\u00e9ments situ\u00e9s derri\u00e8re.<\/p>\n<p data-start=\"1343\" data-end=\"1462\">Cette circulation d&rsquo;air est n\u00e9cessaire au refroidissement, mais elle laisse \u00e9galement passer des \u00e9l\u00e9ments ind\u00e9sirables.<\/p>\n<p data-start=\"1464\" data-end=\"1618\">Des gravillons peuvent notamment \u00eatre projet\u00e9s \u00e0 travers les ouvertures et venir heurter ou s&rsquo;accumuler contre les composants situ\u00e9s derri\u00e8re la calandre.<\/p>\n<p data-start=\"1620\" data-end=\"1724\">La grille agit ainsi comme une <strong data-start=\"1651\" data-end=\"1672\">barri\u00e8re physique<\/strong> permettant de limiter le passage des petits d\u00e9bris.<\/p>\n<p data-start=\"1726\" data-end=\"1857\">Elle est particuli\u00e8rement int\u00e9ressante pour les v\u00e9hicules utilis\u00e9s r\u00e9guli\u00e8rement sur route, autoroute ou lors de sorties sportives.<\/p>\n<h2 data-section-id=\"19v9z8b\" data-start=\"1859\" data-end=\"1915\">Une grille pens\u00e9e pour pr\u00e9server la circulation d&rsquo;air<\/h2>\n<p data-start=\"1917\" data-end=\"1990\">L&rsquo;objectif n&rsquo;est pas de fermer compl\u00e8tement les ouvertures du pare-chocs.<\/p>\n<p data-start=\"1992\" data-end=\"2190\">La maille de la grille est suffisamment ajour\u00e9e pour permettre \u00e0 l&rsquo;air de continuer \u00e0 circuler tout en limitant le passage des petits \u00e9l\u00e9ments susceptibles d&rsquo;endommager ou de salir la zone prot\u00e9g\u00e9e.<\/p>\n<p data-start=\"2192\" data-end=\"2229\">Il s&rsquo;agit donc d&rsquo;un compromis entre :<\/p>\n<ul data-start=\"2231\" data-end=\"2369\">\n<li data-section-id=\"12peb6m\" data-start=\"2231\" data-end=\"2270\"><strong data-start=\"2233\" data-end=\"2270\">protection contre les projections<\/strong><\/li>\n<li data-section-id=\"e9kjt6\" data-start=\"2271\" data-end=\"2303\"><strong data-start=\"2273\" data-end=\"2303\">conservation du flux d&rsquo;air<\/strong><\/li>\n<li data-section-id=\"1wpbia4\" data-start=\"2304\" data-end=\"2330\"><strong data-start=\"2306\" data-end=\"2330\">int\u00e9gration discr\u00e8te<\/strong><\/li>\n<li data-section-id=\"9btn7h\" data-start=\"2331\" data-end=\"2369\"><strong data-start=\"2333\" data-end=\"2369\">pr\u00e9servation du design d&rsquo;origine<\/strong><\/li>\n<\/ul>\n<p data-start=\"2371\" data-end=\"2471\">La grille vient se placer derri\u00e8re les ouvertures et reste relativement discr\u00e8te une fois install\u00e9e.<\/p>\n<h2 data-section-id=\"mhklaw\" data-start=\"2473\" data-end=\"2520\">Une finition noir brillant adapt\u00e9e au G87 M2<\/h2>\n<p data-start=\"2522\" data-end=\"2680\">Au-del\u00e0 de son r\u00f4le protecteur, la finition <strong data-start=\"2566\" data-end=\"2583\">noir brillant<\/strong> permet \u00e0 la grille de s&rsquo;int\u00e9grer facilement \u00e0 l&rsquo;esth\u00e9tique du pare-chocs avant de la BMW G87 M2.<\/p>\n<p data-start=\"2682\" data-end=\"2784\">Elle reprend un aspect sombre et sportif qui se fond naturellement dans les ouvertures de la calandre.<\/p>\n<p data-start=\"2786\" data-end=\"2892\">Le r\u00e9sultat reste sobre : la grille ne vient pas ajouter un \u00e9l\u00e9ment visuel imposant \u00e0 l&rsquo;avant du v\u00e9hicule.<\/p>\n<h3 data-section-id=\"n0a634\" data-start=\"2894\" data-end=\"2923\">Une modification discr\u00e8te<\/h3>\n<p data-start=\"2925\" data-end=\"2990\">Une fois install\u00e9e, la grille est peu visible depuis l&rsquo;ext\u00e9rieur.<\/p>\n<p data-start=\"2992\" data-end=\"3132\">Elle permet ainsi d&rsquo;ajouter une protection suppl\u00e9mentaire tout en conservant l&rsquo;apparence agressive et sportive caract\u00e9ristique de la G87 M2.<\/p>\n<h1 data-section-id=\"1bc7zf5\" data-start=\"3134\" data-end=\"3202\">Pourquoi installer une grille de protection sur votre BMW G87 M2 ?<\/h1>\n<h3 data-section-id=\"7zj4sx\" data-start=\"3204\" data-end=\"3234\">\ud83d\udee1\ufe0f Limite les projections<\/h3>\n<p data-start=\"3236\" data-end=\"3390\">La grille forme une barri\u00e8re suppl\u00e9mentaire contre les petits gravillons, d\u00e9bris et autres \u00e9l\u00e9ments pouvant passer \u00e0 travers les ouvertures du pare-chocs.<\/p>\n<h3 data-section-id=\"ieobke\" data-start=\"3392\" data-end=\"3432\">\ud83c\udf2c\ufe0f Conserve la circulation de l&rsquo;air<\/h3>\n<p data-start=\"3434\" data-end=\"3549\">Sa conception ajour\u00e9e permet de conserver un passage d&rsquo;air important vers les \u00e9l\u00e9ments situ\u00e9s derri\u00e8re la calandre.<\/p>\n<h3 data-section-id=\"1sgumpu\" data-start=\"3551\" data-end=\"3579\">\u2728 Finition noir brillant<\/h3>\n<p data-start=\"3581\" data-end=\"3670\">Son aspect noir brillant s&rsquo;int\u00e8gre parfaitement \u00e0 l&rsquo;esth\u00e9tique sportive de la BMW G87 M2.<\/p>\n<h3 data-section-id=\"1fyvto1\" data-start=\"3672\" data-end=\"3704\">\ud83d\udd27 Protection suppl\u00e9mentaire<\/h3>\n<p data-start=\"3706\" data-end=\"3851\">Elle permet de pr\u00e9server davantage les zones situ\u00e9es derri\u00e8re les ouvertures du pare-chocs contre les impacts et l&rsquo;accumulation de petits d\u00e9bris.<\/p>\n<h3 data-section-id=\"20npp9\" data-start=\"3853\" data-end=\"3881\">\ud83d\udc4c Installation discr\u00e8te<\/h3>\n<p data-start=\"3883\" data-end=\"3997\">Une fois mont\u00e9e derri\u00e8re la calandre, la grille reste discr\u00e8te et ne d\u00e9nature pas le design d&rsquo;origine du v\u00e9hicule.<\/p>\n<h1 data-section-id=\"lxo0gv\" data-start=\"3999\" data-end=\"4079\">Une solution particuli\u00e8rement int\u00e9ressante pour une BMW utilis\u00e9e r\u00e9guli\u00e8rement<\/h1>\n<p data-start=\"4081\" data-end=\"4198\">La BMW M2 G87 est une voiture sportive qui peut \u00eatre utilis\u00e9e aussi bien au quotidien que lors de sorties dynamiques.<\/p>\n<p data-start=\"4200\" data-end=\"4244\">Sur route, les projections sont in\u00e9vitables.<\/p>\n<p data-start=\"4246\" data-end=\"4423\">M\u00eame lorsqu&rsquo;un gravillon ne provoque pas de dommage imm\u00e9diat, les impacts r\u00e9p\u00e9t\u00e9s peuvent progressivement marquer certains \u00e9l\u00e9ments situ\u00e9s derri\u00e8re les ouvertures du pare-chocs.<\/p>\n<p data-start=\"4425\" data-end=\"4510\">Installer une grille de protection permet donc de <strong data-start=\"4475\" data-end=\"4509\">pr\u00e9venir plut\u00f4t que de r\u00e9parer<\/strong>.<\/p>\n<p data-start=\"4512\" data-end=\"4647\">C&rsquo;est un accessoire particuli\u00e8rement pertinent pour les propri\u00e9taires qui souhaitent conserver leur BMW dans le meilleur \u00e9tat possible.<\/p>\n<h1 data-section-id=\"14fqymy\" data-start=\"4649\" data-end=\"4663\">Installation<\/h1>\n<p data-start=\"4665\" data-end=\"4766\">La grille est con\u00e7ue pour venir se positionner au niveau de la partie inf\u00e9rieure du pare-chocs avant.<\/p>\n<p data-start=\"4768\" data-end=\"4945\">Selon la configuration du v\u00e9hicule et la zone concern\u00e9e, <strong data-start=\"4825\" data-end=\"4944\">le d\u00e9montage du pare-chocs avant peut \u00eatre n\u00e9cessaire pour r\u00e9aliser une installation propre et correctement ajust\u00e9e<\/strong>.<\/p>\n<p data-start=\"4947\" data-end=\"5076\">Une fois la grille positionn\u00e9e, elle est fix\u00e9e derri\u00e8re les ouvertures de la calandre afin de rester discr\u00e8te depuis l&rsquo;ext\u00e9rieur.<\/p>\n<h3 data-section-id=\"swld4y\" data-start=\"5078\" data-end=\"5113\">Installation propre et int\u00e9gr\u00e9e<\/h3>\n<p data-start=\"5115\" data-end=\"5222\">Aucune modification de la carrosserie n&rsquo;est n\u00e9cessaire pour transformer l&rsquo;apparence ext\u00e9rieure du v\u00e9hicule.<\/p>\n<blockquote data-start=\"5224\" data-end=\"5364\">\n<p data-start=\"5226\" data-end=\"5364\"><strong data-start=\"5226\" data-end=\"5239\">Conseil :<\/strong> si vous n&rsquo;\u00eates pas habitu\u00e9 au d\u00e9montage d&rsquo;un pare-chocs BMW, nous recommandons de confier l&rsquo;installation \u00e0 un professionnel.<\/p>\n<\/blockquote>\n<h1 data-section-id=\"onreyo\" data-start=\"5366\" data-end=\"5385\">Compatibilit\u00e9 BMW<\/h1>\n<p data-start=\"5387\" data-end=\"5444\">Cette grille de protection est sp\u00e9cialement con\u00e7ue pour :<\/p>\n<h3 data-section-id=\"eshj9d\" data-start=\"5446\" data-end=\"5456\">BMW M2<\/h3>\n<ul data-start=\"5458\" data-end=\"5474\">\n<li data-section-id=\"1cthsav\" data-start=\"5458\" data-end=\"5474\"><strong data-start=\"5460\" data-end=\"5474\">BMW G87 M2<\/strong><\/li>\n<\/ul>\n<p data-start=\"5476\" data-end=\"5556\">Elle est destin\u00e9e \u00e0 la <strong data-start=\"5499\" data-end=\"5555\">partie inf\u00e9rieure de la calandre du pare-chocs avant<\/strong>.<\/p>\n<blockquote data-start=\"5558\" data-end=\"5723\">\n<p data-start=\"5560\" data-end=\"5723\"><strong data-start=\"5560\" data-end=\"5575\">Attention :<\/strong> v\u00e9rifiez toujours la forme et la configuration de votre pare-chocs avant de commander afin de vous assurer de la compatibilit\u00e9 avec votre v\u00e9hicule.<\/p>\n<\/blockquote>\n<h1 data-section-id=\"lhzdy6\" data-start=\"5725\" data-end=\"5754\">Caract\u00e9ristiques du produit<\/h1>\n<ul data-start=\"5756\" data-end=\"6113\">\n<li data-section-id=\"96s98v\" data-start=\"5756\" data-end=\"5815\"><strong data-start=\"5758\" data-end=\"5771\">Produit :<\/strong> grille de protection de calandre inf\u00e9rieure<\/li>\n<li data-section-id=\"134hgbg\" data-start=\"5816\" data-end=\"5843\"><strong data-start=\"5818\" data-end=\"5832\">V\u00e9hicule :<\/strong> BMW G87 M2<\/li>\n<li data-section-id=\"cw911c\" data-start=\"5844\" data-end=\"5880\"><strong data-start=\"5846\" data-end=\"5863\">Emplacement :<\/strong> pare-chocs avant<\/li>\n<li data-section-id=\"62f8la\" data-start=\"5881\" data-end=\"5911\"><strong data-start=\"5883\" data-end=\"5897\">Finition :<\/strong> noir brillant<\/li>\n<li data-section-id=\"ef6cs2\" data-start=\"5912\" data-end=\"5990\"><strong data-start=\"5914\" data-end=\"5939\">Fonction principale :<\/strong> protection contre les projections et petits d\u00e9bris<\/li>\n<li data-section-id=\"wnryl1\" data-start=\"5991\" data-end=\"6024\"><strong data-start=\"5993\" data-end=\"6009\">Conception :<\/strong> maille ajour\u00e9e<\/li>\n<li data-section-id=\"196b4lf\" data-start=\"6025\" data-end=\"6084\"><strong data-start=\"6027\" data-end=\"6045\">Installation :<\/strong> derri\u00e8re les ouvertures de la calandre<\/li>\n<li data-section-id=\"11uf3qb\" data-start=\"6085\" data-end=\"6113\"><strong data-start=\"6087\" data-end=\"6098\">Style :<\/strong> OEM+ \/ sportif<\/li>\n<\/ul>\n<h1 data-section-id=\"1sauh7b\" data-start=\"6115\" data-end=\"6159\">Une protection utile pour votre BMW G87 M2<\/h1>\n<p data-start=\"6161\" data-end=\"6248\">Cette grille n&rsquo;a pas pour objectif de transformer radicalement l&rsquo;apparence de votre M2.<\/p>\n<p data-start=\"6250\" data-end=\"6293\">Son int\u00e9r\u00eat est avant tout <strong data-start=\"6277\" data-end=\"6292\">fonctionnel<\/strong>.<\/p>\n<p data-start=\"6295\" data-end=\"6434\">Elle permet d&rsquo;ajouter une protection suppl\u00e9mentaire \u00e0 une zone particuli\u00e8rement expos\u00e9e tout en conservant une finition propre et discr\u00e8te.<\/p>\n<p data-start=\"6436\" data-end=\"6599\">Pour les propri\u00e9taires de <strong data-start=\"6462\" data-end=\"6476\">BMW G87 M2<\/strong> qui souhaitent prot\u00e9ger leur v\u00e9hicule sans installer une modification trop visible, c&rsquo;est une solution simple et efficace.<\/p>\n<p data-start=\"6601\" data-end=\"6667\" data-is-last-node=\"\" data-is-only-node=\"\"><strong data-start=\"6601\" data-end=\"6667\" data-is-last-node=\"\">Une petite protection, mais un vrai int\u00e9r\u00eat sur le long terme.<\/strong><\/p>\n<\/div>\n<\/div>\n<\/div>\n<\/div>\n<div class=\"z-0 flex min-h-[46px] justify-start\"><\/div>\n<div class=\"mt-3 w-full empty:hidden has-[&gt;_:empty]:hidden\">\n<div class=\"text-center\"><\/div>\n<\/div>\n<\/div>\n<div class=\"[--thread-content-max-width:40rem] @w-lg\/main:[--thread-content-max-width:48rem] mx-auto max-w-(--thread-content-max-width) flex-1\" data-conversation-screenshot-content=\"\">\n<div><\/div>\n<\/div>\n<\/div>\n<\/section>\n<\/div>\n<\/div>\n<div class=\"pointer-events-none -mt-px h-px translate-y-(--scroll-root-safe-area-inset-bottom)\" aria-hidden=\"true\"><\/div>\n","protected":false},"excerpt":{"rendered":"<h3 class=\"PDq2pG_selectionAnchorContainer\" data-section-id=\"ckmg1h\" data-start=\"0\" data-end=\"58\">Grille de Protection de Calandre Inf\u00e9rieure BMW G87 M2<\/h3>\n<p data-start=\"60\" data-end=\"364\" data-is-last-node=\"\" data-is-only-node=\"\">Prot\u00e9gez efficacement la partie inf\u00e9rieure du pare-chocs de votre BMW G87 M2 contre les gravillons et petits d\u00e9bris projet\u00e9s par la route. Sa maille ajour\u00e9e noir brillant limite les projections tout en conservant une bonne circulation de l&rsquo;air, avec une int\u00e9gration discr\u00e8te derri\u00e8re la calandre.<\/p>","protected":false},"featured_media":8232,"comment_status":"open","ping_status":"closed","template":"","meta":{"_eb_attr":"","_members_access_role":[],"_members_access_error":""},"product_brand":[],"product_cat":[290,285,56,67,200,207,301],"product_tag":[],"class_list":["post-8165","product","type-product","status-publish","has-post-thumbnail","product_cat-accessoires-macote-bmw","product_cat-bmw-oem","product_cat-accessoires-divers","product_cat-modification-exterieur-vehicule","product_cat-m2","product_cat-m2-g87","product_cat-prises-dair","first","instock","taxable","shipping-taxable","purchasable","product-type-simple"],"yoast_head":"<!-- This site is optimized with the Yoast SEO Premium plugin v20.7 (Yoast SEO v28.3) - https:\/\/yoast.com\/product\/yoast-seo-premium-wordpress\/ -->\n<title>Grille de Protection de Calandre Inf\u00e9rieure BMW G87 M2 \u2013 Noir Brillant - MaCote.fr<\/title>\n<meta name=\"robots\" content=\"index, follow, max-snippet:-1, max-image-preview:large, max-video-preview:-1\" \/>\n<link rel=\"canonical\" href=\"https:\/\/macote.fr\/en\/product\/bmw-g87-m2-lower-radiator-grill-protective-grille-gloss-black\/\" \/>\n<meta property=\"og:locale\" content=\"en_US\" \/>\n<meta property=\"og:type\" content=\"article\" \/>\n<meta property=\"og:title\" content=\"Grille de Protection de Calandre Inf\u00e9rieure BMW G87 M2 \u2013 Noir Brillant\" \/>\n<meta property=\"og:description\" content=\"Grille de Protection de Calandre Inf\u00e9rieure BMW G87 M2 Prot\u00e9gez efficacement la partie inf\u00e9rieure du pare-chocs de votre BMW G87 M2 contre les gravillons et petits d\u00e9bris projet\u00e9s par la route. Sa maille ajour\u00e9e noir brillant limite les projections tout en conservant une bonne circulation de l&#039;air, avec une int\u00e9gration discr\u00e8te derri\u00e8re la calandre.\" \/>\n<meta property=\"og:url\" content=\"https:\/\/macote.fr\/en\/product\/bmw-g87-m2-lower-radiator-grill-protective-grille-gloss-black\/\" \/>\n<meta property=\"og:site_name\" content=\"MaCote.fr\" \/>\n<meta property=\"article:publisher\" content=\"https:\/\/www.facebook.com\/profile.php?id=100091476586119\" \/>\n<meta property=\"article:modified_time\" content=\"2026-08-31T14:04:03+00:00\" \/>\n<meta property=\"og:image\" content=\"https:\/\/macote.fr\/wp-content\/uploads\/2026\/08\/grille-calandre-bmw-g87-m2-noir-brillant.png\" \/>\n\t<meta property=\"og:image:width\" content=\"1409\" \/>\n\t<meta property=\"og:image:height\" content=\"1117\" \/>\n\t<meta property=\"og:image:type\" content=\"image\/png\" \/>\n<meta name=\"twitter:card\" content=\"summary_large_image\" \/>\n<meta name=\"twitter:label1\" content=\"Est. reading time\" \/>\n\t<meta name=\"twitter:data1\" content=\"5 minutes\" \/>\n<script type=\"application\/ld+json\" class=\"yoast-schema-graph\">{\"@context\":\"https:\\\/\\\/schema.org\",\"@graph\":[{\"@type\":\"WebPage\",\"@id\":\"https:\\\/\\\/macote.fr\\\/produit\\\/grille-de-protection-de-calandre-inferieure-bmw-g87-m2-noir-brillant\\\/\",\"url\":\"https:\\\/\\\/macote.fr\\\/produit\\\/grille-de-protection-de-calandre-inferieure-bmw-g87-m2-noir-brillant\\\/\",\"name\":\"Grille de Protection de Calandre Inf\u00e9rieure BMW G87 M2 \u2013 Noir Brillant - MaCote.fr\",\"isPartOf\":{\"@id\":\"https:\\\/\\\/macote.fr\\\/#website\"},\"primaryImageOfPage\":{\"@id\":\"https:\\\/\\\/macote.fr\\\/produit\\\/grille-de-protection-de-calandre-inferieure-bmw-g87-m2-noir-brillant\\\/#primaryimage\"},\"image\":{\"@id\":\"https:\\\/\\\/macote.fr\\\/produit\\\/grille-de-protection-de-calandre-inferieure-bmw-g87-m2-noir-brillant\\\/#primaryimage\"},\"thumbnailUrl\":\"https:\\\/\\\/macote.fr\\\/wp-content\\\/uploads\\\/2026\\\/08\\\/grille-calandre-bmw-g87-m2-noir-brillant.png\",\"datePublished\":\"2026-08-31T14:02:10+00:00\",\"dateModified\":\"2026-08-31T14:04:03+00:00\",\"breadcrumb\":{\"@id\":\"https:\\\/\\\/macote.fr\\\/produit\\\/grille-de-protection-de-calandre-inferieure-bmw-g87-m2-noir-brillant\\\/#breadcrumb\"},\"inLanguage\":\"en-US\",\"potentialAction\":[{\"@type\":\"ReadAction\",\"target\":[\"https:\\\/\\\/macote.fr\\\/produit\\\/grille-de-protection-de-calandre-inferieure-bmw-g87-m2-noir-brillant\\\/\"]}]},{\"@type\":\"ImageObject\",\"inLanguage\":\"en-US\",\"@id\":\"https:\\\/\\\/macote.fr\\\/produit\\\/grille-de-protection-de-calandre-inferieure-bmw-g87-m2-noir-brillant\\\/#primaryimage\",\"url\":\"https:\\\/\\\/macote.fr\\\/wp-content\\\/uploads\\\/2026\\\/08\\\/grille-calandre-bmw-g87-m2-noir-brillant.png\",\"contentUrl\":\"https:\\\/\\\/macote.fr\\\/wp-content\\\/uploads\\\/2026\\\/08\\\/grille-calandre-bmw-g87-m2-noir-brillant.png\",\"width\":1409,\"height\":1117,\"caption\":\"grille-calandre-bmw-g87-m2-noir-brillant\"},{\"@type\":\"BreadcrumbList\",\"@id\":\"https:\\\/\\\/macote.fr\\\/produit\\\/grille-de-protection-de-calandre-inferieure-bmw-g87-m2-noir-brillant\\\/#breadcrumb\",\"itemListElement\":[{\"@type\":\"ListItem\",\"position\":1,\"name\":\"Accueil\",\"item\":\"https:\\\/\\\/macote.fr\\\/\"},{\"@type\":\"ListItem\",\"position\":2,\"name\":\"Boutique\",\"item\":\"https:\\\/\\\/macote.fr\\\/boutique\\\/\"},{\"@type\":\"ListItem\",\"position\":3,\"name\":\"Grille de Protection de Calandre Inf\u00e9rieure BMW G87 M2 \u2013 Noir Brillant\"}]},{\"@type\":\"WebSite\",\"@id\":\"https:\\\/\\\/macote.fr\\\/#website\",\"url\":\"https:\\\/\\\/macote.fr\\\/\",\"name\":\"MaCote.fr\",\"description\":\"BMW best accessories\",\"publisher\":{\"@id\":\"https:\\\/\\\/macote.fr\\\/#organization\"},\"alternateName\":\"BMW tuning\",\"potentialAction\":[{\"@type\":\"SearchAction\",\"target\":{\"@type\":\"EntryPoint\",\"urlTemplate\":\"https:\\\/\\\/macote.fr\\\/?s={search_term_string}\"},\"query-input\":{\"@type\":\"PropertyValueSpecification\",\"valueRequired\":true,\"valueName\":\"search_term_string\"}}],\"inLanguage\":\"en-US\"},{\"@type\":\"Organization\",\"@id\":\"https:\\\/\\\/macote.fr\\\/#organization\",\"name\":\"Macote.fr\",\"alternateName\":\"BMW tuning\",\"url\":\"https:\\\/\\\/macote.fr\\\/\",\"logo\":{\"@type\":\"ImageObject\",\"inLanguage\":\"en-US\",\"@id\":\"https:\\\/\\\/macote.fr\\\/#\\\/schema\\\/logo\\\/image\\\/\",\"url\":\"https:\\\/\\\/macote.fr\\\/wp-content\\\/uploads\\\/2023\\\/11\\\/LOGO-macote.fr-dessin-bmw-noir-copy.jpg\",\"contentUrl\":\"https:\\\/\\\/macote.fr\\\/wp-content\\\/uploads\\\/2023\\\/11\\\/LOGO-macote.fr-dessin-bmw-noir-copy.jpg\",\"width\":732,\"height\":456,\"caption\":\"Macote.fr\"},\"image\":{\"@id\":\"https:\\\/\\\/macote.fr\\\/#\\\/schema\\\/logo\\\/image\\\/\"},\"sameAs\":[\"https:\\\/\\\/www.facebook.com\\\/profile.php?id=100091476586119\",\"https:\\\/\\\/www.youtube.com\\\/channel\\\/UCgO-YTbaxYO-w_C5GfL-_1w\",\"https:\\\/\\\/www.tiktok.com\\\/@macote.fr?is_from_webapp=1&sender_device=pc\",\"https:\\\/\\\/www.instagram.com\\\/i_xila_i\\\/\"]}]}<\/script>\n<!-- \/ Yoast SEO Premium plugin. -->","yoast_head_json":{"title":"BMW G87 M2 Lower Grille Protector \u2013 Gloss Black - MaCote.fr","robots":{"index":"index","follow":"follow","max-snippet":"max-snippet:-1","max-image-preview":"max-image-preview:large","max-video-preview":"max-video-preview:-1"},"canonical":"https:\/\/macote.fr\/en\/product\/bmw-g87-m2-lower-radiator-grill-protective-grille-gloss-black\/","og_locale":"en_US","og_type":"article","og_title":"Grille de Protection de Calandre Inf\u00e9rieure BMW G87 M2 \u2013 Noir Brillant","og_description":"Grille de Protection de Calandre Inf\u00e9rieure BMW G87 M2 Prot\u00e9gez efficacement la partie inf\u00e9rieure du pare-chocs de votre BMW G87 M2 contre les gravillons et petits d\u00e9bris projet\u00e9s par la route. Sa maille ajour\u00e9e noir brillant limite les projections tout en conservant une bonne circulation de l'air, avec une int\u00e9gration discr\u00e8te derri\u00e8re la calandre.","og_url":"https:\/\/macote.fr\/en\/product\/bmw-g87-m2-lower-radiator-grill-protective-grille-gloss-black\/","og_site_name":"MaCote.fr","article_publisher":"https:\/\/www.facebook.com\/profile.php?id=100091476586119","article_modified_time":"2026-08-31T14:04:03+00:00","og_image":[{"width":1409,"height":1117,"url":"https:\/\/macote.fr\/wp-content\/uploads\/2026\/08\/grille-calandre-bmw-g87-m2-noir-brillant.png","type":"image\/png"}],"twitter_card":"summary_large_image","twitter_misc":{"Est. reading time":"5 minutes"},"schema":{"@context":"https:\/\/schema.org","@graph":[{"@type":"WebPage","@id":"https:\/\/macote.fr\/produit\/grille-de-protection-de-calandre-inferieure-bmw-g87-m2-noir-brillant\/","url":"https:\/\/macote.fr\/produit\/grille-de-protection-de-calandre-inferieure-bmw-g87-m2-noir-brillant\/","name":"BMW G87 M2 Lower Grille Protector \u2013 Gloss Black - MaCote.fr","isPartOf":{"@id":"https:\/\/macote.fr\/#website"},"primaryImageOfPage":{"@id":"https:\/\/macote.fr\/produit\/grille-de-protection-de-calandre-inferieure-bmw-g87-m2-noir-brillant\/#primaryimage"},"image":{"@id":"https:\/\/macote.fr\/produit\/grille-de-protection-de-calandre-inferieure-bmw-g87-m2-noir-brillant\/#primaryimage"},"thumbnailUrl":"https:\/\/macote.fr\/wp-content\/uploads\/2026\/08\/grille-calandre-bmw-g87-m2-noir-brillant.png","datePublished":"2026-08-31T14:02:10+00:00","dateModified":"2026-08-31T14:04:03+00:00","breadcrumb":{"@id":"https:\/\/macote.fr\/produit\/grille-de-protection-de-calandre-inferieure-bmw-g87-m2-noir-brillant\/#breadcrumb"},"inLanguage":"en-US","potentialAction":[{"@type":"ReadAction","target":["https:\/\/macote.fr\/produit\/grille-de-protection-de-calandre-inferieure-bmw-g87-m2-noir-brillant\/"]}]},{"@type":"ImageObject","inLanguage":"en-US","@id":"https:\/\/macote.fr\/produit\/grille-de-protection-de-calandre-inferieure-bmw-g87-m2-noir-brillant\/#primaryimage","url":"https:\/\/macote.fr\/wp-content\/uploads\/2026\/08\/grille-calandre-bmw-g87-m2-noir-brillant.png","contentUrl":"https:\/\/macote.fr\/wp-content\/uploads\/2026\/08\/grille-calandre-bmw-g87-m2-noir-brillant.png","width":1409,"height":1117,"caption":"grille-calandre-bmw-g87-m2-noir-brillant"},{"@type":"BreadcrumbList","@id":"https:\/\/macote.fr\/produit\/grille-de-protection-de-calandre-inferieure-bmw-g87-m2-noir-brillant\/#breadcrumb","itemListElement":[{"@type":"ListItem","position":1,"name":"Accueil","item":"https:\/\/macote.fr\/"},{"@type":"ListItem","position":2,"name":"Boutique","item":"https:\/\/macote.fr\/boutique\/"},{"@type":"ListItem","position":3,"name":"Grille de Protection de Calandre Inf\u00e9rieure BMW G87 M2 \u2013 Noir Brillant"}]},{"@type":"WebSite","@id":"https:\/\/macote.fr\/#website","url":"https:\/\/macote.fr\/","name":"MyQuote.com","description":"BMW best accessories","publisher":{"@id":"https:\/\/macote.fr\/#organization"},"alternateName":"BMW tuning","potentialAction":[{"@type":"SearchAction","target":{"@type":"EntryPoint","urlTemplate":"https:\/\/macote.fr\/?s={search_term_string}"},"query-input":{"@type":"PropertyValueSpecification","valueRequired":true,"valueName":"search_term_string"}}],"inLanguage":"en-US"},{"@type":"Organization","@id":"https:\/\/macote.fr\/#organization","name":"Macote.fr","alternateName":"BMW tuning","url":"https:\/\/macote.fr\/","logo":{"@type":"ImageObject","inLanguage":"en-US","@id":"https:\/\/macote.fr\/#\/schema\/logo\/image\/","url":"https:\/\/macote.fr\/wp-content\/uploads\/2023\/11\/LOGO-macote.fr-dessin-bmw-noir-copy.jpg","contentUrl":"https:\/\/macote.fr\/wp-content\/uploads\/2023\/11\/LOGO-macote.fr-dessin-bmw-noir-copy.jpg","width":732,"height":456,"caption":"Macote.fr"},"image":{"@id":"https:\/\/macote.fr\/#\/schema\/logo\/image\/"},"sameAs":["https:\/\/www.facebook.com\/profile.php?id=100091476586119","https:\/\/www.youtube.com\/channel\/UCgO-YTbaxYO-w_C5GfL-_1w","https:\/\/www.tiktok.com\/@macote.fr?is_from_webapp=1&sender_device=pc","https:\/\/www.instagram.com\/i_xila_i\/"]}]}},"_links":{"self":[{"href":"https:\/\/macote.fr\/en\/wp-json\/wp\/v2\/product\/8165","targetHints":{"allow":["GET"]}}],"collection":[{"href":"https:\/\/macote.fr\/en\/wp-json\/wp\/v2\/product"}],"about":[{"href":"https:\/\/macote.fr\/en\/wp-json\/wp\/v2\/types\/product"}],"replies":[{"embeddable":true,"href":"https:\/\/macote.fr\/en\/wp-json\/wp\/v2\/comments?post=8165"}],"wp:featuredmedia":[{"embeddable":true,"href":"https:\/\/macote.fr\/en\/wp-json\/wp\/v2\/media\/8232"}],"wp:attachment":[{"href":"https:\/\/macote.fr\/en\/wp-json\/wp\/v2\/media?parent=8165"}],"wp:term":[{"taxonomy":"product_brand","embeddable":true,"href":"https:\/\/macote.fr\/en\/wp-json\/wp\/v2\/product_brand?post=8165"},{"taxonomy":"product_cat","embeddable":true,"href":"https:\/\/macote.fr\/en\/wp-json\/wp\/v2\/product_cat?post=8165"},{"taxonomy":"product_tag","embeddable":true,"href":"https:\/\/macote.fr\/en\/wp-json\/wp\/v2\/product_tag?post=8165"}],"curies":[{"name":"wp","href":"https:\/\/api.w.org\/{rel}","templated":true}]}}