{"id":8284,"date":"2026-09-03T22:02:37","date_gmt":"2026-09-03T20:02:37","guid":{"rendered":"https:\/\/macote.fr\/"},"modified":"2026-09-03T23:20:36","modified_gmt":"2026-09-03T21:20:36","slug":"led-iconic-glow-grille-for-bmw-x3-g01-x3m-f97-x4-g02-x4m-f98-2017-2024","status":"publish","type":"product","link":"https:\/\/macote.fr\/en\/product\/led-iconic-glow-grille-for-bmw-x3-g01-x3m-f97-x4-g02-x4m-f98-2017-2024\/","title":{"rendered":"LED Grille \u2013 Iconic Glow \u2013 BMW X3 G01, X3M F97 &amp; X4 G02, X4M F98 (2017\u20132024)"},"content":{"rendered":"<h1 class=\"PDq2pG_selectionAnchorContainer\" style=\"text-align: center;\" data-section-id=\"1hpc60h\" data-start=\"418\" data-end=\"477\">\u00abIconic Glow\u00bb LED Grille \u2013 BMW X3 G01, X3M F97 &amp; X4 G02, X4M F98 (2017\u20132024)<\/h1>\n<h3 data-section-id=\"1sx6m3i\" data-start=\"479\" data-end=\"502\">A signature look<\/h3>\n<p class=\"\" data-start=\"504\" data-end=\"662\">Your X3 G01, X3M F97, X4 G02, or X4M F98 already boasts a modern and dynamic design. But with this <strong data-start=\"586\" data-end=\"614\">Iconic Glow LED grille<\/strong>, his perspective takes on a whole new dimension.<\/p>\n<p data-start=\"664\" data-end=\"859\">Inspired by the design of BMW\u2019s most exclusive models, this grille replaces the original grille with a glossy black version featuring white LED lighting integrated into the outline of the double kidney grille.<\/p>\n<p data-start=\"861\" data-end=\"957\">A simple modification that instantly transforms the front end of your X3 or X4, day or night.<\/p>\n<h3 data-section-id=\"cxg78h\" data-start=\"959\" data-end=\"1012\">A signature lighting design inspired by high-end models<\/h3>\n<p data-start=\"1014\" data-end=\"1223\">The principle embodies the spirit of the technology <strong data-start=\"1061\" data-end=\"1080\">BMW Iconic Glow<\/strong> : White lighting highlights the outline of the grille to create an elegant and instantly recognizable lighting signature.<\/p>\n<p data-start=\"1225\" data-end=\"1352\">The light is integrated directly into the grille to maintain a clean look that blends seamlessly with the vehicle's design.<\/p>\n<p data-start=\"1354\" data-end=\"1466\">Once turned on, your BMW X3 G01, X3M F97, X4 G02, and X4M F98 will have a more modern, sportier, and decidedly premium look.<\/p>\n<h3 data-section-id=\"nkml0j\" data-start=\"1468\" data-end=\"1510\">Why Is This Grille Different?<\/h3>\n<ul data-start=\"1512\" data-end=\"1964\">\n<li data-section-id=\"il0vsr\" data-start=\"1512\" data-end=\"1615\"><strong data-start=\"1514\" data-end=\"1554\">Technology inspired by Iconic Glow<\/strong> : a light signature built directly into the grille<\/li>\n<li data-section-id=\"1u5rs6w\" data-start=\"1616\" data-end=\"1694\"><strong data-start=\"1618\" data-end=\"1641\">White LED lighting<\/strong> : clear, even light around the double bean<\/li>\n<li data-section-id=\"19rs5mm\" data-start=\"1695\" data-end=\"1798\"><strong data-start=\"1697\" data-end=\"1729\">Premium Gloss Black Finish<\/strong> : glossy black vertical slats for a sporty and elegant look<\/li>\n<li data-section-id=\"1f912q6\" data-start=\"1799\" data-end=\"1879\"><strong data-start=\"1801\" data-end=\"1816\">OEM+ Design<\/strong> : a modification that stays true to the original design of the BMW X3\/X4<\/li>\n<li data-section-id=\"12979v4\" data-start=\"1880\" data-end=\"1964\"><strong data-start=\"1882\" data-end=\"1908\">Immediate visual impact<\/strong> : a completely transformed front end as soon as the LEDs turn on<\/li>\n<\/ul>\n<h3 data-section-id=\"1pf67dl\" data-start=\"1966\" data-end=\"2006\">What You'll Really Enjoy<\/h3>\n<ul data-start=\"2008\" data-end=\"2272\">\n<li data-section-id=\"1fpxrv0\" data-start=\"2008\" data-end=\"2056\"><strong data-start=\"2010\" data-end=\"2028\">Easy assembly<\/strong> on the original fasteners<\/li>\n<li data-section-id=\"1ddy7fg\" data-start=\"2057\" data-end=\"2093\"><strong data-start=\"2059\" data-end=\"2075\">No cutting required<\/strong> of the body<\/li>\n<li data-section-id=\"1nscpy\" data-start=\"2094\" data-end=\"2119\"><strong data-start=\"2096\" data-end=\"2111\">No coding required<\/strong> announced<\/li>\n<li data-section-id=\"947l1y\" data-start=\"2120\" data-end=\"2150\">Connection harness included<\/li>\n<li data-section-id=\"1ji02mu\" data-start=\"2151\" data-end=\"2175\">High-quality finish<\/li>\n<li data-section-id=\"1qiqzjo\" data-start=\"2176\" data-end=\"2222\">Design perfectly suited for the X3 G01, X3M F97, X4 G02, and X4M F98<\/li>\n<li data-section-id=\"7y1m4q\" data-start=\"2223\" data-end=\"2272\">Designed for outdoor use<\/li>\n<\/ul>\n<h3 data-section-id=\"u3csm9\" data-start=\"2274\" data-end=\"2305\">Technical data<\/h3>\n<div class=\"group TyagGW_tableContainer\">\n<div class=\"TyagGW_tableWrapper flex flex-col-reverse w-fit\" tabindex=\"-1\">\n<table class=\"w-fit min-w-(--thread-content-width)\" data-start=\"2307\" data-end=\"2775\">\n<thead data-start=\"2307\" data-end=\"2335\">\n<tr data-start=\"2307\" data-end=\"2335\">\n<th class=\"last:pe-10\" data-start=\"2307\" data-end=\"2325\" data-col-size=\"sm\">Feature<\/th>\n<th class=\"last:pe-10\" data-start=\"2325\" data-end=\"2335\" data-col-size=\"sm\">Details<\/th>\n<\/tr>\n<\/thead>\n<tbody data-start=\"2346\" data-end=\"2775\">\n<tr data-start=\"2346\" data-end=\"2394\">\n<td data-start=\"2346\" data-end=\"2366\" data-col-size=\"sm\"><strong data-start=\"2348\" data-end=\"2365\">Compatibility<\/strong><\/td>\n<td data-col-size=\"sm\" data-start=\"2366\" data-end=\"2394\">X3 G01, X3M F97 &amp; X4 G02, X4M F98 (2017\u20132024)<\/td>\n<\/tr>\n<tr data-start=\"2395\" data-end=\"2434\">\n<td data-start=\"2395\" data-end=\"2406\" data-col-size=\"sm\"><strong data-start=\"2397\" data-end=\"2405\">Type<\/strong><\/td>\n<td data-col-size=\"sm\" data-start=\"2406\" data-end=\"2434\">Iconic Glow LED Grille<\/td>\n<\/tr>\n<tr data-start=\"2435\" data-end=\"2483\">\n<td data-start=\"2435\" data-end=\"2451\" data-col-size=\"sm\"><strong data-start=\"2437\" data-end=\"2450\">Lighting<\/strong><\/td>\n<td data-start=\"2451\" data-end=\"2483\" data-col-size=\"sm\">White LED integrated into the outline<\/td>\n<\/tr>\n<tr data-start=\"2484\" data-end=\"2528\">\n<td data-start=\"2484\" data-end=\"2499\" data-col-size=\"sm\"><strong data-start=\"2486\" data-end=\"2498\">Finish<\/strong><\/td>\n<td data-start=\"2499\" data-end=\"2528\" data-col-size=\"sm\">Gloss Black<\/td>\n<\/tr>\n<tr data-start=\"2529\" data-end=\"2564\">\n<td data-start=\"2529\" data-end=\"2542\" data-col-size=\"sm\"><strong data-start=\"2531\" data-end=\"2541\">Design<\/strong><\/td>\n<td data-col-size=\"sm\" data-start=\"2542\" data-end=\"2564\">BMW Double Bean<\/td>\n<\/tr>\n<tr data-start=\"2565\" data-end=\"2611\">\n<td data-start=\"2565\" data-end=\"2584\" data-col-size=\"sm\"><strong data-start=\"2567\" data-end=\"2583\">Installation<\/strong><\/td>\n<td data-col-size=\"sm\" data-start=\"2584\" data-end=\"2611\">On original mounts<\/td>\n<\/tr>\n<tr data-start=\"2612\" data-end=\"2649\">\n<td data-start=\"2612\" data-end=\"2630\" data-col-size=\"sm\"><strong data-start=\"2614\" data-end=\"2629\">Connection<\/strong><\/td>\n<td data-col-size=\"sm\" data-start=\"2630\" data-end=\"2649\">Cable included<\/td>\n<\/tr>\n<tr data-start=\"2650\" data-end=\"2686\">\n<td data-start=\"2650\" data-end=\"2663\" data-col-size=\"sm\"><strong data-start=\"2652\" data-end=\"2662\">Encoding<\/strong><\/td>\n<td data-col-size=\"sm\" data-start=\"2663\" data-end=\"2686\">No coding announced<\/td>\n<\/tr>\n<tr data-start=\"2687\" data-end=\"2726\">\n<td data-start=\"2687\" data-end=\"2702\" data-col-size=\"sm\"><strong data-start=\"2689\" data-end=\"2701\">Material<\/strong><\/td>\n<td data-col-size=\"sm\" data-start=\"2702\" data-end=\"2726\">High-strength ABS<\/td>\n<\/tr>\n<tr data-start=\"2727\" data-end=\"2775\">\n<td data-start=\"2727\" data-end=\"2745\" data-col-size=\"sm\"><strong data-start=\"2729\" data-end=\"2744\">Usage<\/strong><\/td>\n<td data-col-size=\"sm\" data-start=\"2745\" data-end=\"2775\">Outdoors \/ All Seasons<\/td>\n<\/tr>\n<\/tbody>\n<\/table>\n<\/div>\n<\/div>\n<h3 data-section-id=\"1l3y0bb\" data-start=\"2777\" data-end=\"2819\">A BMW That No Longer Goes Unnoticed<\/h3>\n<p data-start=\"2821\" data-end=\"2929\">This <strong data-start=\"2827\" data-end=\"2875\">Iconic Glow LED Grille for X3 G01, X3M F97, X4 G02, and X4M F98<\/strong>\u00a0is much more than just a replacement grille.<\/p>\n<p data-start=\"2931\" data-end=\"3035\">It provides a real <strong data-start=\"2958\" data-end=\"2981\">luminous signature<\/strong> to your X3\/X4 while maintaining the essence of BMW's design.<\/p>\n<p data-start=\"3037\" data-end=\"3227\">The result is particularly striking at night: the illuminated outline accentuates the double kidney grille and gives the front of the vehicle a much more modern and exclusive look.<\/p>\n<p data-start=\"3229\" data-end=\"3293\">A detail that completely changes the look of your BMW.<\/p>","protected":false},"excerpt":{"rendered":"<p>Calandre LED \u00ab Iconic Glow \u00bb \u2013 BMW X3 G01, X3M F97 &amp; X4 G02, X4M F98 (2017-2024) Un regard signature Votre X3 G01, X3M F97 ou X4 G02, X4M F98 poss\u00e8de d\u00e9j\u00e0 un design moderne et dynamique. Mais avec cette calandre LED Iconic Glow, son regard prend une toute nouvelle dimension. Inspir\u00e9e du design [&hellip;]<\/p>\n","protected":false},"featured_media":8302,"comment_status":"open","ping_status":"closed","template":"","meta":{"_eb_attr":"","_members_access_role":[],"_members_access_error":""},"product_brand":[],"product_cat":[290,285,296,269,68,67,176,188,177,190],"product_tag":[],"class_list":["post-8284","product","type-product","status-publish","has-post-thumbnail","product_cat-accessoires-macote-bmw","product_cat-bmw-oem","product_cat-calandre","product_cat-calandre-led-iconic-glow","product_cat-eclairage-signature-lumineuse","product_cat-modification-exterieur-vehicule","product_cat-x3","product_cat-x3-g01","product_cat-x4","product_cat-x4m-f98-x4-g02","first","instock","taxable","shipping-taxable","purchasable","product-type-variable"],"yoast_head":"<!-- This site is optimized with the Yoast SEO Premium plugin v20.7 (Yoast SEO v28.4) - https:\/\/yoast.com\/product\/yoast-seo-premium-wordpress\/ -->\n<title>Calandre LED - Iconic Glow - BMW X3 G01, X3M F97 &amp; X4 G02, X4M F98 (2017-2024) - MaCote.fr<\/title>\n<meta name=\"robots\" content=\"index, follow, max-snippet:-1, max-image-preview:large, max-video-preview:-1\" \/>\n<link rel=\"canonical\" href=\"https:\/\/macote.fr\/en\/product\/led-iconic-glow-grille-for-bmw-x3-g01-x3m-f97-x4-g02-x4m-f98-2017-2024\/\" \/>\n<meta property=\"og:locale\" content=\"en_US\" \/>\n<meta property=\"og:type\" content=\"article\" \/>\n<meta property=\"og:title\" content=\"Calandre LED - Iconic Glow - BMW X3 G01, X3M F97 &amp; X4 G02, X4M F98 (2017-2024)\" \/>\n<meta property=\"og:description\" content=\"Calandre LED \u00ab Iconic Glow \u00bb \u2013 BMW X3 G01, X3M F97 &amp; X4 G02, X4M F98 (2017-2024) Un regard signature Votre X3 G01, X3M F97 ou X4 G02, X4M F98 poss\u00e8de d\u00e9j\u00e0 un design moderne et dynamique. Mais avec cette calandre LED Iconic Glow, son regard prend une toute nouvelle dimension. Inspir\u00e9e du design [&hellip;]\" \/>\n<meta property=\"og:url\" content=\"https:\/\/macote.fr\/en\/product\/led-iconic-glow-grille-for-bmw-x3-g01-x3m-f97-x4-g02-x4m-f98-2017-2024\/\" \/>\n<meta property=\"og:site_name\" content=\"MaCote.fr\" \/>\n<meta property=\"article:publisher\" content=\"https:\/\/www.facebook.com\/profile.php?id=100091476586119\" \/>\n<meta property=\"article:modified_time\" content=\"2026-09-03T21:20:36+00:00\" \/>\n<meta property=\"og:image\" content=\"https:\/\/macote.fr\/wp-content\/uploads\/2026\/09\/bmw-x3-g01-x3m-f97-lci-calandre-led-iconic-glow-noir-brillant-vue-avant-1-1024x683.png\" \/>\n\t<meta property=\"og:image:width\" content=\"1024\" \/>\n\t<meta property=\"og:image:height\" content=\"683\" \/>\n\t<meta property=\"og:image:type\" content=\"image\/png\" \/>\n<meta name=\"twitter:card\" content=\"summary_large_image\" \/>\n<meta name=\"twitter:label1\" content=\"Est. reading time\" \/>\n\t<meta name=\"twitter:data1\" content=\"3 minutes\" \/>\n<script type=\"application\/ld+json\" class=\"yoast-schema-graph\">{\"@context\":\"https:\\\/\\\/schema.org\",\"@graph\":[{\"@type\":\"WebPage\",\"@id\":\"https:\\\/\\\/macote.fr\\\/produit\\\/calandre-led-iconic-glow-bmw-x3-g01-x3m-f97-x4-g02-x4m-f98-2017-2024\\\/\",\"url\":\"https:\\\/\\\/macote.fr\\\/produit\\\/calandre-led-iconic-glow-bmw-x3-g01-x3m-f97-x4-g02-x4m-f98-2017-2024\\\/\",\"name\":\"Calandre LED - Iconic Glow - BMW X3 G01, X3M F97 & X4 G02, X4M F98 (2017-2024) - MaCote.fr\",\"isPartOf\":{\"@id\":\"https:\\\/\\\/macote.fr\\\/#website\"},\"primaryImageOfPage\":{\"@id\":\"https:\\\/\\\/macote.fr\\\/produit\\\/calandre-led-iconic-glow-bmw-x3-g01-x3m-f97-x4-g02-x4m-f98-2017-2024\\\/#primaryimage\"},\"image\":{\"@id\":\"https:\\\/\\\/macote.fr\\\/produit\\\/calandre-led-iconic-glow-bmw-x3-g01-x3m-f97-x4-g02-x4m-f98-2017-2024\\\/#primaryimage\"},\"thumbnailUrl\":\"https:\\\/\\\/macote.fr\\\/wp-content\\\/uploads\\\/2026\\\/09\\\/bmw-x3-g01-x3m-f97-lci-calandre-led-iconic-glow-noir-brillant-vue-avant-1.png\",\"datePublished\":\"2026-09-03T20:02:37+00:00\",\"dateModified\":\"2026-09-03T21:20:36+00:00\",\"breadcrumb\":{\"@id\":\"https:\\\/\\\/macote.fr\\\/produit\\\/calandre-led-iconic-glow-bmw-x3-g01-x3m-f97-x4-g02-x4m-f98-2017-2024\\\/#breadcrumb\"},\"inLanguage\":\"en-US\",\"potentialAction\":[{\"@type\":\"ReadAction\",\"target\":[\"https:\\\/\\\/macote.fr\\\/produit\\\/calandre-led-iconic-glow-bmw-x3-g01-x3m-f97-x4-g02-x4m-f98-2017-2024\\\/\"]}]},{\"@type\":\"ImageObject\",\"inLanguage\":\"en-US\",\"@id\":\"https:\\\/\\\/macote.fr\\\/produit\\\/calandre-led-iconic-glow-bmw-x3-g01-x3m-f97-x4-g02-x4m-f98-2017-2024\\\/#primaryimage\",\"url\":\"https:\\\/\\\/macote.fr\\\/wp-content\\\/uploads\\\/2026\\\/09\\\/bmw-x3-g01-x3m-f97-lci-calandre-led-iconic-glow-noir-brillant-vue-avant-1.png\",\"contentUrl\":\"https:\\\/\\\/macote.fr\\\/wp-content\\\/uploads\\\/2026\\\/09\\\/bmw-x3-g01-x3m-f97-lci-calandre-led-iconic-glow-noir-brillant-vue-avant-1.png\",\"width\":1536,\"height\":1024,\"caption\":\"bmw x3 g01 x3m f97 lci calandre led iconic glow noir brillant vue avant\"},{\"@type\":\"BreadcrumbList\",\"@id\":\"https:\\\/\\\/macote.fr\\\/produit\\\/calandre-led-iconic-glow-bmw-x3-g01-x3m-f97-x4-g02-x4m-f98-2017-2024\\\/#breadcrumb\",\"itemListElement\":[{\"@type\":\"ListItem\",\"position\":1,\"name\":\"Accueil\",\"item\":\"https:\\\/\\\/macote.fr\\\/\"},{\"@type\":\"ListItem\",\"position\":2,\"name\":\"Boutique\",\"item\":\"https:\\\/\\\/macote.fr\\\/boutique\\\/\"},{\"@type\":\"ListItem\",\"position\":3,\"name\":\"Calandre LED &#8211; Iconic Glow &#8211; BMW X3 G01, X3M F97 &#038; X4 G02, X4M F98 (2017-2024)\"}]},{\"@type\":\"WebSite\",\"@id\":\"https:\\\/\\\/macote.fr\\\/#website\",\"url\":\"https:\\\/\\\/macote.fr\\\/\",\"name\":\"MaCote.fr\",\"description\":\"BMW best accessories\",\"publisher\":{\"@id\":\"https:\\\/\\\/macote.fr\\\/#organization\"},\"alternateName\":\"BMW tuning\",\"potentialAction\":[{\"@type\":\"SearchAction\",\"target\":{\"@type\":\"EntryPoint\",\"urlTemplate\":\"https:\\\/\\\/macote.fr\\\/?s={search_term_string}\"},\"query-input\":{\"@type\":\"PropertyValueSpecification\",\"valueRequired\":true,\"valueName\":\"search_term_string\"}}],\"inLanguage\":\"en-US\"},{\"@type\":\"Organization\",\"@id\":\"https:\\\/\\\/macote.fr\\\/#organization\",\"name\":\"Macote.fr\",\"alternateName\":\"BMW tuning\",\"url\":\"https:\\\/\\\/macote.fr\\\/\",\"logo\":{\"@type\":\"ImageObject\",\"inLanguage\":\"en-US\",\"@id\":\"https:\\\/\\\/macote.fr\\\/#\\\/schema\\\/logo\\\/image\\\/\",\"url\":\"https:\\\/\\\/macote.fr\\\/wp-content\\\/uploads\\\/2023\\\/11\\\/LOGO-macote.fr-dessin-bmw-noir-copy.jpg\",\"contentUrl\":\"https:\\\/\\\/macote.fr\\\/wp-content\\\/uploads\\\/2023\\\/11\\\/LOGO-macote.fr-dessin-bmw-noir-copy.jpg\",\"width\":732,\"height\":456,\"caption\":\"Macote.fr\"},\"image\":{\"@id\":\"https:\\\/\\\/macote.fr\\\/#\\\/schema\\\/logo\\\/image\\\/\"},\"sameAs\":[\"https:\\\/\\\/www.facebook.com\\\/profile.php?id=100091476586119\",\"https:\\\/\\\/www.youtube.com\\\/channel\\\/UCgO-YTbaxYO-w_C5GfL-_1w\",\"https:\\\/\\\/www.tiktok.com\\\/@macote.fr?is_from_webapp=1&sender_device=pc\",\"https:\\\/\\\/www.instagram.com\\\/i_xila_i\\\/\"]}]}<\/script>\n<!-- \/ Yoast SEO Premium plugin. -->","yoast_head_json":{"title":"LED Grille - Iconic Glow - BMW X3 G01, X3M F97 &amp; X4 G02, X4M F98 (2017\u20132024) - MaCote.fr","robots":{"index":"index","follow":"follow","max-snippet":"max-snippet:-1","max-image-preview":"max-image-preview:large","max-video-preview":"max-video-preview:-1"},"canonical":"https:\/\/macote.fr\/en\/product\/led-iconic-glow-grille-for-bmw-x3-g01-x3m-f97-x4-g02-x4m-f98-2017-2024\/","og_locale":"en_US","og_type":"article","og_title":"Calandre LED - Iconic Glow - BMW X3 G01, X3M F97 & X4 G02, X4M F98 (2017-2024)","og_description":"Calandre LED \u00ab Iconic Glow \u00bb \u2013 BMW X3 G01, X3M F97 &amp; X4 G02, X4M F98 (2017-2024) Un regard signature Votre X3 G01, X3M F97 ou X4 G02, X4M F98 poss\u00e8de d\u00e9j\u00e0 un design moderne et dynamique. Mais avec cette calandre LED Iconic Glow, son regard prend une toute nouvelle dimension. Inspir\u00e9e du design [&hellip;]","og_url":"https:\/\/macote.fr\/en\/product\/led-iconic-glow-grille-for-bmw-x3-g01-x3m-f97-x4-g02-x4m-f98-2017-2024\/","og_site_name":"MaCote.fr","article_publisher":"https:\/\/www.facebook.com\/profile.php?id=100091476586119","article_modified_time":"2026-09-03T21:20:36+00:00","og_image":[{"width":1024,"height":683,"url":"https:\/\/macote.fr\/wp-content\/uploads\/2026\/09\/bmw-x3-g01-x3m-f97-lci-calandre-led-iconic-glow-noir-brillant-vue-avant-1-1024x683.png","type":"image\/png"}],"twitter_card":"summary_large_image","twitter_misc":{"Est. reading time":"3 minutes"},"schema":{"@context":"https:\/\/schema.org","@graph":[{"@type":"WebPage","@id":"https:\/\/macote.fr\/produit\/calandre-led-iconic-glow-bmw-x3-g01-x3m-f97-x4-g02-x4m-f98-2017-2024\/","url":"https:\/\/macote.fr\/produit\/calandre-led-iconic-glow-bmw-x3-g01-x3m-f97-x4-g02-x4m-f98-2017-2024\/","name":"LED Grille - Iconic Glow - BMW X3 G01, X3M F97 &amp; X4 G02, X4M F98 (2017\u20132024) - MaCote.fr","isPartOf":{"@id":"https:\/\/macote.fr\/#website"},"primaryImageOfPage":{"@id":"https:\/\/macote.fr\/produit\/calandre-led-iconic-glow-bmw-x3-g01-x3m-f97-x4-g02-x4m-f98-2017-2024\/#primaryimage"},"image":{"@id":"https:\/\/macote.fr\/produit\/calandre-led-iconic-glow-bmw-x3-g01-x3m-f97-x4-g02-x4m-f98-2017-2024\/#primaryimage"},"thumbnailUrl":"https:\/\/macote.fr\/wp-content\/uploads\/2026\/09\/bmw-x3-g01-x3m-f97-lci-calandre-led-iconic-glow-noir-brillant-vue-avant-1.png","datePublished":"2026-09-03T20:02:37+00:00","dateModified":"2026-09-03T21:20:36+00:00","breadcrumb":{"@id":"https:\/\/macote.fr\/produit\/calandre-led-iconic-glow-bmw-x3-g01-x3m-f97-x4-g02-x4m-f98-2017-2024\/#breadcrumb"},"inLanguage":"en-US","potentialAction":[{"@type":"ReadAction","target":["https:\/\/macote.fr\/produit\/calandre-led-iconic-glow-bmw-x3-g01-x3m-f97-x4-g02-x4m-f98-2017-2024\/"]}]},{"@type":"ImageObject","inLanguage":"en-US","@id":"https:\/\/macote.fr\/produit\/calandre-led-iconic-glow-bmw-x3-g01-x3m-f97-x4-g02-x4m-f98-2017-2024\/#primaryimage","url":"https:\/\/macote.fr\/wp-content\/uploads\/2026\/09\/bmw-x3-g01-x3m-f97-lci-calandre-led-iconic-glow-noir-brillant-vue-avant-1.png","contentUrl":"https:\/\/macote.fr\/wp-content\/uploads\/2026\/09\/bmw-x3-g01-x3m-f97-lci-calandre-led-iconic-glow-noir-brillant-vue-avant-1.png","width":1536,"height":1024,"caption":"bmw x3 g01 x3m f97 lci calandre led iconic glow noir brillant vue avant"},{"@type":"BreadcrumbList","@id":"https:\/\/macote.fr\/produit\/calandre-led-iconic-glow-bmw-x3-g01-x3m-f97-x4-g02-x4m-f98-2017-2024\/#breadcrumb","itemListElement":[{"@type":"ListItem","position":1,"name":"Accueil","item":"https:\/\/macote.fr\/"},{"@type":"ListItem","position":2,"name":"Boutique","item":"https:\/\/macote.fr\/boutique\/"},{"@type":"ListItem","position":3,"name":"Calandre LED &#8211; Iconic Glow &#8211; BMW X3 G01, X3M F97 &#038; X4 G02, X4M F98 (2017-2024)"}]},{"@type":"WebSite","@id":"https:\/\/macote.fr\/#website","url":"https:\/\/macote.fr\/","name":"MyQuote.com","description":"BMW best accessories","publisher":{"@id":"https:\/\/macote.fr\/#organization"},"alternateName":"BMW tuning","potentialAction":[{"@type":"SearchAction","target":{"@type":"EntryPoint","urlTemplate":"https:\/\/macote.fr\/?s={search_term_string}"},"query-input":{"@type":"PropertyValueSpecification","valueRequired":true,"valueName":"search_term_string"}}],"inLanguage":"en-US"},{"@type":"Organization","@id":"https:\/\/macote.fr\/#organization","name":"Macote.fr","alternateName":"BMW tuning","url":"https:\/\/macote.fr\/","logo":{"@type":"ImageObject","inLanguage":"en-US","@id":"https:\/\/macote.fr\/#\/schema\/logo\/image\/","url":"https:\/\/macote.fr\/wp-content\/uploads\/2023\/11\/LOGO-macote.fr-dessin-bmw-noir-copy.jpg","contentUrl":"https:\/\/macote.fr\/wp-content\/uploads\/2023\/11\/LOGO-macote.fr-dessin-bmw-noir-copy.jpg","width":732,"height":456,"caption":"Macote.fr"},"image":{"@id":"https:\/\/macote.fr\/#\/schema\/logo\/image\/"},"sameAs":["https:\/\/www.facebook.com\/profile.php?id=100091476586119","https:\/\/www.youtube.com\/channel\/UCgO-YTbaxYO-w_C5GfL-_1w","https:\/\/www.tiktok.com\/@macote.fr?is_from_webapp=1&sender_device=pc","https:\/\/www.instagram.com\/i_xila_i\/"]}]}},"_links":{"self":[{"href":"https:\/\/macote.fr\/en\/wp-json\/wp\/v2\/product\/8284","targetHints":{"allow":["GET"]}}],"collection":[{"href":"https:\/\/macote.fr\/en\/wp-json\/wp\/v2\/product"}],"about":[{"href":"https:\/\/macote.fr\/en\/wp-json\/wp\/v2\/types\/product"}],"replies":[{"embeddable":true,"href":"https:\/\/macote.fr\/en\/wp-json\/wp\/v2\/comments?post=8284"}],"wp:featuredmedia":[{"embeddable":true,"href":"https:\/\/macote.fr\/en\/wp-json\/wp\/v2\/media\/8302"}],"wp:attachment":[{"href":"https:\/\/macote.fr\/en\/wp-json\/wp\/v2\/media?parent=8284"}],"wp:term":[{"taxonomy":"product_brand","embeddable":true,"href":"https:\/\/macote.fr\/en\/wp-json\/wp\/v2\/product_brand?post=8284"},{"taxonomy":"product_cat","embeddable":true,"href":"https:\/\/macote.fr\/en\/wp-json\/wp\/v2\/product_cat?post=8284"},{"taxonomy":"product_tag","embeddable":true,"href":"https:\/\/macote.fr\/en\/wp-json\/wp\/v2\/product_tag?post=8284"}],"curies":[{"name":"wp","href":"https:\/\/api.w.org\/{rel}","templated":true}]}}