{"id":3001,"date":"2023-11-17T13:48:15","date_gmt":"2023-11-17T12:48:15","guid":{"rendered":"https:\/\/macote.fr\/?page_id=3001"},"modified":"2024-01-16T16:10:18","modified_gmt":"2024-01-16T15:10:18","slug":"bmw-x2","status":"publish","type":"page","link":"https:\/\/macote.fr\/es\/bmw-x2\/","title":{"rendered":"BMW X2"},"content":{"rendered":"<div data-elementor-type=\"wp-page\" data-elementor-id=\"3001\" class=\"elementor elementor-3001\" data-elementor-post-type=\"page\">\n\t\t\t\t\t\t<section data-particle_enable=\"false\" data-particle-mobile-disabled=\"false\" class=\"elementor-section elementor-top-section elementor-element elementor-element-515f9182 elementor-section-boxed elementor-section-height-default elementor-section-height-default\" data-id=\"515f9182\" data-element_type=\"section\" data-e-type=\"section\">\n\t\t\t\t\t\t<div class=\"elementor-container elementor-column-gap-default\">\n\t\t\t\t\t<div class=\"elementor-column elementor-col-100 elementor-top-column elementor-element elementor-element-4935c2a4\" data-id=\"4935c2a4\" data-element_type=\"column\" data-e-type=\"column\">\n\t\t\t<div class=\"elementor-widget-wrap elementor-element-populated\">\n\t\t\t\t\t\t<div class=\"elementor-element elementor-element-2adec634 elementor-widget elementor-widget-heading\" data-id=\"2adec634\" data-element_type=\"widget\" data-e-type=\"widget\" data-widget_type=\"heading.default\">\n\t\t\t\t<div class=\"elementor-widget-container\">\n\t\t\t\t\t<h5 class=\"elementor-heading-title elementor-size-default\">Nuestros accesorios<\/h5>\t\t\t\t<\/div>\n\t\t\t\t<\/div>\n\t\t\t\t<div class=\"elementor-element elementor-element-75694163 e-transform elementor-widget elementor-widget-heading\" data-id=\"75694163\" data-element_type=\"widget\" data-e-type=\"widget\" data-settings=\"{&quot;_transform_scale_effect&quot;:{&quot;unit&quot;:&quot;px&quot;,&quot;size&quot;:&quot;&quot;,&quot;sizes&quot;:[]},&quot;_transform_scale_effect_tablet&quot;:{&quot;unit&quot;:&quot;px&quot;,&quot;size&quot;:&quot;&quot;,&quot;sizes&quot;:[]},&quot;_transform_scale_effect_mobile&quot;:{&quot;unit&quot;:&quot;px&quot;,&quot;size&quot;:&quot;&quot;,&quot;sizes&quot;:[]}}\" data-widget_type=\"heading.default\">\n\t\t\t\t<div class=\"elementor-widget-container\">\n\t\t\t\t\t<h2 class=\"elementor-heading-title elementor-size-default\"><a href=\"https:\/\/macote.fr\/es\/categoria-de-productos\/x2\/\">BMW X2<\/a><\/h2>\t\t\t\t<\/div>\n\t\t\t\t<\/div>\n\t\t\t\t\t<\/div>\n\t\t<\/div>\n\t\t\t\t\t<\/div>\n\t\t<\/section>\n\t\t\t\t<section data-particle_enable=\"false\" data-particle-mobile-disabled=\"false\" class=\"elementor-section elementor-top-section elementor-element elementor-element-2a55230 elementor-section-boxed elementor-section-height-default elementor-section-height-default\" data-id=\"2a55230\" data-element_type=\"section\" data-e-type=\"section\">\n\t\t\t\t\t\t<div class=\"elementor-container elementor-column-gap-default\">\n\t\t\t\t\t<div class=\"elementor-column elementor-col-100 elementor-top-column elementor-element elementor-element-4070ef\" data-id=\"4070ef\" data-element_type=\"column\" data-e-type=\"column\">\n\t\t\t<div class=\"elementor-widget-wrap elementor-element-populated\">\n\t\t\t\t\t\t\t<\/div>\n\t\t<\/div>\n\t\t\t\t\t<\/div>\n\t\t<\/section>\n\t\t\t\t<section data-particle_enable=\"false\" data-particle-mobile-disabled=\"false\" class=\"elementor-section elementor-top-section elementor-element elementor-element-59f2350c elementor-section-boxed elementor-section-height-default elementor-section-height-default\" data-id=\"59f2350c\" data-element_type=\"section\" data-e-type=\"section\">\n\t\t\t\t\t\t<div class=\"elementor-container elementor-column-gap-default\">\n\t\t\t\t\t<div class=\"elementor-column elementor-col-100 elementor-top-column elementor-element elementor-element-1bd02850\" data-id=\"1bd02850\" data-element_type=\"column\" data-e-type=\"column\">\n\t\t\t<div class=\"elementor-widget-wrap elementor-element-populated\">\n\t\t\t\t\t\t<div class=\"elementor-element elementor-element-5cd9b167 elementor-widget elementor-widget-heading\" data-id=\"5cd9b167\" data-element_type=\"widget\" data-e-type=\"widget\" data-widget_type=\"heading.default\">\n\t\t\t\t<div class=\"elementor-widget-container\">\n\t\t\t\t\t<h3 class=\"elementor-heading-title elementor-size-default\">Haga clic en su modelo :<\/h3>\t\t\t\t<\/div>\n\t\t\t\t<\/div>\n\t\t\t\t\t<\/div>\n\t\t<\/div>\n\t\t\t\t\t<\/div>\n\t\t<\/section>\n\t\t\t\t<section data-particle_enable=\"false\" data-particle-mobile-disabled=\"false\" class=\"elementor-section elementor-top-section elementor-element elementor-element-104bc309 elementor-section-boxed elementor-section-height-default elementor-section-height-default\" data-id=\"104bc309\" data-element_type=\"section\" data-e-type=\"section\">\n\t\t\t\t\t\t<div class=\"elementor-container elementor-column-gap-default\">\n\t\t\t\t\t<div class=\"elementor-column elementor-col-50 elementor-top-column elementor-element elementor-element-2dc29220\" data-id=\"2dc29220\" data-element_type=\"column\" data-e-type=\"column\">\n\t\t\t<div class=\"elementor-widget-wrap elementor-element-populated\">\n\t\t\t\t\t\t<div class=\"elementor-element elementor-element-2885affd e-transform elementor-widget elementor-widget-image\" data-id=\"2885affd\" data-element_type=\"widget\" data-e-type=\"widget\" data-settings=\"{&quot;_transform_scale_effect_hover&quot;:{&quot;unit&quot;:&quot;px&quot;,&quot;size&quot;:1.1,&quot;sizes&quot;:[]},&quot;_transform_scale_effect_hover_tablet&quot;:{&quot;unit&quot;:&quot;px&quot;,&quot;size&quot;:&quot;&quot;,&quot;sizes&quot;:[]},&quot;_transform_scale_effect_hover_mobile&quot;:{&quot;unit&quot;:&quot;px&quot;,&quot;size&quot;:&quot;&quot;,&quot;sizes&quot;:[]}}\" data-widget_type=\"image.default\">\n\t\t\t\t<div class=\"elementor-widget-container\">\n\t\t\t\t\t\t\t\t\t\t\t\t\t\t\t\t<a href=\"https:\/\/macote.fr\/es\/categoria-de-productos\/x2\/x2-f39\/\">\n\t\t\t\t\t\t\t<img fetchpriority=\"high\" decoding=\"async\" width=\"890\" height=\"501\" src=\"https:\/\/macote.fr\/wp-content\/uploads\/2024\/01\/BMW-X2-F39-PNG-NO-BACKGROUND.png\" class=\"attachment-large size-large wp-image-3735\" alt=\"BMW X2 F39 PNG SIN FONDO\" srcset=\"https:\/\/macote.fr\/wp-content\/uploads\/2024\/01\/BMW-X2-F39-PNG-NO-BACKGROUND.png 890w, https:\/\/macote.fr\/wp-content\/uploads\/2024\/01\/BMW-X2-F39-PNG-NO-BACKGROUND-300x169.png 300w, https:\/\/macote.fr\/wp-content\/uploads\/2024\/01\/BMW-X2-F39-PNG-NO-BACKGROUND-768x432.png 768w, https:\/\/macote.fr\/wp-content\/uploads\/2024\/01\/BMW-X2-F39-PNG-NO-BACKGROUND-18x10.png 18w, https:\/\/macote.fr\/wp-content\/uploads\/2024\/01\/BMW-X2-F39-PNG-NO-BACKGROUND-600x338.png 600w\" sizes=\"(max-width: 890px) 100vw, 890px\" \/>\t\t\t\t\t\t\t\t<\/a>\n\t\t\t\t\t\t\t\t\t\t\t\t\t\t\t<\/div>\n\t\t\t\t<\/div>\n\t\t\t\t<div class=\"elementor-element elementor-element-2a7a6a23 elementor-align-center elementor-widget elementor-widget-button\" data-id=\"2a7a6a23\" data-element_type=\"widget\" data-e-type=\"widget\" data-widget_type=\"button.default\">\n\t\t\t\t<div class=\"elementor-widget-container\">\n\t\t\t\t\t\t\t\t\t<div class=\"elementor-button-wrapper\">\n\t\t\t\t\t<a class=\"elementor-button elementor-button-link elementor-size-lg\" href=\"https:\/\/macote.fr\/es\/categoria-de-productos\/x2\/x2-f39\/\">\n\t\t\t\t\t\t<span class=\"elementor-button-content-wrapper\">\n\t\t\t\t\t\t\t\t\t<span class=\"elementor-button-text\">BMW X2 F39<\/span>\n\t\t\t\t\t<\/span>\n\t\t\t\t\t<\/a>\n\t\t\t\t<\/div>\n\t\t\t\t\t\t\t\t<\/div>\n\t\t\t\t<\/div>\n\t\t\t\t<div class=\"elementor-element elementor-element-67ba9101 elementor-widget elementor-widget-text-editor\" data-id=\"67ba9101\" data-element_type=\"widget\" data-e-type=\"widget\" data-widget_type=\"text-editor.default\">\n\t\t\t\t<div class=\"elementor-widget-container\">\n\t\t\t\t\t\t\t\t\t<p>2016-2023<\/p>\t\t\t\t\t\t\t\t<\/div>\n\t\t\t\t<\/div>\n\t\t\t\t\t<\/div>\n\t\t<\/div>\n\t\t\t\t<div class=\"elementor-column elementor-col-50 elementor-top-column elementor-element elementor-element-3905c97d\" data-id=\"3905c97d\" data-element_type=\"column\" data-e-type=\"column\">\n\t\t\t<div class=\"elementor-widget-wrap elementor-element-populated\">\n\t\t\t\t\t\t<div class=\"elementor-element elementor-element-7e2fef47 e-transform e-transform elementor-widget elementor-widget-image\" data-id=\"7e2fef47\" data-element_type=\"widget\" data-e-type=\"widget\" data-settings=\"{&quot;_transform_scale_effect&quot;:{&quot;unit&quot;:&quot;px&quot;,&quot;size&quot;:0.8,&quot;sizes&quot;:[]},&quot;_transform_scale_effect_hover&quot;:{&quot;unit&quot;:&quot;px&quot;,&quot;size&quot;:0.9,&quot;sizes&quot;:[]},&quot;_transform_scale_effect_tablet&quot;:{&quot;unit&quot;:&quot;px&quot;,&quot;size&quot;:&quot;&quot;,&quot;sizes&quot;:[]},&quot;_transform_scale_effect_mobile&quot;:{&quot;unit&quot;:&quot;px&quot;,&quot;size&quot;:&quot;&quot;,&quot;sizes&quot;:[]},&quot;_transform_scale_effect_hover_tablet&quot;:{&quot;unit&quot;:&quot;px&quot;,&quot;size&quot;:&quot;&quot;,&quot;sizes&quot;:[]},&quot;_transform_scale_effect_hover_mobile&quot;:{&quot;unit&quot;:&quot;px&quot;,&quot;size&quot;:&quot;&quot;,&quot;sizes&quot;:[]}}\" data-widget_type=\"image.default\">\n\t\t\t\t<div class=\"elementor-widget-container\">\n\t\t\t\t\t\t\t\t\t\t\t\t\t\t\t\t<a href=\"https:\/\/macote.fr\/es\/categoria-de-productos\/x2\/x2-u10\/\">\n\t\t\t\t\t\t\t<img decoding=\"async\" width=\"1024\" height=\"536\" src=\"https:\/\/macote.fr\/wp-content\/uploads\/2024\/01\/BMW-X2-U10-PNG-NO-BACKGROUND.png\" class=\"attachment-large size-large wp-image-3736\" alt=\"BMW X2 U10 PNG SIN FONDO\" srcset=\"https:\/\/macote.fr\/wp-content\/uploads\/2024\/01\/BMW-X2-U10-PNG-NO-BACKGROUND.png 1024w, https:\/\/macote.fr\/wp-content\/uploads\/2024\/01\/BMW-X2-U10-PNG-NO-BACKGROUND-300x157.png 300w, https:\/\/macote.fr\/wp-content\/uploads\/2024\/01\/BMW-X2-U10-PNG-NO-BACKGROUND-768x402.png 768w, https:\/\/macote.fr\/wp-content\/uploads\/2024\/01\/BMW-X2-U10-PNG-NO-BACKGROUND-18x9.png 18w, https:\/\/macote.fr\/wp-content\/uploads\/2024\/01\/BMW-X2-U10-PNG-NO-BACKGROUND-600x314.png 600w\" sizes=\"(max-width: 1024px) 100vw, 1024px\" \/>\t\t\t\t\t\t\t\t<\/a>\n\t\t\t\t\t\t\t\t\t\t\t\t\t\t\t<\/div>\n\t\t\t\t<\/div>\n\t\t\t\t<div class=\"elementor-element elementor-element-6ce60a7 elementor-widget elementor-widget-spacer\" data-id=\"6ce60a7\" data-element_type=\"widget\" data-e-type=\"widget\" data-widget_type=\"spacer.default\">\n\t\t\t\t<div class=\"elementor-widget-container\">\n\t\t\t\t\t\t\t<div class=\"elementor-spacer\">\n\t\t\t<div class=\"elementor-spacer-inner\"><\/div>\n\t\t<\/div>\n\t\t\t\t\t\t<\/div>\n\t\t\t\t<\/div>\n\t\t\t\t<div class=\"elementor-element elementor-element-6622882 elementor-align-center elementor-widget elementor-widget-button\" data-id=\"6622882\" data-element_type=\"widget\" data-e-type=\"widget\" data-widget_type=\"button.default\">\n\t\t\t\t<div class=\"elementor-widget-container\">\n\t\t\t\t\t\t\t\t\t<div class=\"elementor-button-wrapper\">\n\t\t\t\t\t<a class=\"elementor-button elementor-button-link elementor-size-lg\" href=\"https:\/\/macote.fr\/es\/categoria-de-productos\/x2\/x2-u10\/\">\n\t\t\t\t\t\t<span class=\"elementor-button-content-wrapper\">\n\t\t\t\t\t\t\t\t\t<span class=\"elementor-button-text\">BMW X2 U10<\/span>\n\t\t\t\t\t<\/span>\n\t\t\t\t\t<\/a>\n\t\t\t\t<\/div>\n\t\t\t\t\t\t\t\t<\/div>\n\t\t\t\t<\/div>\n\t\t\t\t<div class=\"elementor-element elementor-element-76444613 elementor-widget elementor-widget-text-editor\" data-id=\"76444613\" data-element_type=\"widget\" data-e-type=\"widget\" data-widget_type=\"text-editor.default\">\n\t\t\t\t<div class=\"elementor-widget-container\">\n\t\t\t\t\t\t\t\t\t<p>2023-<\/p>\t\t\t\t\t\t\t\t<\/div>\n\t\t\t\t<\/div>\n\t\t\t\t\t<\/div>\n\t\t<\/div>\n\t\t\t\t\t<\/div>\n\t\t<\/section>\n\t\t\t\t<section data-particle_enable=\"false\" data-particle-mobile-disabled=\"false\" class=\"elementor-section elementor-top-section elementor-element elementor-element-304bc7f9 elementor-section-boxed elementor-section-height-default elementor-section-height-default\" data-id=\"304bc7f9\" data-element_type=\"section\" data-e-type=\"section\">\n\t\t\t\t\t\t<div class=\"elementor-container elementor-column-gap-default\">\n\t\t\t\t\t<div class=\"elementor-column elementor-col-100 elementor-top-column elementor-element elementor-element-39285dd2\" data-id=\"39285dd2\" data-element_type=\"column\" data-e-type=\"column\">\n\t\t\t<div class=\"elementor-widget-wrap elementor-element-populated\">\n\t\t\t\t\t\t<div class=\"elementor-element elementor-element-16f71d9 elementor-widget-divider--view-line elementor-widget elementor-widget-divider\" data-id=\"16f71d9\" data-element_type=\"widget\" data-e-type=\"widget\" data-widget_type=\"divider.default\">\n\t\t\t\t<div class=\"elementor-widget-container\">\n\t\t\t\t\t\t\t<div class=\"elementor-divider\">\n\t\t\t<span class=\"elementor-divider-separator\">\n\t\t\t\t\t\t<\/span>\n\t\t<\/div>\n\t\t\t\t\t\t<\/div>\n\t\t\t\t<\/div>\n\t\t\t\t\t<\/div>\n\t\t<\/div>\n\t\t\t\t\t<\/div>\n\t\t<\/section>\n\t\t\t\t<section data-particle_enable=\"false\" data-particle-mobile-disabled=\"false\" class=\"elementor-section elementor-top-section elementor-element elementor-element-1959e2c2 elementor-section-boxed elementor-section-height-default elementor-section-height-default\" data-id=\"1959e2c2\" data-element_type=\"section\" data-e-type=\"section\">\n\t\t\t\t\t\t<div class=\"elementor-container elementor-column-gap-default\">\n\t\t\t\t\t<div class=\"elementor-column elementor-col-100 elementor-top-column elementor-element elementor-element-71432471\" data-id=\"71432471\" data-element_type=\"column\" data-e-type=\"column\">\n\t\t\t<div class=\"elementor-widget-wrap elementor-element-populated\">\n\t\t\t\t\t\t<div class=\"elementor-element elementor-element-22e2cf38 elementor-widget elementor-widget-heading\" data-id=\"22e2cf38\" data-element_type=\"widget\" data-e-type=\"widget\" data-widget_type=\"heading.default\">\n\t\t\t\t<div class=\"elementor-widget-container\">\n\t\t\t\t\t<h3 class=\"elementor-heading-title elementor-size-default\">Una odisea de estilo y rendimiento a trav\u00e9s de las generaciones<\/h3>\t\t\t\t<\/div>\n\t\t\t\t<\/div>\n\t\t\t\t<div class=\"elementor-element elementor-element-53d5b6b4 elementor-widget elementor-widget-text-editor\" data-id=\"53d5b6b4\" data-element_type=\"widget\" data-e-type=\"widget\" data-widget_type=\"text-editor.default\">\n\t\t\t\t<div class=\"elementor-widget-container\">\n\t\t\t\t\t\t\t\t\t<p>Sum\u00e9rgete en el cautivador mundo del BMW X2, una saga automovil\u00edstica donde la elegancia distintiva y el rendimiento innovador se han encontrado perpetuamente. Desde su presentaci\u00f3n como concept car en el Sal\u00f3n del Autom\u00f3vil de Par\u00eds de 2016 hasta la reciente anticipaci\u00f3n de la segunda generaci\u00f3n del U10, cada iteraci\u00f3n del X2 ha redefinido las expectativas de los entusiastas de los SUV compactos. S\u00edguenos a trav\u00e9s de los tiempos, explorando los dise\u00f1os de vanguardia, el rendimiento din\u00e1mico y las innovaciones tecnol\u00f3gicas que han marcado esta odisea excepcional. Bienvenido al fascinante mundo del BMW X2, donde estilo y prestaciones se combinan para crear una experiencia de conducci\u00f3n inolvidable.<\/p>\t\t\t\t\t\t\t\t<\/div>\n\t\t\t\t<\/div>\n\t\t\t\t\t<\/div>\n\t\t<\/div>\n\t\t\t\t\t<\/div>\n\t\t<\/section>\n\t\t\t\t<section data-particle_enable=\"false\" data-particle-mobile-disabled=\"false\" class=\"elementor-section elementor-top-section elementor-element elementor-element-226281ec elementor-section-boxed elementor-section-height-default elementor-section-height-default\" data-id=\"226281ec\" data-element_type=\"section\" data-e-type=\"section\">\n\t\t\t\t\t\t<div class=\"elementor-container elementor-column-gap-default\">\n\t\t\t\t\t<div class=\"elementor-column elementor-col-100 elementor-top-column elementor-element elementor-element-13502d47\" data-id=\"13502d47\" data-element_type=\"column\" data-e-type=\"column\">\n\t\t\t<div class=\"elementor-widget-wrap elementor-element-populated\">\n\t\t\t\t\t\t<div class=\"elementor-element elementor-element-3f427734 elementor-widget-divider--view-line elementor-widget elementor-widget-divider\" data-id=\"3f427734\" data-element_type=\"widget\" data-e-type=\"widget\" data-widget_type=\"divider.default\">\n\t\t\t\t<div class=\"elementor-widget-container\">\n\t\t\t\t\t\t\t<div class=\"elementor-divider\">\n\t\t\t<span class=\"elementor-divider-separator\">\n\t\t\t\t\t\t<\/span>\n\t\t<\/div>\n\t\t\t\t\t\t<\/div>\n\t\t\t\t<\/div>\n\t\t\t\t<div class=\"elementor-element elementor-element-3f1f9531 elementor-widget elementor-widget-heading\" data-id=\"3f1f9531\" data-element_type=\"widget\" data-e-type=\"widget\" data-widget_type=\"heading.default\">\n\t\t\t\t<div class=\"elementor-widget-container\">\n\t\t\t\t\t<h2 class=\"elementor-heading-title elementor-size-default\">Primera generaci\u00f3n X2<\/h2>\t\t\t\t<\/div>\n\t\t\t\t<\/div>\n\t\t\t\t<div class=\"elementor-element elementor-element-1b397dd elementor-widget elementor-widget-heading\" data-id=\"1b397dd\" data-element_type=\"widget\" data-e-type=\"widget\" data-widget_type=\"heading.default\">\n\t\t\t\t<div class=\"elementor-widget-container\">\n\t\t\t\t\t<h5 class=\"elementor-heading-title elementor-size-default\"><a href=\"https:\/\/macote.fr\/es\/categoria-de-productos\/x2\/x2-f39\/\">BMW X2 F39<\/a><\/h5>\t\t\t\t<\/div>\n\t\t\t\t<\/div>\n\t\t\t\t<section data-particle_enable=\"false\" data-particle-mobile-disabled=\"false\" class=\"elementor-section elementor-inner-section elementor-element elementor-element-231a0f7c elementor-section-boxed elementor-section-height-default elementor-section-height-default\" data-id=\"231a0f7c\" data-element_type=\"section\" data-e-type=\"section\">\n\t\t\t\t\t\t<div class=\"elementor-container elementor-column-gap-default\">\n\t\t\t\t\t<div class=\"elementor-column elementor-col-50 elementor-inner-column elementor-element elementor-element-302f3982\" data-id=\"302f3982\" data-element_type=\"column\" data-e-type=\"column\">\n\t\t\t<div class=\"elementor-widget-wrap elementor-element-populated\">\n\t\t\t\t\t\t<div class=\"elementor-element elementor-element-4be3371a elementor-widget elementor-widget-image\" data-id=\"4be3371a\" data-element_type=\"widget\" data-e-type=\"widget\" data-widget_type=\"image.default\">\n\t\t\t\t<div class=\"elementor-widget-container\">\n\t\t\t\t\t\t\t\t\t\t\t\t\t\t\t<img decoding=\"async\" width=\"1024\" height=\"461\" src=\"https:\/\/macote.fr\/wp-content\/uploads\/2024\/01\/BMW-X2-F39-1024x461.jpeg\" class=\"attachment-large size-large wp-image-3737\" alt=\"BMW X2 F39\" srcset=\"https:\/\/macote.fr\/wp-content\/uploads\/2024\/01\/BMW-X2-F39-1024x461.jpeg 1024w, https:\/\/macote.fr\/wp-content\/uploads\/2024\/01\/BMW-X2-F39-1200x540.jpeg 1200w, https:\/\/macote.fr\/wp-content\/uploads\/2024\/01\/BMW-X2-F39-300x135.jpeg 300w, https:\/\/macote.fr\/wp-content\/uploads\/2024\/01\/BMW-X2-F39-768x346.jpeg 768w, https:\/\/macote.fr\/wp-content\/uploads\/2024\/01\/BMW-X2-F39-1536x691.jpeg 1536w, https:\/\/macote.fr\/wp-content\/uploads\/2024\/01\/BMW-X2-F39-18x8.jpeg 18w, https:\/\/macote.fr\/wp-content\/uploads\/2024\/01\/BMW-X2-F39-1320x594.jpeg 1320w, https:\/\/macote.fr\/wp-content\/uploads\/2024\/01\/BMW-X2-F39.jpeg 1680w\" sizes=\"(max-width: 1024px) 100vw, 1024px\" \/>\t\t\t\t\t\t\t\t\t\t\t\t\t\t\t<\/div>\n\t\t\t\t<\/div>\n\t\t\t\t\t<\/div>\n\t\t<\/div>\n\t\t\t\t<div class=\"elementor-column elementor-col-50 elementor-inner-column elementor-element elementor-element-612c8b18\" data-id=\"612c8b18\" data-element_type=\"column\" data-e-type=\"column\">\n\t\t\t<div class=\"elementor-widget-wrap elementor-element-populated\">\n\t\t\t\t\t\t<div class=\"elementor-element elementor-element-66c86c2c elementor-widget elementor-widget-text-editor\" data-id=\"66c86c2c\" data-element_type=\"widget\" data-e-type=\"widget\" data-widget_type=\"text-editor.default\">\n\t\t\t\t<div class=\"elementor-widget-container\">\n\t\t\t\t\t\t\t\t\t<h4>Elegancia deportiva redefinida<\/h4><h5>Debut prometedor en el Sal\u00f3n del Autom\u00f3vil de Par\u00eds 2016<\/h5><p>El BMW X2, que encarna la audacia de BMW en el segmento de los crossover compactos, dio sus primeros pasos en el centro de atenci\u00f3n en el Sal\u00f3n del Autom\u00f3vil de Par\u00eds de 2016, en forma de un cautivador concept car. Sin embargo, fue en octubre de 2017, en el BMW Brand Store de Par\u00eds, cuando se desvel\u00f3 la versi\u00f3n de producci\u00f3n del X2 F39, allanando el camino para su lanzamiento al mercado en marzo de 2018.<\/p><h5>Dise\u00f1o \u00fanico: fusi\u00f3n de deportividad y elegancia<\/h5><p>A diferencia de su hom\u00f3logo, el X1, el BMW X2 F39 cuenta con un dise\u00f1o singular que combina la deportividad de los coup\u00e9s con elementos distintivos como los pasos de rueda angulosos y una l\u00ednea de techo casi descendente. Se ha reinventado la ic\u00f3nica parrilla doble de BMW, ampliando su envergadura hacia abajo, y el logotipo de la marca se ha colocado en el pilar trasero, un gui\u00f1o a los cl\u00e1sicos coup\u00e9s BMW de anta\u00f1o.<\/p><h5>Posicionamiento estrat\u00e9gico entre el X1 y el X3<\/h5><p>A pesar de ser ligeramente m\u00e1s peque\u00f1o que el X1 (4,36 m frente a 4,44 m), el BMW X2 es un fuerte contendiente en la gama SUV de BMW, entre el X1 y el X3. Con una l\u00f3gica claramente definida, BMW clasifica el X2 como \"Sport Activity Coup\u00e9\", subrayando su car\u00e1cter din\u00e1mico y asertivo dentro de la gama.<\/p><h5>Prestaciones y motores<\/h5><p>En su lanzamiento, el BMW X2 ofrece tres motores: el sDrive20i de gasolina (192 CV) y los di\u00e9sel xDrive20d (190 CV) y xDrive25d (231 CV). M\u00e1s adelante, la gama se ampliar\u00e1 con la incorporaci\u00f3n de motores como el X2 sDrive18i de 3 cilindros (140 CV), X2 sDrive18d, xDrive18d (150 CV) y xDrive20i de 4 cilindros (192 CV). En septiembre de 2018, el BMW X2 recibe una versi\u00f3n deportiva M35i desarrollada por BMW M Performance, con un motor 2.0 turbo de 306 CV.<\/p><h5>Innovaciones tecnol\u00f3gicas y din\u00e1mica de conducci\u00f3n<\/h5><p>El chasis del X2 se ha ajustado meticulosamente para optimizar la agilidad y el dinamismo, con unos reglajes de amortiguaci\u00f3n m\u00e1s firmes y una suspensi\u00f3n m\u00e1s r\u00edgida. El equipamiento tecnol\u00f3gico es de \u00faltima generaci\u00f3n, con un nuevo cuadro de instrumentos y avanzados sistemas de asistencia al conductor, incluido un piloto semiautom\u00e1tico.<\/p><p>El BMW X2 F39 destaca como una audaz interpretaci\u00f3n del lujo deportivo, ofreciendo una experiencia de conducci\u00f3n din\u00e1mica y un dise\u00f1o que no pasa desapercibido. La combinaci\u00f3n de prestaciones robustas e innovaci\u00f3n tecnol\u00f3gica lo convierten en un actor notable en el segmento de los SUV compactos premium.<\/p>\t\t\t\t\t\t\t\t<\/div>\n\t\t\t\t<\/div>\n\t\t\t\t\t<\/div>\n\t\t<\/div>\n\t\t\t\t\t<\/div>\n\t\t<\/section>\n\t\t\t\t\t<\/div>\n\t\t<\/div>\n\t\t\t\t\t<\/div>\n\t\t<\/section>\n\t\t\t\t<section data-particle_enable=\"false\" data-particle-mobile-disabled=\"false\" class=\"elementor-section elementor-top-section elementor-element elementor-element-1d9ea0cc elementor-section-boxed elementor-section-height-default elementor-section-height-default\" data-id=\"1d9ea0cc\" data-element_type=\"section\" data-e-type=\"section\">\n\t\t\t\t\t\t<div class=\"elementor-container elementor-column-gap-default\">\n\t\t\t\t\t<div class=\"elementor-column elementor-col-100 elementor-top-column elementor-element elementor-element-34dc680c\" data-id=\"34dc680c\" data-element_type=\"column\" data-e-type=\"column\">\n\t\t\t<div class=\"elementor-widget-wrap elementor-element-populated\">\n\t\t\t\t\t\t<div class=\"elementor-element elementor-element-363ace42 elementor-widget-divider--view-line elementor-widget elementor-widget-divider\" data-id=\"363ace42\" data-element_type=\"widget\" data-e-type=\"widget\" data-widget_type=\"divider.default\">\n\t\t\t\t<div class=\"elementor-widget-container\">\n\t\t\t\t\t\t\t<div class=\"elementor-divider\">\n\t\t\t<span class=\"elementor-divider-separator\">\n\t\t\t\t\t\t<\/span>\n\t\t<\/div>\n\t\t\t\t\t\t<\/div>\n\t\t\t\t<\/div>\n\t\t\t\t<div class=\"elementor-element elementor-element-4b1cd8dd elementor-widget elementor-widget-heading\" data-id=\"4b1cd8dd\" data-element_type=\"widget\" data-e-type=\"widget\" data-widget_type=\"heading.default\">\n\t\t\t\t<div class=\"elementor-widget-container\">\n\t\t\t\t\t<h2 class=\"elementor-heading-title elementor-size-default\">Segunda generaci\u00f3n X2<\/h2>\t\t\t\t<\/div>\n\t\t\t\t<\/div>\n\t\t\t\t<div class=\"elementor-element elementor-element-55a54d88 elementor-widget elementor-widget-heading\" data-id=\"55a54d88\" data-element_type=\"widget\" data-e-type=\"widget\" data-widget_type=\"heading.default\">\n\t\t\t\t<div class=\"elementor-widget-container\">\n\t\t\t\t\t<h5 class=\"elementor-heading-title elementor-size-default\"><a href=\"https:\/\/macote.fr\/es\/categoria-de-productos\/x2\/x2-u10\/\">BMW X2 U10<\/a><\/h5>\t\t\t\t<\/div>\n\t\t\t\t<\/div>\n\t\t\t\t<section data-particle_enable=\"false\" data-particle-mobile-disabled=\"false\" class=\"elementor-section elementor-inner-section elementor-element elementor-element-3f0acc0a elementor-section-boxed elementor-section-height-default elementor-section-height-default\" data-id=\"3f0acc0a\" data-element_type=\"section\" data-e-type=\"section\">\n\t\t\t\t\t\t<div class=\"elementor-container elementor-column-gap-default\">\n\t\t\t\t\t<div class=\"elementor-column elementor-col-50 elementor-inner-column elementor-element elementor-element-7a53af8\" data-id=\"7a53af8\" data-element_type=\"column\" data-e-type=\"column\">\n\t\t\t<div class=\"elementor-widget-wrap elementor-element-populated\">\n\t\t\t\t\t\t<div class=\"elementor-element elementor-element-455019f4 elementor-widget elementor-widget-image\" data-id=\"455019f4\" data-element_type=\"widget\" data-e-type=\"widget\" data-widget_type=\"image.default\">\n\t\t\t\t<div class=\"elementor-widget-container\">\n\t\t\t\t\t\t\t\t\t\t\t\t\t\t\t<img loading=\"lazy\" decoding=\"async\" width=\"1024\" height=\"576\" src=\"https:\/\/macote.fr\/wp-content\/uploads\/2024\/01\/BMW-X2-U10.webp\" class=\"attachment-large size-large wp-image-3738\" alt=\"BMW X2 U10\" srcset=\"https:\/\/macote.fr\/wp-content\/uploads\/2024\/01\/BMW-X2-U10.webp 1024w, https:\/\/macote.fr\/wp-content\/uploads\/2024\/01\/BMW-X2-U10-300x169.webp 300w, https:\/\/macote.fr\/wp-content\/uploads\/2024\/01\/BMW-X2-U10-768x432.webp 768w, https:\/\/macote.fr\/wp-content\/uploads\/2024\/01\/BMW-X2-U10-18x10.webp 18w, https:\/\/macote.fr\/wp-content\/uploads\/2024\/01\/BMW-X2-U10-600x338.webp 600w\" sizes=\"(max-width: 1024px) 100vw, 1024px\" \/>\t\t\t\t\t\t\t\t\t\t\t\t\t\t\t<\/div>\n\t\t\t\t<\/div>\n\t\t\t\t\t<\/div>\n\t\t<\/div>\n\t\t\t\t<div class=\"elementor-column elementor-col-50 elementor-inner-column elementor-element elementor-element-19777058\" data-id=\"19777058\" data-element_type=\"column\" data-e-type=\"column\">\n\t\t\t<div class=\"elementor-widget-wrap elementor-element-populated\">\n\t\t\t\t\t\t<div class=\"elementor-element elementor-element-4c3094ac elementor-widget elementor-widget-text-editor\" data-id=\"4c3094ac\" data-element_type=\"widget\" data-e-type=\"widget\" data-widget_type=\"text-editor.default\">\n\t\t\t\t<div class=\"elementor-widget-container\">\n\t\t\t\t\t\t\t\t\t<h4>Nueva elegancia y prestaciones<\/h4><p>La segunda generaci\u00f3n del BMW X2, conocida como U10, marca una nueva era en la evoluci\u00f3n de este SUV compacto. Aunque los detalles espec\u00edficos son limitados, podemos anticipar un notable redise\u00f1o, que combina la elegancia caracter\u00edstica de BMW con unas prestaciones optimizadas.<\/p><h5>Dise\u00f1o visionario y continuidad de la herencia BMW<\/h5><p>Continuando con la tradici\u00f3n de dise\u00f1o de BMW, se espera que el X2 U10 presente una est\u00e9tica vanguardista al tiempo que conserva los elementos distintivos que han hecho tan exitosa la gama. La atenci\u00f3n a los detalles, la famosa parrilla de doble viga y otras se\u00f1as de identidad de BMW ayudar\u00e1n a mantener la coherencia visual dentro de la familia X.<\/p><h5>Rendimiento e innovaci\u00f3n tecnol\u00f3gica<\/h5><p>A falta de detalles espec\u00edficos sobre el motor, podemos esperar un rendimiento optimizado, quiz\u00e1 con la integraci\u00f3n de tecnolog\u00edas h\u00edbridas o el\u00e9ctricas en respuesta a las crecientes tendencias del mercado automovil\u00edstico. Tambi\u00e9n se espera que la innovaci\u00f3n tecnol\u00f3gica, uno de los pilares de BMW, se haga patente a trav\u00e9s de avanzadas ayudas a la conducci\u00f3n y funciones de infoentretenimiento y conectividad.<\/p><h5>Posicionamiento estrat\u00e9gico<\/h5><p>Es probable que el BMW X2 U10 siga ocupando una posici\u00f3n estrat\u00e9gica entre el X1 y el X3, combinando la versatilidad de un SUV compacto con elementos distintivos tomados de los coup\u00e9s deportivos. Esta posici\u00f3n en la gama BMW contribuir\u00e1 a afirmar su car\u00e1cter din\u00e1mico.<\/p><h5>El BMW X2 U10, una nueva p\u00e1gina de innovaci\u00f3n<\/h5><p>Aunque los detalles de la segunda generaci\u00f3n del BMW X2 son por el momento limitados, la anticipaci\u00f3n de una combinaci\u00f3n de elegancia, prestaciones mejoradas e innovaci\u00f3n tecnol\u00f3gica promete una nueva p\u00e1gina en la historia de esta ic\u00f3nica gama. El X2 U10 promete ser una respuesta innovadora a las expectativas de los entusiastas de los SUV compactos premium, continuando la herencia de BMW en el mundo del motor sofisticado. Permanezca atento para conocer todos los detalles de esta emocionante nueva iteraci\u00f3n.<\/p>\t\t\t\t\t\t\t\t<\/div>\n\t\t\t\t<\/div>\n\t\t\t\t\t<\/div>\n\t\t<\/div>\n\t\t\t\t\t<\/div>\n\t\t<\/section>\n\t\t\t\t\t<\/div>\n\t\t<\/div>\n\t\t\t\t\t<\/div>\n\t\t<\/section>\n\t\t\t\t<\/div>","protected":false},"excerpt":{"rendered":"<p>Nos accessoires BMW X2 Cliquer sur votre mod\u00e8le : BMW X2 F39 2016-2023 BMW X2 U10 2023- Une Odyss\u00e9e de Style et de Performance \u00e0 Travers les G\u00e9n\u00e9rations Plongez dans l&rsquo;univers captivant de la BMW X2, une saga automobile o\u00f9 l&rsquo;\u00e9l\u00e9gance distinctive et les performances innovantes se sont perp\u00e9tuellement rencontr\u00e9es. Depuis son introduction en tant [&hellip;]<\/p>\n","protected":false},"author":1,"featured_media":0,"parent":0,"menu_order":0,"comment_status":"closed","ping_status":"closed","template":"elementor_header_footer","meta":{"_eb_attr":"","footnotes":""},"class_list":["post-3001","page","type-page","status-publish","hentry"],"blocksy_meta":[],"yoast_head":"<!-- This site is optimized with the Yoast SEO Premium plugin v20.7 (Yoast SEO v27.4) - https:\/\/yoast.com\/product\/yoast-seo-premium-wordpress\/ -->\n<title>BMW X2 - MaCote.fr<\/title>\n<meta name=\"robots\" content=\"index, follow, max-snippet:-1, max-image-preview:large, max-video-preview:-1\" \/>\n<link rel=\"canonical\" href=\"https:\/\/macote.fr\/es\/bmw-x2\/\" \/>\n<meta property=\"og:locale\" content=\"es_ES\" \/>\n<meta property=\"og:type\" content=\"article\" \/>\n<meta property=\"og:title\" content=\"BMW X2\" \/>\n<meta property=\"og:description\" content=\"Nos accessoires BMW X2 Cliquer sur votre mod\u00e8le : BMW X2 F39 2016-2023 BMW X2 U10 2023- Une Odyss\u00e9e de Style et de Performance \u00e0 Travers les G\u00e9n\u00e9rations Plongez dans l&rsquo;univers captivant de la BMW X2, une saga automobile o\u00f9 l&rsquo;\u00e9l\u00e9gance distinctive et les performances innovantes se sont perp\u00e9tuellement rencontr\u00e9es. Depuis son introduction en tant [&hellip;]\" \/>\n<meta property=\"og:url\" content=\"https:\/\/macote.fr\/es\/bmw-x2\/\" \/>\n<meta property=\"og:site_name\" content=\"MaCote.fr\" \/>\n<meta property=\"article:publisher\" content=\"https:\/\/www.facebook.com\/profile.php?id=100091476586119\" \/>\n<meta property=\"article:modified_time\" content=\"2024-01-16T15:10:18+00:00\" \/>\n<meta property=\"og:image\" content=\"https:\/\/macote.fr\/wp-content\/uploads\/2024\/01\/BMW-X2-F39-PNG-NO-BACKGROUND.png\" \/>\n<meta name=\"twitter:card\" content=\"summary_large_image\" \/>\n<meta name=\"twitter:label1\" content=\"Tiempo de lectura\" \/>\n\t<meta name=\"twitter:data1\" content=\"6 minutos\" \/>\n<script type=\"application\/ld+json\" class=\"yoast-schema-graph\">{\"@context\":\"https:\\\/\\\/schema.org\",\"@graph\":[{\"@type\":\"WebPage\",\"@id\":\"https:\\\/\\\/macote.fr\\\/bmw-x2\\\/\",\"url\":\"https:\\\/\\\/macote.fr\\\/bmw-x2\\\/\",\"name\":\"BMW X2 - MaCote.fr\",\"isPartOf\":{\"@id\":\"https:\\\/\\\/macote.fr\\\/#website\"},\"primaryImageOfPage\":{\"@id\":\"https:\\\/\\\/macote.fr\\\/bmw-x2\\\/#primaryimage\"},\"image\":{\"@id\":\"https:\\\/\\\/macote.fr\\\/bmw-x2\\\/#primaryimage\"},\"thumbnailUrl\":\"https:\\\/\\\/macote.fr\\\/wp-content\\\/uploads\\\/2024\\\/01\\\/BMW-X2-F39-PNG-NO-BACKGROUND.png\",\"datePublished\":\"2023-11-17T12:48:15+00:00\",\"dateModified\":\"2024-01-16T15:10:18+00:00\",\"breadcrumb\":{\"@id\":\"https:\\\/\\\/macote.fr\\\/bmw-x2\\\/#breadcrumb\"},\"inLanguage\":\"es\",\"potentialAction\":[{\"@type\":\"ReadAction\",\"target\":[\"https:\\\/\\\/macote.fr\\\/bmw-x2\\\/\"]}]},{\"@type\":\"ImageObject\",\"inLanguage\":\"es\",\"@id\":\"https:\\\/\\\/macote.fr\\\/bmw-x2\\\/#primaryimage\",\"url\":\"https:\\\/\\\/macote.fr\\\/wp-content\\\/uploads\\\/2024\\\/01\\\/BMW-X2-F39-PNG-NO-BACKGROUND.png\",\"contentUrl\":\"https:\\\/\\\/macote.fr\\\/wp-content\\\/uploads\\\/2024\\\/01\\\/BMW-X2-F39-PNG-NO-BACKGROUND.png\"},{\"@type\":\"BreadcrumbList\",\"@id\":\"https:\\\/\\\/macote.fr\\\/bmw-x2\\\/#breadcrumb\",\"itemListElement\":[{\"@type\":\"ListItem\",\"position\":1,\"name\":\"Accueil\",\"item\":\"https:\\\/\\\/macote.fr\\\/\"},{\"@type\":\"ListItem\",\"position\":2,\"name\":\"BMW X2\"}]},{\"@type\":\"WebSite\",\"@id\":\"https:\\\/\\\/macote.fr\\\/#website\",\"url\":\"https:\\\/\\\/macote.fr\\\/\",\"name\":\"MaCote.fr\",\"description\":\"BMW best accessories\",\"publisher\":{\"@id\":\"https:\\\/\\\/macote.fr\\\/#organization\"},\"alternateName\":\"BMW tuning\",\"potentialAction\":[{\"@type\":\"SearchAction\",\"target\":{\"@type\":\"EntryPoint\",\"urlTemplate\":\"https:\\\/\\\/macote.fr\\\/?s={search_term_string}\"},\"query-input\":{\"@type\":\"PropertyValueSpecification\",\"valueRequired\":true,\"valueName\":\"search_term_string\"}}],\"inLanguage\":\"es\"},{\"@type\":\"Organization\",\"@id\":\"https:\\\/\\\/macote.fr\\\/#organization\",\"name\":\"Macote.fr\",\"alternateName\":\"BMW tuning\",\"url\":\"https:\\\/\\\/macote.fr\\\/\",\"logo\":{\"@type\":\"ImageObject\",\"inLanguage\":\"es\",\"@id\":\"https:\\\/\\\/macote.fr\\\/#\\\/schema\\\/logo\\\/image\\\/\",\"url\":\"https:\\\/\\\/macote.fr\\\/wp-content\\\/uploads\\\/2023\\\/11\\\/LOGO-macote.fr-dessin-bmw-noir-copy.jpg\",\"contentUrl\":\"https:\\\/\\\/macote.fr\\\/wp-content\\\/uploads\\\/2023\\\/11\\\/LOGO-macote.fr-dessin-bmw-noir-copy.jpg\",\"width\":732,\"height\":456,\"caption\":\"Macote.fr\"},\"image\":{\"@id\":\"https:\\\/\\\/macote.fr\\\/#\\\/schema\\\/logo\\\/image\\\/\"},\"sameAs\":[\"https:\\\/\\\/www.facebook.com\\\/profile.php?id=100091476586119\",\"https:\\\/\\\/www.youtube.com\\\/channel\\\/UCgO-YTbaxYO-w_C5GfL-_1w\",\"https:\\\/\\\/www.tiktok.com\\\/@macote.fr?is_from_webapp=1&sender_device=pc\",\"https:\\\/\\\/www.instagram.com\\\/i_xila_i\\\/\"]}]}<\/script>\n<!-- \/ Yoast SEO Premium plugin. -->","yoast_head_json":{"title":"BMW X2 - MaCote.fr","robots":{"index":"index","follow":"follow","max-snippet":"max-snippet:-1","max-image-preview":"max-image-preview:large","max-video-preview":"max-video-preview:-1"},"canonical":"https:\/\/macote.fr\/es\/bmw-x2\/","og_locale":"es_ES","og_type":"article","og_title":"BMW X2","og_description":"Nos accessoires BMW X2 Cliquer sur votre mod\u00e8le : BMW X2 F39 2016-2023 BMW X2 U10 2023- Une Odyss\u00e9e de Style et de Performance \u00e0 Travers les G\u00e9n\u00e9rations Plongez dans l&rsquo;univers captivant de la BMW X2, une saga automobile o\u00f9 l&rsquo;\u00e9l\u00e9gance distinctive et les performances innovantes se sont perp\u00e9tuellement rencontr\u00e9es. Depuis son introduction en tant [&hellip;]","og_url":"https:\/\/macote.fr\/es\/bmw-x2\/","og_site_name":"MaCote.fr","article_publisher":"https:\/\/www.facebook.com\/profile.php?id=100091476586119","article_modified_time":"2024-01-16T15:10:18+00:00","og_image":[{"url":"https:\/\/macote.fr\/wp-content\/uploads\/2024\/01\/BMW-X2-F39-PNG-NO-BACKGROUND.png","type":"","width":"","height":""}],"twitter_card":"summary_large_image","twitter_misc":{"Tiempo de lectura":"6 minutos"},"schema":{"@context":"https:\/\/schema.org","@graph":[{"@type":"WebPage","@id":"https:\/\/macote.fr\/bmw-x2\/","url":"https:\/\/macote.fr\/bmw-x2\/","name":"BMW X2 - MaCote.fr","isPartOf":{"@id":"https:\/\/macote.fr\/#website"},"primaryImageOfPage":{"@id":"https:\/\/macote.fr\/bmw-x2\/#primaryimage"},"image":{"@id":"https:\/\/macote.fr\/bmw-x2\/#primaryimage"},"thumbnailUrl":"https:\/\/macote.fr\/wp-content\/uploads\/2024\/01\/BMW-X2-F39-PNG-NO-BACKGROUND.png","datePublished":"2023-11-17T12:48:15+00:00","dateModified":"2024-01-16T15:10:18+00:00","breadcrumb":{"@id":"https:\/\/macote.fr\/bmw-x2\/#breadcrumb"},"inLanguage":"es","potentialAction":[{"@type":"ReadAction","target":["https:\/\/macote.fr\/bmw-x2\/"]}]},{"@type":"ImageObject","inLanguage":"es","@id":"https:\/\/macote.fr\/bmw-x2\/#primaryimage","url":"https:\/\/macote.fr\/wp-content\/uploads\/2024\/01\/BMW-X2-F39-PNG-NO-BACKGROUND.png","contentUrl":"https:\/\/macote.fr\/wp-content\/uploads\/2024\/01\/BMW-X2-F39-PNG-NO-BACKGROUND.png"},{"@type":"BreadcrumbList","@id":"https:\/\/macote.fr\/bmw-x2\/#breadcrumb","itemListElement":[{"@type":"ListItem","position":1,"name":"Accueil","item":"https:\/\/macote.fr\/"},{"@type":"ListItem","position":2,"name":"BMW X2"}]},{"@type":"WebSite","@id":"https:\/\/macote.fr\/#website","url":"https:\/\/macote.fr\/","name":"MyQuote.com","description":"Los mejores accesorios BMW","publisher":{"@id":"https:\/\/macote.fr\/#organization"},"alternateName":"BMW tuning","potentialAction":[{"@type":"SearchAction","target":{"@type":"EntryPoint","urlTemplate":"https:\/\/macote.fr\/?s={search_term_string}"},"query-input":{"@type":"PropertyValueSpecification","valueRequired":true,"valueName":"search_term_string"}}],"inLanguage":"es"},{"@type":"Organization","@id":"https:\/\/macote.fr\/#organization","name":"Macote.es","alternateName":"BMW tuning","url":"https:\/\/macote.fr\/","logo":{"@type":"ImageObject","inLanguage":"es","@id":"https:\/\/macote.fr\/#\/schema\/logo\/image\/","url":"https:\/\/macote.fr\/wp-content\/uploads\/2023\/11\/LOGO-macote.fr-dessin-bmw-noir-copy.jpg","contentUrl":"https:\/\/macote.fr\/wp-content\/uploads\/2023\/11\/LOGO-macote.fr-dessin-bmw-noir-copy.jpg","width":732,"height":456,"caption":"Macote.fr"},"image":{"@id":"https:\/\/macote.fr\/#\/schema\/logo\/image\/"},"sameAs":["https:\/\/www.facebook.com\/profile.php?id=100091476586119","https:\/\/www.youtube.com\/channel\/UCgO-YTbaxYO-w_C5GfL-_1w","https:\/\/www.tiktok.com\/@macote.fr?is_from_webapp=1&sender_device=pc","https:\/\/www.instagram.com\/i_xila_i\/"]}]}},"_links":{"self":[{"href":"https:\/\/macote.fr\/es\/wp-json\/wp\/v2\/pages\/3001","targetHints":{"allow":["GET"]}}],"collection":[{"href":"https:\/\/macote.fr\/es\/wp-json\/wp\/v2\/pages"}],"about":[{"href":"https:\/\/macote.fr\/es\/wp-json\/wp\/v2\/types\/page"}],"author":[{"embeddable":true,"href":"https:\/\/macote.fr\/es\/wp-json\/wp\/v2\/users\/1"}],"replies":[{"embeddable":true,"href":"https:\/\/macote.fr\/es\/wp-json\/wp\/v2\/comments?post=3001"}],"version-history":[{"count":4,"href":"https:\/\/macote.fr\/es\/wp-json\/wp\/v2\/pages\/3001\/revisions"}],"predecessor-version":[{"id":3741,"href":"https:\/\/macote.fr\/es\/wp-json\/wp\/v2\/pages\/3001\/revisions\/3741"}],"wp:attachment":[{"href":"https:\/\/macote.fr\/es\/wp-json\/wp\/v2\/media?parent=3001"}],"curies":[{"name":"wp","href":"https:\/\/api.w.org\/{rel}","templated":true}]}}