{"id":3019,"date":"2023-11-17T13:56:55","date_gmt":"2023-11-17T12:56:55","guid":{"rendered":"https:\/\/macote.fr\/?page_id=3019"},"modified":"2024-01-14T20:48:40","modified_gmt":"2024-01-14T19:48:40","slug":"bmw-m2","status":"publish","type":"page","link":"https:\/\/macote.fr\/es\/bmw-m2\/","title":{"rendered":"BMW M2"},"content":{"rendered":"<div data-elementor-type=\"wp-page\" data-elementor-id=\"3019\" class=\"elementor elementor-3019\" data-elementor-post-type=\"page\">\n\t\t\t\t\t\t<section data-particle_enable=\"false\" data-particle-mobile-disabled=\"false\" class=\"elementor-section elementor-top-section elementor-element elementor-element-61bd3d30 elementor-section-boxed elementor-section-height-default elementor-section-height-default\" data-id=\"61bd3d30\" data-element_type=\"section\" data-e-type=\"section\">\n\t\t\t\t\t\t<div class=\"elementor-container elementor-column-gap-default\">\n\t\t\t\t\t<div class=\"elementor-column elementor-col-100 elementor-top-column elementor-element elementor-element-70c42095\" data-id=\"70c42095\" data-element_type=\"column\" data-e-type=\"column\">\n\t\t\t<div class=\"elementor-widget-wrap elementor-element-populated\">\n\t\t\t\t\t\t<div class=\"elementor-element elementor-element-40e0b6ee elementor-widget elementor-widget-heading\" data-id=\"40e0b6ee\" data-element_type=\"widget\" data-e-type=\"widget\" data-widget_type=\"heading.default\">\n\t\t\t\t<div class=\"elementor-widget-container\">\n\t\t\t\t\t<h5 class=\"elementor-heading-title elementor-size-default\">Nuestros accesorios<\/h5>\t\t\t\t<\/div>\n\t\t\t\t<\/div>\n\t\t\t\t<div class=\"elementor-element elementor-element-7fd1baf7 e-transform elementor-widget elementor-widget-heading\" data-id=\"7fd1baf7\" data-element_type=\"widget\" data-e-type=\"widget\" data-settings=\"{&quot;_transform_scale_effect&quot;:{&quot;unit&quot;:&quot;px&quot;,&quot;size&quot;:&quot;&quot;,&quot;sizes&quot;:[]},&quot;_transform_scale_effect_tablet&quot;:{&quot;unit&quot;:&quot;px&quot;,&quot;size&quot;:&quot;&quot;,&quot;sizes&quot;:[]},&quot;_transform_scale_effect_mobile&quot;:{&quot;unit&quot;:&quot;px&quot;,&quot;size&quot;:&quot;&quot;,&quot;sizes&quot;:[]}}\" data-widget_type=\"heading.default\">\n\t\t\t\t<div class=\"elementor-widget-container\">\n\t\t\t\t\t<h2 class=\"elementor-heading-title elementor-size-default\"><a href=\"https:\/\/macote.fr\/es\/categoria-de-productos\/m2\/\">BMW M2<\/a><\/h2>\t\t\t\t<\/div>\n\t\t\t\t<\/div>\n\t\t\t\t\t<\/div>\n\t\t<\/div>\n\t\t\t\t\t<\/div>\n\t\t<\/section>\n\t\t\t\t<section data-particle_enable=\"false\" data-particle-mobile-disabled=\"false\" class=\"elementor-section elementor-top-section elementor-element elementor-element-3061c940 elementor-section-boxed elementor-section-height-default elementor-section-height-default\" data-id=\"3061c940\" data-element_type=\"section\" data-e-type=\"section\">\n\t\t\t\t\t\t<div class=\"elementor-container elementor-column-gap-default\">\n\t\t\t\t\t<div class=\"elementor-column elementor-col-100 elementor-top-column elementor-element elementor-element-35a646a1\" data-id=\"35a646a1\" data-element_type=\"column\" data-e-type=\"column\">\n\t\t\t<div class=\"elementor-widget-wrap elementor-element-populated\">\n\t\t\t\t\t\t\t<\/div>\n\t\t<\/div>\n\t\t\t\t\t<\/div>\n\t\t<\/section>\n\t\t\t\t<section data-particle_enable=\"false\" data-particle-mobile-disabled=\"false\" class=\"elementor-section elementor-top-section elementor-element elementor-element-31143ede elementor-section-boxed elementor-section-height-default elementor-section-height-default\" data-id=\"31143ede\" data-element_type=\"section\" data-e-type=\"section\">\n\t\t\t\t\t\t<div class=\"elementor-container elementor-column-gap-default\">\n\t\t\t\t\t<div class=\"elementor-column elementor-col-100 elementor-top-column elementor-element elementor-element-ee2b6cc\" data-id=\"ee2b6cc\" data-element_type=\"column\" data-e-type=\"column\">\n\t\t\t<div class=\"elementor-widget-wrap elementor-element-populated\">\n\t\t\t\t\t\t<div class=\"elementor-element elementor-element-c30f7fe elementor-widget elementor-widget-heading\" data-id=\"c30f7fe\" data-element_type=\"widget\" data-e-type=\"widget\" data-widget_type=\"heading.default\">\n\t\t\t\t<div class=\"elementor-widget-container\">\n\t\t\t\t\t<h3 class=\"elementor-heading-title elementor-size-default\">Haga clic en su modelo :<\/h3>\t\t\t\t<\/div>\n\t\t\t\t<\/div>\n\t\t\t\t\t<\/div>\n\t\t<\/div>\n\t\t\t\t\t<\/div>\n\t\t<\/section>\n\t\t\t\t<section data-particle_enable=\"false\" data-particle-mobile-disabled=\"false\" class=\"elementor-section elementor-top-section elementor-element elementor-element-3c0b097f elementor-section-boxed elementor-section-height-default elementor-section-height-default\" data-id=\"3c0b097f\" data-element_type=\"section\" data-e-type=\"section\">\n\t\t\t\t\t\t<div class=\"elementor-container elementor-column-gap-default\">\n\t\t\t\t\t<div class=\"elementor-column elementor-col-50 elementor-top-column elementor-element elementor-element-e560467\" data-id=\"e560467\" data-element_type=\"column\" data-e-type=\"column\">\n\t\t\t<div class=\"elementor-widget-wrap elementor-element-populated\">\n\t\t\t\t\t\t<div class=\"elementor-element elementor-element-4a5fb61 e-transform e-transform elementor-widget elementor-widget-image\" data-id=\"4a5fb61\" data-element_type=\"widget\" data-e-type=\"widget\" data-settings=\"{&quot;_transform_scale_effect&quot;:{&quot;unit&quot;:&quot;px&quot;,&quot;size&quot;:0.65,&quot;sizes&quot;:[]},&quot;_transform_scale_effect_hover&quot;:{&quot;unit&quot;:&quot;px&quot;,&quot;size&quot;:0.8,&quot;sizes&quot;:[]},&quot;_transform_scale_effect_tablet&quot;:{&quot;unit&quot;:&quot;px&quot;,&quot;size&quot;:&quot;&quot;,&quot;sizes&quot;:[]},&quot;_transform_scale_effect_mobile&quot;:{&quot;unit&quot;:&quot;px&quot;,&quot;size&quot;:&quot;&quot;,&quot;sizes&quot;:[]},&quot;_transform_scale_effect_hover_tablet&quot;:{&quot;unit&quot;:&quot;px&quot;,&quot;size&quot;:&quot;&quot;,&quot;sizes&quot;:[]},&quot;_transform_scale_effect_hover_mobile&quot;:{&quot;unit&quot;:&quot;px&quot;,&quot;size&quot;:&quot;&quot;,&quot;sizes&quot;:[]}}\" data-widget_type=\"image.default\">\n\t\t\t\t<div class=\"elementor-widget-container\">\n\t\t\t\t\t\t\t\t\t\t\t\t\t\t\t\t<a href=\"https:\/\/macote.fr\/es\/categoria-de-productos\/m2\/m2-f87\/\">\n\t\t\t\t\t\t\t<img fetchpriority=\"high\" decoding=\"async\" width=\"1024\" height=\"683\" src=\"https:\/\/macote.fr\/wp-content\/uploads\/2024\/01\/BMW-M2-F87-PNG-1024x683.webp\" class=\"attachment-large size-large wp-image-3610\" alt=\"BMW M2 F87 PNG\" srcset=\"https:\/\/macote.fr\/wp-content\/uploads\/2024\/01\/BMW-M2-F87-PNG-1024x683.webp 1024w, https:\/\/macote.fr\/wp-content\/uploads\/2024\/01\/BMW-M2-F87-PNG-300x200.webp 300w, https:\/\/macote.fr\/wp-content\/uploads\/2024\/01\/BMW-M2-F87-PNG-768x512.webp 768w, https:\/\/macote.fr\/wp-content\/uploads\/2024\/01\/BMW-M2-F87-PNG-18x12.webp 18w, https:\/\/macote.fr\/wp-content\/uploads\/2024\/01\/BMW-M2-F87-PNG-600x400.webp 600w, https:\/\/macote.fr\/wp-content\/uploads\/2024\/01\/BMW-M2-F87-PNG.webp 1200w\" sizes=\"(max-width: 1024px) 100vw, 1024px\" \/>\t\t\t\t\t\t\t\t<\/a>\n\t\t\t\t\t\t\t\t\t\t\t\t\t\t\t<\/div>\n\t\t\t\t<\/div>\n\t\t\t\t<div class=\"elementor-element elementor-element-412256d4 elementor-align-center elementor-widget elementor-widget-button\" data-id=\"412256d4\" data-element_type=\"widget\" data-e-type=\"widget\" data-widget_type=\"button.default\">\n\t\t\t\t<div class=\"elementor-widget-container\">\n\t\t\t\t\t\t\t\t\t<div class=\"elementor-button-wrapper\">\n\t\t\t\t\t<a class=\"elementor-button elementor-button-link elementor-size-lg\" href=\"https:\/\/macote.fr\/es\/categoria-de-productos\/m2\/m2-f87\/\">\n\t\t\t\t\t\t<span class=\"elementor-button-content-wrapper\">\n\t\t\t\t\t\t\t\t\t<span class=\"elementor-button-text\">BMW M2 F87<\/span>\n\t\t\t\t\t<\/span>\n\t\t\t\t\t<\/a>\n\t\t\t\t<\/div>\n\t\t\t\t\t\t\t\t<\/div>\n\t\t\t\t<\/div>\n\t\t\t\t<div class=\"elementor-element elementor-element-e1f9ac2 elementor-widget elementor-widget-text-editor\" data-id=\"e1f9ac2\" data-element_type=\"widget\" data-e-type=\"widget\" data-widget_type=\"text-editor.default\">\n\t\t\t\t<div class=\"elementor-widget-container\">\n\t\t\t\t\t\t\t\t\t<p>2016-2021<\/p>\t\t\t\t\t\t\t\t<\/div>\n\t\t\t\t<\/div>\n\t\t\t\t\t<\/div>\n\t\t<\/div>\n\t\t\t\t<div class=\"elementor-column elementor-col-50 elementor-top-column elementor-element elementor-element-33b3a621\" data-id=\"33b3a621\" data-element_type=\"column\" data-e-type=\"column\">\n\t\t\t<div class=\"elementor-widget-wrap elementor-element-populated\">\n\t\t\t\t\t\t<div class=\"elementor-element elementor-element-2f285e0c e-transform elementor-widget elementor-widget-image\" data-id=\"2f285e0c\" data-element_type=\"widget\" data-e-type=\"widget\" data-settings=\"{&quot;_transform_scale_effect_hover&quot;:{&quot;unit&quot;:&quot;px&quot;,&quot;size&quot;:1.2,&quot;sizes&quot;:[]},&quot;_transform_scale_effect_hover_tablet&quot;:{&quot;unit&quot;:&quot;px&quot;,&quot;size&quot;:&quot;&quot;,&quot;sizes&quot;:[]},&quot;_transform_scale_effect_hover_mobile&quot;:{&quot;unit&quot;:&quot;px&quot;,&quot;size&quot;:&quot;&quot;,&quot;sizes&quot;:[]}}\" data-widget_type=\"image.default\">\n\t\t\t\t<div class=\"elementor-widget-container\">\n\t\t\t\t\t\t\t\t\t\t\t\t\t\t\t\t<a href=\"https:\/\/macote.fr\/es\/categoria-de-productos\/m2\/m2-g87\/\">\n\t\t\t\t\t\t\t<img decoding=\"async\" width=\"1024\" height=\"614\" src=\"https:\/\/macote.fr\/wp-content\/uploads\/2024\/01\/BMW-M2-G87-PNG-1024x614.webp\" class=\"attachment-large size-large wp-image-3611\" alt=\"BMW M2 G87 PNG\" srcset=\"https:\/\/macote.fr\/wp-content\/uploads\/2024\/01\/BMW-M2-G87-PNG-1024x614.webp 1024w, https:\/\/macote.fr\/wp-content\/uploads\/2024\/01\/BMW-M2-G87-PNG-1200x720.webp 1200w, https:\/\/macote.fr\/wp-content\/uploads\/2024\/01\/BMW-M2-G87-PNG-300x180.webp 300w, https:\/\/macote.fr\/wp-content\/uploads\/2024\/01\/BMW-M2-G87-PNG-768x461.webp 768w, https:\/\/macote.fr\/wp-content\/uploads\/2024\/01\/BMW-M2-G87-PNG-18x12.webp 18w, https:\/\/macote.fr\/wp-content\/uploads\/2024\/01\/BMW-M2-G87-PNG.webp 1280w\" sizes=\"(max-width: 1024px) 100vw, 1024px\" \/>\t\t\t\t\t\t\t\t<\/a>\n\t\t\t\t\t\t\t\t\t\t\t\t\t\t\t<\/div>\n\t\t\t\t<\/div>\n\t\t\t\t<div class=\"elementor-element elementor-element-c60f873 elementor-widget elementor-widget-spacer\" data-id=\"c60f873\" data-element_type=\"widget\" data-e-type=\"widget\" data-widget_type=\"spacer.default\">\n\t\t\t\t<div class=\"elementor-widget-container\">\n\t\t\t\t\t\t\t<div class=\"elementor-spacer\">\n\t\t\t<div class=\"elementor-spacer-inner\"><\/div>\n\t\t<\/div>\n\t\t\t\t\t\t<\/div>\n\t\t\t\t<\/div>\n\t\t\t\t<div class=\"elementor-element elementor-element-5ca50592 elementor-align-center elementor-widget elementor-widget-button\" data-id=\"5ca50592\" data-element_type=\"widget\" data-e-type=\"widget\" data-widget_type=\"button.default\">\n\t\t\t\t<div class=\"elementor-widget-container\">\n\t\t\t\t\t\t\t\t\t<div class=\"elementor-button-wrapper\">\n\t\t\t\t\t<a class=\"elementor-button elementor-button-link elementor-size-lg\" href=\"https:\/\/macote.fr\/es\/categoria-de-productos\/m2\/m2-g87\/\">\n\t\t\t\t\t\t<span class=\"elementor-button-content-wrapper\">\n\t\t\t\t\t\t\t\t\t<span class=\"elementor-button-text\">BMW M2 G87<\/span>\n\t\t\t\t\t<\/span>\n\t\t\t\t\t<\/a>\n\t\t\t\t<\/div>\n\t\t\t\t\t\t\t\t<\/div>\n\t\t\t\t<\/div>\n\t\t\t\t<div class=\"elementor-element elementor-element-6669ff71 elementor-widget elementor-widget-text-editor\" data-id=\"6669ff71\" data-element_type=\"widget\" data-e-type=\"widget\" data-widget_type=\"text-editor.default\">\n\t\t\t\t<div class=\"elementor-widget-container\">\n\t\t\t\t\t\t\t\t\t<p>2021-<\/p>\t\t\t\t\t\t\t\t<\/div>\n\t\t\t\t<\/div>\n\t\t\t\t\t<\/div>\n\t\t<\/div>\n\t\t\t\t\t<\/div>\n\t\t<\/section>\n\t\t\t\t<section data-particle_enable=\"false\" data-particle-mobile-disabled=\"false\" class=\"elementor-section elementor-top-section elementor-element elementor-element-3f6b1bb6 elementor-section-boxed elementor-section-height-default elementor-section-height-default\" data-id=\"3f6b1bb6\" data-element_type=\"section\" data-e-type=\"section\">\n\t\t\t\t\t\t<div class=\"elementor-container elementor-column-gap-default\">\n\t\t\t\t\t<div class=\"elementor-column elementor-col-100 elementor-top-column elementor-element elementor-element-73e911c3\" data-id=\"73e911c3\" data-element_type=\"column\" data-e-type=\"column\">\n\t\t\t<div class=\"elementor-widget-wrap elementor-element-populated\">\n\t\t\t\t\t\t<div class=\"elementor-element elementor-element-584993bc elementor-widget-divider--view-line elementor-widget elementor-widget-divider\" data-id=\"584993bc\" data-element_type=\"widget\" data-e-type=\"widget\" data-widget_type=\"divider.default\">\n\t\t\t\t<div class=\"elementor-widget-container\">\n\t\t\t\t\t\t\t<div class=\"elementor-divider\">\n\t\t\t<span class=\"elementor-divider-separator\">\n\t\t\t\t\t\t<\/span>\n\t\t<\/div>\n\t\t\t\t\t\t<\/div>\n\t\t\t\t<\/div>\n\t\t\t\t\t<\/div>\n\t\t<\/div>\n\t\t\t\t\t<\/div>\n\t\t<\/section>\n\t\t\t\t<section data-particle_enable=\"false\" data-particle-mobile-disabled=\"false\" class=\"elementor-section elementor-top-section elementor-element elementor-element-12b324b5 elementor-section-boxed elementor-section-height-default elementor-section-height-default\" data-id=\"12b324b5\" data-element_type=\"section\" data-e-type=\"section\">\n\t\t\t\t\t\t<div class=\"elementor-container elementor-column-gap-default\">\n\t\t\t\t\t<div class=\"elementor-column elementor-col-100 elementor-top-column elementor-element elementor-element-1d73303f\" data-id=\"1d73303f\" data-element_type=\"column\" data-e-type=\"column\">\n\t\t\t<div class=\"elementor-widget-wrap elementor-element-populated\">\n\t\t\t\t\t\t<div class=\"elementor-element elementor-element-48059ccc elementor-widget elementor-widget-heading\" data-id=\"48059ccc\" data-element_type=\"widget\" data-e-type=\"widget\" data-widget_type=\"heading.default\">\n\t\t\t\t<div class=\"elementor-widget-container\">\n\t\t\t\t\t<h3 class=\"elementor-heading-title elementor-size-default\">Una historia de poder, pasi\u00f3n y evoluci\u00f3n<\/h3>\t\t\t\t<\/div>\n\t\t\t\t<\/div>\n\t\t\t\t<div class=\"elementor-element elementor-element-7097d095 elementor-widget elementor-widget-text-editor\" data-id=\"7097d095\" data-element_type=\"widget\" data-e-type=\"widget\" data-widget_type=\"text-editor.default\">\n\t\t\t\t<div class=\"elementor-widget-container\">\n\t\t\t\t\t\t\t\t\t<p>Desde su cautivador debut, el BMW M2 ha inscrito su nombre en los anales del automovilismo como una verdadera encarnaci\u00f3n de la potencia y la pasi\u00f3n. A lo largo de las generaciones, el M2 ha evolucionado, superando constantemente los l\u00edmites del rendimiento y ofreciendo una experiencia de conducci\u00f3n que trasciende lo ordinario.<\/p><p><strong>El BMW M2 F87: Una estruendosa entrada en escena<\/strong><\/p><p>La aventura comenz\u00f3 con el BMW M2 F87, presentado por primera vez en noviembre de 2015. Propulsado por un motor turboalimentado N55B30T0 de 3,0 litros, cautiv\u00f3 de inmediato a los entusiastas con sus rugientes 365 CV y su agresivo dise\u00f1o. Sus impresionantes prestaciones tanto en circuito como en carretera lo han convertido en un referente en el mundo de los deportivos.<\/p><p>*El BMW M2 Performance Edition*, con sus 150 ejemplares exclusivos para el mercado estadounidense, a\u00f1ad\u00eda un toque de sofisticaci\u00f3n con elementos M Performance, asientos de cubo y un sistema de escape distintivo. El M2 F87 tambi\u00e9n hizo su gran entrada como coche de seguridad en la temporada 2016 de MotoGP.<\/p><p><strong>BMW M2 Competition: Llegar a lo m\u00e1s alto<\/strong><\/p><p>La historia ha avanzado con el BMW M2 Competition, presentado en el Sal\u00f3n del Autom\u00f3vil de Pek\u00edn en 2018. Luciendo el motor S55 de BMW M GmbH, esta variante de altas prestaciones subi\u00f3 el list\u00f3n con 411 CV, mayores prestaciones y un dise\u00f1o m\u00e1s agresivo. El M2 Competition se ha convertido en la referencia para los entusiastas de la conducci\u00f3n deportiva exigente, ofreciendo una experiencia de conducci\u00f3n a\u00fan m\u00e1s intensa.<\/p><p><strong>El BMW M2 CS: La cumbre de las prestaciones<\/strong><\/p><p>Continuando con la tradici\u00f3n, el BMW M2 CS se present\u00f3 como una versi\u00f3n m\u00e1s orientada a los circuitos del M2 Competition. Con su motor S55 aumentado a 444 CV, componentes de fibra de carbono para aligerar la estructura y un aspecto llamativo, el M2 CS se gan\u00f3 el coraz\u00f3n de los puristas y fue aclamado como el mejor BMW M en a\u00f1os.<\/p><p><strong>El nuevo BMW M2 G87: Un cap\u00edtulo prometedor<\/strong><\/p><p>El \u00faltimo cap\u00edtulo de esta apasionante saga es el BMW M2 G87, presentado en octubre de 2022. Con unas dimensiones redise\u00f1adas, un motor S58 biturbo de 453 CV y tecnolog\u00eda de vanguardia, promete continuar la herencia del M2 ampliando los l\u00edmites de las prestaciones.<\/p><p>Comience este viaje con nosotros, sumergi\u00e9ndose en los detalles t\u00e9cnicos, las deslumbrantes prestaciones y los desarrollos hist\u00f3ricos que han forjado la identidad del BMW M2. Desde la pista de carreras hasta la carretera, cada generaci\u00f3n es una declaraci\u00f3n del inquebrantable compromiso de BMW con la excelencia y el arte de la conducci\u00f3n.<\/p><p>Suj\u00e9tense los sombreros mientras revivimos la apasionante historia del BMW M2, donde la potencia bruta se une a una sofisticada elegancia, redefiniendo el panorama de los coches deportivos.<\/p>\t\t\t\t\t\t\t\t<\/div>\n\t\t\t\t<\/div>\n\t\t\t\t\t<\/div>\n\t\t<\/div>\n\t\t\t\t\t<\/div>\n\t\t<\/section>\n\t\t\t\t<section data-particle_enable=\"false\" data-particle-mobile-disabled=\"false\" class=\"elementor-section elementor-top-section elementor-element elementor-element-1499640a elementor-section-boxed elementor-section-height-default elementor-section-height-default\" data-id=\"1499640a\" data-element_type=\"section\" data-e-type=\"section\">\n\t\t\t\t\t\t<div class=\"elementor-container elementor-column-gap-default\">\n\t\t\t\t\t<div class=\"elementor-column elementor-col-100 elementor-top-column elementor-element elementor-element-108bab7a\" data-id=\"108bab7a\" data-element_type=\"column\" data-e-type=\"column\">\n\t\t\t<div class=\"elementor-widget-wrap elementor-element-populated\">\n\t\t\t\t\t\t<div class=\"elementor-element elementor-element-2a474205 elementor-widget-divider--view-line elementor-widget elementor-widget-divider\" data-id=\"2a474205\" data-element_type=\"widget\" data-e-type=\"widget\" data-widget_type=\"divider.default\">\n\t\t\t\t<div class=\"elementor-widget-container\">\n\t\t\t\t\t\t\t<div class=\"elementor-divider\">\n\t\t\t<span class=\"elementor-divider-separator\">\n\t\t\t\t\t\t<\/span>\n\t\t<\/div>\n\t\t\t\t\t\t<\/div>\n\t\t\t\t<\/div>\n\t\t\t\t<div class=\"elementor-element elementor-element-3658b654 elementor-widget elementor-widget-heading\" data-id=\"3658b654\" data-element_type=\"widget\" data-e-type=\"widget\" data-widget_type=\"heading.default\">\n\t\t\t\t<div class=\"elementor-widget-container\">\n\t\t\t\t\t<h2 class=\"elementor-heading-title elementor-size-default\">M2 de primera generaci\u00f3n<\/h2>\t\t\t\t<\/div>\n\t\t\t\t<\/div>\n\t\t\t\t<div class=\"elementor-element elementor-element-12d3f3ee elementor-widget elementor-widget-heading\" data-id=\"12d3f3ee\" data-element_type=\"widget\" data-e-type=\"widget\" data-widget_type=\"heading.default\">\n\t\t\t\t<div class=\"elementor-widget-container\">\n\t\t\t\t\t<h5 class=\"elementor-heading-title elementor-size-default\"><a href=\"https:\/\/macote.fr\/es\/categoria-de-productos\/m2\/m2-f87\/\">BMW M2 F87<\/a><\/h5>\t\t\t\t<\/div>\n\t\t\t\t<\/div>\n\t\t\t\t<section data-particle_enable=\"false\" data-particle-mobile-disabled=\"false\" class=\"elementor-section elementor-inner-section elementor-element elementor-element-685e9465 elementor-section-boxed elementor-section-height-default elementor-section-height-default\" data-id=\"685e9465\" data-element_type=\"section\" data-e-type=\"section\">\n\t\t\t\t\t\t<div class=\"elementor-container elementor-column-gap-default\">\n\t\t\t\t\t<div class=\"elementor-column elementor-col-50 elementor-inner-column elementor-element elementor-element-5053866a\" data-id=\"5053866a\" data-element_type=\"column\" data-e-type=\"column\">\n\t\t\t<div class=\"elementor-widget-wrap elementor-element-populated\">\n\t\t\t\t\t\t<div class=\"elementor-element elementor-element-1c4e0796 elementor-widget elementor-widget-image\" data-id=\"1c4e0796\" data-element_type=\"widget\" data-e-type=\"widget\" data-widget_type=\"image.default\">\n\t\t\t\t<div class=\"elementor-widget-container\">\n\t\t\t\t\t\t\t\t\t\t\t\t\t\t\t<img decoding=\"async\" width=\"700\" height=\"450\" src=\"https:\/\/macote.fr\/wp-content\/uploads\/2024\/01\/BMW-M2-F87-on-tracK.jpeg\" class=\"attachment-large size-large wp-image-3612\" alt=\"BMW M2 F87 en tracK\" srcset=\"https:\/\/macote.fr\/wp-content\/uploads\/2024\/01\/BMW-M2-F87-on-tracK.jpeg 700w, https:\/\/macote.fr\/wp-content\/uploads\/2024\/01\/BMW-M2-F87-on-tracK-300x193.jpeg 300w, https:\/\/macote.fr\/wp-content\/uploads\/2024\/01\/BMW-M2-F87-on-tracK-18x12.jpeg 18w, https:\/\/macote.fr\/wp-content\/uploads\/2024\/01\/BMW-M2-F87-on-tracK-600x386.jpeg 600w\" sizes=\"(max-width: 700px) 100vw, 700px\" \/>\t\t\t\t\t\t\t\t\t\t\t\t\t\t\t<\/div>\n\t\t\t\t<\/div>\n\t\t\t\t\t<\/div>\n\t\t<\/div>\n\t\t\t\t<div class=\"elementor-column elementor-col-50 elementor-inner-column elementor-element elementor-element-1a54a4e\" data-id=\"1a54a4e\" data-element_type=\"column\" data-e-type=\"column\">\n\t\t\t<div class=\"elementor-widget-wrap elementor-element-populated\">\n\t\t\t\t\t\t<div class=\"elementor-element elementor-element-a96d26d elementor-widget elementor-widget-text-editor\" data-id=\"a96d26d\" data-element_type=\"widget\" data-e-type=\"widget\" data-widget_type=\"text-editor.default\">\n\t\t\t\t<div class=\"elementor-widget-container\">\n\t\t\t\t\t\t\t\t\t<p><strong>BMW M2 F87: Una potente introducci\u00f3n a la Serie M<\/strong><\/p><p>El BMW M2 F87 se revel\u00f3 por primera vez en el juego Need for Speed en noviembre de 2015, antes de hacer su debut en el Sal\u00f3n Internacional del Autom\u00f3vil de Norteam\u00e9rica en enero de 2016. La producci\u00f3n comenz\u00f3 en octubre de 2015 y las primeras entregas tuvieron lugar a principios de 2016.<\/p><p><strong>Especificaciones t\u00e9cnicas del BMW M2 F87<\/strong><\/p><p>- Motor:** El M2 est\u00e1 propulsado por un motor de seis cilindros en l\u00ednea turboalimentado de 3,0 litros, el N55B30T0, que produce 272 kW (365 CV) a 6.500 rpm y 465 N\u22c5m (343 lb\u22c5ft) de par entre 1.450 y 4.750 rpm.<\/p><p>- Transmisi\u00f3n:** Disponible con una caja de cambios manual de 6 velocidades o una transmisi\u00f3n de doble embrague de 7 velocidades.<\/p><p>- Prestaciones:** Aceleraci\u00f3n de 0 a 100 km\/h en 4,5 segundos para los modelos manuales y 4,3 segundos para los modelos equipados con transmisi\u00f3n de doble embrague. La velocidad m\u00e1xima est\u00e1 limitada electr\u00f3nicamente a 250 km\/h, ampliable a 270 km\/h con el paquete M Driver.<\/p><p>- Peso:** El M2 incorpora componentes de suspensi\u00f3n delantera y trasera de aluminio m\u00e1s ligeros, lo que reduce el peso en 5 kg (11 lb).<\/p><p><strong>BMW M2 Performance Edition<\/strong><\/p><p>Se fabric\u00f3 una edici\u00f3n especial del M2, la Performance Edition, de la que s\u00f3lo se produjeron 150 ejemplares para el mercado estadounidense. Con un acabado en Blanco Alpino y un equipamiento exclusivo, que inclu\u00eda la suspensi\u00f3n M Performance y un sistema de escape con puntas de titanio, esta edici\u00f3n a\u00f1ad\u00eda un toque de rendimiento y exclusividad a la gama M2.<\/p><p><strong>BMW M2 Competition: La poderosa evoluci\u00f3n<\/strong><\/p><p>El BMW M2 Competition hizo su debut en el Sal\u00f3n del Autom\u00f3vil de Pek\u00edn en 2018, sustituyendo al M2 est\u00e1ndar. Present\u00f3 el motor S55 de BMW M GmbH, una versi\u00f3n de alto rendimiento del motor N55.<\/p><p>- Potencia:** El motor S55 produce 302 kW (411 CV) entre 5.250 y 7.000 rpm, con un par motor de 550 N\u22c5m (406 lb\u22c5ft) a 2.350-5.200 rpm, ofreciendo mayores prestaciones que el M2 de serie.<\/p><p>- Aceleraci\u00f3n:** 0-100 km\/h en 4,4 segundos (manual) y 4,2 segundos (doble embrague).<\/p><p>- Peso:** El M2 Competition es 75 kg (165 lb) m\u00e1s pesado que el M2 est\u00e1ndar debido a los componentes prestados del M4.<\/p><p><strong>BMW M2 CS: La versi\u00f3n para circuito<\/strong><\/p><p>El BMW M2 CS, presentado en 2019, es una versi\u00f3n a\u00fan m\u00e1s enfocada a la pista del M2 Competition.<\/p><p>- Potencia:** Con el mismo motor que el M2 Competition, el CS ofrece 331 kW (444 CV) y 550 N\u22c5m (406 lb\u22c5ft) de par.<\/p><p>- Frenos M Performance, suspensi\u00f3n adaptativa, diferencial electr\u00f3nico y diversos componentes de fibra de carbono para reducir el peso.<\/p><p>- Aceleraci\u00f3n de 0 a 100 km\/h en 4,2 segundos (manual) y 4,0 segundos (doble embrague).<\/p><p>- Aclamaci\u00f3n:** El M2 CS ha sido ampliamente aclamado, ganando varios premios incluyendo el Evo Car of the Year 2020.<\/p><p><strong>Conclusi\u00f3n<\/strong><\/p><p>Desde el M2 F87 original hasta el competitivo M2 CS, la serie M2 de BMW ha evolucionado para ofrecer a los entusiastas de la conducci\u00f3n unas prestaciones de vanguardia y una experiencia de conducci\u00f3n inigualable. Cada iteraci\u00f3n aporta sus propias mejoras, cimentando la reputaci\u00f3n del M2 como una aut\u00e9ntica m\u00e1quina del placer de conducir.<\/p>\t\t\t\t\t\t\t\t<\/div>\n\t\t\t\t<\/div>\n\t\t\t\t\t<\/div>\n\t\t<\/div>\n\t\t\t\t\t<\/div>\n\t\t<\/section>\n\t\t\t\t\t<\/div>\n\t\t<\/div>\n\t\t\t\t\t<\/div>\n\t\t<\/section>\n\t\t\t\t<section data-particle_enable=\"false\" data-particle-mobile-disabled=\"false\" class=\"elementor-section elementor-top-section elementor-element elementor-element-173f49e1 elementor-section-boxed elementor-section-height-default elementor-section-height-default\" data-id=\"173f49e1\" data-element_type=\"section\" data-e-type=\"section\">\n\t\t\t\t\t\t<div class=\"elementor-container elementor-column-gap-default\">\n\t\t\t\t\t<div class=\"elementor-column elementor-col-100 elementor-top-column elementor-element elementor-element-4bbcb464\" data-id=\"4bbcb464\" data-element_type=\"column\" data-e-type=\"column\">\n\t\t\t<div class=\"elementor-widget-wrap elementor-element-populated\">\n\t\t\t\t\t\t<div class=\"elementor-element elementor-element-75b102d6 elementor-widget-divider--view-line elementor-widget elementor-widget-divider\" data-id=\"75b102d6\" data-element_type=\"widget\" data-e-type=\"widget\" data-widget_type=\"divider.default\">\n\t\t\t\t<div class=\"elementor-widget-container\">\n\t\t\t\t\t\t\t<div class=\"elementor-divider\">\n\t\t\t<span class=\"elementor-divider-separator\">\n\t\t\t\t\t\t<\/span>\n\t\t<\/div>\n\t\t\t\t\t\t<\/div>\n\t\t\t\t<\/div>\n\t\t\t\t<div class=\"elementor-element elementor-element-5b4ebaf8 elementor-widget elementor-widget-heading\" data-id=\"5b4ebaf8\" data-element_type=\"widget\" data-e-type=\"widget\" data-widget_type=\"heading.default\">\n\t\t\t\t<div class=\"elementor-widget-container\">\n\t\t\t\t\t<h2 class=\"elementor-heading-title elementor-size-default\">M2 de segunda generaci\u00f3n<\/h2>\t\t\t\t<\/div>\n\t\t\t\t<\/div>\n\t\t\t\t<div class=\"elementor-element elementor-element-1c3abad7 elementor-widget elementor-widget-heading\" data-id=\"1c3abad7\" data-element_type=\"widget\" data-e-type=\"widget\" data-widget_type=\"heading.default\">\n\t\t\t\t<div class=\"elementor-widget-container\">\n\t\t\t\t\t<h5 class=\"elementor-heading-title elementor-size-default\"><a href=\"https:\/\/macote.fr\/es\/categoria-de-productos\/m2\/m2-g87\/\">BMW M2 F87<\/a><\/h5>\t\t\t\t<\/div>\n\t\t\t\t<\/div>\n\t\t\t\t<section data-particle_enable=\"false\" data-particle-mobile-disabled=\"false\" class=\"elementor-section elementor-inner-section elementor-element elementor-element-4434b637 elementor-section-boxed elementor-section-height-default elementor-section-height-default\" data-id=\"4434b637\" data-element_type=\"section\" data-e-type=\"section\">\n\t\t\t\t\t\t<div class=\"elementor-container elementor-column-gap-default\">\n\t\t\t\t\t<div class=\"elementor-column elementor-col-50 elementor-inner-column elementor-element elementor-element-61a84c3d\" data-id=\"61a84c3d\" data-element_type=\"column\" data-e-type=\"column\">\n\t\t\t<div class=\"elementor-widget-wrap elementor-element-populated\">\n\t\t\t\t\t\t<div class=\"elementor-element elementor-element-33120b31 elementor-widget elementor-widget-image\" data-id=\"33120b31\" data-element_type=\"widget\" data-e-type=\"widget\" data-widget_type=\"image.default\">\n\t\t\t\t<div class=\"elementor-widget-container\">\n\t\t\t\t\t\t\t\t\t\t\t\t\t\t\t<img loading=\"lazy\" decoding=\"async\" width=\"1024\" height=\"683\" src=\"https:\/\/macote.fr\/wp-content\/uploads\/2024\/01\/BMW-M2-G87-drift-1024x683.jpeg\" class=\"attachment-large size-large wp-image-3613\" alt=\"BMW M2 G87 drift\" srcset=\"https:\/\/macote.fr\/wp-content\/uploads\/2024\/01\/BMW-M2-G87-drift-1024x683.jpeg 1024w, https:\/\/macote.fr\/wp-content\/uploads\/2024\/01\/BMW-M2-G87-drift-300x200.jpeg 300w, https:\/\/macote.fr\/wp-content\/uploads\/2024\/01\/BMW-M2-G87-drift-768x512.jpeg 768w, https:\/\/macote.fr\/wp-content\/uploads\/2024\/01\/BMW-M2-G87-drift-18x12.jpeg 18w, https:\/\/macote.fr\/wp-content\/uploads\/2024\/01\/BMW-M2-G87-drift-600x400.jpeg 600w, https:\/\/macote.fr\/wp-content\/uploads\/2024\/01\/BMW-M2-G87-drift.jpeg 1200w\" sizes=\"(max-width: 1024px) 100vw, 1024px\" \/>\t\t\t\t\t\t\t\t\t\t\t\t\t\t\t<\/div>\n\t\t\t\t<\/div>\n\t\t\t\t\t<\/div>\n\t\t<\/div>\n\t\t\t\t<div class=\"elementor-column elementor-col-50 elementor-inner-column elementor-element elementor-element-2ebcab\" data-id=\"2ebcab\" data-element_type=\"column\" data-e-type=\"column\">\n\t\t\t<div class=\"elementor-widget-wrap elementor-element-populated\">\n\t\t\t\t\t\t<div class=\"elementor-element elementor-element-2bcb324c elementor-widget elementor-widget-text-editor\" data-id=\"2bcb324c\" data-element_type=\"widget\" data-e-type=\"widget\" data-widget_type=\"text-editor.default\">\n\t\t\t\t<div class=\"elementor-widget-container\">\n\t\t\t\t\t\t\t\t\t<p><strong>BMW M2 G87: Evoluci\u00f3n hacia la excelencia<\/strong><\/p><p>La segunda generaci\u00f3n del BMW M2 (G87) se present\u00f3 en primicia al p\u00fablico en el Motorclassica de Melbourne (Australia) en octubre de 2022, antes de su lanzamiento oficial. Esta nueva iteraci\u00f3n presenta cambios significativos en comparaci\u00f3n con su predecesor, el M2 F87.<\/p><p><strong>Nuevas dimensiones y dise\u00f1o<\/strong><\/p><p>El M2 G87 se distingue por sus dimensiones revisadas. Su distancia entre ejes es 53 mm mayor, su longitud total 100 mm mayor y su anchura 33 mm mayor que la del M2 de primera generaci\u00f3n. Estos cambios prometen una mayor presencia en carretera y una base s\u00f3lida para mejorar las prestaciones.<\/p><p><strong>Potencia y rendimiento<\/strong><\/p><p>Bajo el cap\u00f3, el M2 G87 monta el motor de seis cilindros en l\u00ednea S58 biturbo de 3,0 litros de BMW. Este motor genera unos impresionantes 338 kW (453 CV) a 6.250 rpm y 550 N\u22c5m (406 lb\u22c5ft) de par entre 2.600 y 5.950 rpm. La transmisi\u00f3n se mantiene fiel a la tradici\u00f3n con la opci\u00f3n de una caja manual de 6 velocidades o una autom\u00e1tica de 8 velocidades.<\/p><p><strong>Rendimiento din\u00e1mico<\/strong><\/p><p>Las prestaciones del M2 G87 son impresionantes, con unos tiempos de aceleraci\u00f3n de 0 a 100 km\/h de 4,3 segundos para los modelos con transmisi\u00f3n manual y de 4,1 segundos para los modelos con transmisi\u00f3n autom\u00e1tica. La velocidad m\u00e1xima est\u00e1 limitada electr\u00f3nicamente a 250 km\/h, pero puede aumentarse a 285 km\/h con el paquete opcional M Driver.<\/p><p><strong>Opciones de personalizaci\u00f3n y tecnolog\u00eda<\/strong><\/p><p>Para satisfacer las preferencias de los conductores, algunas regiones ofrecer\u00e1n un paquete de carbono opcional. Este paquete incluye asientos de cubo de carbono, techo de fibra de carbono y molduras interiores de carbono. Otras opciones incluyen un paquete Shadowline, un paquete de iluminaci\u00f3n con faros LED adaptativos, luces de carretera autom\u00e1ticas y paquetes de asistente al conductor.<\/p><p><strong>Disponibilidad y variantes Motorsport<\/strong><\/p><p>El M2 G87 se lanz\u00f3 en abril de 2023, ofreciendo a los entusiastas la experiencia de conducci\u00f3n definitiva.<\/p><p><strong>Variantes Motorsport<\/strong><\/p><p>- BMW M2 CS Racing:** Una versi\u00f3n de carreras del M2 CS de producci\u00f3n, desarrollada por BMW M Motorsport. Propulsado por un motor biturbo de 3,0 litros, este coche de carreras ofrece una potencia que oscila entre 280 CV y 365 CV, con especificaciones de competici\u00f3n como una jaula completa homologada por la FIA.<\/p><p>- El M240i Racing, una versi\u00f3n actualizada del M235i Racing, presenta mejoras significativas, como un aumento de potencia de 340 CV y ajustes aerodin\u00e1micos.<\/p><p>- BMW M235i Racing:** Desarrollado para conductores aficionados, el M235i Racing es una versi\u00f3n de circuito del Serie 2, que ofrece ayudas a la conducci\u00f3n como ABS, control de tracci\u00f3n y control din\u00e1mico de estabilidad.<\/p><p>Esta nueva generaci\u00f3n del BMW M2 promete una combinaci\u00f3n perfecta de prestaciones puras y tecnolog\u00eda avanzada, manteni\u00e9ndose fiel a la herencia deportiva de la Serie M.<\/p>\t\t\t\t\t\t\t\t<\/div>\n\t\t\t\t<\/div>\n\t\t\t\t\t<\/div>\n\t\t<\/div>\n\t\t\t\t\t<\/div>\n\t\t<\/section>\n\t\t\t\t\t<\/div>\n\t\t<\/div>\n\t\t\t\t\t<\/div>\n\t\t<\/section>\n\t\t\t\t<\/div>","protected":false},"excerpt":{"rendered":"<p>Descubre la incre\u00edble gama BMW con el M2, s\u00edmbolo de potencia y deportividad.<\/p>","protected":false},"author":1,"featured_media":3613,"parent":0,"menu_order":0,"comment_status":"closed","ping_status":"closed","template":"elementor_header_footer","meta":{"_eb_attr":"","footnotes":""},"class_list":["post-3019","page","type-page","status-publish","has-post-thumbnail","hentry"],"blocksy_meta":[],"yoast_head":"<!-- This site is optimized with the Yoast SEO Premium plugin v20.7 (Yoast SEO v27.5) - https:\/\/yoast.com\/product\/yoast-seo-premium-wordpress\/ -->\n<title>BMW M2 - MaCote.fr<\/title>\n<meta name=\"robots\" content=\"index, follow, max-snippet:-1, max-image-preview:large, max-video-preview:-1\" \/>\n<link rel=\"canonical\" href=\"https:\/\/macote.fr\/es\/bmw-m2\/\" \/>\n<meta property=\"og:locale\" content=\"es_ES\" \/>\n<meta property=\"og:type\" content=\"article\" \/>\n<meta property=\"og:title\" content=\"BMW M2\" \/>\n<meta property=\"og:description\" content=\"D\u00e9couvrez l&#039;incroyable gamme BMW avec la M2 symbole de puissance et sportivit\u00e9.\" \/>\n<meta property=\"og:url\" content=\"https:\/\/macote.fr\/es\/bmw-m2\/\" \/>\n<meta property=\"og:site_name\" content=\"MaCote.fr\" \/>\n<meta property=\"article:publisher\" content=\"https:\/\/www.facebook.com\/profile.php?id=100091476586119\" \/>\n<meta property=\"article:modified_time\" content=\"2024-01-14T19:48:40+00:00\" \/>\n<meta property=\"og:image\" content=\"https:\/\/macote.fr\/wp-content\/uploads\/2024\/01\/BMW-M2-G87-drift.jpeg\" \/>\n\t<meta property=\"og:image:width\" content=\"1200\" \/>\n\t<meta property=\"og:image:height\" content=\"800\" \/>\n\t<meta property=\"og:image:type\" content=\"image\/jpeg\" \/>\n<meta name=\"twitter:card\" content=\"summary_large_image\" \/>\n<meta name=\"twitter:label1\" content=\"Tiempo de lectura\" \/>\n\t<meta name=\"twitter:data1\" content=\"9 minutos\" \/>\n<script type=\"application\/ld+json\" class=\"yoast-schema-graph\">{\"@context\":\"https:\\\/\\\/schema.org\",\"@graph\":[{\"@type\":\"WebPage\",\"@id\":\"https:\\\/\\\/macote.fr\\\/bmw-m2\\\/\",\"url\":\"https:\\\/\\\/macote.fr\\\/bmw-m2\\\/\",\"name\":\"BMW M2 - MaCote.fr\",\"isPartOf\":{\"@id\":\"https:\\\/\\\/macote.fr\\\/#website\"},\"primaryImageOfPage\":{\"@id\":\"https:\\\/\\\/macote.fr\\\/bmw-m2\\\/#primaryimage\"},\"image\":{\"@id\":\"https:\\\/\\\/macote.fr\\\/bmw-m2\\\/#primaryimage\"},\"thumbnailUrl\":\"https:\\\/\\\/macote.fr\\\/wp-content\\\/uploads\\\/2024\\\/01\\\/BMW-M2-G87-drift.jpeg\",\"datePublished\":\"2023-11-17T12:56:55+00:00\",\"dateModified\":\"2024-01-14T19:48:40+00:00\",\"breadcrumb\":{\"@id\":\"https:\\\/\\\/macote.fr\\\/bmw-m2\\\/#breadcrumb\"},\"inLanguage\":\"es\",\"potentialAction\":[{\"@type\":\"ReadAction\",\"target\":[\"https:\\\/\\\/macote.fr\\\/bmw-m2\\\/\"]}]},{\"@type\":\"ImageObject\",\"inLanguage\":\"es\",\"@id\":\"https:\\\/\\\/macote.fr\\\/bmw-m2\\\/#primaryimage\",\"url\":\"https:\\\/\\\/macote.fr\\\/wp-content\\\/uploads\\\/2024\\\/01\\\/BMW-M2-G87-drift.jpeg\",\"contentUrl\":\"https:\\\/\\\/macote.fr\\\/wp-content\\\/uploads\\\/2024\\\/01\\\/BMW-M2-G87-drift.jpeg\",\"width\":1200,\"height\":800,\"caption\":\"BMW M2 G87 drift\"},{\"@type\":\"BreadcrumbList\",\"@id\":\"https:\\\/\\\/macote.fr\\\/bmw-m2\\\/#breadcrumb\",\"itemListElement\":[{\"@type\":\"ListItem\",\"position\":1,\"name\":\"Accueil\",\"item\":\"https:\\\/\\\/macote.fr\\\/\"},{\"@type\":\"ListItem\",\"position\":2,\"name\":\"BMW M2\"}]},{\"@type\":\"WebSite\",\"@id\":\"https:\\\/\\\/macote.fr\\\/#website\",\"url\":\"https:\\\/\\\/macote.fr\\\/\",\"name\":\"MaCote.fr\",\"description\":\"BMW best accessories\",\"publisher\":{\"@id\":\"https:\\\/\\\/macote.fr\\\/#organization\"},\"alternateName\":\"BMW tuning\",\"potentialAction\":[{\"@type\":\"SearchAction\",\"target\":{\"@type\":\"EntryPoint\",\"urlTemplate\":\"https:\\\/\\\/macote.fr\\\/?s={search_term_string}\"},\"query-input\":{\"@type\":\"PropertyValueSpecification\",\"valueRequired\":true,\"valueName\":\"search_term_string\"}}],\"inLanguage\":\"es\"},{\"@type\":\"Organization\",\"@id\":\"https:\\\/\\\/macote.fr\\\/#organization\",\"name\":\"Macote.fr\",\"alternateName\":\"BMW tuning\",\"url\":\"https:\\\/\\\/macote.fr\\\/\",\"logo\":{\"@type\":\"ImageObject\",\"inLanguage\":\"es\",\"@id\":\"https:\\\/\\\/macote.fr\\\/#\\\/schema\\\/logo\\\/image\\\/\",\"url\":\"https:\\\/\\\/macote.fr\\\/wp-content\\\/uploads\\\/2023\\\/11\\\/LOGO-macote.fr-dessin-bmw-noir-copy.jpg\",\"contentUrl\":\"https:\\\/\\\/macote.fr\\\/wp-content\\\/uploads\\\/2023\\\/11\\\/LOGO-macote.fr-dessin-bmw-noir-copy.jpg\",\"width\":732,\"height\":456,\"caption\":\"Macote.fr\"},\"image\":{\"@id\":\"https:\\\/\\\/macote.fr\\\/#\\\/schema\\\/logo\\\/image\\\/\"},\"sameAs\":[\"https:\\\/\\\/www.facebook.com\\\/profile.php?id=100091476586119\",\"https:\\\/\\\/www.youtube.com\\\/channel\\\/UCgO-YTbaxYO-w_C5GfL-_1w\",\"https:\\\/\\\/www.tiktok.com\\\/@macote.fr?is_from_webapp=1&sender_device=pc\",\"https:\\\/\\\/www.instagram.com\\\/i_xila_i\\\/\"]}]}<\/script>\n<!-- \/ Yoast SEO Premium plugin. -->","yoast_head_json":{"title":"BMW M2 - MaCote.fr","robots":{"index":"index","follow":"follow","max-snippet":"max-snippet:-1","max-image-preview":"max-image-preview:large","max-video-preview":"max-video-preview:-1"},"canonical":"https:\/\/macote.fr\/es\/bmw-m2\/","og_locale":"es_ES","og_type":"article","og_title":"BMW M2","og_description":"D\u00e9couvrez l'incroyable gamme BMW avec la M2 symbole de puissance et sportivit\u00e9.","og_url":"https:\/\/macote.fr\/es\/bmw-m2\/","og_site_name":"MaCote.fr","article_publisher":"https:\/\/www.facebook.com\/profile.php?id=100091476586119","article_modified_time":"2024-01-14T19:48:40+00:00","og_image":[{"width":1200,"height":800,"url":"https:\/\/macote.fr\/wp-content\/uploads\/2024\/01\/BMW-M2-G87-drift.jpeg","type":"image\/jpeg"}],"twitter_card":"summary_large_image","twitter_misc":{"Tiempo de lectura":"9 minutos"},"schema":{"@context":"https:\/\/schema.org","@graph":[{"@type":"WebPage","@id":"https:\/\/macote.fr\/bmw-m2\/","url":"https:\/\/macote.fr\/bmw-m2\/","name":"BMW M2 - MaCote.fr","isPartOf":{"@id":"https:\/\/macote.fr\/#website"},"primaryImageOfPage":{"@id":"https:\/\/macote.fr\/bmw-m2\/#primaryimage"},"image":{"@id":"https:\/\/macote.fr\/bmw-m2\/#primaryimage"},"thumbnailUrl":"https:\/\/macote.fr\/wp-content\/uploads\/2024\/01\/BMW-M2-G87-drift.jpeg","datePublished":"2023-11-17T12:56:55+00:00","dateModified":"2024-01-14T19:48:40+00:00","breadcrumb":{"@id":"https:\/\/macote.fr\/bmw-m2\/#breadcrumb"},"inLanguage":"es","potentialAction":[{"@type":"ReadAction","target":["https:\/\/macote.fr\/bmw-m2\/"]}]},{"@type":"ImageObject","inLanguage":"es","@id":"https:\/\/macote.fr\/bmw-m2\/#primaryimage","url":"https:\/\/macote.fr\/wp-content\/uploads\/2024\/01\/BMW-M2-G87-drift.jpeg","contentUrl":"https:\/\/macote.fr\/wp-content\/uploads\/2024\/01\/BMW-M2-G87-drift.jpeg","width":1200,"height":800,"caption":"BMW M2 G87 drift"},{"@type":"BreadcrumbList","@id":"https:\/\/macote.fr\/bmw-m2\/#breadcrumb","itemListElement":[{"@type":"ListItem","position":1,"name":"Accueil","item":"https:\/\/macote.fr\/"},{"@type":"ListItem","position":2,"name":"BMW M2"}]},{"@type":"WebSite","@id":"https:\/\/macote.fr\/#website","url":"https:\/\/macote.fr\/","name":"MyQuote.com","description":"Los mejores accesorios BMW","publisher":{"@id":"https:\/\/macote.fr\/#organization"},"alternateName":"BMW tuning","potentialAction":[{"@type":"SearchAction","target":{"@type":"EntryPoint","urlTemplate":"https:\/\/macote.fr\/?s={search_term_string}"},"query-input":{"@type":"PropertyValueSpecification","valueRequired":true,"valueName":"search_term_string"}}],"inLanguage":"es"},{"@type":"Organization","@id":"https:\/\/macote.fr\/#organization","name":"Macote.es","alternateName":"BMW tuning","url":"https:\/\/macote.fr\/","logo":{"@type":"ImageObject","inLanguage":"es","@id":"https:\/\/macote.fr\/#\/schema\/logo\/image\/","url":"https:\/\/macote.fr\/wp-content\/uploads\/2023\/11\/LOGO-macote.fr-dessin-bmw-noir-copy.jpg","contentUrl":"https:\/\/macote.fr\/wp-content\/uploads\/2023\/11\/LOGO-macote.fr-dessin-bmw-noir-copy.jpg","width":732,"height":456,"caption":"Macote.fr"},"image":{"@id":"https:\/\/macote.fr\/#\/schema\/logo\/image\/"},"sameAs":["https:\/\/www.facebook.com\/profile.php?id=100091476586119","https:\/\/www.youtube.com\/channel\/UCgO-YTbaxYO-w_C5GfL-_1w","https:\/\/www.tiktok.com\/@macote.fr?is_from_webapp=1&sender_device=pc","https:\/\/www.instagram.com\/i_xila_i\/"]}]}},"_links":{"self":[{"href":"https:\/\/macote.fr\/es\/wp-json\/wp\/v2\/pages\/3019","targetHints":{"allow":["GET"]}}],"collection":[{"href":"https:\/\/macote.fr\/es\/wp-json\/wp\/v2\/pages"}],"about":[{"href":"https:\/\/macote.fr\/es\/wp-json\/wp\/v2\/types\/page"}],"author":[{"embeddable":true,"href":"https:\/\/macote.fr\/es\/wp-json\/wp\/v2\/users\/1"}],"replies":[{"embeddable":true,"href":"https:\/\/macote.fr\/es\/wp-json\/wp\/v2\/comments?post=3019"}],"version-history":[{"count":7,"href":"https:\/\/macote.fr\/es\/wp-json\/wp\/v2\/pages\/3019\/revisions"}],"predecessor-version":[{"id":3619,"href":"https:\/\/macote.fr\/es\/wp-json\/wp\/v2\/pages\/3019\/revisions\/3619"}],"wp:featuredmedia":[{"embeddable":true,"href":"https:\/\/macote.fr\/es\/wp-json\/wp\/v2\/media\/3613"}],"wp:attachment":[{"href":"https:\/\/macote.fr\/es\/wp-json\/wp\/v2\/media?parent=3019"}],"curies":[{"name":"wp","href":"https:\/\/api.w.org\/{rel}","templated":true}]}}