{"id":7984,"date":"2026-08-11T21:48:54","date_gmt":"2026-08-11T19:48:54","guid":{"rendered":"https:\/\/macote.fr\/"},"modified":"2026-08-12T11:47:22","modified_gmt":"2026-08-12T09:47:22","slug":"novedades","status":"publish","type":"page","link":"https:\/\/macote.fr\/es\/novedades\/","title":{"rendered":"Novedades"},"content":{"rendered":"<div data-elementor-type=\"wp-page\" data-elementor-id=\"7984\" class=\"elementor elementor-7984\" data-elementor-post-type=\"page\">\n\t\t\t\t<div data-particle_enable=\"false\" data-particle-mobile-disabled=\"false\" class=\"elementor-element elementor-element-1ec1279b e-flex e-con-boxed e-con e-parent\" data-id=\"1ec1279b\" data-element_type=\"container\" data-e-type=\"container\" data-settings=\"{&quot;background_background&quot;:&quot;classic&quot;}\">\n\t\t\t\t\t<div class=\"e-con-inner\">\n\t\t\t\t<div class=\"elementor-element elementor-element-42af3203 elementor-widget elementor-widget-heading\" data-id=\"42af3203\" data-element_type=\"widget\" data-e-type=\"widget\" data-widget_type=\"heading.default\">\n\t\t\t\t<div class=\"elementor-widget-container\">\n\t\t\t\t\t<div class=\"elementor-heading-title elementor-size-default\">\u00daLTIMAS LLEGADAS<\/div>\t\t\t\t<\/div>\n\t\t\t\t<\/div>\n\t\t\t\t<div class=\"elementor-element elementor-element-55cc153d elementor-widget elementor-widget-heading\" data-id=\"55cc153d\" data-element_type=\"widget\" data-e-type=\"widget\" data-widget_type=\"heading.default\">\n\t\t\t\t<div class=\"elementor-widget-container\">\n\t\t\t\t\t<h1 class=\"elementor-heading-title elementor-size-default\">Novedades<\/h1>\t\t\t\t<\/div>\n\t\t\t\t<\/div>\n\t\t\t\t<div class=\"elementor-element elementor-element-122efb81 elementor-widget-divider--view-line elementor-widget elementor-widget-divider\" data-id=\"122efb81\" data-element_type=\"widget\" data-e-type=\"widget\" data-widget_type=\"divider.default\">\n\t\t\t\t<div class=\"elementor-widget-container\">\n\t\t\t\t\t\t\t<div class=\"elementor-divider\">\n\t\t\t<span class=\"elementor-divider-separator\">\n\t\t\t\t\t\t<\/span>\n\t\t<\/div>\n\t\t\t\t\t\t<\/div>\n\t\t\t\t<\/div>\n\t\t\t\t<div class=\"elementor-element elementor-element-3d7e64eb elementor-widget__width-initial elementor-widget elementor-widget-text-editor\" data-id=\"3d7e64eb\" data-element_type=\"widget\" data-e-type=\"widget\" data-widget_type=\"text-editor.default\">\n\t\t\t\t<div class=\"elementor-widget-container\">\n\t\t\t\t\t\t\t\t\t<p>Todas las novedades que acaban de llegar al taller MaCote: fibra de carbono, iluminaci\u00f3n exclusiva, piezas OEM+ y accesorios de uso diario para tu BMW.<\/p>\t\t\t\t\t\t\t\t<\/div>\n\t\t\t\t<\/div>\n\t\t<div data-particle_enable=\"false\" data-particle-mobile-disabled=\"false\" class=\"elementor-element elementor-element-10345c24 e-con-full e-flex e-con e-child\" data-id=\"10345c24\" data-element_type=\"container\" data-e-type=\"container\">\n\t\t\t\t<div class=\"elementor-element elementor-element-1bf1abc0 elementor-widget__width-auto elementor-widget elementor-widget-button\" data-id=\"1bf1abc0\" data-element_type=\"widget\" data-e-type=\"widget\" data-widget_type=\"button.default\">\n\t\t\t\t<div class=\"elementor-widget-container\">\n\t\t\t\t\t\t\t\t\t<div class=\"elementor-button-wrapper\">\n\t\t\t\t\t<a class=\"elementor-button elementor-button-link elementor-size-sm\" href=\"https:\/\/macote.fr\/es\/tienda-de-filtros\/\">\n\t\t\t\t\t\t<span class=\"elementor-button-content-wrapper\">\n\t\t\t\t\t\t\t\t\t<span class=\"elementor-button-text\">Ver productos<\/span>\n\t\t\t\t\t<\/span>\n\t\t\t\t\t<\/a>\n\t\t\t\t<\/div>\n\t\t\t\t\t\t\t\t<\/div>\n\t\t\t\t<\/div>\n\t\t\t\t<div class=\"elementor-element elementor-element-17099901 elementor-widget__width-auto elementor-widget elementor-widget-button\" data-id=\"17099901\" data-element_type=\"widget\" data-e-type=\"widget\" data-widget_type=\"button.default\">\n\t\t\t\t<div class=\"elementor-widget-container\">\n\t\t\t\t\t\t\t\t\t<div class=\"elementor-button-wrapper\">\n\t\t\t\t\t<a class=\"elementor-button elementor-button-link elementor-size-sm\" href=\"https:\/\/macote.fr\/es\/bimmer-blog\/\">\n\t\t\t\t\t\t<span class=\"elementor-button-content-wrapper\">\n\t\t\t\t\t\t\t\t\t<span class=\"elementor-button-text\">Leer el blog<\/span>\n\t\t\t\t\t<\/span>\n\t\t\t\t\t<\/a>\n\t\t\t\t<\/div>\n\t\t\t\t\t\t\t\t<\/div>\n\t\t\t\t<\/div>\n\t\t\t\t<\/div>\n\t\t\t\t\t<\/div>\n\t\t\t\t<\/div>\n\t\t<div data-particle_enable=\"false\" data-particle-mobile-disabled=\"false\" class=\"elementor-element elementor-element-6e11027 e-flex e-con-boxed e-con e-parent\" data-id=\"6e11027\" data-element_type=\"container\" data-e-type=\"container\" data-settings=\"{&quot;background_background&quot;:&quot;classic&quot;}\">\n\t\t\t\t\t<div class=\"e-con-inner\">\n\t\t\t\t<div class=\"elementor-element elementor-element-2436cda elementor-widget__width-auto elementor-widget elementor-widget-button\" data-id=\"2436cda\" data-element_type=\"widget\" data-e-type=\"widget\" data-widget_type=\"button.default\">\n\t\t\t\t<div class=\"elementor-widget-container\">\n\t\t\t\t\t\t\t\t\t<div class=\"elementor-button-wrapper\">\n\t\t\t\t\t<a class=\"elementor-button elementor-button-link elementor-size-sm\" href=\"#dernieres-arrivees\">\n\t\t\t\t\t\t<span class=\"elementor-button-content-wrapper\">\n\t\t\t\t\t\t\t\t\t<span class=\"elementor-button-text\">Todo<\/span>\n\t\t\t\t\t<\/span>\n\t\t\t\t\t<\/a>\n\t\t\t\t<\/div>\n\t\t\t\t\t\t\t\t<\/div>\n\t\t\t\t<\/div>\n\t\t\t\t<div class=\"elementor-element elementor-element-3cac71d6 elementor-widget__width-auto elementor-widget elementor-widget-button\" data-id=\"3cac71d6\" data-element_type=\"widget\" data-e-type=\"widget\" data-widget_type=\"button.default\">\n\t\t\t\t<div class=\"elementor-widget-container\">\n\t\t\t\t\t\t\t\t\t<div class=\"elementor-button-wrapper\">\n\t\t\t\t\t<a class=\"elementor-button elementor-button-link elementor-size-sm\" href=\"#univers-eclairage\">\n\t\t\t\t\t\t<span class=\"elementor-button-content-wrapper\">\n\t\t\t\t\t\t\t\t\t<span class=\"elementor-button-text\">Iluminaci\u00f3n<\/span>\n\t\t\t\t\t<\/span>\n\t\t\t\t\t<\/a>\n\t\t\t\t<\/div>\n\t\t\t\t\t\t\t\t<\/div>\n\t\t\t\t<\/div>\n\t\t\t\t<div class=\"elementor-element elementor-element-14694c6 elementor-widget__width-auto elementor-widget elementor-widget-button\" data-id=\"14694c6\" data-element_type=\"widget\" data-e-type=\"widget\" data-widget_type=\"button.default\">\n\t\t\t\t<div class=\"elementor-widget-container\">\n\t\t\t\t\t\t\t\t\t<div class=\"elementor-button-wrapper\">\n\t\t\t\t\t<a class=\"elementor-button elementor-button-link elementor-size-sm\" href=\"#univers-carbone\">\n\t\t\t\t\t\t<span class=\"elementor-button-content-wrapper\">\n\t\t\t\t\t\t\t\t\t<span class=\"elementor-button-text\">Carbono<\/span>\n\t\t\t\t\t<\/span>\n\t\t\t\t\t<\/a>\n\t\t\t\t<\/div>\n\t\t\t\t\t\t\t\t<\/div>\n\t\t\t\t<\/div>\n\t\t\t\t<div class=\"elementor-element elementor-element-14adc8a0 elementor-widget__width-auto elementor-widget elementor-widget-button\" data-id=\"14adc8a0\" data-element_type=\"widget\" data-e-type=\"widget\" data-widget_type=\"button.default\">\n\t\t\t\t<div class=\"elementor-widget-container\">\n\t\t\t\t\t\t\t\t\t<div class=\"elementor-button-wrapper\">\n\t\t\t\t\t<a class=\"elementor-button elementor-button-link elementor-size-sm\" href=\"#univers-performance\">\n\t\t\t\t\t\t<span class=\"elementor-button-content-wrapper\">\n\t\t\t\t\t\t\t\t\t<span class=\"elementor-button-text\">Rendimiento<\/span>\n\t\t\t\t\t<\/span>\n\t\t\t\t\t<\/a>\n\t\t\t\t<\/div>\n\t\t\t\t\t\t\t\t<\/div>\n\t\t\t\t<\/div>\n\t\t\t\t<div class=\"elementor-element elementor-element-48f2d821 elementor-widget__width-auto elementor-widget elementor-widget-button\" data-id=\"48f2d821\" data-element_type=\"widget\" data-e-type=\"widget\" data-widget_type=\"button.default\">\n\t\t\t\t<div class=\"elementor-widget-container\">\n\t\t\t\t\t\t\t\t\t<div class=\"elementor-button-wrapper\">\n\t\t\t\t\t<a class=\"elementor-button elementor-button-link elementor-size-sm\" href=\"#univers-interieur\">\n\t\t\t\t\t\t<span class=\"elementor-button-content-wrapper\">\n\t\t\t\t\t\t\t\t\t<span class=\"elementor-button-text\">Interior<\/span>\n\t\t\t\t\t<\/span>\n\t\t\t\t\t<\/a>\n\t\t\t\t<\/div>\n\t\t\t\t\t\t\t\t<\/div>\n\t\t\t\t<\/div>\n\t\t\t\t\t<\/div>\n\t\t\t\t<\/div>\n\t\t<div data-particle_enable=\"false\" data-particle-mobile-disabled=\"false\" class=\"elementor-element elementor-element-7dd07044 e-flex e-con-boxed e-con e-parent\" data-id=\"7dd07044\" data-element_type=\"container\" data-e-type=\"container\" id=\"dernieres-arrivees\" data-settings=\"{&quot;background_background&quot;:&quot;classic&quot;}\">\n\t\t\t\t\t<div class=\"e-con-inner\">\n\t\t<div data-particle_enable=\"false\" data-particle-mobile-disabled=\"false\" class=\"elementor-element elementor-element-5b22e0ad e-con-full e-flex e-con e-child\" data-id=\"5b22e0ad\" data-element_type=\"container\" data-e-type=\"container\">\n\t\t<div data-particle_enable=\"false\" data-particle-mobile-disabled=\"false\" class=\"elementor-element elementor-element-54b0ce41 e-con-full e-flex e-con e-child\" data-id=\"54b0ce41\" data-element_type=\"container\" data-e-type=\"container\">\n\t\t\t\t<div class=\"elementor-element elementor-element-6edf6c81 elementor-widget elementor-widget-heading\" data-id=\"6edf6c81\" data-element_type=\"widget\" data-e-type=\"widget\" data-widget_type=\"heading.default\">\n\t\t\t\t<div class=\"elementor-widget-container\">\n\t\t\t\t\t<div class=\"elementor-heading-title elementor-size-default\">TODAS LAS CATEGOR\u00cdAS<\/div>\t\t\t\t<\/div>\n\t\t\t\t<\/div>\n\t\t\t\t<div class=\"elementor-element elementor-element-6f61a87c elementor-widget elementor-widget-heading\" data-id=\"6f61a87c\" data-element_type=\"widget\" data-e-type=\"widget\" data-widget_type=\"heading.default\">\n\t\t\t\t<div class=\"elementor-widget-container\">\n\t\t\t\t\t<h2 class=\"elementor-heading-title elementor-size-default\">\u00daltimas novedades<\/h2>\t\t\t\t<\/div>\n\t\t\t\t<\/div>\n\t\t\t\t<div class=\"elementor-element elementor-element-33b33d99 elementor-widget elementor-widget-text-editor\" data-id=\"33b33d99\" data-element_type=\"widget\" data-e-type=\"widget\" data-widget_type=\"text-editor.default\">\n\t\t\t\t<div class=\"elementor-widget-container\">\n\t\t\t\t\t\t\t\t\t<p>Los \u00faltimos productos a\u00f1adidos a la tienda, de m\u00e1s reciente a m\u00e1s antiguo.<\/p>\t\t\t\t\t\t\t\t<\/div>\n\t\t\t\t<\/div>\n\t\t\t\t<\/div>\n\t\t\t\t<div class=\"elementor-element elementor-element-7a29062f elementor-align-right elementor-widget__width-auto elementor-widget elementor-widget-button\" data-id=\"7a29062f\" data-element_type=\"widget\" data-e-type=\"widget\" data-widget_type=\"button.default\">\n\t\t\t\t<div class=\"elementor-widget-container\">\n\t\t\t\t\t\t\t\t\t<div class=\"elementor-button-wrapper\">\n\t\t\t\t\t<a class=\"elementor-button elementor-button-link elementor-size-sm\" href=\"https:\/\/macote.fr\/es\/tienda-de-filtros\/\">\n\t\t\t\t\t\t<span class=\"elementor-button-content-wrapper\">\n\t\t\t\t\t\t\t\t\t<span class=\"elementor-button-text\">Toda la tienda<\/span>\n\t\t\t\t\t<\/span>\n\t\t\t\t\t<\/a>\n\t\t\t\t<\/div>\n\t\t\t\t\t\t\t\t<\/div>\n\t\t\t\t<\/div>\n\t\t\t\t<\/div>\n\t\t\t\t<div class=\"elementor-element elementor-element-653e9121 elementor-grid-4 elementor-grid-tablet-3 elementor-grid-mobile-2 elementor-products-grid elementor-wc-products elementor-show-pagination-border-yes elementor-widget elementor-widget-woocommerce-products\" data-id=\"653e9121\" data-element_type=\"widget\" data-e-type=\"widget\" data-widget_type=\"woocommerce-products.default\">\n\t\t\t\t<div class=\"elementor-widget-container\">\n\t\t\t\t\t<div class=\"woocommerce columns-4\"><span class=\"wpfHidden\" data-shortcode-attribute=\"{&quot;limit&quot;:&quot;-1&quot;,&quot;columns&quot;:&quot;4&quot;,&quot;rows&quot;:5,&quot;orderby&quot;:&quot;&quot;,&quot;order&quot;:&quot;&quot;,&quot;ids&quot;:&quot;&quot;,&quot;skus&quot;:&quot;&quot;,&quot;category&quot;:&quot;&quot;,&quot;cat_operator&quot;:&quot;IN&quot;,&quot;attribute&quot;:&quot;&quot;,&quot;terms&quot;:&quot;&quot;,&quot;terms_operator&quot;:&quot;IN&quot;,&quot;tag&quot;:&quot;&quot;,&quot;tag_operator&quot;:&quot;IN&quot;,&quot;visibility&quot;:&quot;visible&quot;,&quot;class&quot;:&quot;&quot;,&quot;page&quot;:1,&quot;paginate&quot;:&quot;yes&quot;,&quot;cache&quot;:false}\"><\/span><div class=\"woocommerce-notices-wrapper\"><\/div><div class=\"woo-listing-top\"><\/div><ul class=\"products elementor-grid columns-4\" data-products=\"type-1\" data-hover=\"swap\">\n<li class=\"product type-product post-8249 status-publish first instock product_cat-accessoires-macote-bmw product_cat-bmw-oem product_cat-calandre product_cat-calandre-led-iconic-glow product_cat-eclairage-signature-lumineuse product_cat-modification-exterieur-vehicule product_cat-x1 product_cat-x1-f48 has-post-thumbnail taxable shipping-taxable purchasable product-type-simple\">\n\t<a href=\"https:\/\/macote.fr\/es\/producto\/calandre-led-iconic-glow-bmw-x1-f48-lci-2019-2022\/\" class=\"woocommerce-LoopProduct-link woocommerce-loop-product__link\"><img fetchpriority=\"high\" decoding=\"async\" width=\"300\" height=\"400\" src=\"https:\/\/macote.fr\/wp-content\/uploads\/2026\/08\/calandre-led-BMW-X1-F48-LCI-2019-2022-vue-avant-3-4-300x400.jpg\" class=\"attachment-woocommerce_thumbnail size-woocommerce_thumbnail\" alt=\"Rejilla delantera LED del BMW X1 F48 LCI 2019-2022, vista frontal 3 4\" srcset=\"https:\/\/macote.fr\/wp-content\/uploads\/2026\/08\/calandre-led-BMW-X1-F48-LCI-2019-2022-vue-avant-3-4-300x400.jpg 300w, https:\/\/macote.fr\/wp-content\/uploads\/2026\/08\/calandre-led-BMW-X1-F48-LCI-2019-2022-vue-avant-3-4-10x12.jpg 10w\" sizes=\"(max-width: 300px) 100vw, 300px\" \/><h2 class=\"woocommerce-loop-product__title\">Rejilla del radiador LED \u2013 Iconic Glow \u2013 BMW X1 F48 LCI (2019-2022)<\/h2>\n\t<span class=\"price\"><span class=\"woocommerce-Price-amount amount\"><bdi>399,99&nbsp;<span class=\"woocommerce-Price-currencySymbol\" translate=\"no\">\u20ac<\/span><\/bdi><\/span><\/span>\n<\/a><a href=\"\/es\/wp-json\/wp\/v2\/pages\/7984?add-to-cart=8249\" aria-describedby=\"woocommerce_loop_add_to_cart_link_describedby_8249\" data-quantity=\"1\" class=\"button product_type_simple add_to_cart_button ajax_add_to_cart\" data-product_id=\"8249\" data-product_sku=\"\" aria-label=\"A\u00f1adir al carrito: \u201cCalandre LED - Iconic Glow - BMW X1 F48 LCI (2019-2022)\u201d\" rel=\"nofollow\" data-success_message=\"\u00abCalandre LED - Iconic Glow - BMW X1 F48 LCI (2019-2022)\u00bb se ha a\u00f1adido a tu carrito\" data-no-translation=\"\" data-trp-gettext=\"\" data-no-translation-aria-label=\"\" data-no-translation-data-success_message=\"\">A\u00f1adir al carrito<\/a>\t<span id=\"woocommerce_loop_add_to_cart_link_describedby_8249\" class=\"screen-reader-text\">\n\t\t\t<\/span>\n<\/li>\n<li class=\"product type-product post-8165 status-publish instock product_cat-accessoires-macote-bmw product_cat-bmw-oem product_cat-accessoires-divers product_cat-modification-exterieur-vehicule product_cat-m2 product_cat-m2-g87 product_cat-prises-dair has-post-thumbnail taxable shipping-taxable purchasable product-type-simple\">\n\t<a href=\"https:\/\/macote.fr\/es\/producto\/rejilla-protectora-inferior-de-la-parrilla-del-bmw-g87-m2-en-negro-brillante\/\" class=\"woocommerce-LoopProduct-link woocommerce-loop-product__link\"><img decoding=\"async\" width=\"300\" height=\"400\" src=\"https:\/\/macote.fr\/wp-content\/uploads\/2026\/08\/grille-calandre-bmw-g87-m2-noir-brillant-300x400.png\" class=\"attachment-woocommerce_thumbnail size-woocommerce_thumbnail\" alt=\"rejilla-del-radiador-bmw-g87-m2-negro-brillante\" \/><h2 class=\"woocommerce-loop-product__title\">Rejilla protectora inferior del radiador BMW G87 M2 \u2013 Negro brillante<\/h2>\n\t<span class=\"price\"><span class=\"woocommerce-Price-amount amount\"><bdi>79,99&nbsp;<span class=\"woocommerce-Price-currencySymbol\" translate=\"no\">\u20ac<\/span><\/bdi><\/span><\/span>\n<\/a><a href=\"\/es\/wp-json\/wp\/v2\/pages\/7984?add-to-cart=8165\" aria-describedby=\"woocommerce_loop_add_to_cart_link_describedby_8165\" data-quantity=\"1\" class=\"button product_type_simple add_to_cart_button ajax_add_to_cart\" data-product_id=\"8165\" data-product_sku=\"\" aria-label=\"A\u00f1adir al carrito: \u201cGrille de Protection de Calandre Inf\u00e9rieure BMW G87 M2 \u2013 Noir Brillant\u201d\" rel=\"nofollow\" data-success_message=\"\u00abGrille de Protection de Calandre Inf\u00e9rieure BMW G87 M2 \u2013 Noir Brillant\u00bb se ha a\u00f1adido a tu carrito\" data-no-translation=\"\" data-trp-gettext=\"\" data-no-translation-aria-label=\"\" data-no-translation-data-success_message=\"\">A\u00f1adir al carrito<\/a>\t<span id=\"woocommerce_loop_add_to_cart_link_describedby_8165\" class=\"screen-reader-text\">\n\t\t\t<\/span>\n<\/li>\n<li class=\"product type-product post-8207 status-publish instock product_cat-accessoires-macote-bmw product_cat-bmw-oem product_cat-calandre product_cat-calandre-led-iconic-glow product_cat-eclairage-signature-lumineuse product_cat-modification-exterieur-vehicule product_cat-x5 product_cat-x5-f15 product_cat-x6 product_cat-x6-f16 has-post-thumbnail taxable shipping-taxable purchasable product-type-simple\">\n\t<a href=\"https:\/\/macote.fr\/es\/producto\/rejilla-delantera-led-iconic-glow-para-bmw-x5-f15-y-x6-f16-2013-2019\/\" class=\"woocommerce-LoopProduct-link woocommerce-loop-product__link\"><img decoding=\"async\" width=\"300\" height=\"400\" src=\"https:\/\/macote.fr\/wp-content\/uploads\/2026\/08\/calandre-led-bmw-x5-f15-iconic-glow-installee-300x400.png\" class=\"attachment-woocommerce_thumbnail size-woocommerce_thumbnail\" alt=\"Rejilla delantera LED para BMW X5 F15 \u00abIconic Glow\u00bb instalada\" srcset=\"https:\/\/macote.fr\/wp-content\/uploads\/2026\/08\/calandre-led-bmw-x5-f15-iconic-glow-installee-300x400.png 300w, https:\/\/macote.fr\/wp-content\/uploads\/2026\/08\/calandre-led-bmw-x5-f15-iconic-glow-installee-10x12.png 10w\" sizes=\"(max-width: 300px) 100vw, 300px\" \/><h2 class=\"woocommerce-loop-product__title\">Rejilla delantera LED \u2013 Iconic Glow \u2013 BMW X5 F15, X6 F16 (2013-2019)<\/h2>\n\t<span class=\"price\"><span class=\"woocommerce-Price-amount amount\"><bdi>399,99&nbsp;<span class=\"woocommerce-Price-currencySymbol\" translate=\"no\">\u20ac<\/span><\/bdi><\/span><\/span>\n<\/a><a href=\"\/es\/wp-json\/wp\/v2\/pages\/7984?add-to-cart=8207\" aria-describedby=\"woocommerce_loop_add_to_cart_link_describedby_8207\" data-quantity=\"1\" class=\"button product_type_simple add_to_cart_button ajax_add_to_cart\" data-product_id=\"8207\" data-product_sku=\"\" aria-label=\"A\u00f1adir al carrito: \u201cCalandre LED - Iconic Glow - BMW X5 F15, X6 F16 (2013-2019\u201d\" rel=\"nofollow\" data-success_message=\"\u00abCalandre LED - Iconic Glow - BMW X5 F15, X6 F16 (2013-2019\u00bb se ha a\u00f1adido a tu carrito\" data-no-translation=\"\" data-trp-gettext=\"\" data-no-translation-aria-label=\"\" data-no-translation-data-success_message=\"\">A\u00f1adir al carrito<\/a>\t<span id=\"woocommerce_loop_add_to_cart_link_describedby_8207\" class=\"screen-reader-text\">\n\t\t\t<\/span>\n<\/li>\n<li class=\"product type-product post-8195 status-publish last instock product_cat-accessoires-macote-bmw product_cat-bmw-oem product_cat-calandre product_cat-calandre-led-iconic-glow product_cat-eclairage-signature-lumineuse product_cat-modification-exterieur-vehicule product_cat-x3 product_cat-x3-f25 product_cat-x4 product_cat-x4-f26 has-post-thumbnail taxable shipping-taxable purchasable product-type-variable\">\n\t<a href=\"https:\/\/macote.fr\/es\/producto\/rejilla-delantera-led-iconic-glow-para-bmw-x3-f25-y-x4-f26-2010-2018\/\" class=\"woocommerce-LoopProduct-link woocommerce-loop-product__link\"><img loading=\"lazy\" decoding=\"async\" width=\"300\" height=\"400\" src=\"https:\/\/macote.fr\/wp-content\/uploads\/2026\/08\/calandre-led-bmw-x3-f25-phase-2-iconic-glow-300x400.jpg\" class=\"attachment-woocommerce_thumbnail size-woocommerce_thumbnail\" alt=\"Rejilla delantera LED para BMW X3 F25, fase 2, \u00abIconic Glow\u00bb\" \/><h2 class=\"woocommerce-loop-product__title\">Rejilla delantera LED \u2013 Iconic Glow \u2013 BMW X3 F25, X4 F26 (2010-2018)<\/h2>\n\t<span class=\"price\"><span class=\"woocommerce-Price-amount amount\"><bdi>399,99&nbsp;<span class=\"woocommerce-Price-currencySymbol\" translate=\"no\">\u20ac<\/span><\/bdi><\/span><\/span>\n<\/a><a href=\"https:\/\/macote.fr\/es\/producto\/rejilla-delantera-led-iconic-glow-para-bmw-x3-f25-y-x4-f26-2010-2018\/\" aria-describedby=\"woocommerce_loop_add_to_cart_link_describedby_8195\" data-quantity=\"1\" class=\"button product_type_variable add_to_cart_button\" data-product_id=\"8195\" data-product_sku=\"\" aria-label=\"Elige las opciones para \u201cCalandre LED - Iconic Glow - BMW X3 F25, X4 F26 (2010-2018)\u201d\" rel=\"nofollow\" data-no-translation=\"\" data-trp-gettext=\"\" data-no-translation-aria-label=\"\">Seleccionar opciones<\/a>\t<span id=\"woocommerce_loop_add_to_cart_link_describedby_8195\" class=\"screen-reader-text\">\n\t\tEste producto tiene m\u00faltiples variantes. Las opciones se pueden elegir en la p\u00e1gina de producto\t<\/span>\n<\/li>\n<li class=\"product type-product post-8130 status-publish first instock product_cat-accessoires-macote-bmw product_cat-bmw-oem product_cat-bmw-s58 product_cat-modification-exterieur-vehicule product_cat-grilles-de-protection product_cat-m2 product_cat-m2-g87 product_cat-m3 product_cat-m3-g80-g81 product_cat-m4 product_cat-m4-g82-g83 product_cat-moteur has-post-thumbnail taxable shipping-taxable purchasable product-type-simple\">\n\t<a href=\"https:\/\/macote.fr\/es\/producto\/placa-protectora-del-radiador-de-aceite-para-bmw-g87-m2-g80-g81-m3-g82-g83-y-m4\/\" class=\"woocommerce-LoopProduct-link woocommerce-loop-product__link\"><img loading=\"lazy\" decoding=\"async\" width=\"300\" height=\"400\" src=\"https:\/\/macote.fr\/wp-content\/uploads\/2026\/08\/BMW-G87-M2-G80G81-M3-G82G83-M4-2-300x400.png\" class=\"attachment-woocommerce_thumbnail size-woocommerce_thumbnail\" alt=\"BMW G87 M2 y G80\/G81 M3, G82\/G83 M4\" \/><h2 class=\"woocommerce-loop-product__title\">Placa protectora de aluminio para el radiador de aceite \u2013 BMW M2 G87 y M3 G80, G81 y M4 G82, G83<\/h2>\n\t<span class=\"price\"><span class=\"woocommerce-Price-amount amount\"><bdi>249,99&nbsp;<span class=\"woocommerce-Price-currencySymbol\" translate=\"no\">\u20ac<\/span><\/bdi><\/span><\/span>\n<\/a><a href=\"\/es\/wp-json\/wp\/v2\/pages\/7984?add-to-cart=8130\" aria-describedby=\"woocommerce_loop_add_to_cart_link_describedby_8130\" data-quantity=\"1\" class=\"button product_type_simple add_to_cart_button ajax_add_to_cart\" data-product_id=\"8130\" data-product_sku=\"\" aria-label=\"A\u00f1adir al carrito: \u201cPlaque de Protection Aluminium du Refroidisseur d&#039;Huile - BMW M2 G87 &amp; M3 G80, G81 &amp; M4 G82, G83\u201d\" rel=\"nofollow\" data-success_message=\"\u00abPlaque de Protection Aluminium du Refroidisseur d&#039;Huile - BMW M2 G87 &amp; M3 G80, G81 &amp; M4 G82, G83\u00bb se ha a\u00f1adido a tu carrito\" data-no-translation=\"\" data-trp-gettext=\"\" data-no-translation-aria-label=\"\" data-no-translation-data-success_message=\"\">A\u00f1adir al carrito<\/a>\t<span id=\"woocommerce_loop_add_to_cart_link_describedby_8130\" class=\"screen-reader-text\">\n\t\t\t<\/span>\n<\/li>\n<li class=\"product type-product post-8118 status-publish instock product_cat-accessoires-macote-bmw product_cat-m2 product_cat-m2-g87 product_cat-m3 product_cat-m3-g80-g81 product_cat-m4 product_cat-m4-g82-g83 product_cat-prises-dair has-post-thumbnail taxable shipping-taxable purchasable product-type-simple\">\n\t<a href=\"https:\/\/macote.fr\/es\/producto\/rejilla-protectora-del-guardabarros-delantero\/\" class=\"woocommerce-LoopProduct-link woocommerce-loop-product__link\"><img loading=\"lazy\" decoding=\"async\" width=\"300\" height=\"400\" src=\"https:\/\/macote.fr\/wp-content\/uploads\/2026\/08\/grille-protection-bmw-m2-m3-m4-300x400.png\" class=\"attachment-woocommerce_thumbnail size-woocommerce_thumbnail\" alt=\"Rejilla protectora para BMW M2, M3 y M4\" \/><h2 class=\"woocommerce-loop-product__title\">Rejilla protectora delantera contra salpicaduras para BMW M2 G87, M3 G80\/G81 y M4 G82\/G83<\/h2>\n\t<span class=\"price\"><span class=\"woocommerce-Price-amount amount\"><bdi>89,99&nbsp;<span class=\"woocommerce-Price-currencySymbol\" translate=\"no\">\u20ac<\/span><\/bdi><\/span><\/span>\n<\/a><a href=\"\/es\/wp-json\/wp\/v2\/pages\/7984?add-to-cart=8118\" aria-describedby=\"woocommerce_loop_add_to_cart_link_describedby_8118\" data-quantity=\"1\" class=\"button product_type_simple add_to_cart_button ajax_add_to_cart\" data-product_id=\"8118\" data-product_sku=\"\" aria-label=\"A\u00f1adir al carrito: \u201cGrille de protection pare-boue avant BMW M2 G87 &amp; M3 G80\/G81 \/ M4 G82\/G83\u201d\" rel=\"nofollow\" data-success_message=\"\u00abGrille de protection pare-boue avant BMW M2 G87 &amp; M3 G80\/G81 \/ M4 G82\/G83\u00bb se ha a\u00f1adido a tu carrito\" data-no-translation=\"\" data-trp-gettext=\"\" data-no-translation-aria-label=\"\" data-no-translation-data-success_message=\"\">A\u00f1adir al carrito<\/a>\t<span id=\"woocommerce_loop_add_to_cart_link_describedby_8118\" class=\"screen-reader-text\">\n\t\t\t<\/span>\n<\/li>\n<li class=\"product type-product post-8096 status-publish instock product_cat-accessoires-macote-bmw product_cat-bmw-electronique-technologie product_cat-bmw-oem product_cat-bmw-serie-3 product_cat-bmw-serie-3-e90-e91-e92-e93 product_cat-bmw-support-de-telephone-tablette product_cat-modifications-interieurs product_cat-m3 product_cat-m3-e90-e91-e92-e93 has-post-thumbnail taxable shipping-taxable purchasable product-type-simple\">\n\t<a href=\"https:\/\/macote.fr\/es\/producto\/soporte-para-iphone-con-magsafe-para-bmw-serie-3-m3-e90-e91-e92-y-e93\/\" class=\"woocommerce-LoopProduct-link woocommerce-loop-product__link\"><img loading=\"lazy\" decoding=\"async\" width=\"300\" height=\"400\" src=\"https:\/\/macote.fr\/wp-content\/uploads\/2026\/08\/support-telephone-bmw-e90-fixation-oem-plus-installation-300x400.png\" class=\"attachment-woocommerce_thumbnail size-woocommerce_thumbnail\" alt=\"Soporte para tel\u00e9fono BMW E90: fijaci\u00f3n OEM y montaje\" \/><h2 class=\"woocommerce-loop-product__title\">Soporte para iPhone\/tel\u00e9fono MagSafe \u2013 BMW Serie 3 y M3 E90, E91, E92, E93<\/h2>\n\t<span class=\"price\"><span class=\"woocommerce-Price-amount amount\"><bdi>60,99&nbsp;<span class=\"woocommerce-Price-currencySymbol\" translate=\"no\">\u20ac<\/span><\/bdi><\/span><\/span>\n<\/a><a href=\"\/es\/wp-json\/wp\/v2\/pages\/7984?add-to-cart=8096\" aria-describedby=\"woocommerce_loop_add_to_cart_link_describedby_8096\" data-quantity=\"1\" class=\"button product_type_simple add_to_cart_button ajax_add_to_cart\" data-product_id=\"8096\" data-product_sku=\"\" aria-label=\"A\u00f1adir al carrito: \u201cSupport Iphone\/T\u00e9l\u00e9phone MagSafe - BMW S\u00e9rie 3 &amp; M3 E90 E91 E92 E93\u201d\" rel=\"nofollow\" data-success_message=\"\u00abSupport Iphone\/T\u00e9l\u00e9phone MagSafe - BMW S\u00e9rie 3 &amp; M3 E90 E91 E92 E93\u00bb se ha a\u00f1adido a tu carrito\" data-no-translation=\"\" data-trp-gettext=\"\" data-no-translation-aria-label=\"\" data-no-translation-data-success_message=\"\">A\u00f1adir al carrito<\/a>\t<span id=\"woocommerce_loop_add_to_cart_link_describedby_8096\" class=\"screen-reader-text\">\n\t\t\t<\/span>\n<\/li>\n<li class=\"product type-product post-8063 status-publish last instock product_cat-accessoires-macote-bmw product_cat-bmw-accessoires-generiques product_cat-bmw-electronique-technologie product_cat-bmw-serie-3 product_cat-bmw-serie-3-g50-g51 product_cat-bmw-serie-5 product_cat-bmw-serie-5-g60-g61-g68 product_cat-bmw-serie-7 product_cat-bmw-serie-7-g70 product_cat-bmw-support-de-telephone-tablette product_cat-modifications-interieurs product_cat-x3 product_cat-x3-g45 product_cat-x3-g01 product_cat-x4 product_cat-x4m-f98-x4-g02 product_cat-x5 product_cat-x5-g65 product_cat-x5m-f95-x5-g05-g18 product_cat-x6 product_cat-x6m-f96-x6-g06 product_cat-x7 product_cat-x7-g07 has-post-thumbnail taxable shipping-taxable purchasable product-type-simple\">\n\t<a href=\"https:\/\/macote.fr\/es\/producto\/soporte-para-tableta-y-telefono-bmw-travel-comfort-con-fijacion-mediante-clip\/\" class=\"woocommerce-LoopProduct-link woocommerce-loop-product__link\"><img loading=\"lazy\" decoding=\"async\" width=\"300\" height=\"400\" src=\"https:\/\/macote.fr\/wp-content\/uploads\/2026\/08\/support-tablette-voiture-appui-tete-fixation-reglable-300x400.png\" class=\"attachment-woocommerce_thumbnail size-woocommerce_thumbnail\" alt=\"Soporte para tableta para coche, con fijaci\u00f3n ajustable al reposacabezas\" \/><h2 class=\"woocommerce-loop-product__title\">Soporte para tableta y tel\u00e9fono BMW Travel &amp; Comfort \u2013 Fijaci\u00f3n con clip<\/h2>\n\t<span class=\"price\"><span class=\"woocommerce-Price-amount amount\"><bdi>49,99&nbsp;<span class=\"woocommerce-Price-currencySymbol\" translate=\"no\">\u20ac<\/span><\/bdi><\/span><\/span>\n<\/a><a href=\"\/es\/wp-json\/wp\/v2\/pages\/7984?add-to-cart=8063\" aria-describedby=\"woocommerce_loop_add_to_cart_link_describedby_8063\" data-quantity=\"1\" class=\"button product_type_simple add_to_cart_button ajax_add_to_cart\" data-product_id=\"8063\" data-product_sku=\"\" aria-label=\"A\u00f1adir al carrito: \u201cSupport Tablette et T\u00e9l\u00e9phone BMW Travel &amp; Comfort \u2013 Fixation Clip\u201d\" rel=\"nofollow\" data-success_message=\"\u00abSupport Tablette et T\u00e9l\u00e9phone BMW Travel &amp; Comfort \u2013 Fixation Clip\u00bb se ha a\u00f1adido a tu carrito\" data-no-translation=\"\" data-trp-gettext=\"\" data-no-translation-aria-label=\"\" data-no-translation-data-success_message=\"\">A\u00f1adir al carrito<\/a>\t<span id=\"woocommerce_loop_add_to_cart_link_describedby_8063\" class=\"screen-reader-text\">\n\t\t\t<\/span>\n<\/li>\n<li class=\"product type-product post-7977 status-publish first instock product_cat-accessoires-macote-bmw product_cat-bmw-accessoires-fibre-de-carbone product_cat-bmw-oem product_cat-bmw-serie-3 product_cat-bmw-serie-3-e90-e91-e92-e93 product_cat-modification-exterieur-vehicule product_cat-m3 product_cat-m3-e90-e91-e92-e93 product_cat-retroviseurs has-post-thumbnail taxable shipping-taxable purchasable product-type-variable\">\n\t<a href=\"https:\/\/macote.fr\/es\/producto\/carcasas-de-retrovisores-de-fibra-de-carbono-para-bmw-serie-3-m3-e90-e91-e92-y-e93\/\" class=\"woocommerce-LoopProduct-link woocommerce-loop-product__link\"><img loading=\"lazy\" decoding=\"async\" width=\"300\" height=\"400\" src=\"https:\/\/macote.fr\/wp-content\/uploads\/2026\/08\/bmw-serie-3-e92-coques-retroviseurs-carbone-21-300x400.webp\" class=\"attachment-woocommerce_thumbnail size-woocommerce_thumbnail\" alt=\"bmw-serie-3-carcasas-de-retrovisores-de-carbono\" \/><h2 class=\"woocommerce-loop-product__title\">Carcasas de retrovisores de fibra de carbono \u2013 BMW Serie 3 y M3 E90, E91, E92, E93<\/h2>\n\t<span class=\"price\"><span class=\"woocommerce-Price-amount amount\"><bdi>289,99&nbsp;<span class=\"woocommerce-Price-currencySymbol\" translate=\"no\">\u20ac<\/span><\/bdi><\/span><\/span>\n<\/a><a href=\"https:\/\/macote.fr\/es\/producto\/carcasas-de-retrovisores-de-fibra-de-carbono-para-bmw-serie-3-m3-e90-e91-e92-y-e93\/\" aria-describedby=\"woocommerce_loop_add_to_cart_link_describedby_7977\" data-quantity=\"1\" class=\"button product_type_variable add_to_cart_button\" data-product_id=\"7977\" data-product_sku=\"\" aria-label=\"Elige las opciones para \u201cCoques de R\u00e9troviseurs en Fibre de Carbone - BMW S\u00e9rie 3 &amp; M3 E90, E91, E92, E93\u201d\" rel=\"nofollow\" data-no-translation=\"\" data-trp-gettext=\"\" data-no-translation-aria-label=\"\">Seleccionar opciones<\/a>\t<span id=\"woocommerce_loop_add_to_cart_link_describedby_7977\" class=\"screen-reader-text\">\n\t\tEste producto tiene m\u00faltiples variantes. Las opciones se pueden elegir en la p\u00e1gina de producto\t<\/span>\n<\/li>\n<li class=\"product type-product post-7958 status-publish instock product_cat-barre-anti-rapprochement product_cat-bmw-accessoires-fibre-de-carbone product_cat-bmw-oem product_cat-bmw-serie-2 product_cat-bmw-serie-2-g42 product_cat-bmw-serie-3 product_cat-bmw-serie-3-g20-g21-g28 product_cat-bmw-serie-4 product_cat-bmw-serie-4-g22-g23-g36 product_cat-chassis product_cat-modification-de-performance has-post-thumbnail taxable shipping-taxable purchasable product-type-simple\">\n\t<a href=\"https:\/\/macote.fr\/es\/producto\/barras-de-refuerzo-del-compartimento-del-motor-de-carbono-para-bmw-g20-g22-y-g42\/\" class=\"woocommerce-LoopProduct-link woocommerce-loop-product__link\"><img loading=\"lazy\" decoding=\"async\" width=\"300\" height=\"400\" src=\"https:\/\/macote.fr\/wp-content\/uploads\/2026\/08\/Jambes-de-Force-Fibre-de-Carbone-BMW-Serie-3-G20-300x400.png\" class=\"attachment-woocommerce_thumbnail size-woocommerce_thumbnail\" alt=\"Amortiguadores de fibra de carbono para el BMW Serie 3 G20\" \/><h2 class=\"woocommerce-loop-product__title\">Barras de refuerzo del compartimento del motor de carbono (BMW G20 \/ G22 \/ G42)<\/h2>\n\t<span class=\"price\"><span class=\"woocommerce-Price-amount amount\"><bdi>299,99&nbsp;<span class=\"woocommerce-Price-currencySymbol\" translate=\"no\">\u20ac<\/span><\/bdi><\/span><\/span>\n<\/a><a href=\"\/es\/wp-json\/wp\/v2\/pages\/7984?add-to-cart=7958\" aria-describedby=\"woocommerce_loop_add_to_cart_link_describedby_7958\" data-quantity=\"1\" class=\"button product_type_simple add_to_cart_button ajax_add_to_cart\" data-product_id=\"7958\" data-product_sku=\"\" aria-label=\"A\u00f1adir al carrito: \u201cBarres de renfort de baie moteur en carbone (BMW G20 \/ G22 \/ G42)\u201d\" rel=\"nofollow\" data-success_message=\"\u00abBarres de renfort de baie moteur en carbone (BMW G20 \/ G22 \/ G42)\u00bb se ha a\u00f1adido a tu carrito\" data-no-translation=\"\" data-trp-gettext=\"\" data-no-translation-aria-label=\"\" data-no-translation-data-success_message=\"\">A\u00f1adir al carrito<\/a>\t<span id=\"woocommerce_loop_add_to_cart_link_describedby_7958\" class=\"screen-reader-text\">\n\t\t\t<\/span>\n<\/li>\n<li class=\"product type-product post-7926 status-publish instock product_cat-accessoires-macote-bmw product_cat-bmw-accessoires-fibre-de-carbone product_cat-bmw-oem product_cat-bmw-serie-3 product_cat-bmw-serie-3-e90-e91-e92-e93 product_cat-calandre product_cat-modification-exterieur-vehicule product_cat-m3 product_cat-m3-e90-e91-e92-e93 has-post-thumbnail taxable shipping-taxable purchasable product-type-variable\">\n\t<a href=\"https:\/\/macote.fr\/es\/producto\/rejilla-delantera-de-fibra-de-carbono-para-bmw-m3-e90-e92-y-bmw-serie-3-e92-fase-1-y-fase-2\/\" class=\"woocommerce-LoopProduct-link woocommerce-loop-product__link\"><img loading=\"lazy\" decoding=\"async\" width=\"300\" height=\"400\" src=\"https:\/\/macote.fr\/wp-content\/uploads\/2026\/08\/Calandre-bmw-double-haricot-carbone-M3-E90-et-E92-300x400.png\" class=\"attachment-woocommerce_thumbnail size-woocommerce_thumbnail\" alt=\"Rejilla delantera BMW con doble logotipo en carbono para M3 E90 y E92\" \/><h2 class=\"woocommerce-loop-product__title\">Rejilla delantera de fibra de carbono para BMW M3 E90, E92 y BMW Serie 3 E92 \u2013 Fase 1 y Fase 2<\/h2>\n\t<span class=\"price\"><span class=\"woocommerce-Price-amount amount\"><bdi>319,99&nbsp;<span class=\"woocommerce-Price-currencySymbol\" translate=\"no\">\u20ac<\/span><\/bdi><\/span><\/span>\n<\/a><a href=\"https:\/\/macote.fr\/es\/producto\/rejilla-delantera-de-fibra-de-carbono-para-bmw-m3-e90-e92-y-bmw-serie-3-e92-fase-1-y-fase-2\/\" aria-describedby=\"woocommerce_loop_add_to_cart_link_describedby_7926\" data-quantity=\"1\" class=\"button product_type_variable add_to_cart_button\" data-product_id=\"7926\" data-product_sku=\"\" aria-label=\"Elige las opciones para \u201cCalandre en Fibre de Carbone BMW M3 E90 E92 &amp; BMW S\u00e9rie 3 E92 \u2013 Phase 1 &amp; Phase 2\u201d\" rel=\"nofollow\" data-no-translation=\"\" data-trp-gettext=\"\" data-no-translation-aria-label=\"\">Seleccionar opciones<\/a>\t<span id=\"woocommerce_loop_add_to_cart_link_describedby_7926\" class=\"screen-reader-text\">\n\t\tEste producto tiene m\u00faltiples variantes. Las opciones se pueden elegir en la p\u00e1gina de producto\t<\/span>\n<\/li>\n<li class=\"product type-product post-7893 status-publish last instock product_cat-bmw-accessoires-fibre-de-carbone product_cat-bmw-oem product_cat-calandre product_cat-modification-exterieur-vehicule product_cat-x3 product_cat-x3-f25 product_cat-x4 product_cat-x4-f26 has-post-thumbnail taxable shipping-taxable purchasable product-type-simple\">\n\t<a href=\"https:\/\/macote.fr\/es\/producto\/rejilla-delantera-de-fibra-de-carbono-para-bmw-x3-f25-x4-f26-lci-2014-2018\/\" class=\"woocommerce-LoopProduct-link woocommerce-loop-product__link\"><img loading=\"lazy\" decoding=\"async\" width=\"300\" height=\"400\" src=\"https:\/\/macote.fr\/wp-content\/uploads\/2026\/07\/Calandre-Fibre-de-Carbone-BMW-X3-F25-X4-F26-Paire-Complete-300x400.jpg\" class=\"attachment-woocommerce_thumbnail size-woocommerce_thumbnail\" alt=\"Rejilla delantera de fibra de carbono para BMW X3 F25 y X4 F26 (juego completo)\" \/><h2 class=\"woocommerce-loop-product__title\">Rejilla delantera de fibra de carbono para BMW X3 F25 \u2013 X4 F26 \u2013 LCI 2014-2018<\/h2>\n\t<span class=\"price\"><span class=\"woocommerce-Price-amount amount\"><bdi>339,00&nbsp;<span class=\"woocommerce-Price-currencySymbol\" translate=\"no\">\u20ac<\/span><\/bdi><\/span><\/span>\n<\/a><a href=\"\/es\/wp-json\/wp\/v2\/pages\/7984?add-to-cart=7893\" aria-describedby=\"woocommerce_loop_add_to_cart_link_describedby_7893\" data-quantity=\"1\" class=\"button product_type_simple add_to_cart_button ajax_add_to_cart\" data-product_id=\"7893\" data-product_sku=\"\" aria-label=\"A\u00f1adir al carrito: \u201cCalandre Fibre de Carbone BMW X3 F25 - X4 F26 - LCI 2014-2018\u201d\" rel=\"nofollow\" data-success_message=\"\u00abCalandre Fibre de Carbone BMW X3 F25 - X4 F26 - LCI 2014-2018\u00bb se ha a\u00f1adido a tu carrito\" data-no-translation=\"\" data-trp-gettext=\"\" data-no-translation-aria-label=\"\" data-no-translation-data-success_message=\"\">A\u00f1adir al carrito<\/a>\t<span id=\"woocommerce_loop_add_to_cart_link_describedby_7893\" class=\"screen-reader-text\">\n\t\t\t<\/span>\n<\/li>\n<li class=\"product type-product post-7777 status-publish first instock product_cat-bmw-refit-oem product_cat-bmw-serie-3 product_cat-bmw-serie-3-e90-e91-e92-e93 product_cat-modifications-interieurs product_cat-poignees-de-porte has-post-thumbnail taxable shipping-taxable purchasable product-type-variable\">\n\t<a href=\"https:\/\/macote.fr\/es\/producto\/manilla-de-puerta-interior-bmw-serie-3-e90-e91-e92\/\" class=\"woocommerce-LoopProduct-link woocommerce-loop-product__link\"><img loading=\"lazy\" decoding=\"async\" width=\"300\" height=\"400\" src=\"https:\/\/macote.fr\/wp-content\/uploads\/2026\/07\/Toutes-les-poignees-cote-exterieur-porte-droite-300x400.png\" class=\"attachment-woocommerce_thumbnail size-woocommerce_thumbnail\" alt=\"Todas las manillas del lado exterior de la puerta derecha\" \/><h2 class=\"woocommerce-loop-product__title\">Manilla de puerta interior BMW Serie 3 E90, E91 y E92<\/h2>\n\t<span class=\"price\"><span class=\"woocommerce-Price-amount amount\" aria-hidden=\"true\"><bdi>19,99&nbsp;<span class=\"woocommerce-Price-currencySymbol\" translate=\"no\">&euro;<\/span><\/bdi><\/span> <span aria-hidden=\"true\">-<\/span> <span class=\"woocommerce-Price-amount amount\" aria-hidden=\"true\"><bdi>29,99&nbsp;<span class=\"woocommerce-Price-currencySymbol\" translate=\"no\">&euro;<\/span><\/bdi><\/span><span class=\"screen-reader-text\" data-no-translation=\"\" data-trp-gettext=\"\">Rango de precios: desde 19,99&nbsp;&euro; hasta 29,99&nbsp;&euro;<\/span><\/span>\n<\/a><a href=\"https:\/\/macote.fr\/es\/producto\/manilla-de-puerta-interior-bmw-serie-3-e90-e91-e92\/\" aria-describedby=\"woocommerce_loop_add_to_cart_link_describedby_7777\" data-quantity=\"1\" class=\"button product_type_variable add_to_cart_button\" data-product_id=\"7777\" data-product_sku=\"\" aria-label=\"Elige las opciones para \u201cPoign\u00e9e de porte int\u00e9rieure BMW S\u00e9rie 3 E90 E91 E92\u201d\" rel=\"nofollow\" data-no-translation=\"\" data-trp-gettext=\"\" data-no-translation-aria-label=\"\">Seleccionar opciones<\/a>\t<span id=\"woocommerce_loop_add_to_cart_link_describedby_7777\" class=\"screen-reader-text\">\n\t\tEste producto tiene m\u00faltiples variantes. Las opciones se pueden elegir en la p\u00e1gina de producto\t<\/span>\n<\/li>\n<li class=\"product type-product post-7782 status-publish instock product_cat-bmw-n47 product_cat-bmw-n57 product_cat-bmw-oem product_cat-bmw-serie-1 product_cat-bmw-serie-1-e87 product_cat-bmw-serie-2 product_cat-bmw-serie-2-f22-f23 product_cat-bmw-serie-3 product_cat-bmw-serie-3-e90-e91-e92-e93 product_cat-bmw-serie-3-f30-f31-f34-f35 product_cat-bmw-serie-4 product_cat-bmw-serie-4-f32-f33-f36 product_cat-bmw-serie-5 product_cat-bmw-serie-5-f10-f11-f07-f18 product_cat-bmw-serie-6 product_cat-bmw-serie-6-f06-f12-f13 product_cat-bmw-serie-7 product_cat-bmw-serie-7-f01-f02 product_cat-moteur product_cat-modification-de-performance product_cat-x1 product_cat-x1-e84 product_cat-x3 product_cat-x3-f25 product_cat-x4 product_cat-x4-f26 product_cat-x5 product_cat-x5-e70 product_cat-x5-f15 product_cat-x6 product_cat-x6-f16 product_cat-x6m-f96-x6-g06 has-post-thumbnail taxable shipping-taxable purchasable product-type-simple\">\n\t<a href=\"https:\/\/macote.fr\/es\/producto\/tubo-de-refrigerante-reforzado-de-aluminio-para-bmw-n47-y-n57\/\" class=\"woocommerce-LoopProduct-link woocommerce-loop-product__link\"><img loading=\"lazy\" decoding=\"async\" width=\"300\" height=\"400\" src=\"https:\/\/macote.fr\/wp-content\/uploads\/2026\/07\/bride-refroidissement-oem-plus-bmw-n47-n57-300x400.avif\" class=\"attachment-woocommerce_thumbnail size-woocommerce_thumbnail\" alt=\"brida-de-refrigeraci\u00f3n-OEM-Plus-BMW-N47-N57\" \/><h2 class=\"woocommerce-loop-product__title\">Tubo de refrigerante reforzado de aluminio \u2013 BMW N47\/N57<\/h2>\n\t<span class=\"price\"><span class=\"woocommerce-Price-amount amount\"><bdi>26,99&nbsp;<span class=\"woocommerce-Price-currencySymbol\" translate=\"no\">\u20ac<\/span><\/bdi><\/span><\/span>\n<\/a><a href=\"\/es\/wp-json\/wp\/v2\/pages\/7984?add-to-cart=7782\" aria-describedby=\"woocommerce_loop_add_to_cart_link_describedby_7782\" data-quantity=\"1\" class=\"button product_type_simple add_to_cart_button ajax_add_to_cart\" data-product_id=\"7782\" data-product_sku=\"\" aria-label=\"A\u00f1adir al carrito: \u201cConduit de liquide de refroidissement renforc\u00e9 en aluminium - BMW N47\/N57\u201d\" rel=\"nofollow\" data-success_message=\"\u00abConduit de liquide de refroidissement renforc\u00e9 en aluminium - BMW N47\/N57\u00bb se ha a\u00f1adido a tu carrito\" data-no-translation=\"\" data-trp-gettext=\"\" data-no-translation-aria-label=\"\" data-no-translation-data-success_message=\"\">A\u00f1adir al carrito<\/a>\t<span id=\"woocommerce_loop_add_to_cart_link_describedby_7782\" class=\"screen-reader-text\">\n\t\t\t<\/span>\n<\/li>\n<li class=\"product type-product post-7752 status-publish instock product_cat-bmw-refit-oem product_cat-bmw-serie-3 product_cat-bmw-serie-3-e90-e91-e92-e93 product_cat-moteur product_cat-modification-de-performance has-post-thumbnail taxable shipping-taxable purchasable product-type-simple\">\n\t<a href=\"https:\/\/macote.fr\/es\/producto\/tubo-de-admision-de-aire-bmw-e90-e91-m47-conducto-de-admision-de-aire-del-motor\/\" class=\"woocommerce-LoopProduct-link woocommerce-loop-product__link\"><img loading=\"lazy\" decoding=\"async\" width=\"300\" height=\"400\" src=\"https:\/\/macote.fr\/wp-content\/uploads\/2026\/07\/Admission-dair-E90-et-E91-BMW-300x400.jpg\" class=\"attachment-woocommerce_thumbnail size-woocommerce_thumbnail\" alt=\"Conducto de admisi\u00f3n de aire BMW E90 E91, motor M47 - Recambio OEM\" \/><h2 class=\"woocommerce-loop-product__title\">Toma de aire BMW E90\/E91 M47 N2<\/h2>\n\t<span class=\"price\"><span class=\"woocommerce-Price-amount amount\"><bdi>29,99&nbsp;<span class=\"woocommerce-Price-currencySymbol\" translate=\"no\">\u20ac<\/span><\/bdi><\/span><\/span>\n<\/a><a href=\"\/es\/wp-json\/wp\/v2\/pages\/7984?add-to-cart=7752\" aria-describedby=\"woocommerce_loop_add_to_cart_link_describedby_7752\" data-quantity=\"1\" class=\"button product_type_simple add_to_cart_button ajax_add_to_cart\" data-product_id=\"7752\" data-product_sku=\"\" aria-label=\"A\u00f1adir al carrito: \u201cAdmission d&#039;air BMW E90\/E91 M47 N2\u201d\" rel=\"nofollow\" data-success_message=\"\u00abAdmission d&#039;air BMW E90\/E91 M47 N2\u00bb se ha a\u00f1adido a tu carrito\" data-no-translation=\"\" data-trp-gettext=\"\" data-no-translation-aria-label=\"\" data-no-translation-data-success_message=\"\">A\u00f1adir al carrito<\/a>\t<span id=\"woocommerce_loop_add_to_cart_link_describedby_7752\" class=\"screen-reader-text\">\n\t\t\t<\/span>\n<\/li>\n<li class=\"product type-product post-7670 status-publish last instock product_cat-bmw-refit-oem product_cat-bmw-serie-1 product_cat-bmw-serie-1-f20 product_cat-bmw-serie-2 product_cat-bmw-serie-2-f22-f23 product_cat-bmw-serie-3 product_cat-bmw-serie-3-f30-f31-f34-f35 product_cat-bmw-serie-4 product_cat-bmw-serie-4-f32-f33-f36 product_cat-bmw-serie-5 product_cat-bmw-serie-5-f10-f11-f07-f18 product_cat-bmw-serie-5-g30-g31-g38 product_cat-bmw-serie-6 product_cat-bmw-serie-6-f06-f12-f13 product_cat-bmw-serie-6-g32 product_cat-bmw-serie-7 product_cat-bmw-serie-7-f01-f02 product_cat-bmw-serie-7-g11-g12 product_cat-modifications-interieurs product_cat-x3 product_cat-x3-f25 product_cat-x4 product_cat-x4-f26 product_cat-x5 product_cat-x5-e70 product_cat-x5-f15 product_cat-x6 product_cat-x6-e71 product_cat-x6-f16 has-post-thumbnail taxable shipping-taxable purchasable product-type-variable\">\n\t<a href=\"https:\/\/macote.fr\/es\/producto\/inserto-prnd-para-la-palanca-de-cambios-automatica-de-la-serie-f-de-bmw\/\" class=\"woocommerce-LoopProduct-link woocommerce-loop-product__link\"><img loading=\"lazy\" decoding=\"async\" width=\"300\" height=\"400\" src=\"https:\/\/macote.fr\/wp-content\/uploads\/2026\/07\/comparatif-versions-insert-prnd-pommeau-vitesse-bmw-300x400.png\" class=\"attachment-woocommerce_thumbnail size-woocommerce_thumbnail\" alt=\"Comparativa de versiones: inserto PRND y pomo de cambios de BMW\" \/><h2 class=\"woocommerce-loop-product__title\">Inserto PRND para la palanca de cambios autom\u00e1tica \u2013 BMW Serie F<\/h2>\n\t<span class=\"price\"><span class=\"woocommerce-Price-amount amount\"><bdi>18,99&nbsp;<span class=\"woocommerce-Price-currencySymbol\" translate=\"no\">\u20ac<\/span><\/bdi><\/span><\/span>\n<\/a><a href=\"https:\/\/macote.fr\/es\/producto\/inserto-prnd-para-la-palanca-de-cambios-automatica-de-la-serie-f-de-bmw\/\" aria-describedby=\"woocommerce_loop_add_to_cart_link_describedby_7670\" data-quantity=\"1\" class=\"button product_type_variable add_to_cart_button\" data-product_id=\"7670\" data-product_sku=\"\" aria-label=\"Elige las opciones para \u201cInsert PRND de pommeau de vitesse automatique \u2013 BMW S\u00e9ries F\u201d\" rel=\"nofollow\" data-no-translation=\"\" data-trp-gettext=\"\" data-no-translation-aria-label=\"\">Seleccionar opciones<\/a>\t<span id=\"woocommerce_loop_add_to_cart_link_describedby_7670\" class=\"screen-reader-text\">\n\t\tEste producto tiene m\u00faltiples variantes. Las opciones se pueden elegir en la p\u00e1gina de producto\t<\/span>\n<\/li>\n<li class=\"product type-product post-7627 status-publish first instock product_cat-eclairage-signature-lumineuse product_cat-phares-jaunes-led product_cat-x3 product_cat-x3-f25 product_cat-x4 product_cat-x4-f26 product_tag-bmw-yellow-drl has-post-thumbnail taxable shipping-taxable purchasable product-type-variable\">\n\t<a href=\"https:\/\/macote.fr\/es\/producto\/led-drl-faros-amarillos-bmw-x3-f25-x4-f26-2011-2018-angel-eyes\/\" class=\"woocommerce-LoopProduct-link woocommerce-loop-product__link\"><img loading=\"lazy\" decoding=\"async\" width=\"300\" height=\"400\" src=\"https:\/\/macote.fr\/wp-content\/uploads\/2026\/07\/BMW-X3-F25-YELLOW-DRL-LED-HEADLIGHT-300x400.png\" class=\"attachment-woocommerce_thumbnail size-woocommerce_thumbnail\" alt=\"BMW X3 F25 FAROS LED DRL AMARILLOS\" \/><h2 class=\"woocommerce-loop-product__title\">LED DRL \u2013 Faros amarillos \u2013 BMW X3 F25 y X4 F26 (2011-2018) \u2013 Angel Eyes<\/h2>\n\t<span class=\"price\"><span class=\"woocommerce-Price-amount amount\" aria-hidden=\"true\"><bdi>199,99&nbsp;<span class=\"woocommerce-Price-currencySymbol\" translate=\"no\">&euro;<\/span><\/bdi><\/span> <span aria-hidden=\"true\">-<\/span> <span class=\"woocommerce-Price-amount amount\" aria-hidden=\"true\"><bdi>299,99&nbsp;<span class=\"woocommerce-Price-currencySymbol\" translate=\"no\">&euro;<\/span><\/bdi><\/span><span class=\"screen-reader-text\" data-no-translation=\"\" data-trp-gettext=\"\">Rango de precios: desde 199,99&nbsp;&euro; hasta 299,99&nbsp;&euro;<\/span><\/span>\n<\/a><a href=\"https:\/\/macote.fr\/es\/producto\/led-drl-faros-amarillos-bmw-x3-f25-x4-f26-2011-2018-angel-eyes\/\" aria-describedby=\"woocommerce_loop_add_to_cart_link_describedby_7627\" data-quantity=\"1\" class=\"button product_type_variable add_to_cart_button\" data-product_id=\"7627\" data-product_sku=\"\" aria-label=\"Elige las opciones para \u201cLED DRL - Phares Jaunes - BMW X3 F25 &amp; X4 F26 (2011-2018) - Angel Eyes\u201d\" rel=\"nofollow\" data-no-translation=\"\" data-trp-gettext=\"\" data-no-translation-aria-label=\"\">Seleccionar opciones<\/a>\t<span id=\"woocommerce_loop_add_to_cart_link_describedby_7627\" class=\"screen-reader-text\">\n\t\tEste producto tiene m\u00faltiples variantes. Las opciones se pueden elegir en la p\u00e1gina de producto\t<\/span>\n<\/li>\n<li class=\"product type-product post-7604 status-publish instock product_cat-bmw-refit-oem product_cat-modifications-interieurs product_cat-x3 product_cat-x3-f25 product_cat-x4 product_cat-x4-f26 has-post-thumbnail taxable shipping-taxable purchasable product-type-variable\">\n\t<a href=\"https:\/\/macote.fr\/es\/producto\/tapa-de-la-toma-obd-para-bmw-x3-f25-y-x4-f26\/\" class=\"woocommerce-LoopProduct-link woocommerce-loop-product__link\"><img loading=\"lazy\" decoding=\"async\" width=\"300\" height=\"400\" src=\"https:\/\/macote.fr\/wp-content\/uploads\/2026\/07\/cache-obd-noir-bmw-x3-f25-x4-f26-clips-fixation-300x400.avif\" class=\"attachment-woocommerce_thumbnail size-woocommerce_thumbnail\" alt=\"Tapa OBD negra para BMW X3 F25 y X4 F26 con clips de fijaci\u00f3n\" \/><h2 class=\"woocommerce-loop-product__title\">Tapa de la toma OBD para BMW X3 F25 y X4 F26<\/h2>\n\t<span class=\"price\"><span class=\"woocommerce-Price-amount amount\"><bdi>12,99&nbsp;<span class=\"woocommerce-Price-currencySymbol\" translate=\"no\">\u20ac<\/span><\/bdi><\/span><\/span>\n<\/a><a href=\"https:\/\/macote.fr\/es\/producto\/tapa-de-la-toma-obd-para-bmw-x3-f25-y-x4-f26\/\" aria-describedby=\"woocommerce_loop_add_to_cart_link_describedby_7604\" data-quantity=\"1\" class=\"button product_type_variable add_to_cart_button\" data-product_id=\"7604\" data-product_sku=\"\" aria-label=\"Elige las opciones para \u201cCache de prise OBD BMW X3 F25 &amp; X4 F26\u201d\" rel=\"nofollow\" data-no-translation=\"\" data-trp-gettext=\"\" data-no-translation-aria-label=\"\">Seleccionar opciones<\/a>\t<span id=\"woocommerce_loop_add_to_cart_link_describedby_7604\" class=\"screen-reader-text\">\n\t\tEste producto tiene m\u00faltiples variantes. Las opciones se pueden elegir en la p\u00e1gina de producto\t<\/span>\n<\/li>\n<li class=\"product type-product post-7530 status-publish instock product_cat-bmw-refit-oem product_cat-bmw-serie-3 product_cat-bmw-serie-3-e90-e91-e92-e93 product_cat-modifications-interieurs has-post-thumbnail taxable shipping-taxable purchasable product-type-variable\">\n\t<a href=\"https:\/\/macote.fr\/es\/producto\/manilla-de-la-puerta-interior-del-conductor-del-bmw-serie-3-e90-e91\/\" class=\"woocommerce-LoopProduct-link woocommerce-loop-product__link\"><img loading=\"lazy\" decoding=\"async\" width=\"300\" height=\"400\" src=\"https:\/\/macote.fr\/wp-content\/uploads\/2026\/07\/poignee-interieure-porte-bmw-e90-e91-300x400.jpg\" class=\"attachment-woocommerce_thumbnail size-woocommerce_thumbnail\" alt=\"tirador-interior-puerta-bmw-e90-e91\" srcset=\"https:\/\/macote.fr\/wp-content\/uploads\/2026\/07\/poignee-interieure-porte-bmw-e90-e91-300x400.jpg 300w, https:\/\/macote.fr\/wp-content\/uploads\/2026\/07\/poignee-interieure-porte-bmw-e90-e91-9x12.jpg 9w\" sizes=\"(max-width: 300px) 100vw, 300px\" \/><h2 class=\"woocommerce-loop-product__title\">Tapa de la manilla de la puerta interior del BMW Serie 3 E90 E91<\/h2>\n\t<span class=\"price\"><span class=\"woocommerce-Price-amount amount\"><bdi>39,99&nbsp;<span class=\"woocommerce-Price-currencySymbol\" translate=\"no\">\u20ac<\/span><\/bdi><\/span><\/span>\n<\/a><a href=\"https:\/\/macote.fr\/es\/producto\/manilla-de-la-puerta-interior-del-conductor-del-bmw-serie-3-e90-e91\/\" aria-describedby=\"woocommerce_loop_add_to_cart_link_describedby_7530\" data-quantity=\"1\" class=\"button product_type_variable add_to_cart_button\" data-product_id=\"7530\" data-product_sku=\"\" aria-label=\"Elige las opciones para \u201cCache de poign\u00e9e de porte int\u00e9rieure BMW S\u00e9rie 3 E90 E91\u201d\" rel=\"nofollow\" data-no-translation=\"\" data-trp-gettext=\"\" data-no-translation-aria-label=\"\">Seleccionar opciones<\/a>\t<span id=\"woocommerce_loop_add_to_cart_link_describedby_7530\" class=\"screen-reader-text\">\n\t\tEste producto tiene m\u00faltiples variantes. Las opciones se pueden elegir en la p\u00e1gina de producto\t<\/span>\n<\/li>\n<li class=\"product type-product post-7532 status-publish last instock product_cat-bmw-refit-oem product_cat-bmw-serie-5 product_cat-bmw-serie-5-f10-f11-f07-f18 product_cat-bmw-serie-6 product_cat-bmw-serie-6-f06-f12-f13 product_cat-bmw-serie-7 product_cat-bmw-serie-7-f01-f02 product_cat-modifications-interieurs product_cat-x3 product_cat-x3-f25 product_cat-x4 product_cat-x4-f26 product_cat-x5 product_cat-x5-f15 product_cat-x6 product_cat-x6-f16 has-post-thumbnail taxable shipping-taxable purchasable product-type-variable\">\n\t<a href=\"https:\/\/macote.fr\/es\/producto\/sustitucion-del-boton-del-freno-de-mano-electronico-bmw-parking\/\" class=\"woocommerce-LoopProduct-link woocommerce-loop-product__link\"><img loading=\"lazy\" decoding=\"async\" width=\"300\" height=\"400\" src=\"https:\/\/macote.fr\/wp-content\/uploads\/2026\/07\/Bouton-frein-de-stationnement-BMW-use-avant-remplacement-300x400.avif\" class=\"attachment-woocommerce_thumbnail size-woocommerce_thumbnail\" alt=\"Bot\u00f3n del freno de mano de BMW desgastado antes de su sustituci\u00f3n\" \/><h2 class=\"woocommerce-loop-product__title\">Sustituci\u00f3n del bot\u00f3n del freno de mano electr\u00f3nico de BMW \u2013 PARKING<\/h2>\n\t<span class=\"price\"><span class=\"woocommerce-Price-amount amount\"><bdi>19,99&nbsp;<span class=\"woocommerce-Price-currencySymbol\" translate=\"no\">\u20ac<\/span><\/bdi><\/span><\/span>\n<\/a><a href=\"https:\/\/macote.fr\/es\/producto\/sustitucion-del-boton-del-freno-de-mano-electronico-bmw-parking\/\" aria-describedby=\"woocommerce_loop_add_to_cart_link_describedby_7532\" data-quantity=\"1\" class=\"button product_type_variable add_to_cart_button\" data-product_id=\"7532\" data-product_sku=\"\" aria-label=\"Elige las opciones para \u201cRemplacement Bouton de frein de stationnement \u00e9lectronique BMW - PARKING\u201d\" rel=\"nofollow\" data-no-translation=\"\" data-trp-gettext=\"\" data-no-translation-aria-label=\"\">Seleccionar opciones<\/a>\t<span id=\"woocommerce_loop_add_to_cart_link_describedby_7532\" class=\"screen-reader-text\">\n\t\tEste producto tiene m\u00faltiples variantes. Las opciones se pueden elegir en la p\u00e1gina de producto\t<\/span>\n<\/li>\n<\/ul>\n\n\t\t<nav class=\"ct-pagination\" aria-label=\"Paginaci\u00f3n de productos\" data-pagination=\"simple\"  >\n\t\t\t<div class=\"ct-hidden-sm\"><span aria-current=\"page\" class=\"page-numbers current\">1<\/span>\n<a class=\"page-numbers\" href=\"\/es\/wp-json\/wp\/v2\/pages\/7984?product-page=2\">2<\/a>\n<a class=\"page-numbers\" href=\"\/es\/wp-json\/wp\/v2\/pages\/7984?product-page=3\">3<\/a>\n<a class=\"page-numbers\" href=\"\/es\/wp-json\/wp\/v2\/pages\/7984?product-page=4\">4<\/a>\n<span class=\"page-numbers dots\">\u2026<\/span>\n<a class=\"page-numbers\" href=\"\/es\/wp-json\/wp\/v2\/pages\/7984?product-page=8\">8<\/a><\/div><a class=\"next page-numbers\" rel=\"next\" href=\"\/es\/wp-json\/wp\/v2\/pages\/7984?product-page=2\">Siguiente <svg width=\"9px\" height=\"9px\" viewbox=\"0 0 15 15\" fill=\"currentColor\"><path d=\"M4.1,15c0.2,0,0.4-0.1,0.6-0.2L11.4,8c0.3-0.3,0.3-0.8,0-1.1L4.8,0.2C4.5-0.1,4-0.1,3.7,0.2C3.4,0.5,3.4,1,3.7,1.3l6.1,6.1l-6.2,6.2c-0.3,0.3-0.3,0.8,0,1.1C3.7,14.9,3.9,15,4.1,15z\"\/><\/svg><\/a>\n\t\t\t\n\t\t<\/nav><\/div>\t\t\t\t<\/div>\n\t\t\t\t<\/div>\n\t\t\t\t\t<\/div>\n\t\t\t\t<\/div>\n\t\t<div data-particle_enable=\"false\" data-particle-mobile-disabled=\"false\" class=\"elementor-element elementor-element-55007696 e-flex e-con-boxed e-con e-parent\" data-id=\"55007696\" data-element_type=\"container\" data-e-type=\"container\" data-settings=\"{&quot;background_background&quot;:&quot;classic&quot;}\">\n\t\t\t\t\t<div class=\"e-con-inner\">\n\t\t<div data-particle_enable=\"false\" data-particle-mobile-disabled=\"false\" class=\"elementor-element elementor-element-4a4e7de7 e-con-full e-flex e-con e-child\" data-id=\"4a4e7de7\" data-element_type=\"container\" data-e-type=\"container\">\n\t\t\t\t<div class=\"elementor-element elementor-element-6eccbf48 elementor-widget elementor-widget-image\" data-id=\"6eccbf48\" data-element_type=\"widget\" data-e-type=\"widget\" data-widget_type=\"image.default\">\n\t\t\t\t<div class=\"elementor-widget-container\">\n\t\t\t\t\t\t\t\t\t\t\t\t\t\t\t<img loading=\"lazy\" decoding=\"async\" width=\"800\" height=\"800\" src=\"https:\/\/macote.fr\/wp-content\/uploads\/2025\/11\/S1395f4e955c54bc18c0bed2b1df9a5d21.jpg\" class=\"attachment-large size-large wp-image-7070\" alt=\"carga inal\u00e1mbrica bmw magsafe\" srcset=\"https:\/\/macote.fr\/wp-content\/uploads\/2025\/11\/S1395f4e955c54bc18c0bed2b1df9a5d21.jpg 800w, https:\/\/macote.fr\/wp-content\/uploads\/2025\/11\/S1395f4e955c54bc18c0bed2b1df9a5d21-300x300.jpg 300w, https:\/\/macote.fr\/wp-content\/uploads\/2025\/11\/S1395f4e955c54bc18c0bed2b1df9a5d21-150x150.jpg 150w, https:\/\/macote.fr\/wp-content\/uploads\/2025\/11\/S1395f4e955c54bc18c0bed2b1df9a5d21-768x768.jpg 768w, https:\/\/macote.fr\/wp-content\/uploads\/2025\/11\/S1395f4e955c54bc18c0bed2b1df9a5d21-12x12.jpg 12w, https:\/\/macote.fr\/wp-content\/uploads\/2025\/11\/S1395f4e955c54bc18c0bed2b1df9a5d21-200x200.jpg 200w\" sizes=\"(max-width: 800px) 100vw, 800px\" \/>\t\t\t\t\t\t\t\t\t\t\t\t\t\t\t<\/div>\n\t\t\t\t<\/div>\n\t\t\t\t<\/div>\n\t\t<div data-particle_enable=\"false\" data-particle-mobile-disabled=\"false\" class=\"elementor-element elementor-element-4d5b4b0c e-con-full e-flex e-con e-child\" data-id=\"4d5b4b0c\" data-element_type=\"container\" data-e-type=\"container\">\n\t\t\t\t<div class=\"elementor-element elementor-element-67f9a1ca elementor-widget elementor-widget-heading\" data-id=\"67f9a1ca\" data-element_type=\"widget\" data-e-type=\"widget\" data-widget_type=\"heading.default\">\n\t\t\t\t<div class=\"elementor-widget-container\">\n\t\t\t\t\t<div class=\"elementor-heading-title elementor-size-default\">NUESTRO FAVORITO<\/div>\t\t\t\t<\/div>\n\t\t\t\t<\/div>\n\t\t\t\t<div class=\"elementor-element elementor-element-82cbb8f elementor-widget elementor-widget-heading\" data-id=\"82cbb8f\" data-element_type=\"widget\" data-e-type=\"widget\" data-widget_type=\"heading.default\">\n\t\t\t\t<div class=\"elementor-widget-container\">\n\t\t\t\t\t<h3 class=\"elementor-heading-title elementor-size-default\">Soporte para Iphone \/ Ipad MagSafe BMW Travel &amp; Comfort - Fijaci\u00f3n asiento trasero<\/h3>\t\t\t\t<\/div>\n\t\t\t\t<\/div>\n\t\t\t\t<div class=\"elementor-element elementor-element-47e10bd2 elementor-icon-list--layout-traditional elementor-list-item-link-full_width elementor-widget elementor-widget-icon-list\" data-id=\"47e10bd2\" data-element_type=\"widget\" data-e-type=\"widget\" data-widget_type=\"icon-list.default\">\n\t\t\t\t<div class=\"elementor-widget-container\">\n\t\t\t\t\t\t\t<ul class=\"elementor-icon-list-items\">\n\t\t\t\t\t\t\t<li class=\"elementor-icon-list-item\">\n\t\t\t\t\t\t\t\t\t\t\t<span class=\"elementor-icon-list-icon\">\n\t\t\t\t\t\t\t<i aria-hidden=\"true\" class=\"fas fa-check\"><\/i>\t\t\t\t\t\t<\/span>\n\t\t\t\t\t\t\t\t\t\t<span class=\"elementor-icon-list-text\">Compatibilidad con MagSafe<\/span>\n\t\t\t\t\t\t\t\t\t<\/li>\n\t\t\t\t\t\t\t\t<li class=\"elementor-icon-list-item\">\n\t\t\t\t\t\t\t\t\t\t\t<span class=\"elementor-icon-list-icon\">\n\t\t\t\t\t\t\t<i aria-hidden=\"true\" class=\"fas fa-check\"><\/i>\t\t\t\t\t\t<\/span>\n\t\t\t\t\t\t\t\t\t\t<span class=\"elementor-icon-list-text\">Carga inal\u00e1mbrica<\/span>\n\t\t\t\t\t\t\t\t\t<\/li>\n\t\t\t\t\t\t\t\t<li class=\"elementor-icon-list-item\">\n\t\t\t\t\t\t\t\t\t\t\t<span class=\"elementor-icon-list-icon\">\n\t\t\t\t\t\t\t<i aria-hidden=\"true\" class=\"fas fa-check\"><\/i>\t\t\t\t\t\t<\/span>\n\t\t\t\t\t\t\t\t\t\t<span class=\"elementor-icon-list-text\">Entrega gratuita<\/span>\n\t\t\t\t\t\t\t\t\t<\/li>\n\t\t\t\t\t\t<\/ul>\n\t\t\t\t\t\t<\/div>\n\t\t\t\t<\/div>\n\t\t\t\t<div class=\"elementor-element elementor-element-35dd21ff elementor-align-left elementor-widget elementor-widget-button\" data-id=\"35dd21ff\" data-element_type=\"widget\" data-e-type=\"widget\" data-widget_type=\"button.default\">\n\t\t\t\t<div class=\"elementor-widget-container\">\n\t\t\t\t\t\t\t\t\t<div class=\"elementor-button-wrapper\">\n\t\t\t\t\t<a class=\"elementor-button elementor-button-link elementor-size-sm\" href=\"https:\/\/macote.fr\/es\/producto\/soporte-iphone-ipad-magsafe-bmw-travel-comfort-fijacion-asiento-trasero\/\">\n\t\t\t\t\t\t<span class=\"elementor-button-content-wrapper\">\n\t\t\t\t\t\t\t\t\t<span class=\"elementor-button-text\">Descubra<\/span>\n\t\t\t\t\t<\/span>\n\t\t\t\t\t<\/a>\n\t\t\t\t<\/div>\n\t\t\t\t\t\t\t\t<\/div>\n\t\t\t\t<\/div>\n\t\t\t\t<\/div>\n\t\t\t\t\t<\/div>\n\t\t\t\t<\/div>\n\t\t<div data-particle_enable=\"false\" data-particle-mobile-disabled=\"false\" class=\"elementor-element elementor-element-1bf0aa85 e-flex e-con-boxed e-con e-parent\" data-id=\"1bf0aa85\" data-element_type=\"container\" data-e-type=\"container\" id=\"univers-eclairage\" data-settings=\"{&quot;background_background&quot;:&quot;classic&quot;}\">\n\t\t\t\t\t<div class=\"e-con-inner\">\n\t\t<div data-particle_enable=\"false\" data-particle-mobile-disabled=\"false\" class=\"elementor-element elementor-element-8c91f82 e-con-full e-flex e-con e-child\" data-id=\"8c91f82\" data-element_type=\"container\" data-e-type=\"container\">\n\t\t<div data-particle_enable=\"false\" data-particle-mobile-disabled=\"false\" class=\"elementor-element elementor-element-3d47af4e e-con-full e-flex e-con e-child\" data-id=\"3d47af4e\" data-element_type=\"container\" data-e-type=\"container\">\n\t\t\t\t<div class=\"elementor-element elementor-element-58954ae0 elementor-widget elementor-widget-heading\" data-id=\"58954ae0\" data-element_type=\"widget\" data-e-type=\"widget\" data-widget_type=\"heading.default\">\n\t\t\t\t<div class=\"elementor-widget-container\">\n\t\t\t\t\t<div class=\"elementor-heading-title elementor-size-default\">01 \u2014 ILUMINACI\u00d3N Y FIRMA<\/div>\t\t\t\t<\/div>\n\t\t\t\t<\/div>\n\t\t\t\t<div class=\"elementor-element elementor-element-112ba20 elementor-widget elementor-widget-heading\" data-id=\"112ba20\" data-element_type=\"widget\" data-e-type=\"widget\" data-widget_type=\"heading.default\">\n\t\t\t\t<div class=\"elementor-widget-container\">\n\t\t\t\t\t<h2 class=\"elementor-heading-title elementor-size-default\">Haz que te vean<\/h2>\t\t\t\t<\/div>\n\t\t\t\t<\/div>\n\t\t\t\t<div class=\"elementor-element elementor-element-56b2b5a1 elementor-widget elementor-widget-text-editor\" data-id=\"56b2b5a1\" data-element_type=\"widget\" data-e-type=\"widget\" data-widget_type=\"text-editor.default\">\n\t\t\t\t<div class=\"elementor-widget-container\">\n\t\t\t\t\t\t\t\t\t<p>Faros amarillos, \u00abangel eyes\u00bb y parrillas luminosas<\/p>\t\t\t\t\t\t\t\t<\/div>\n\t\t\t\t<\/div>\n\t\t\t\t<\/div>\n\t\t\t\t<div class=\"elementor-element elementor-element-5cae424f elementor-align-right elementor-widget__width-auto elementor-widget elementor-widget-button\" data-id=\"5cae424f\" data-element_type=\"widget\" data-e-type=\"widget\" data-widget_type=\"button.default\">\n\t\t\t\t<div class=\"elementor-widget-container\">\n\t\t\t\t\t\t\t\t\t<div class=\"elementor-button-wrapper\">\n\t\t\t\t\t<a class=\"elementor-button elementor-button-link elementor-size-sm\" href=\"https:\/\/macote.fr\/es\/categoria-de-productos\/accesorios-macote-para-bmw\/iluminacion-de-firma\/\">\n\t\t\t\t\t\t<span class=\"elementor-button-content-wrapper\">\n\t\t\t\t\t\t\t\t\t<span class=\"elementor-button-text\">Ver la categor\u00eda<\/span>\n\t\t\t\t\t<\/span>\n\t\t\t\t\t<\/a>\n\t\t\t\t<\/div>\n\t\t\t\t\t\t\t\t<\/div>\n\t\t\t\t<\/div>\n\t\t\t\t<\/div>\n\t\t\t\t<div class=\"elementor-element elementor-element-32416a5 elementor-widget elementor-widget-eael-woo-product-carousel\" data-id=\"32416a5\" data-element_type=\"widget\" data-e-type=\"widget\" data-widget_type=\"eael-woo-product-carousel.default\">\n\t\t\t\t<div class=\"elementor-widget-container\">\n\t\t\t\t\t\n        <div class=\"swiper-container-wrap eael-woo-product-carousel-container preset-3\" id=\"eael-product-carousel-32416a5\" data-widget-id=\"32416a5\" >\n            <div class=\"woocommerce eael-woo-product-carousel eael-product-appender-32416a5 eael-hover-buttons swiper swiper-8 swiper-container-32416a5 swiper-image-stretch\" data-checkout-url=\"https:\/\/macote.fr\/es\/pedir\/\" data-pagination=\".swiper-pagination-32416a5\" data-arrow-next=\".swiper-button-next-32416a5\" data-arrow-prev=\".swiper-button-prev-32416a5\" data-type=\"preset-3\" data-effect=\"slide\" data-items=\"3\" data-slide-items=\"1\" data-margin=\"10\" data-speed=\"505\" data-autoplay=\"3000\" data-pause-on-hover=\"true\" data-loop=\"1\" data-arrows=\"1\"><div class=\"products swiper-wrapper\">    <div class=\"product swiper-slide post-4437 type-product status-publish has-post-thumbnail product_cat-bmw-serie-2 product_cat-bmw-serie-2-f22-f23 product_cat-eclairage-signature-lumineuse product_cat-phares-jaunes-led product_tag-bmw-yellow-drl first instock taxable shipping-taxable purchasable product-type-variable\">\n        <div class=\"eael-product-carousel\">\n            <div class=\"product-image-wrap\">\n                <div class=\"image-wrap\">\n                    <a href=\"https:\/\/macote.fr\/es\/producto\/feux-diurnes-jaunes-style-csl-bmw-serie-2-f22-f23-2014-2017-pre-lci-feux-de-jour-yellow-day-running-light-drl\/\" class=\"woocommerce-LoopProduct-link woocommerce-loop-product__link\"><img decoding=\"async\" width=\"713\" height=\"713\" src=\"https:\/\/macote.fr\/wp-content\/uploads\/2024\/02\/BMW-2-series-Yellow-DRL-F22-F23-pre-LCI-CSL-Style-2014-2017.png\" class=\"attachment-full size-full\" alt=\"BMW Serie 2 DRL Amarillo F22, F23 pre LCI CSL Style (2014-2017)\" loading=\"eager\" srcset=\"https:\/\/macote.fr\/wp-content\/uploads\/2024\/02\/BMW-2-series-Yellow-DRL-F22-F23-pre-LCI-CSL-Style-2014-2017.png 713w, https:\/\/macote.fr\/wp-content\/uploads\/2024\/02\/BMW-2-series-Yellow-DRL-F22-F23-pre-LCI-CSL-Style-2014-2017-200x200.png 200w, https:\/\/macote.fr\/wp-content\/uploads\/2024\/02\/BMW-2-series-Yellow-DRL-F22-F23-pre-LCI-CSL-Style-2014-2017-300x300.png 300w, https:\/\/macote.fr\/wp-content\/uploads\/2024\/02\/BMW-2-series-Yellow-DRL-F22-F23-pre-LCI-CSL-Style-2014-2017-150x150.png 150w, https:\/\/macote.fr\/wp-content\/uploads\/2024\/02\/BMW-2-series-Yellow-DRL-F22-F23-pre-LCI-CSL-Style-2014-2017-12x12.png 12w, https:\/\/macote.fr\/wp-content\/uploads\/2024\/02\/BMW-2-series-Yellow-DRL-F22-F23-pre-LCI-CSL-Style-2014-2017-600x600.png 600w\" sizes=\"(max-width: 713px) 100vw, 713px\" \/><\/a>                <\/div>\n                <div class=\"image-hover-wrap\">\n                    <ul class=\"icons-wrap block-style\">\n                                                    <li class=\"add-to-cart\"><a href=\"https:\/\/macote.fr\/es\/producto\/feux-diurnes-jaunes-style-csl-bmw-serie-2-f22-f23-2014-2017-pre-lci-feux-de-jour-yellow-day-running-light-drl\/\" aria-describedby=\"woocommerce_loop_add_to_cart_link_describedby_4437\" data-quantity=\"1\" class=\"button product_type_variable add_to_cart_button\" data-product_id=\"4437\" data-product_sku=\"\" aria-label=\"Elige las opciones para \u201cLED DRL - Phares jaunes - BMW s\u00e9rie 2 F22, F23 (2014-2017) pre LCI - Angel Eyes\u201d\" rel=\"nofollow\" data-no-translation=\"\" data-trp-gettext=\"\" data-no-translation-aria-label=\"\">Seleccionar opciones<\/a>\t<span id=\"woocommerce_loop_add_to_cart_link_describedby_4437\" class=\"screen-reader-text\">\n\t\tEste producto tiene m\u00faltiples variantes. Las opciones se pueden elegir en la p\u00e1gina de producto\t<\/span>\n<\/li>\n                                                \t                                            <li class=\"view-details\"><a href=\"https:\/\/macote.fr\/es\/producto\/feux-diurnes-jaunes-style-csl-bmw-serie-2-f22-f23-2014-2017-pre-lci-feux-de-jour-yellow-day-running-light-drl\/\"><i class=\"fas fa-link\"><\/i><\/a><\/li>\n\n                    <\/ul>\n                                    <\/div>\n            <\/div>\n            <div class=\"product-details-wrap\">\n\t            <div class=\"eael-product-title\"><a href=\"https:\/\/macote.fr\/es\/producto\/feux-diurnes-jaunes-style-csl-bmw-serie-2-f22-f23-2014-2017-pre-lci-feux-de-jour-yellow-day-running-light-drl\/\" class=\"woocommerce-LoopProduct-link woocommerce-loop-product__link\"><h2>LED DRL - Faros amarillos - BMW Serie 2 F22, F23 (2014-2017) pre LCI - Angel Eyes<\/h2><\/a><\/div><div class=\"eael-product-price\"><span class=\"woocommerce-Price-amount amount\" aria-hidden=\"true\"><bdi>199,99&nbsp;<span class=\"woocommerce-Price-currencySymbol\" translate=\"no\">&euro;<\/span><\/bdi><\/span> <span aria-hidden=\"true\">-<\/span> <span class=\"woocommerce-Price-amount amount\" aria-hidden=\"true\"><bdi>399,99&nbsp;<span class=\"woocommerce-Price-currencySymbol\" translate=\"no\">&euro;<\/span><\/bdi><\/span><span class=\"screen-reader-text\" data-no-translation=\"\" data-trp-gettext=\"\">Rango de precios: desde 199,99&nbsp;&euro; hasta 399,99&nbsp;&euro;<\/span><\/div>\n            <\/div>\n        <\/div>\n\t<\/div>\n        <div class=\"product swiper-slide post-4866 type-product status-publish has-post-thumbnail product_cat-eclairage-signature-lumineuse product_cat-phares-jaunes-led product_cat-x4 product_cat-x4m-f98-x4-g02 product_tag-bmw-yellow-drl  instock taxable shipping-taxable purchasable product-type-variable\">\n        <div class=\"eael-product-carousel\">\n            <div class=\"product-image-wrap\">\n                <div class=\"image-wrap\">\n                    <a href=\"https:\/\/macote.fr\/es\/producto\/led-drl-phares-jaunes-bmw-m8-f91-serie-8-g14-2018-2024-pre-lci-style-csl-3\/\" class=\"woocommerce-LoopProduct-link woocommerce-loop-product__link\"><img decoding=\"async\" width=\"819\" height=\"643\" src=\"https:\/\/macote.fr\/wp-content\/uploads\/2024\/08\/Phares-jaunes-LED-BMW-X3-G01-X3M-F97-LCI-2021-2024-3-e1722613892522.jpg\" class=\"attachment-full size-full\" alt=\"Faros LED amarillos BMW X4 G02 &amp; X4M F98 LCI (2021-2024)\" loading=\"eager\" srcset=\"https:\/\/macote.fr\/wp-content\/uploads\/2024\/08\/Phares-jaunes-LED-BMW-X3-G01-X3M-F97-LCI-2021-2024-3-e1722613892522.jpg 819w, https:\/\/macote.fr\/wp-content\/uploads\/2024\/08\/Phares-jaunes-LED-BMW-X3-G01-X3M-F97-LCI-2021-2024-3-e1722613892522-300x236.jpg 300w, https:\/\/macote.fr\/wp-content\/uploads\/2024\/08\/Phares-jaunes-LED-BMW-X3-G01-X3M-F97-LCI-2021-2024-3-e1722613892522-768x603.jpg 768w, https:\/\/macote.fr\/wp-content\/uploads\/2024\/08\/Phares-jaunes-LED-BMW-X3-G01-X3M-F97-LCI-2021-2024-3-e1722613892522-15x12.jpg 15w\" sizes=\"(max-width: 819px) 100vw, 819px\" \/><\/a>                <\/div>\n                <div class=\"image-hover-wrap\">\n                    <ul class=\"icons-wrap block-style\">\n                                                    <li class=\"add-to-cart\"><a href=\"https:\/\/macote.fr\/es\/producto\/led-drl-phares-jaunes-bmw-m8-f91-serie-8-g14-2018-2024-pre-lci-style-csl-3\/\" aria-describedby=\"woocommerce_loop_add_to_cart_link_describedby_4866\" data-quantity=\"1\" class=\"button product_type_variable add_to_cart_button\" data-product_id=\"4866\" data-product_sku=\"\" aria-label=\"Elige las opciones para \u201cLED DRL - Phares Jaunes - BMW X4M F98 &amp; X4 G02 (2021-2024) LCI - Angel Eyes\u201d\" rel=\"nofollow\" data-no-translation=\"\" data-trp-gettext=\"\" data-no-translation-aria-label=\"\">Seleccionar opciones<\/a>\t<span id=\"woocommerce_loop_add_to_cart_link_describedby_4866\" class=\"screen-reader-text\">\n\t\tEste producto tiene m\u00faltiples variantes. Las opciones se pueden elegir en la p\u00e1gina de producto\t<\/span>\n<\/li>\n                                                \t                                            <li class=\"view-details\"><a href=\"https:\/\/macote.fr\/es\/producto\/led-drl-phares-jaunes-bmw-m8-f91-serie-8-g14-2018-2024-pre-lci-style-csl-3\/\"><i class=\"fas fa-link\"><\/i><\/a><\/li>\n\n                    <\/ul>\n                                    <\/div>\n            <\/div>\n            <div class=\"product-details-wrap\">\n\t            <div class=\"eael-product-title\"><a href=\"https:\/\/macote.fr\/es\/producto\/led-drl-phares-jaunes-bmw-m8-f91-serie-8-g14-2018-2024-pre-lci-style-csl-3\/\" class=\"woocommerce-LoopProduct-link woocommerce-loop-product__link\"><h2>LED DRL - Faros Amarillos - BMW X4M F98 &amp; X4 G02 (2021-2024) LCI - Angel Eyes<\/h2><\/a><\/div><div class=\"eael-product-price\"><span class=\"woocommerce-Price-amount amount\" aria-hidden=\"true\"><bdi>199,99&nbsp;<span class=\"woocommerce-Price-currencySymbol\" translate=\"no\">&euro;<\/span><\/bdi><\/span> <span aria-hidden=\"true\">-<\/span> <span class=\"woocommerce-Price-amount amount\" aria-hidden=\"true\"><bdi>399,99&nbsp;<span class=\"woocommerce-Price-currencySymbol\" translate=\"no\">&euro;<\/span><\/bdi><\/span><span class=\"screen-reader-text\" data-no-translation=\"\" data-trp-gettext=\"\">Rango de precios: desde 199,99&nbsp;&euro; hasta 399,99&nbsp;&euro;<\/span><\/div>\n            <\/div>\n        <\/div>\n\t<\/div>\n        <div class=\"product swiper-slide post-4612 type-product status-publish has-post-thumbnail product_cat-eclairage-signature-lumineuse product_cat-m5 product_cat-m5-e39  instock taxable shipping-taxable purchasable product-type-variable\">\n        <div class=\"eael-product-carousel\">\n            <div class=\"product-image-wrap\">\n                <div class=\"image-wrap\">\n                    <a href=\"https:\/\/macote.fr\/es\/producto\/faros-antiniebla-amarillo-negro-transparente-oscuro-led-bmw-m5-e39\/\" class=\"woocommerce-LoopProduct-link woocommerce-loop-product__link\"><img decoding=\"async\" width=\"728\" height=\"729\" src=\"https:\/\/macote.fr\/wp-content\/uploads\/2024\/03\/BMW_M5_E39_phares_antibrouillard_jaune_face_avant_2000-2006.jpg\" class=\"attachment-full size-full\" alt=\"BMW_M5_E39_phares_antibrouillard_jaune_face_avant_2000-2006\" loading=\"eager\" srcset=\"https:\/\/macote.fr\/wp-content\/uploads\/2024\/03\/BMW_M5_E39_phares_antibrouillard_jaune_face_avant_2000-2006.jpg 728w, https:\/\/macote.fr\/wp-content\/uploads\/2024\/03\/BMW_M5_E39_phares_antibrouillard_jaune_face_avant_2000-2006-200x200.jpg 200w, https:\/\/macote.fr\/wp-content\/uploads\/2024\/03\/BMW_M5_E39_phares_antibrouillard_jaune_face_avant_2000-2006-300x300.jpg 300w, https:\/\/macote.fr\/wp-content\/uploads\/2024\/03\/BMW_M5_E39_phares_antibrouillard_jaune_face_avant_2000-2006-150x150.jpg 150w, https:\/\/macote.fr\/wp-content\/uploads\/2024\/03\/BMW_M5_E39_phares_antibrouillard_jaune_face_avant_2000-2006-12x12.jpg 12w, https:\/\/macote.fr\/wp-content\/uploads\/2024\/03\/BMW_M5_E39_phares_antibrouillard_jaune_face_avant_2000-2006-600x601.jpg 600w\" sizes=\"(max-width: 728px) 100vw, 728px\" \/><\/a>                <\/div>\n                <div class=\"image-hover-wrap\">\n                    <ul class=\"icons-wrap block-style\">\n                                                    <li class=\"add-to-cart\"><a href=\"https:\/\/macote.fr\/es\/producto\/faros-antiniebla-amarillo-negro-transparente-oscuro-led-bmw-m5-e39\/\" aria-describedby=\"woocommerce_loop_add_to_cart_link_describedby_4612\" data-quantity=\"1\" class=\"button product_type_variable add_to_cart_button\" data-product_id=\"4612\" data-product_sku=\"\" aria-label=\"Elige las opciones para \u201cPhares anti-brouillard Jaune, Noir, Transparent + Fond noir + LED BMW M5 E39\u201d\" rel=\"nofollow\" data-no-translation=\"\" data-trp-gettext=\"\" data-no-translation-aria-label=\"\">Seleccionar opciones<\/a>\t<span id=\"woocommerce_loop_add_to_cart_link_describedby_4612\" class=\"screen-reader-text\">\n\t\tEste producto tiene m\u00faltiples variantes. Las opciones se pueden elegir en la p\u00e1gina de producto\t<\/span>\n<\/li>\n                                                \t                                            <li class=\"view-details\"><a href=\"https:\/\/macote.fr\/es\/producto\/faros-antiniebla-amarillo-negro-transparente-oscuro-led-bmw-m5-e39\/\"><i class=\"fas fa-link\"><\/i><\/a><\/li>\n\n                    <\/ul>\n                                    <\/div>\n            <\/div>\n            <div class=\"product-details-wrap\">\n\t            <div class=\"eael-product-title\"><a href=\"https:\/\/macote.fr\/es\/producto\/faros-antiniebla-amarillo-negro-transparente-oscuro-led-bmw-m5-e39\/\" class=\"woocommerce-LoopProduct-link woocommerce-loop-product__link\"><h2>Faros antiniebla Amarillo, Negro, Transparente + Fondo negro + LED BMW M5 E39<\/h2><\/a><\/div><div class=\"eael-product-price\"><span class=\"woocommerce-Price-amount amount\" aria-hidden=\"true\"><bdi>39,99&nbsp;<span class=\"woocommerce-Price-currencySymbol\" translate=\"no\">&euro;<\/span><\/bdi><\/span> <span aria-hidden=\"true\">-<\/span> <span class=\"woocommerce-Price-amount amount\" aria-hidden=\"true\"><bdi>59,99&nbsp;<span class=\"woocommerce-Price-currencySymbol\" translate=\"no\">&euro;<\/span><\/bdi><\/span><span class=\"screen-reader-text\" data-no-translation=\"\" data-trp-gettext=\"\">Rango de precios: desde 39,99&nbsp;&euro; hasta 59,99&nbsp;&euro;<\/span><\/div>\n            <\/div>\n        <\/div>\n\t<\/div>\n        <div class=\"product swiper-slide post-4519 type-product status-publish has-post-thumbnail product_cat-bmw-serie-3 product_cat-bmw-serie-3-g20-g21-g28 product_cat-eclairage-signature-lumineuse product_cat-phares-jaunes-led product_tag-bmw-yellow-drl last instock taxable shipping-taxable purchasable product-type-variable\">\n        <div class=\"eael-product-carousel\">\n            <div class=\"product-image-wrap\">\n                <div class=\"image-wrap\">\n                    <a href=\"https:\/\/macote.fr\/es\/producto\/feux-diurnes-jaunes-style-csl-bmw-serie-3-g20-g21-g28-2023-lci-feux-de-jour-yellow-day-running-light-drl\/\" class=\"woocommerce-LoopProduct-link woocommerce-loop-product__link\"><img decoding=\"async\" width=\"1600\" height=\"900\" src=\"https:\/\/macote.fr\/wp-content\/uploads\/2024\/02\/DRL-BMW-3-SERIES-G20-G21-LCI-3.jpg\" class=\"attachment-full size-full\" alt=\"DRL LED amarillo BMW Serie 3 G20, G21 LCI\" loading=\"eager\" srcset=\"https:\/\/macote.fr\/wp-content\/uploads\/2024\/02\/DRL-BMW-3-SERIES-G20-G21-LCI-3.jpg 1600w, https:\/\/macote.fr\/wp-content\/uploads\/2024\/02\/DRL-BMW-3-SERIES-G20-G21-LCI-3-1200x675.jpg 1200w, https:\/\/macote.fr\/wp-content\/uploads\/2024\/02\/DRL-BMW-3-SERIES-G20-G21-LCI-3-300x169.jpg 300w, https:\/\/macote.fr\/wp-content\/uploads\/2024\/02\/DRL-BMW-3-SERIES-G20-G21-LCI-3-1024x576.jpg 1024w, https:\/\/macote.fr\/wp-content\/uploads\/2024\/02\/DRL-BMW-3-SERIES-G20-G21-LCI-3-768x432.jpg 768w, https:\/\/macote.fr\/wp-content\/uploads\/2024\/02\/DRL-BMW-3-SERIES-G20-G21-LCI-3-1536x864.jpg 1536w, https:\/\/macote.fr\/wp-content\/uploads\/2024\/02\/DRL-BMW-3-SERIES-G20-G21-LCI-3-18x10.jpg 18w\" sizes=\"(max-width: 1600px) 100vw, 1600px\" \/><\/a>                <\/div>\n                <div class=\"image-hover-wrap\">\n                    <ul class=\"icons-wrap block-style\">\n                                                    <li class=\"add-to-cart\"><a href=\"https:\/\/macote.fr\/es\/producto\/feux-diurnes-jaunes-style-csl-bmw-serie-3-g20-g21-g28-2023-lci-feux-de-jour-yellow-day-running-light-drl\/\" aria-describedby=\"woocommerce_loop_add_to_cart_link_describedby_4519\" data-quantity=\"1\" class=\"button product_type_variable add_to_cart_button\" data-product_id=\"4519\" data-product_sku=\"\" aria-label=\"Elige las opciones para \u201cLED DRL - Phares Jaunes - BMW s\u00e9rie 3 G20, G21, G28 (2023-202...) LCI - Angel Eyes\u201d\" rel=\"nofollow\" data-no-translation=\"\" data-trp-gettext=\"\" data-no-translation-aria-label=\"\">Seleccionar opciones<\/a>\t<span id=\"woocommerce_loop_add_to_cart_link_describedby_4519\" class=\"screen-reader-text\">\n\t\tEste producto tiene m\u00faltiples variantes. Las opciones se pueden elegir en la p\u00e1gina de producto\t<\/span>\n<\/li>\n                                                \t                                            <li class=\"view-details\"><a href=\"https:\/\/macote.fr\/es\/producto\/feux-diurnes-jaunes-style-csl-bmw-serie-3-g20-g21-g28-2023-lci-feux-de-jour-yellow-day-running-light-drl\/\"><i class=\"fas fa-link\"><\/i><\/a><\/li>\n\n                    <\/ul>\n                                    <\/div>\n            <\/div>\n            <div class=\"product-details-wrap\">\n\t            <div class=\"eael-product-title\"><a href=\"https:\/\/macote.fr\/es\/producto\/feux-diurnes-jaunes-style-csl-bmw-serie-3-g20-g21-g28-2023-lci-feux-de-jour-yellow-day-running-light-drl\/\" class=\"woocommerce-LoopProduct-link woocommerce-loop-product__link\"><h2>LED DRL - Faros amarillos - BMW serie 3 G20, G21, G28 (2023-202...) LCI - Angel Eyes<\/h2><\/a><\/div><div class=\"eael-product-price\"><span class=\"woocommerce-Price-amount amount\" aria-hidden=\"true\"><bdi>199,99&nbsp;<span class=\"woocommerce-Price-currencySymbol\" translate=\"no\">&euro;<\/span><\/bdi><\/span> <span aria-hidden=\"true\">-<\/span> <span class=\"woocommerce-Price-amount amount\" aria-hidden=\"true\"><bdi>399,99&nbsp;<span class=\"woocommerce-Price-currencySymbol\" translate=\"no\">&euro;<\/span><\/bdi><\/span><span class=\"screen-reader-text\" data-no-translation=\"\" data-trp-gettext=\"\">Rango de precios: desde 199,99&nbsp;&euro; hasta 399,99&nbsp;&euro;<\/span><\/div>\n            <\/div>\n        <\/div>\n\t<\/div>\n        <div class=\"product swiper-slide post-4504 type-product status-publish has-post-thumbnail product_cat-bmw-serie-4 product_cat-bmw-serie-4-f32-f33-f36 product_cat-eclairage-signature-lumineuse product_cat-phares-jaunes-led product_tag-bmw-yellow-drl first instock taxable shipping-taxable purchasable product-type-variable\">\n        <div class=\"eael-product-carousel\">\n            <div class=\"product-image-wrap\">\n                <div class=\"image-wrap\">\n                    <a href=\"https:\/\/macote.fr\/es\/producto\/feux-diurnes-jaunes-style-csl-bmw-serie-4-f32-f33-f36-2017-2020-lci-feux-de-jour-yellow-day-running-light-drl-copie\/\" class=\"woocommerce-LoopProduct-link woocommerce-loop-product__link\"><img decoding=\"async\" width=\"1024\" height=\"645\" src=\"https:\/\/macote.fr\/wp-content\/uploads\/2024\/02\/BMW-serie-4-F32-F33-F36-Yellow-DRL-LCI-CSL-Style-2017-2020-e1706889486627.webp\" class=\"attachment-full size-full\" alt=\"BMW Serie 4 F32, F33, F36 Amarillo DRL LCI CSL Style (2017-2020)\" loading=\"eager\" srcset=\"https:\/\/macote.fr\/wp-content\/uploads\/2024\/02\/BMW-serie-4-F32-F33-F36-Yellow-DRL-LCI-CSL-Style-2017-2020-e1706889486627.webp 1024w, https:\/\/macote.fr\/wp-content\/uploads\/2024\/02\/BMW-serie-4-F32-F33-F36-Yellow-DRL-LCI-CSL-Style-2017-2020-e1706889486627-300x189.webp 300w, https:\/\/macote.fr\/wp-content\/uploads\/2024\/02\/BMW-serie-4-F32-F33-F36-Yellow-DRL-LCI-CSL-Style-2017-2020-e1706889486627-768x484.webp 768w, https:\/\/macote.fr\/wp-content\/uploads\/2024\/02\/BMW-serie-4-F32-F33-F36-Yellow-DRL-LCI-CSL-Style-2017-2020-e1706889486627-18x12.webp 18w, https:\/\/macote.fr\/wp-content\/uploads\/2024\/02\/BMW-serie-4-F32-F33-F36-Yellow-DRL-LCI-CSL-Style-2017-2020-e1706889486627-600x378.webp 600w\" sizes=\"(max-width: 1024px) 100vw, 1024px\" \/><\/a>                <\/div>\n                <div class=\"image-hover-wrap\">\n                    <ul class=\"icons-wrap block-style\">\n                                                    <li class=\"add-to-cart\"><a href=\"https:\/\/macote.fr\/es\/producto\/feux-diurnes-jaunes-style-csl-bmw-serie-4-f32-f33-f36-2017-2020-lci-feux-de-jour-yellow-day-running-light-drl-copie\/\" aria-describedby=\"woocommerce_loop_add_to_cart_link_describedby_4504\" data-quantity=\"1\" class=\"button product_type_variable add_to_cart_button\" data-product_id=\"4504\" data-product_sku=\"\" aria-label=\"Elige las opciones para \u201cLED DRL - Phares Jaunes - BMW s\u00e9rie 4 F32, F33, F36 (2017-2020) LCI - Angel Eyes\u201d\" rel=\"nofollow\" data-no-translation=\"\" data-trp-gettext=\"\" data-no-translation-aria-label=\"\">Seleccionar opciones<\/a>\t<span id=\"woocommerce_loop_add_to_cart_link_describedby_4504\" class=\"screen-reader-text\">\n\t\tEste producto tiene m\u00faltiples variantes. Las opciones se pueden elegir en la p\u00e1gina de producto\t<\/span>\n<\/li>\n                                                \t                                            <li class=\"view-details\"><a href=\"https:\/\/macote.fr\/es\/producto\/feux-diurnes-jaunes-style-csl-bmw-serie-4-f32-f33-f36-2017-2020-lci-feux-de-jour-yellow-day-running-light-drl-copie\/\"><i class=\"fas fa-link\"><\/i><\/a><\/li>\n\n                    <\/ul>\n                                    <\/div>\n            <\/div>\n            <div class=\"product-details-wrap\">\n\t            <div class=\"eael-product-title\"><a href=\"https:\/\/macote.fr\/es\/producto\/feux-diurnes-jaunes-style-csl-bmw-serie-4-f32-f33-f36-2017-2020-lci-feux-de-jour-yellow-day-running-light-drl-copie\/\" class=\"woocommerce-LoopProduct-link woocommerce-loop-product__link\"><h2>LED DRL - Faros amarillos - BMW Serie 4 F32, F33, F36 (2017-2020) LCI - Angel Eyes<\/h2><\/a><\/div><div class=\"eael-product-price\"><span class=\"woocommerce-Price-amount amount\" aria-hidden=\"true\"><bdi>199,99&nbsp;<span class=\"woocommerce-Price-currencySymbol\" translate=\"no\">&euro;<\/span><\/bdi><\/span> <span aria-hidden=\"true\">-<\/span> <span class=\"woocommerce-Price-amount amount\" aria-hidden=\"true\"><bdi>399,99&nbsp;<span class=\"woocommerce-Price-currencySymbol\" translate=\"no\">&euro;<\/span><\/bdi><\/span><span class=\"screen-reader-text\" data-no-translation=\"\" data-trp-gettext=\"\">Rango de precios: desde 199,99&nbsp;&euro; hasta 399,99&nbsp;&euro;<\/span><\/div>\n            <\/div>\n        <\/div>\n\t<\/div>\n        <div class=\"product swiper-slide post-5747 type-product status-publish has-post-thumbnail product_cat-phares-jaunes-led product_cat-x5 product_cat-x5m-f95-x5-g05-g18  instock taxable shipping-taxable purchasable product-type-variable\">\n        <div class=\"eael-product-carousel\">\n            <div class=\"product-image-wrap\">\n                <div class=\"image-wrap\">\n                    <a href=\"https:\/\/macote.fr\/es\/producto\/faros-led-drl-amarillo-bmw-x5m-f95-x5-g05-2025-20xx-lci-angel-eyes\/\" class=\"woocommerce-LoopProduct-link woocommerce-loop-product__link\"><img decoding=\"async\" width=\"2500\" height=\"1667\" src=\"https:\/\/macote.fr\/wp-content\/uploads\/2025\/03\/BMW-X5-G05-LCI-phares-Jaunes-DRL-LED.jpg\" class=\"attachment-full size-full\" alt=\"BMW X5 G05 LCI Amarillo faros - DRL LED\" loading=\"eager\" srcset=\"https:\/\/macote.fr\/wp-content\/uploads\/2025\/03\/BMW-X5-G05-LCI-phares-Jaunes-DRL-LED.jpg 2500w, https:\/\/macote.fr\/wp-content\/uploads\/2025\/03\/BMW-X5-G05-LCI-phares-Jaunes-DRL-LED-1200x800.jpg 1200w, https:\/\/macote.fr\/wp-content\/uploads\/2025\/03\/BMW-X5-G05-LCI-phares-Jaunes-DRL-LED-300x200.jpg 300w, https:\/\/macote.fr\/wp-content\/uploads\/2025\/03\/BMW-X5-G05-LCI-phares-Jaunes-DRL-LED-1024x683.jpg 1024w, https:\/\/macote.fr\/wp-content\/uploads\/2025\/03\/BMW-X5-G05-LCI-phares-Jaunes-DRL-LED-768x512.jpg 768w, https:\/\/macote.fr\/wp-content\/uploads\/2025\/03\/BMW-X5-G05-LCI-phares-Jaunes-DRL-LED-1536x1024.jpg 1536w, https:\/\/macote.fr\/wp-content\/uploads\/2025\/03\/BMW-X5-G05-LCI-phares-Jaunes-DRL-LED-2048x1366.jpg 2048w, https:\/\/macote.fr\/wp-content\/uploads\/2025\/03\/BMW-X5-G05-LCI-phares-Jaunes-DRL-LED-18x12.jpg 18w\" sizes=\"(max-width: 2500px) 100vw, 2500px\" \/><\/a>                <\/div>\n                <div class=\"image-hover-wrap\">\n                    <ul class=\"icons-wrap block-style\">\n                                                    <li class=\"add-to-cart\"><a href=\"https:\/\/macote.fr\/es\/producto\/faros-led-drl-amarillo-bmw-x5m-f95-x5-g05-2025-20xx-lci-angel-eyes\/\" aria-describedby=\"woocommerce_loop_add_to_cart_link_describedby_5747\" data-quantity=\"1\" class=\"button product_type_variable add_to_cart_button\" data-product_id=\"5747\" data-product_sku=\"\" aria-label=\"Elige las opciones para \u201cLED DRL - Phares Jaunes - BMW X5M F95 &amp; X5 G05 (2025-20XX) LCI - Angel Eyes\u201d\" rel=\"nofollow\" data-no-translation=\"\" data-trp-gettext=\"\" data-no-translation-aria-label=\"\">Seleccionar opciones<\/a>\t<span id=\"woocommerce_loop_add_to_cart_link_describedby_5747\" class=\"screen-reader-text\">\n\t\tEste producto tiene m\u00faltiples variantes. Las opciones se pueden elegir en la p\u00e1gina de producto\t<\/span>\n<\/li>\n                                                \t                                            <li class=\"view-details\"><a href=\"https:\/\/macote.fr\/es\/producto\/faros-led-drl-amarillo-bmw-x5m-f95-x5-g05-2025-20xx-lci-angel-eyes\/\"><i class=\"fas fa-link\"><\/i><\/a><\/li>\n\n                    <\/ul>\n                                    <\/div>\n            <\/div>\n            <div class=\"product-details-wrap\">\n\t            <div class=\"eael-product-title\"><a href=\"https:\/\/macote.fr\/es\/producto\/faros-led-drl-amarillo-bmw-x5m-f95-x5-g05-2025-20xx-lci-angel-eyes\/\" class=\"woocommerce-LoopProduct-link woocommerce-loop-product__link\"><h2>LED DRL - Faros amarillos - BMW X5M F95 &amp; X5 G05 (2025-20XX) LCI - Angel Eyes<\/h2><\/a><\/div><div class=\"eael-product-price\"><span class=\"woocommerce-Price-amount amount\"><bdi>199,99&nbsp;<span class=\"woocommerce-Price-currencySymbol\" translate=\"no\">\u20ac<\/span><\/bdi><\/span><\/div>\n            <\/div>\n        <\/div>\n\t<\/div>\n        <div class=\"product swiper-slide post-4481 type-product status-publish has-post-thumbnail product_cat-eclairage-signature-lumineuse product_cat-m3 product_cat-m3-f80 product_cat-m4 product_cat-m4-f82-f83 product_cat-phares-jaunes-led product_tag-bmw-yellow-drl  instock taxable shipping-taxable purchasable product-type-variable\">\n        <div class=\"eael-product-carousel\">\n            <div class=\"product-image-wrap\">\n                <div class=\"image-wrap\">\n                    <a href=\"https:\/\/macote.fr\/es\/producto\/feux-diurnes-jaunes-style-csl-bmw-m3-f80-2012-2015-pre-lci-feux-de-jour-yellow-day-running-light-drl\/\" class=\"woocommerce-LoopProduct-link woocommerce-loop-product__link\"><img decoding=\"async\" width=\"2535\" height=\"2535\" src=\"https:\/\/macote.fr\/wp-content\/uploads\/2024\/02\/BMW-M3-Yellow-DRL-F80-pre-LCI-CSL-Style-2012-2015.webp\" class=\"attachment-full size-full\" alt=\"BMW M3\/M4 DRL Amarillo F80, F82, F83 pre LCI CSL Style (2014-2017)\" loading=\"eager\" srcset=\"https:\/\/macote.fr\/wp-content\/uploads\/2024\/02\/BMW-M3-Yellow-DRL-F80-pre-LCI-CSL-Style-2012-2015.webp 2535w, https:\/\/macote.fr\/wp-content\/uploads\/2024\/02\/BMW-M3-Yellow-DRL-F80-pre-LCI-CSL-Style-2012-2015-200x200.webp 200w, https:\/\/macote.fr\/wp-content\/uploads\/2024\/02\/BMW-M3-Yellow-DRL-F80-pre-LCI-CSL-Style-2012-2015-1200x1200.webp 1200w, https:\/\/macote.fr\/wp-content\/uploads\/2024\/02\/BMW-M3-Yellow-DRL-F80-pre-LCI-CSL-Style-2012-2015-300x300.webp 300w, https:\/\/macote.fr\/wp-content\/uploads\/2024\/02\/BMW-M3-Yellow-DRL-F80-pre-LCI-CSL-Style-2012-2015-1024x1024.webp 1024w, https:\/\/macote.fr\/wp-content\/uploads\/2024\/02\/BMW-M3-Yellow-DRL-F80-pre-LCI-CSL-Style-2012-2015-150x150.webp 150w, https:\/\/macote.fr\/wp-content\/uploads\/2024\/02\/BMW-M3-Yellow-DRL-F80-pre-LCI-CSL-Style-2012-2015-768x768.webp 768w, https:\/\/macote.fr\/wp-content\/uploads\/2024\/02\/BMW-M3-Yellow-DRL-F80-pre-LCI-CSL-Style-2012-2015-1536x1536.webp 1536w, https:\/\/macote.fr\/wp-content\/uploads\/2024\/02\/BMW-M3-Yellow-DRL-F80-pre-LCI-CSL-Style-2012-2015-2048x2048.webp 2048w, https:\/\/macote.fr\/wp-content\/uploads\/2024\/02\/BMW-M3-Yellow-DRL-F80-pre-LCI-CSL-Style-2012-2015-12x12.webp 12w, https:\/\/macote.fr\/wp-content\/uploads\/2024\/02\/BMW-M3-Yellow-DRL-F80-pre-LCI-CSL-Style-2012-2015-1320x1320.webp 1320w\" sizes=\"(max-width: 2535px) 100vw, 2535px\" \/><\/a>                <\/div>\n                <div class=\"image-hover-wrap\">\n                    <ul class=\"icons-wrap block-style\">\n                                                    <li class=\"add-to-cart\"><a href=\"https:\/\/macote.fr\/es\/producto\/feux-diurnes-jaunes-style-csl-bmw-m3-f80-2012-2015-pre-lci-feux-de-jour-yellow-day-running-light-drl\/\" aria-describedby=\"woocommerce_loop_add_to_cart_link_describedby_4481\" data-quantity=\"1\" class=\"button product_type_variable add_to_cart_button\" data-product_id=\"4481\" data-product_sku=\"\" aria-label=\"Elige las opciones para \u201cLED DRL - Phares Jaunes - BMW M3\/M4 F80, F82, F83 (2014-2017) pre LCI - Angel Eyes\u201d\" rel=\"nofollow\" data-no-translation=\"\" data-trp-gettext=\"\" data-no-translation-aria-label=\"\">Seleccionar opciones<\/a>\t<span id=\"woocommerce_loop_add_to_cart_link_describedby_4481\" class=\"screen-reader-text\">\n\t\tEste producto tiene m\u00faltiples variantes. Las opciones se pueden elegir en la p\u00e1gina de producto\t<\/span>\n<\/li>\n                                                \t                                            <li class=\"view-details\"><a href=\"https:\/\/macote.fr\/es\/producto\/feux-diurnes-jaunes-style-csl-bmw-m3-f80-2012-2015-pre-lci-feux-de-jour-yellow-day-running-light-drl\/\"><i class=\"fas fa-link\"><\/i><\/a><\/li>\n\n                    <\/ul>\n                                    <\/div>\n            <\/div>\n            <div class=\"product-details-wrap\">\n\t            <div class=\"eael-product-title\"><a href=\"https:\/\/macote.fr\/es\/producto\/feux-diurnes-jaunes-style-csl-bmw-m3-f80-2012-2015-pre-lci-feux-de-jour-yellow-day-running-light-drl\/\" class=\"woocommerce-LoopProduct-link woocommerce-loop-product__link\"><h2>LED DRL - Faros Amarillos - BMW M3\/M4 F80, F82, F83 (2014-2017) pre LCI - Angel Eyes<\/h2><\/a><\/div><div class=\"eael-product-price\"><span class=\"woocommerce-Price-amount amount\" aria-hidden=\"true\"><bdi>199,99&nbsp;<span class=\"woocommerce-Price-currencySymbol\" translate=\"no\">&euro;<\/span><\/bdi><\/span> <span aria-hidden=\"true\">-<\/span> <span class=\"woocommerce-Price-amount amount\" aria-hidden=\"true\"><bdi>399,99&nbsp;<span class=\"woocommerce-Price-currencySymbol\" translate=\"no\">&euro;<\/span><\/bdi><\/span><span class=\"screen-reader-text\" data-no-translation=\"\" data-trp-gettext=\"\">Rango de precios: desde 199,99&nbsp;&euro; hasta 399,99&nbsp;&euro;<\/span><\/div>\n            <\/div>\n        <\/div>\n\t<\/div>\n        <div class=\"product swiper-slide post-1857 type-product status-publish has-post-thumbnail product_cat-accessoires-divers product_cat-eclairage-signature-lumineuse product_cat-modification-exterieur-vehicule last instock taxable shipping-taxable purchasable product-type-simple\">\n        <div class=\"eael-product-carousel\">\n            <div class=\"product-image-wrap\">\n                <div class=\"image-wrap\">\n                    <a href=\"https:\/\/macote.fr\/es\/producto\/cartel-de-coche\/\" class=\"woocommerce-LoopProduct-link woocommerce-loop-product__link\"><img decoding=\"async\" width=\"1024\" height=\"1024\" src=\"https:\/\/macote.fr\/wp-content\/uploads\/2023\/05\/Matrice-LED-pixel-art.png\" class=\"attachment-full size-full\" alt=\"Se\u00f1al de coche LED pixel art\" loading=\"eager\" srcset=\"https:\/\/macote.fr\/wp-content\/uploads\/2023\/05\/Matrice-LED-pixel-art.png 1024w, https:\/\/macote.fr\/wp-content\/uploads\/2023\/05\/Matrice-LED-pixel-art-200x200.png 200w, https:\/\/macote.fr\/wp-content\/uploads\/2023\/05\/Matrice-LED-pixel-art-300x300.png 300w, https:\/\/macote.fr\/wp-content\/uploads\/2023\/05\/Matrice-LED-pixel-art-150x150.png 150w, https:\/\/macote.fr\/wp-content\/uploads\/2023\/05\/Matrice-LED-pixel-art-768x768.png 768w, https:\/\/macote.fr\/wp-content\/uploads\/2023\/05\/Matrice-LED-pixel-art-600x600.png 600w\" sizes=\"(max-width: 1024px) 100vw, 1024px\" \/><\/a>                <\/div>\n                <div class=\"image-hover-wrap\">\n                    <ul class=\"icons-wrap block-style\">\n                                                    <li class=\"add-to-cart\"><a href=\"\/es\/wp-json\/wp\/v2\/pages\/7984?add-to-cart=1857\" aria-describedby=\"woocommerce_loop_add_to_cart_link_describedby_1857\" data-quantity=\"1\" class=\"button product_type_simple add_to_cart_button ajax_add_to_cart\" data-product_id=\"1857\" data-product_sku=\"\" aria-label=\"A\u00f1adir al carrito: \u201cPanneau led voiture\u201d\" rel=\"nofollow\" data-success_message=\"\u00abPanneau led voiture\u00bb se ha a\u00f1adido a tu carrito\" data-no-translation=\"\" data-trp-gettext=\"\" data-no-translation-aria-label=\"\" data-no-translation-data-success_message=\"\">A\u00f1adir al carrito<\/a>\t<span id=\"woocommerce_loop_add_to_cart_link_describedby_1857\" class=\"screen-reader-text\">\n\t\t\t<\/span>\n<\/li>\n                                                \t                                            <li class=\"view-details\"><a href=\"https:\/\/macote.fr\/es\/producto\/cartel-de-coche\/\"><i class=\"fas fa-link\"><\/i><\/a><\/li>\n\n                    <\/ul>\n                                    <\/div>\n            <\/div>\n            <div class=\"product-details-wrap\">\n\t            <div class=\"eael-product-title\"><a href=\"https:\/\/macote.fr\/es\/producto\/cartel-de-coche\/\" class=\"woocommerce-LoopProduct-link woocommerce-loop-product__link\"><h2>Letrero LED para coches<\/h2><\/a><\/div><div class=\"eael-product-price\"><span class=\"woocommerce-Price-amount amount\"><bdi>54,99&nbsp;<span class=\"woocommerce-Price-currencySymbol\" translate=\"no\">\u20ac<\/span><\/bdi><\/span><\/div>\n            <\/div>\n        <\/div>\n\t<\/div>\n        <div class=\"product swiper-slide post-4847 type-product status-publish has-post-thumbnail product_cat-bmw-serie-8 product_cat-bmw-serie-8-g14-g15-g16 product_cat-eclairage-signature-lumineuse product_cat-m8 product_cat-m8-f91-f92-f93 product_cat-phares-jaunes-led product_tag-bmw-yellow-drl first instock taxable shipping-taxable purchasable product-type-variable\">\n        <div class=\"eael-product-carousel\">\n            <div class=\"product-image-wrap\">\n                <div class=\"image-wrap\">\n                    <a href=\"https:\/\/macote.fr\/es\/producto\/led-drl-phares-jaunes-bmw-m8-f91-serie-8-g14-2018-2024-pre-lci-style-csl\/\" class=\"woocommerce-LoopProduct-link woocommerce-loop-product__link\"><img decoding=\"async\" width=\"1800\" height=\"1200\" src=\"https:\/\/macote.fr\/wp-content\/uploads\/2024\/08\/LED-DRL-BMW-M8-F91-F92-F93-phares-jaunes-2018-2024.jpg\" class=\"attachment-full size-full\" alt=\"LED DRL BMW M8 F91, F92, F93 faros amarillos (2018-2024)\" loading=\"eager\" srcset=\"https:\/\/macote.fr\/wp-content\/uploads\/2024\/08\/LED-DRL-BMW-M8-F91-F92-F93-phares-jaunes-2018-2024.jpg 1800w, https:\/\/macote.fr\/wp-content\/uploads\/2024\/08\/LED-DRL-BMW-M8-F91-F92-F93-phares-jaunes-2018-2024-1200x800.jpg 1200w, https:\/\/macote.fr\/wp-content\/uploads\/2024\/08\/LED-DRL-BMW-M8-F91-F92-F93-phares-jaunes-2018-2024-300x200.jpg 300w, https:\/\/macote.fr\/wp-content\/uploads\/2024\/08\/LED-DRL-BMW-M8-F91-F92-F93-phares-jaunes-2018-2024-1024x683.jpg 1024w, https:\/\/macote.fr\/wp-content\/uploads\/2024\/08\/LED-DRL-BMW-M8-F91-F92-F93-phares-jaunes-2018-2024-768x512.jpg 768w, https:\/\/macote.fr\/wp-content\/uploads\/2024\/08\/LED-DRL-BMW-M8-F91-F92-F93-phares-jaunes-2018-2024-1536x1024.jpg 1536w, https:\/\/macote.fr\/wp-content\/uploads\/2024\/08\/LED-DRL-BMW-M8-F91-F92-F93-phares-jaunes-2018-2024-18x12.jpg 18w, https:\/\/macote.fr\/wp-content\/uploads\/2024\/08\/LED-DRL-BMW-M8-F91-F92-F93-phares-jaunes-2018-2024-1320x880.jpg 1320w\" sizes=\"(max-width: 1800px) 100vw, 1800px\" \/><\/a>                <\/div>\n                <div class=\"image-hover-wrap\">\n                    <ul class=\"icons-wrap block-style\">\n                                                    <li class=\"add-to-cart\"><a href=\"https:\/\/macote.fr\/es\/producto\/led-drl-phares-jaunes-bmw-m8-f91-serie-8-g14-2018-2024-pre-lci-style-csl\/\" aria-describedby=\"woocommerce_loop_add_to_cart_link_describedby_4847\" data-quantity=\"1\" class=\"button product_type_variable add_to_cart_button\" data-product_id=\"4847\" data-product_sku=\"\" aria-label=\"Elige las opciones para \u201cLED DRL - Phares Jaunes - BMW M8 F91 &amp; S\u00e9rie 8 G14 (2018-2024) pr\u00e9 LCI - Angel Eyes\u201d\" rel=\"nofollow\" data-no-translation=\"\" data-trp-gettext=\"\" data-no-translation-aria-label=\"\">Seleccionar opciones<\/a>\t<span id=\"woocommerce_loop_add_to_cart_link_describedby_4847\" class=\"screen-reader-text\">\n\t\tEste producto tiene m\u00faltiples variantes. Las opciones se pueden elegir en la p\u00e1gina de producto\t<\/span>\n<\/li>\n                                                \t                                            <li class=\"view-details\"><a href=\"https:\/\/macote.fr\/es\/producto\/led-drl-phares-jaunes-bmw-m8-f91-serie-8-g14-2018-2024-pre-lci-style-csl\/\"><i class=\"fas fa-link\"><\/i><\/a><\/li>\n\n                    <\/ul>\n                                    <\/div>\n            <\/div>\n            <div class=\"product-details-wrap\">\n\t            <div class=\"eael-product-title\"><a href=\"https:\/\/macote.fr\/es\/producto\/led-drl-phares-jaunes-bmw-m8-f91-serie-8-g14-2018-2024-pre-lci-style-csl\/\" class=\"woocommerce-LoopProduct-link woocommerce-loop-product__link\"><h2>LED DRL - Faros Amarillos - BMW M8 F91 &amp; Serie 8 G14 (2018-2024) pre LCI - Angel Eyes<\/h2><\/a><\/div><div class=\"eael-product-price\"><span class=\"woocommerce-Price-amount amount\" aria-hidden=\"true\"><bdi>199,99&nbsp;<span class=\"woocommerce-Price-currencySymbol\" translate=\"no\">&euro;<\/span><\/bdi><\/span> <span aria-hidden=\"true\">-<\/span> <span class=\"woocommerce-Price-amount amount\" aria-hidden=\"true\"><bdi>399,99&nbsp;<span class=\"woocommerce-Price-currencySymbol\" translate=\"no\">&euro;<\/span><\/bdi><\/span><span class=\"screen-reader-text\" data-no-translation=\"\" data-trp-gettext=\"\">Rango de precios: desde 199,99&nbsp;&euro; hasta 399,99&nbsp;&euro;<\/span><\/div>\n            <\/div>\n        <\/div>\n\t<\/div>\n        <div class=\"product swiper-slide post-4469 type-product status-publish has-post-thumbnail product_cat-bmw-serie-2 product_cat-bmw-serie-2-g42 product_cat-eclairage-signature-lumineuse product_cat-m2 product_cat-m2-g87 product_cat-phares-jaunes-led product_tag-bmw-yellow-drl  instock taxable shipping-taxable purchasable product-type-variable\">\n        <div class=\"eael-product-carousel\">\n            <div class=\"product-image-wrap\">\n                <div class=\"image-wrap\">\n                    <a href=\"https:\/\/macote.fr\/es\/producto\/luces-de-circulacion-diurna-amarillas-csl-bmw-m2-g87-2021-pre-lci-luces-de-circulacion-diurna-amarillas-luces-de-circulacion-diurna-drl\/\" class=\"woocommerce-LoopProduct-link woocommerce-loop-product__link\"><img decoding=\"async\" width=\"2290\" height=\"1502\" src=\"https:\/\/macote.fr\/wp-content\/uploads\/2024\/02\/BMW-M2-G87-scaled-e1734886412824.jpg\" class=\"attachment-full size-full\" alt=\"DRL LED Amarillo BMW M2 G87\" loading=\"eager\" srcset=\"https:\/\/macote.fr\/wp-content\/uploads\/2024\/02\/BMW-M2-G87-scaled-e1734886412824.jpg 2290w, https:\/\/macote.fr\/wp-content\/uploads\/2024\/02\/BMW-M2-G87-scaled-e1734886412824-1200x787.jpg 1200w, https:\/\/macote.fr\/wp-content\/uploads\/2024\/02\/BMW-M2-G87-scaled-e1734886412824-300x197.jpg 300w, https:\/\/macote.fr\/wp-content\/uploads\/2024\/02\/BMW-M2-G87-scaled-e1734886412824-1024x672.jpg 1024w, https:\/\/macote.fr\/wp-content\/uploads\/2024\/02\/BMW-M2-G87-scaled-e1734886412824-768x504.jpg 768w, https:\/\/macote.fr\/wp-content\/uploads\/2024\/02\/BMW-M2-G87-scaled-e1734886412824-1536x1007.jpg 1536w, https:\/\/macote.fr\/wp-content\/uploads\/2024\/02\/BMW-M2-G87-scaled-e1734886412824-2048x1343.jpg 2048w, https:\/\/macote.fr\/wp-content\/uploads\/2024\/02\/BMW-M2-G87-scaled-e1734886412824-18x12.jpg 18w, https:\/\/macote.fr\/wp-content\/uploads\/2024\/02\/BMW-M2-G87-scaled-e1734886412824-1320x866.jpg 1320w\" sizes=\"(max-width: 2290px) 100vw, 2290px\" \/><\/a>                <\/div>\n                <div class=\"image-hover-wrap\">\n                    <ul class=\"icons-wrap block-style\">\n                                                    <li class=\"add-to-cart\"><a href=\"https:\/\/macote.fr\/es\/producto\/luces-de-circulacion-diurna-amarillas-csl-bmw-m2-g87-2021-pre-lci-luces-de-circulacion-diurna-amarillas-luces-de-circulacion-diurna-drl\/\" aria-describedby=\"woocommerce_loop_add_to_cart_link_describedby_4469\" data-quantity=\"1\" class=\"button product_type_variable add_to_cart_button\" data-product_id=\"4469\" data-product_sku=\"\" aria-label=\"Elige las opciones para \u201cLED DRL - Phares Jaunes - BMW M2 G87 &amp; S\u00e9rie 2 G42 (2021-20..) pr\u00e9 LCI - Angel Eyes\u201d\" rel=\"nofollow\" data-no-translation=\"\" data-trp-gettext=\"\" data-no-translation-aria-label=\"\">Seleccionar opciones<\/a>\t<span id=\"woocommerce_loop_add_to_cart_link_describedby_4469\" class=\"screen-reader-text\">\n\t\tEste producto tiene m\u00faltiples variantes. Las opciones se pueden elegir en la p\u00e1gina de producto\t<\/span>\n<\/li>\n                                                \t                                            <li class=\"view-details\"><a href=\"https:\/\/macote.fr\/es\/producto\/luces-de-circulacion-diurna-amarillas-csl-bmw-m2-g87-2021-pre-lci-luces-de-circulacion-diurna-amarillas-luces-de-circulacion-diurna-drl\/\"><i class=\"fas fa-link\"><\/i><\/a><\/li>\n\n                    <\/ul>\n                                    <\/div>\n            <\/div>\n            <div class=\"product-details-wrap\">\n\t            <div class=\"eael-product-title\"><a href=\"https:\/\/macote.fr\/es\/producto\/luces-de-circulacion-diurna-amarillas-csl-bmw-m2-g87-2021-pre-lci-luces-de-circulacion-diurna-amarillas-luces-de-circulacion-diurna-drl\/\" class=\"woocommerce-LoopProduct-link woocommerce-loop-product__link\"><h2>LED DRL - Faros Amarillos - BMW M2 G87 &amp; Serie 2 G42 (2021-20..) pre LCI - Angel Eyes<\/h2><\/a><\/div><div class=\"eael-product-price\"><span class=\"woocommerce-Price-amount amount\" aria-hidden=\"true\"><bdi>199,99&nbsp;<span class=\"woocommerce-Price-currencySymbol\" translate=\"no\">&euro;<\/span><\/bdi><\/span> <span aria-hidden=\"true\">-<\/span> <span class=\"woocommerce-Price-amount amount\" aria-hidden=\"true\"><bdi>399,99&nbsp;<span class=\"woocommerce-Price-currencySymbol\" translate=\"no\">&euro;<\/span><\/bdi><\/span><span class=\"screen-reader-text\" data-no-translation=\"\" data-trp-gettext=\"\">Rango de precios: desde 199,99&nbsp;&euro; hasta 399,99&nbsp;&euro;<\/span><\/div>\n            <\/div>\n        <\/div>\n\t<\/div>\n        <div class=\"product swiper-slide post-4498 type-product status-publish has-post-thumbnail product_cat-eclairage-signature-lumineuse product_cat-m3 product_cat-m3-f80 product_cat-m4 product_cat-m4-f82-f83 product_cat-phares-jaunes-led product_tag-bmw-yellow-drl  instock taxable shipping-taxable purchasable product-type-variable\">\n        <div class=\"eael-product-carousel\">\n            <div class=\"product-image-wrap\">\n                <div class=\"image-wrap\">\n                    <a href=\"https:\/\/macote.fr\/es\/producto\/feux-diurnes-jaunes-style-csl-bmw-m3-f80-2017-2020-lci-feux-de-jour-yellow-day-running-light-drl\/\" class=\"woocommerce-LoopProduct-link woocommerce-loop-product__link\"><img decoding=\"async\" width=\"1024\" height=\"646\" src=\"https:\/\/macote.fr\/wp-content\/uploads\/2024\/02\/BMW-M3-F80-Yellow-DRL-LCI-CSL-Style-2017-2020-e1706888606988.webp\" class=\"attachment-full size-full\" alt=\"BMW M3, M4 F80, F82, F83 Amarillo DRL Faros Estilo LCI CSL (2017-2020)\" loading=\"eager\" srcset=\"https:\/\/macote.fr\/wp-content\/uploads\/2024\/02\/BMW-M3-F80-Yellow-DRL-LCI-CSL-Style-2017-2020-e1706888606988.webp 1024w, https:\/\/macote.fr\/wp-content\/uploads\/2024\/02\/BMW-M3-F80-Yellow-DRL-LCI-CSL-Style-2017-2020-e1706888606988-300x189.webp 300w, https:\/\/macote.fr\/wp-content\/uploads\/2024\/02\/BMW-M3-F80-Yellow-DRL-LCI-CSL-Style-2017-2020-e1706888606988-768x485.webp 768w, https:\/\/macote.fr\/wp-content\/uploads\/2024\/02\/BMW-M3-F80-Yellow-DRL-LCI-CSL-Style-2017-2020-e1706888606988-18x12.webp 18w, https:\/\/macote.fr\/wp-content\/uploads\/2024\/02\/BMW-M3-F80-Yellow-DRL-LCI-CSL-Style-2017-2020-e1706888606988-600x379.webp 600w\" sizes=\"(max-width: 1024px) 100vw, 1024px\" \/><\/a>                <\/div>\n                <div class=\"image-hover-wrap\">\n                    <ul class=\"icons-wrap block-style\">\n                                                    <li class=\"add-to-cart\"><a href=\"https:\/\/macote.fr\/es\/producto\/feux-diurnes-jaunes-style-csl-bmw-m3-f80-2017-2020-lci-feux-de-jour-yellow-day-running-light-drl\/\" aria-describedby=\"woocommerce_loop_add_to_cart_link_describedby_4498\" data-quantity=\"1\" class=\"button product_type_variable add_to_cart_button\" data-product_id=\"4498\" data-product_sku=\"\" aria-label=\"Elige las opciones para \u201cLED DRL - Phares Jaunes - BMW M3 \/ M4 F80, F82, F83 (2017-2020) LCI - Angel Eyes\u201d\" rel=\"nofollow\" data-no-translation=\"\" data-trp-gettext=\"\" data-no-translation-aria-label=\"\">Seleccionar opciones<\/a>\t<span id=\"woocommerce_loop_add_to_cart_link_describedby_4498\" class=\"screen-reader-text\">\n\t\tEste producto tiene m\u00faltiples variantes. Las opciones se pueden elegir en la p\u00e1gina de producto\t<\/span>\n<\/li>\n                                                \t                                            <li class=\"view-details\"><a href=\"https:\/\/macote.fr\/es\/producto\/feux-diurnes-jaunes-style-csl-bmw-m3-f80-2017-2020-lci-feux-de-jour-yellow-day-running-light-drl\/\"><i class=\"fas fa-link\"><\/i><\/a><\/li>\n\n                    <\/ul>\n                                    <\/div>\n            <\/div>\n            <div class=\"product-details-wrap\">\n\t            <div class=\"eael-product-title\"><a href=\"https:\/\/macote.fr\/es\/producto\/feux-diurnes-jaunes-style-csl-bmw-m3-f80-2017-2020-lci-feux-de-jour-yellow-day-running-light-drl\/\" class=\"woocommerce-LoopProduct-link woocommerce-loop-product__link\"><h2>LED DRL - Faros Amarillos - BMW M3 \/ M4 F80, F82, F83 (2017-2020) LCI - Angel Eyes<\/h2><\/a><\/div><div class=\"eael-product-price\"><span class=\"woocommerce-Price-amount amount\" aria-hidden=\"true\"><bdi>199,99&nbsp;<span class=\"woocommerce-Price-currencySymbol\" translate=\"no\">&euro;<\/span><\/bdi><\/span> <span aria-hidden=\"true\">-<\/span> <span class=\"woocommerce-Price-amount amount\" aria-hidden=\"true\"><bdi>399,99&nbsp;<span class=\"woocommerce-Price-currencySymbol\" translate=\"no\">&euro;<\/span><\/bdi><\/span><span class=\"screen-reader-text\" data-no-translation=\"\" data-trp-gettext=\"\">Rango de precios: desde 199,99&nbsp;&euro; hasta 399,99&nbsp;&euro;<\/span><\/div>\n            <\/div>\n        <\/div>\n\t<\/div>\n        <div class=\"product swiper-slide post-8249 type-product status-publish has-post-thumbnail product_cat-accessoires-macote-bmw product_cat-bmw-oem product_cat-calandre product_cat-calandre-led-iconic-glow product_cat-eclairage-signature-lumineuse product_cat-modification-exterieur-vehicule product_cat-x1 product_cat-x1-f48 last instock taxable shipping-taxable purchasable product-type-simple\">\n        <div class=\"eael-product-carousel\">\n            <div class=\"product-image-wrap\">\n                <div class=\"image-wrap\">\n                    <a href=\"https:\/\/macote.fr\/es\/producto\/calandre-led-iconic-glow-bmw-x1-f48-lci-2019-2022\/\" class=\"woocommerce-LoopProduct-link woocommerce-loop-product__link\"><img decoding=\"async\" width=\"928\" height=\"1152\" src=\"https:\/\/macote.fr\/wp-content\/uploads\/2026\/08\/calandre-led-BMW-X1-F48-LCI-2019-2022-vue-avant-3-4.jpg\" class=\"attachment-full size-full\" alt=\"Rejilla delantera LED del BMW X1 F48 LCI 2019-2022, vista frontal 3 4\" loading=\"eager\" srcset=\"https:\/\/macote.fr\/wp-content\/uploads\/2026\/08\/calandre-led-BMW-X1-F48-LCI-2019-2022-vue-avant-3-4.jpg 928w, https:\/\/macote.fr\/wp-content\/uploads\/2026\/08\/calandre-led-BMW-X1-F48-LCI-2019-2022-vue-avant-3-4-242x300.jpg 242w, https:\/\/macote.fr\/wp-content\/uploads\/2026\/08\/calandre-led-BMW-X1-F48-LCI-2019-2022-vue-avant-3-4-825x1024.jpg 825w, https:\/\/macote.fr\/wp-content\/uploads\/2026\/08\/calandre-led-BMW-X1-F48-LCI-2019-2022-vue-avant-3-4-768x953.jpg 768w, https:\/\/macote.fr\/wp-content\/uploads\/2026\/08\/calandre-led-BMW-X1-F48-LCI-2019-2022-vue-avant-3-4-10x12.jpg 10w\" sizes=\"(max-width: 928px) 100vw, 928px\" \/><\/a>                <\/div>\n                <div class=\"image-hover-wrap\">\n                    <ul class=\"icons-wrap block-style\">\n                                                    <li class=\"add-to-cart\"><a href=\"\/es\/wp-json\/wp\/v2\/pages\/7984?add-to-cart=8249\" aria-describedby=\"woocommerce_loop_add_to_cart_link_describedby_8249\" data-quantity=\"1\" class=\"button product_type_simple add_to_cart_button ajax_add_to_cart\" data-product_id=\"8249\" data-product_sku=\"\" aria-label=\"A\u00f1adir al carrito: \u201cCalandre LED - Iconic Glow - BMW X1 F48 LCI (2019-2022)\u201d\" rel=\"nofollow\" data-success_message=\"\u00abCalandre LED - Iconic Glow - BMW X1 F48 LCI (2019-2022)\u00bb se ha a\u00f1adido a tu carrito\" data-no-translation=\"\" data-trp-gettext=\"\" data-no-translation-aria-label=\"\" data-no-translation-data-success_message=\"\">A\u00f1adir al carrito<\/a>\t<span id=\"woocommerce_loop_add_to_cart_link_describedby_8249\" class=\"screen-reader-text\">\n\t\t\t<\/span>\n<\/li>\n                                                \t                                            <li class=\"view-details\"><a href=\"https:\/\/macote.fr\/es\/producto\/calandre-led-iconic-glow-bmw-x1-f48-lci-2019-2022\/\"><i class=\"fas fa-link\"><\/i><\/a><\/li>\n\n                    <\/ul>\n                                    <\/div>\n            <\/div>\n            <div class=\"product-details-wrap\">\n\t            <div class=\"eael-product-title\"><a href=\"https:\/\/macote.fr\/es\/producto\/calandre-led-iconic-glow-bmw-x1-f48-lci-2019-2022\/\" class=\"woocommerce-LoopProduct-link woocommerce-loop-product__link\"><h2>Rejilla del radiador LED - Iconic Glow - BMW X1 F48 LCI (2019-2022)<\/h2><\/a><\/div><div class=\"eael-product-price\"><span class=\"woocommerce-Price-amount amount\"><bdi>399,99&nbsp;<span class=\"woocommerce-Price-currencySymbol\" translate=\"no\">\u20ac<\/span><\/bdi><\/span><\/div>\n            <\/div>\n        <\/div>\n\t<\/div>\n        <div class=\"product swiper-slide post-6725 type-product status-publish has-post-thumbnail product_cat-calandre-led-iconic-glow product_cat-eclairage-signature-lumineuse product_cat-m3 product_cat-m3-f80 product_cat-m4 product_cat-m4-f82-f83 first instock taxable shipping-taxable purchasable product-type-variable\">\n        <div class=\"eael-product-carousel\">\n            <div class=\"product-image-wrap\">\n                <div class=\"image-wrap\">\n                    <a href=\"https:\/\/macote.fr\/es\/producto\/led-parrilla-iconic-glow-bmw-m3-f80-m4-f82-f83-2014-2020\/\" class=\"woocommerce-LoopProduct-link woocommerce-loop-product__link\"><img decoding=\"async\" width=\"800\" height=\"800\" src=\"https:\/\/macote.fr\/wp-content\/uploads\/2025\/08\/Amelioration-Calandre-LED-BMW-M4-F82-Effet-Iconic-Glow.webp\" class=\"attachment-full size-full\" alt=\"BMW M4 F82 LED rejilla del radiador actualizaci\u00f3n - Iconic Glow efecto\" loading=\"eager\" srcset=\"https:\/\/macote.fr\/wp-content\/uploads\/2025\/08\/Amelioration-Calandre-LED-BMW-M4-F82-Effet-Iconic-Glow.webp 800w, https:\/\/macote.fr\/wp-content\/uploads\/2025\/08\/Amelioration-Calandre-LED-BMW-M4-F82-Effet-Iconic-Glow-300x300.webp 300w, https:\/\/macote.fr\/wp-content\/uploads\/2025\/08\/Amelioration-Calandre-LED-BMW-M4-F82-Effet-Iconic-Glow-150x150.webp 150w, https:\/\/macote.fr\/wp-content\/uploads\/2025\/08\/Amelioration-Calandre-LED-BMW-M4-F82-Effet-Iconic-Glow-768x768.webp 768w, https:\/\/macote.fr\/wp-content\/uploads\/2025\/08\/Amelioration-Calandre-LED-BMW-M4-F82-Effet-Iconic-Glow-12x12.webp 12w, https:\/\/macote.fr\/wp-content\/uploads\/2025\/08\/Amelioration-Calandre-LED-BMW-M4-F82-Effet-Iconic-Glow-200x200.webp 200w\" sizes=\"(max-width: 800px) 100vw, 800px\" \/><\/a>                <\/div>\n                <div class=\"image-hover-wrap\">\n                    <ul class=\"icons-wrap block-style\">\n                                                    <li class=\"add-to-cart\"><a href=\"https:\/\/macote.fr\/es\/producto\/led-parrilla-iconic-glow-bmw-m3-f80-m4-f82-f83-2014-2020\/\" aria-describedby=\"woocommerce_loop_add_to_cart_link_describedby_6725\" data-quantity=\"1\" class=\"button product_type_variable add_to_cart_button\" data-product_id=\"6725\" data-product_sku=\"\" aria-label=\"Elige las opciones para \u201cCalandre LED - Iconic Glow - BMW M3 F80 - M4 F82, F83 (2014-2020)\u201d\" rel=\"nofollow\" data-no-translation=\"\" data-trp-gettext=\"\" data-no-translation-aria-label=\"\">Seleccionar opciones<\/a>\t<span id=\"woocommerce_loop_add_to_cart_link_describedby_6725\" class=\"screen-reader-text\">\n\t\tEste producto tiene m\u00faltiples variantes. Las opciones se pueden elegir en la p\u00e1gina de producto\t<\/span>\n<\/li>\n                                                \t                                            <li class=\"view-details\"><a href=\"https:\/\/macote.fr\/es\/producto\/led-parrilla-iconic-glow-bmw-m3-f80-m4-f82-f83-2014-2020\/\"><i class=\"fas fa-link\"><\/i><\/a><\/li>\n\n                    <\/ul>\n                                    <\/div>\n            <\/div>\n            <div class=\"product-details-wrap\">\n\t            <div class=\"eael-product-title\"><a href=\"https:\/\/macote.fr\/es\/producto\/led-parrilla-iconic-glow-bmw-m3-f80-m4-f82-f83-2014-2020\/\" class=\"woocommerce-LoopProduct-link woocommerce-loop-product__link\"><h2>Parrilla LED - Iconic Glow - BMW M3 F80 - M4 F82, F83 (2014-2020)<\/h2><\/a><\/div><div class=\"eael-product-price\"><span class=\"woocommerce-Price-amount amount\"><bdi>399,99&nbsp;<span class=\"woocommerce-Price-currencySymbol\" translate=\"no\">\u20ac<\/span><\/bdi><\/span><\/div>\n            <\/div>\n        <\/div>\n\t<\/div>\n        <div class=\"product swiper-slide post-6698 type-product status-publish has-post-thumbnail product_cat-bmw-serie-3 product_cat-bmw-serie-3-e46 product_cat-calandre-led-iconic-glow product_cat-eclairage-signature-lumineuse product_cat-m3 product_cat-m3-e46  instock taxable shipping-taxable purchasable product-type-variable\">\n        <div class=\"eael-product-carousel\">\n            <div class=\"product-image-wrap\">\n                <div class=\"image-wrap\">\n                    <a href=\"https:\/\/macote.fr\/es\/producto\/led-parrilla-iconic-glow-bmw-serie-3-e46-1998-2006\/\" class=\"woocommerce-LoopProduct-link woocommerce-loop-product__link\"><img decoding=\"async\" width=\"800\" height=\"800\" src=\"https:\/\/macote.fr\/wp-content\/uploads\/2025\/07\/GRILLE-LED-Iconic-Glow-BMW-Serie-3-E46.jpg\" class=\"attachment-full size-full\" alt=\"Parrilla LED - Iconic Glow - BMW Serie 3 E46 - M3 E46\" loading=\"eager\" srcset=\"https:\/\/macote.fr\/wp-content\/uploads\/2025\/07\/GRILLE-LED-Iconic-Glow-BMW-Serie-3-E46.jpg 800w, https:\/\/macote.fr\/wp-content\/uploads\/2025\/07\/GRILLE-LED-Iconic-Glow-BMW-Serie-3-E46-300x300.jpg 300w, https:\/\/macote.fr\/wp-content\/uploads\/2025\/07\/GRILLE-LED-Iconic-Glow-BMW-Serie-3-E46-150x150.jpg 150w, https:\/\/macote.fr\/wp-content\/uploads\/2025\/07\/GRILLE-LED-Iconic-Glow-BMW-Serie-3-E46-768x768.jpg 768w, https:\/\/macote.fr\/wp-content\/uploads\/2025\/07\/GRILLE-LED-Iconic-Glow-BMW-Serie-3-E46-12x12.jpg 12w, https:\/\/macote.fr\/wp-content\/uploads\/2025\/07\/GRILLE-LED-Iconic-Glow-BMW-Serie-3-E46-200x200.jpg 200w\" sizes=\"(max-width: 800px) 100vw, 800px\" \/><\/a>                <\/div>\n                <div class=\"image-hover-wrap\">\n                    <ul class=\"icons-wrap block-style\">\n                                                    <li class=\"add-to-cart\"><a href=\"https:\/\/macote.fr\/es\/producto\/led-parrilla-iconic-glow-bmw-serie-3-e46-1998-2006\/\" aria-describedby=\"woocommerce_loop_add_to_cart_link_describedby_6698\" data-quantity=\"1\" class=\"button product_type_variable add_to_cart_button\" data-product_id=\"6698\" data-product_sku=\"\" aria-label=\"Elige las opciones para \u201cCalandre LED - Iconic Glow - BMW S\u00e9rie 3 E46 + M3 E46 (1998-2006)\u201d\" rel=\"nofollow\" data-no-translation=\"\" data-trp-gettext=\"\" data-no-translation-aria-label=\"\">Seleccionar opciones<\/a>\t<span id=\"woocommerce_loop_add_to_cart_link_describedby_6698\" class=\"screen-reader-text\">\n\t\tEste producto tiene m\u00faltiples variantes. Las opciones se pueden elegir en la p\u00e1gina de producto\t<\/span>\n<\/li>\n                                                \t                                            <li class=\"view-details\"><a href=\"https:\/\/macote.fr\/es\/producto\/led-parrilla-iconic-glow-bmw-serie-3-e46-1998-2006\/\"><i class=\"fas fa-link\"><\/i><\/a><\/li>\n\n                    <\/ul>\n                                    <\/div>\n            <\/div>\n            <div class=\"product-details-wrap\">\n\t            <div class=\"eael-product-title\"><a href=\"https:\/\/macote.fr\/es\/producto\/led-parrilla-iconic-glow-bmw-serie-3-e46-1998-2006\/\" class=\"woocommerce-LoopProduct-link woocommerce-loop-product__link\"><h2>Parrilla LED - Iconic Glow - BMW Serie 3 E46 + M3 E46 (1998-2006)<\/h2><\/a><\/div><div class=\"eael-product-price\"><span class=\"woocommerce-Price-amount amount\"><bdi>399,99&nbsp;<span class=\"woocommerce-Price-currencySymbol\" translate=\"no\">\u20ac<\/span><\/bdi><\/span><\/div>\n            <\/div>\n        <\/div>\n\t<\/div>\n        <div class=\"product swiper-slide post-4856 type-product status-publish has-post-thumbnail product_cat-eclairage-signature-lumineuse product_cat-phares-jaunes-led product_cat-x3 product_cat-x3-g01 product_tag-bmw-yellow-drl  instock taxable shipping-taxable purchasable product-type-variable\">\n        <div class=\"eael-product-carousel\">\n            <div class=\"product-image-wrap\">\n                <div class=\"image-wrap\">\n                    <a href=\"https:\/\/macote.fr\/es\/producto\/led-drl-phares-jaunes-bmw-m8-f91-serie-8-g14-2018-2024-pre-lci-style-csl-2\/\" class=\"woocommerce-LoopProduct-link woocommerce-loop-product__link\"><img decoding=\"async\" width=\"820\" height=\"643\" src=\"https:\/\/macote.fr\/wp-content\/uploads\/2024\/08\/Phares-jaunes-LED-BMW-X3-G01-X3M-F97-LCI-2021-2024-1-e1722613069391.jpg\" class=\"attachment-full size-full\" alt=\"Faros LED amarillos BMW X3 G01 &amp; X3M F97 LCI (2021-2024)\" loading=\"eager\" srcset=\"https:\/\/macote.fr\/wp-content\/uploads\/2024\/08\/Phares-jaunes-LED-BMW-X3-G01-X3M-F97-LCI-2021-2024-1-e1722613069391.jpg 820w, https:\/\/macote.fr\/wp-content\/uploads\/2024\/08\/Phares-jaunes-LED-BMW-X3-G01-X3M-F97-LCI-2021-2024-1-e1722613069391-300x235.jpg 300w, https:\/\/macote.fr\/wp-content\/uploads\/2024\/08\/Phares-jaunes-LED-BMW-X3-G01-X3M-F97-LCI-2021-2024-1-e1722613069391-768x602.jpg 768w, https:\/\/macote.fr\/wp-content\/uploads\/2024\/08\/Phares-jaunes-LED-BMW-X3-G01-X3M-F97-LCI-2021-2024-1-e1722613069391-15x12.jpg 15w\" sizes=\"(max-width: 820px) 100vw, 820px\" \/><\/a>                <\/div>\n                <div class=\"image-hover-wrap\">\n                    <ul class=\"icons-wrap block-style\">\n                                                    <li class=\"add-to-cart\"><a href=\"https:\/\/macote.fr\/es\/producto\/led-drl-phares-jaunes-bmw-m8-f91-serie-8-g14-2018-2024-pre-lci-style-csl-2\/\" aria-describedby=\"woocommerce_loop_add_to_cart_link_describedby_4856\" data-quantity=\"1\" class=\"button product_type_variable add_to_cart_button\" data-product_id=\"4856\" data-product_sku=\"\" aria-label=\"Elige las opciones para \u201cLED DRL - Phares Jaunes - BMW X3M F97 &amp; X3 G01 (2021-2024) LCI - Angel Eyes\u201d\" rel=\"nofollow\" data-no-translation=\"\" data-trp-gettext=\"\" data-no-translation-aria-label=\"\">Seleccionar opciones<\/a>\t<span id=\"woocommerce_loop_add_to_cart_link_describedby_4856\" class=\"screen-reader-text\">\n\t\tEste producto tiene m\u00faltiples variantes. Las opciones se pueden elegir en la p\u00e1gina de producto\t<\/span>\n<\/li>\n                                                \t                                            <li class=\"view-details\"><a href=\"https:\/\/macote.fr\/es\/producto\/led-drl-phares-jaunes-bmw-m8-f91-serie-8-g14-2018-2024-pre-lci-style-csl-2\/\"><i class=\"fas fa-link\"><\/i><\/a><\/li>\n\n                    <\/ul>\n                                    <\/div>\n            <\/div>\n            <div class=\"product-details-wrap\">\n\t            <div class=\"eael-product-title\"><a href=\"https:\/\/macote.fr\/es\/producto\/led-drl-phares-jaunes-bmw-m8-f91-serie-8-g14-2018-2024-pre-lci-style-csl-2\/\" class=\"woocommerce-LoopProduct-link woocommerce-loop-product__link\"><h2>LED DRL - Faros Amarillos - BMW X3M F97 &amp; X3 G01 (2021-2024) LCI - Angel Eyes<\/h2><\/a><\/div><div class=\"eael-product-price\"><span class=\"woocommerce-Price-amount amount\" aria-hidden=\"true\"><bdi>199,99&nbsp;<span class=\"woocommerce-Price-currencySymbol\" translate=\"no\">&euro;<\/span><\/bdi><\/span> <span aria-hidden=\"true\">-<\/span> <span class=\"woocommerce-Price-amount amount\" aria-hidden=\"true\"><bdi>399,99&nbsp;<span class=\"woocommerce-Price-currencySymbol\" translate=\"no\">&euro;<\/span><\/bdi><\/span><span class=\"screen-reader-text\" data-no-translation=\"\" data-trp-gettext=\"\">Rango de precios: desde 199,99&nbsp;&euro; hasta 399,99&nbsp;&euro;<\/span><\/div>\n            <\/div>\n        <\/div>\n\t<\/div>\n    <\/div><\/div>                        <!-- Add Arrows -->\n            <div class=\"swiper-button-next swiper-button-next-32416a5\">\n                <i class=\"fa fa-angle-right\"><\/i>\n            <\/div>\n            <div class=\"swiper-button-prev swiper-button-prev-32416a5\">\n                <i class=\"fa fa-angle-left\"><\/i>\n            <\/div>\n                    <\/div>\n        \t\t\t\t<\/div>\n\t\t\t\t<\/div>\n\t\t\t\t\t<\/div>\n\t\t\t\t<\/div>\n\t\t<div data-particle_enable=\"false\" data-particle-mobile-disabled=\"false\" class=\"elementor-element elementor-element-1986570e e-flex e-con-boxed e-con e-parent\" data-id=\"1986570e\" data-element_type=\"container\" data-e-type=\"container\" id=\"univers-carbone\" data-settings=\"{&quot;background_background&quot;:&quot;classic&quot;}\">\n\t\t\t\t\t<div class=\"e-con-inner\">\n\t\t<div data-particle_enable=\"false\" data-particle-mobile-disabled=\"false\" class=\"elementor-element elementor-element-5979444e e-con-full e-flex e-con e-child\" data-id=\"5979444e\" data-element_type=\"container\" data-e-type=\"container\">\n\t\t<div data-particle_enable=\"false\" data-particle-mobile-disabled=\"false\" class=\"elementor-element elementor-element-5b71e25f e-con-full e-flex e-con e-child\" data-id=\"5b71e25f\" data-element_type=\"container\" data-e-type=\"container\">\n\t\t\t\t<div class=\"elementor-element elementor-element-6397e4f3 elementor-widget elementor-widget-heading\" data-id=\"6397e4f3\" data-element_type=\"widget\" data-e-type=\"widget\" data-widget_type=\"heading.default\">\n\t\t\t\t<div class=\"elementor-widget-container\">\n\t\t\t\t\t<div class=\"elementor-heading-title elementor-size-default\">02 \u2014 FIBRA DE CARBONO<\/div>\t\t\t\t<\/div>\n\t\t\t\t<\/div>\n\t\t\t\t<div class=\"elementor-element elementor-element-77c838ed elementor-widget elementor-widget-heading\" data-id=\"77c838ed\" data-element_type=\"widget\" data-e-type=\"widget\" data-widget_type=\"heading.default\">\n\t\t\t\t<div class=\"elementor-widget-container\">\n\t\t\t\t\t<h2 class=\"elementor-heading-title elementor-size-default\">Ligereza y radicalidad<\/h2>\t\t\t\t<\/div>\n\t\t\t\t<\/div>\n\t\t\t\t<div class=\"elementor-element elementor-element-1daac60f elementor-widget elementor-widget-text-editor\" data-id=\"1daac60f\" data-element_type=\"widget\" data-e-type=\"widget\" data-widget_type=\"text-editor.default\">\n\t\t\t\t<div class=\"elementor-widget-container\">\n\t\t\t\t\t\t\t\t\t<p>Carbono aut\u00e9ntico, tejido o forjado.<\/p>\t\t\t\t\t\t\t\t<\/div>\n\t\t\t\t<\/div>\n\t\t\t\t<\/div>\n\t\t\t\t<div class=\"elementor-element elementor-element-d68ca5e elementor-align-right elementor-widget__width-auto elementor-widget elementor-widget-button\" data-id=\"d68ca5e\" data-element_type=\"widget\" data-e-type=\"widget\" data-widget_type=\"button.default\">\n\t\t\t\t<div class=\"elementor-widget-container\">\n\t\t\t\t\t\t\t\t\t<div class=\"elementor-button-wrapper\">\n\t\t\t\t\t<a class=\"elementor-button elementor-button-link elementor-size-sm\" href=\"https:\/\/macote.fr\/es\/categoria-de-productos\/accesorios-de-fibra-de-carbono-bmw\/\">\n\t\t\t\t\t\t<span class=\"elementor-button-content-wrapper\">\n\t\t\t\t\t\t\t\t\t<span class=\"elementor-button-text\">Ver la categor\u00eda<\/span>\n\t\t\t\t\t<\/span>\n\t\t\t\t\t<\/a>\n\t\t\t\t<\/div>\n\t\t\t\t\t\t\t\t<\/div>\n\t\t\t\t<\/div>\n\t\t\t\t<\/div>\n\t\t\t\t<div class=\"elementor-element elementor-element-d08cb58 elementor-widget elementor-widget-eael-woo-product-carousel\" data-id=\"d08cb58\" data-element_type=\"widget\" data-e-type=\"widget\" data-widget_type=\"eael-woo-product-carousel.default\">\n\t\t\t\t<div class=\"elementor-widget-container\">\n\t\t\t\t\t\n        <div class=\"swiper-container-wrap eael-woo-product-carousel-container preset-3\" id=\"eael-product-carousel-d08cb58\" data-widget-id=\"d08cb58\" >\n            <div class=\"woocommerce eael-woo-product-carousel eael-product-appender-d08cb58 eael-hover-buttons swiper swiper-8 swiper-container-d08cb58 swiper-image-stretch\" data-checkout-url=\"https:\/\/macote.fr\/es\/pedir\/\" data-pagination=\".swiper-pagination-d08cb58\" data-arrow-next=\".swiper-button-next-d08cb58\" data-arrow-prev=\".swiper-button-prev-d08cb58\" data-type=\"preset-3\" data-effect=\"slide\" data-items=\"3\" data-slide-items=\"1\" data-margin=\"10\" data-speed=\"505\" data-autoplay=\"3000\" data-pause-on-hover=\"true\" data-loop=\"1\" data-arrows=\"1\"><div class=\"products swiper-wrapper\">    <div class=\"product swiper-slide post-5570 type-product status-publish has-post-thumbnail product_cat-bmw-accessoires-fibre-de-carbone product_cat-bmw-accessoires-generiques product_cat-bmw-oem last instock taxable shipping-taxable purchasable product-type-variable\">\n        <div class=\"eael-product-carousel\">\n            <div class=\"product-image-wrap\">\n                <div class=\"image-wrap\">\n                    <a href=\"https:\/\/macote.fr\/es\/producto\/emblemas-bmw-de-fibra-de-carbono\/\" class=\"woocommerce-LoopProduct-link woocommerce-loop-product__link\"><img decoding=\"async\" width=\"1200\" height=\"1200\" src=\"https:\/\/macote.fr\/wp-content\/uploads\/2025\/01\/BMW-Carbon-Forged-Fiber-Black-Emblem-50-Year-Aniversary.jpg\" class=\"attachment-full size-full\" alt=\"BMW Forjado Fibra Carbono 50 Aniversario\" loading=\"eager\" srcset=\"https:\/\/macote.fr\/wp-content\/uploads\/2025\/01\/BMW-Carbon-Forged-Fiber-Black-Emblem-50-Year-Aniversary.jpg 1200w, https:\/\/macote.fr\/wp-content\/uploads\/2025\/01\/BMW-Carbon-Forged-Fiber-Black-Emblem-50-Year-Aniversary-200x200.jpg 200w, https:\/\/macote.fr\/wp-content\/uploads\/2025\/01\/BMW-Carbon-Forged-Fiber-Black-Emblem-50-Year-Aniversary-300x300.jpg 300w, https:\/\/macote.fr\/wp-content\/uploads\/2025\/01\/BMW-Carbon-Forged-Fiber-Black-Emblem-50-Year-Aniversary-1024x1024.jpg 1024w, https:\/\/macote.fr\/wp-content\/uploads\/2025\/01\/BMW-Carbon-Forged-Fiber-Black-Emblem-50-Year-Aniversary-150x150.jpg 150w, https:\/\/macote.fr\/wp-content\/uploads\/2025\/01\/BMW-Carbon-Forged-Fiber-Black-Emblem-50-Year-Aniversary-768x768.jpg 768w, https:\/\/macote.fr\/wp-content\/uploads\/2025\/01\/BMW-Carbon-Forged-Fiber-Black-Emblem-50-Year-Aniversary-12x12.jpg 12w\" sizes=\"(max-width: 1200px) 100vw, 1200px\" \/><\/a>                <\/div>\n                <div class=\"image-hover-wrap\">\n                    <ul class=\"icons-wrap block-style\">\n                                                    <li class=\"add-to-cart\"><a href=\"https:\/\/macote.fr\/es\/producto\/emblemas-bmw-de-fibra-de-carbono\/\" aria-describedby=\"woocommerce_loop_add_to_cart_link_describedby_5570\" data-quantity=\"1\" class=\"button product_type_variable add_to_cart_button\" data-product_id=\"5570\" data-product_sku=\"\" aria-label=\"Elige las opciones para \u201cEmbl\u00e8mes en Fibre de carbone BMW\u201d\" rel=\"nofollow\" data-no-translation=\"\" data-trp-gettext=\"\" data-no-translation-aria-label=\"\">Seleccionar opciones<\/a>\t<span id=\"woocommerce_loop_add_to_cart_link_describedby_5570\" class=\"screen-reader-text\">\n\t\tEste producto tiene m\u00faltiples variantes. Las opciones se pueden elegir en la p\u00e1gina de producto\t<\/span>\n<\/li>\n                                                \t                                            <li class=\"view-details\"><a href=\"https:\/\/macote.fr\/es\/producto\/emblemas-bmw-de-fibra-de-carbono\/\"><i class=\"fas fa-link\"><\/i><\/a><\/li>\n\n                    <\/ul>\n                                    <\/div>\n            <\/div>\n            <div class=\"product-details-wrap\">\n\t            <div class=\"eael-product-title\"><a href=\"https:\/\/macote.fr\/es\/producto\/emblemas-bmw-de-fibra-de-carbono\/\" class=\"woocommerce-LoopProduct-link woocommerce-loop-product__link\"><h2>Emblemas BMW de fibra de carbono<\/h2><\/a><\/div><div class=\"eael-product-price\"><span class=\"woocommerce-Price-amount amount\" aria-hidden=\"true\"><bdi>49,99&nbsp;<span class=\"woocommerce-Price-currencySymbol\" translate=\"no\">&euro;<\/span><\/bdi><\/span> <span aria-hidden=\"true\">-<\/span> <span class=\"woocommerce-Price-amount amount\" aria-hidden=\"true\"><bdi>109,99&nbsp;<span class=\"woocommerce-Price-currencySymbol\" translate=\"no\">&euro;<\/span><\/bdi><\/span><span class=\"screen-reader-text\" data-no-translation=\"\" data-trp-gettext=\"\">Rango de precios: desde 49,99&nbsp;&euro; hasta 109,99&nbsp;&euro;<\/span><\/div>\n            <\/div>\n        <\/div>\n\t<\/div>\n        <div class=\"product swiper-slide post-6428 type-product status-publish has-post-thumbnail product_cat-bmw-accessoires-fibre-de-carbone product_cat-coques-de-protection-telephone product_cat-macote-bmw-lifestyle first instock taxable shipping-taxable purchasable product-type-variable\">\n        <div class=\"eael-product-carousel\">\n            <div class=\"product-image-wrap\">\n                <div class=\"image-wrap\">\n                    <a href=\"https:\/\/macote.fr\/es\/producto\/carcasa-iphone-fibra-de-carbono-magsafe-braid\/\" class=\"woocommerce-LoopProduct-link woocommerce-loop-product__link\"><img decoding=\"async\" width=\"900\" height=\"900\" src=\"https:\/\/macote.fr\/wp-content\/uploads\/2025\/05\/Carbone-Fiber-Iphone-Case-Silver.jpg\" class=\"attachment-full size-full\" alt=\"Funda de fibra de carbono plateada para Iphone\" loading=\"eager\" srcset=\"https:\/\/macote.fr\/wp-content\/uploads\/2025\/05\/Carbone-Fiber-Iphone-Case-Silver.jpg 900w, https:\/\/macote.fr\/wp-content\/uploads\/2025\/05\/Carbone-Fiber-Iphone-Case-Silver-300x300.jpg 300w, https:\/\/macote.fr\/wp-content\/uploads\/2025\/05\/Carbone-Fiber-Iphone-Case-Silver-150x150.jpg 150w, https:\/\/macote.fr\/wp-content\/uploads\/2025\/05\/Carbone-Fiber-Iphone-Case-Silver-768x768.jpg 768w, https:\/\/macote.fr\/wp-content\/uploads\/2025\/05\/Carbone-Fiber-Iphone-Case-Silver-12x12.jpg 12w, https:\/\/macote.fr\/wp-content\/uploads\/2025\/05\/Carbone-Fiber-Iphone-Case-Silver-200x200.jpg 200w\" sizes=\"(max-width: 900px) 100vw, 900px\" \/><\/a>                <\/div>\n                <div class=\"image-hover-wrap\">\n                    <ul class=\"icons-wrap block-style\">\n                                                    <li class=\"add-to-cart\"><a href=\"https:\/\/macote.fr\/es\/producto\/carcasa-iphone-fibra-de-carbono-magsafe-braid\/\" aria-describedby=\"woocommerce_loop_add_to_cart_link_describedby_6428\" data-quantity=\"1\" class=\"button product_type_variable add_to_cart_button\" data-product_id=\"6428\" data-product_sku=\"\" aria-label=\"Elige las opciones para \u201cCoque Iphone Fibre de carbone tress\u00e9 - MagSafe\u201d\" rel=\"nofollow\" data-no-translation=\"\" data-trp-gettext=\"\" data-no-translation-aria-label=\"\">Seleccionar opciones<\/a>\t<span id=\"woocommerce_loop_add_to_cart_link_describedby_6428\" class=\"screen-reader-text\">\n\t\tEste producto tiene m\u00faltiples variantes. Las opciones se pueden elegir en la p\u00e1gina de producto\t<\/span>\n<\/li>\n                                                \t                                            <li class=\"view-details\"><a href=\"https:\/\/macote.fr\/es\/producto\/carcasa-iphone-fibra-de-carbono-magsafe-braid\/\"><i class=\"fas fa-link\"><\/i><\/a><\/li>\n\n                    <\/ul>\n                                    <\/div>\n            <\/div>\n            <div class=\"product-details-wrap\">\n\t            <div class=\"eael-product-title\"><a href=\"https:\/\/macote.fr\/es\/producto\/carcasa-iphone-fibra-de-carbono-magsafe-braid\/\" class=\"woocommerce-LoopProduct-link woocommerce-loop-product__link\"><h2>Funda de fibra de carbono trenzada para Iphone - MagSafe<\/h2><\/a><\/div><div class=\"eael-product-price\"><span class=\"woocommerce-Price-amount amount\" aria-hidden=\"true\"><bdi>24,99&nbsp;<span class=\"woocommerce-Price-currencySymbol\" translate=\"no\">&euro;<\/span><\/bdi><\/span> <span aria-hidden=\"true\">-<\/span> <span class=\"woocommerce-Price-amount amount\" aria-hidden=\"true\"><bdi>34,99&nbsp;<span class=\"woocommerce-Price-currencySymbol\" translate=\"no\">&euro;<\/span><\/bdi><\/span><span class=\"screen-reader-text\" data-no-translation=\"\" data-trp-gettext=\"\">Rango de precios: desde 24,99&nbsp;&euro; hasta 34,99&nbsp;&euro;<\/span><\/div>\n            <\/div>\n        <\/div>\n\t<\/div>\n        <div class=\"product swiper-slide post-2083 type-product status-publish has-post-thumbnail product_cat-bmw-accessoires-fibre-de-carbone product_cat-modification-exterieur-vehicule product_cat-m3 product_cat-m3-g80-g81 product_cat-m4 product_cat-m4-g82-g83  instock taxable shipping-taxable purchasable product-type-simple\">\n        <div class=\"eael-product-carousel\">\n            <div class=\"product-image-wrap\">\n                <div class=\"image-wrap\">\n                    <a href=\"https:\/\/macote.fr\/es\/producto\/calandre-carbone-bmw-m3-g80-m4-g82\/\" class=\"woocommerce-LoopProduct-link woocommerce-loop-product__link\"><img decoding=\"async\" width=\"1096\" height=\"1094\" src=\"https:\/\/macote.fr\/wp-content\/uploads\/2023\/05\/Calandre-avant-Fibre-de-Carbone-M4-G82-M3-G80.webp\" class=\"attachment-full size-full\" alt=\"Parrilla delantera de fibra de carbono M4 G82 M3 G80\" loading=\"eager\" srcset=\"https:\/\/macote.fr\/wp-content\/uploads\/2023\/05\/Calandre-avant-Fibre-de-Carbone-M4-G82-M3-G80.webp 1096w, https:\/\/macote.fr\/wp-content\/uploads\/2023\/05\/Calandre-avant-Fibre-de-Carbone-M4-G82-M3-G80-200x200.webp 200w, https:\/\/macote.fr\/wp-content\/uploads\/2023\/05\/Calandre-avant-Fibre-de-Carbone-M4-G82-M3-G80-300x300.webp 300w, https:\/\/macote.fr\/wp-content\/uploads\/2023\/05\/Calandre-avant-Fibre-de-Carbone-M4-G82-M3-G80-1024x1022.webp 1024w, https:\/\/macote.fr\/wp-content\/uploads\/2023\/05\/Calandre-avant-Fibre-de-Carbone-M4-G82-M3-G80-150x150.webp 150w, https:\/\/macote.fr\/wp-content\/uploads\/2023\/05\/Calandre-avant-Fibre-de-Carbone-M4-G82-M3-G80-768x767.webp 768w, https:\/\/macote.fr\/wp-content\/uploads\/2023\/05\/Calandre-avant-Fibre-de-Carbone-M4-G82-M3-G80-12x12.webp 12w, https:\/\/macote.fr\/wp-content\/uploads\/2023\/05\/Calandre-avant-Fibre-de-Carbone-M4-G82-M3-G80-600x599.webp 600w\" sizes=\"(max-width: 1096px) 100vw, 1096px\" \/><\/a>                <\/div>\n                <div class=\"image-hover-wrap\">\n                    <ul class=\"icons-wrap block-style\">\n                                                    <li class=\"add-to-cart\"><a href=\"\/es\/wp-json\/wp\/v2\/pages\/7984?add-to-cart=2083\" aria-describedby=\"woocommerce_loop_add_to_cart_link_describedby_2083\" data-quantity=\"1\" class=\"button product_type_simple add_to_cart_button ajax_add_to_cart\" data-product_id=\"2083\" data-product_sku=\"\" aria-label=\"A\u00f1adir al carrito: \u201cCalandre Carbone BMW M3 G80, M4 G82\u201d\" rel=\"nofollow\" data-success_message=\"\u00abCalandre Carbone BMW M3 G80, M4 G82\u00bb se ha a\u00f1adido a tu carrito\" data-no-translation=\"\" data-trp-gettext=\"\" data-no-translation-aria-label=\"\" data-no-translation-data-success_message=\"\">A\u00f1adir al carrito<\/a>\t<span id=\"woocommerce_loop_add_to_cart_link_describedby_2083\" class=\"screen-reader-text\">\n\t\t\t<\/span>\n<\/li>\n                                                \t                                            <li class=\"view-details\"><a href=\"https:\/\/macote.fr\/es\/producto\/calandre-carbone-bmw-m3-g80-m4-g82\/\"><i class=\"fas fa-link\"><\/i><\/a><\/li>\n\n                    <\/ul>\n                                    <\/div>\n            <\/div>\n            <div class=\"product-details-wrap\">\n\t            <div class=\"eael-product-title\"><a href=\"https:\/\/macote.fr\/es\/producto\/calandre-carbone-bmw-m3-g80-m4-g82\/\" class=\"woocommerce-LoopProduct-link woocommerce-loop-product__link\"><h2>BMW M3 G80, M4 G82 rejilla del radiador de carbono<\/h2><\/a><\/div><div class=\"eael-product-price\"><span class=\"woocommerce-Price-amount amount\"><bdi>1099,99&nbsp;<span class=\"woocommerce-Price-currencySymbol\" translate=\"no\">\u20ac<\/span><\/bdi><\/span><\/div>\n            <\/div>\n        <\/div>\n\t<\/div>\n        <div class=\"product swiper-slide post-2088 type-product status-publish has-post-thumbnail product_cat-bmw-accessoires-fibre-de-carbone product_cat-modification-exterieur-vehicule product_cat-m3 product_cat-m3-g80-g81 product_cat-m4 product_cat-m4-g82-g83  instock taxable shipping-taxable purchasable product-type-simple\">\n        <div class=\"eael-product-carousel\">\n            <div class=\"product-image-wrap\">\n                <div class=\"image-wrap\">\n                    <a href=\"https:\/\/macote.fr\/es\/producto\/aileron-carbone-bmw-m4-g82-m3-g80\/\" class=\"woocommerce-LoopProduct-link woocommerce-loop-product__link\"><img decoding=\"async\" width=\"800\" height=\"686\" src=\"https:\/\/macote.fr\/wp-content\/uploads\/2023\/05\/carbone-fiber-spoiler-m4-g80.webp\" class=\"attachment-full size-full\" alt=\"spoiler carbono M4 G82 M3 G80\" loading=\"eager\" srcset=\"https:\/\/macote.fr\/wp-content\/uploads\/2023\/05\/carbone-fiber-spoiler-m4-g80.webp 800w, https:\/\/macote.fr\/wp-content\/uploads\/2023\/05\/carbone-fiber-spoiler-m4-g80-300x257.webp 300w, https:\/\/macote.fr\/wp-content\/uploads\/2023\/05\/carbone-fiber-spoiler-m4-g80-768x659.webp 768w, https:\/\/macote.fr\/wp-content\/uploads\/2023\/05\/carbone-fiber-spoiler-m4-g80-14x12.webp 14w, https:\/\/macote.fr\/wp-content\/uploads\/2023\/05\/carbone-fiber-spoiler-m4-g80-600x515.webp 600w\" sizes=\"(max-width: 800px) 100vw, 800px\" \/><\/a>                <\/div>\n                <div class=\"image-hover-wrap\">\n                    <ul class=\"icons-wrap block-style\">\n                                                    <li class=\"add-to-cart\"><a href=\"\/es\/wp-json\/wp\/v2\/pages\/7984?add-to-cart=2088\" aria-describedby=\"woocommerce_loop_add_to_cart_link_describedby_2088\" data-quantity=\"1\" class=\"button product_type_simple add_to_cart_button ajax_add_to_cart\" data-product_id=\"2088\" data-product_sku=\"\" aria-label=\"A\u00f1adir al carrito: \u201cAileron Carbone BMW M4 G82, M3 G80\u201d\" rel=\"nofollow\" data-success_message=\"\u00abAileron Carbone BMW M4 G82, M3 G80\u00bb se ha a\u00f1adido a tu carrito\" data-no-translation=\"\" data-trp-gettext=\"\" data-no-translation-aria-label=\"\" data-no-translation-data-success_message=\"\">A\u00f1adir al carrito<\/a>\t<span id=\"woocommerce_loop_add_to_cart_link_describedby_2088\" class=\"screen-reader-text\">\n\t\t\t<\/span>\n<\/li>\n                                                \t                                            <li class=\"view-details\"><a href=\"https:\/\/macote.fr\/es\/producto\/aileron-carbone-bmw-m4-g82-m3-g80\/\"><i class=\"fas fa-link\"><\/i><\/a><\/li>\n\n                    <\/ul>\n                                    <\/div>\n            <\/div>\n            <div class=\"product-details-wrap\">\n\t            <div class=\"eael-product-title\"><a href=\"https:\/\/macote.fr\/es\/producto\/aileron-carbone-bmw-m4-g82-m3-g80\/\" class=\"woocommerce-LoopProduct-link woocommerce-loop-product__link\"><h2>Spoiler de carbono BMW M4 G82, M3 G80<\/h2><\/a><\/div><div class=\"eael-product-price\"><span class=\"woocommerce-Price-amount amount\"><bdi>2599,99&nbsp;<span class=\"woocommerce-Price-currencySymbol\" translate=\"no\">\u20ac<\/span><\/bdi><\/span><\/div>\n            <\/div>\n        <\/div>\n\t<\/div>\n        <div class=\"product swiper-slide post-2098 type-product status-publish has-post-thumbnail product_cat-bmw-accessoires-fibre-de-carbone product_cat-modification-exterieur-vehicule product_cat-m3 product_cat-m3-g80-g81 product_cat-m4 product_cat-m4-g82-g83 last instock taxable shipping-taxable purchasable product-type-simple\">\n        <div class=\"eael-product-carousel\">\n            <div class=\"product-image-wrap\">\n                <div class=\"image-wrap\">\n                    <a href=\"https:\/\/macote.fr\/es\/producto\/entree-dair-carbone-bmw-m3-g80-m4-g82\/\" class=\"woocommerce-LoopProduct-link woocommerce-loop-product__link\"><img decoding=\"async\" width=\"1024\" height=\"647\" src=\"https:\/\/macote.fr\/wp-content\/uploads\/2023\/05\/entree-dair-carbone-e1685092277900.jpeg\" class=\"attachment-full size-full\" alt=\"entrada de aire de carbono\" loading=\"eager\" srcset=\"https:\/\/macote.fr\/wp-content\/uploads\/2023\/05\/entree-dair-carbone-e1685092277900.jpeg 1024w, https:\/\/macote.fr\/wp-content\/uploads\/2023\/05\/entree-dair-carbone-e1685092277900-300x190.jpeg 300w, https:\/\/macote.fr\/wp-content\/uploads\/2023\/05\/entree-dair-carbone-e1685092277900-768x485.jpeg 768w, https:\/\/macote.fr\/wp-content\/uploads\/2023\/05\/entree-dair-carbone-e1685092277900-18x12.jpeg 18w, https:\/\/macote.fr\/wp-content\/uploads\/2023\/05\/entree-dair-carbone-e1685092277900-600x379.jpeg 600w\" sizes=\"(max-width: 1024px) 100vw, 1024px\" \/><\/a>                <\/div>\n                <div class=\"image-hover-wrap\">\n                    <ul class=\"icons-wrap block-style\">\n                                                    <li class=\"add-to-cart\"><a href=\"\/es\/wp-json\/wp\/v2\/pages\/7984?add-to-cart=2098\" aria-describedby=\"woocommerce_loop_add_to_cart_link_describedby_2098\" data-quantity=\"1\" class=\"button product_type_simple add_to_cart_button ajax_add_to_cart\" data-product_id=\"2098\" data-product_sku=\"\" aria-label=\"A\u00f1adir al carrito: \u201cEntr\u00e9e d&#039;air Carbone BMW M3 G80, M4 G82\u201d\" rel=\"nofollow\" data-success_message=\"\u00abEntr\u00e9e d&#039;air Carbone BMW M3 G80, M4 G82\u00bb se ha a\u00f1adido a tu carrito\" data-no-translation=\"\" data-trp-gettext=\"\" data-no-translation-aria-label=\"\" data-no-translation-data-success_message=\"\">A\u00f1adir al carrito<\/a>\t<span id=\"woocommerce_loop_add_to_cart_link_describedby_2098\" class=\"screen-reader-text\">\n\t\t\t<\/span>\n<\/li>\n                                                \t                                            <li class=\"view-details\"><a href=\"https:\/\/macote.fr\/es\/producto\/entree-dair-carbone-bmw-m3-g80-m4-g82\/\"><i class=\"fas fa-link\"><\/i><\/a><\/li>\n\n                    <\/ul>\n                                    <\/div>\n            <\/div>\n            <div class=\"product-details-wrap\">\n\t            <div class=\"eael-product-title\"><a href=\"https:\/\/macote.fr\/es\/producto\/entree-dair-carbone-bmw-m3-g80-m4-g82\/\" class=\"woocommerce-LoopProduct-link woocommerce-loop-product__link\"><h2>Toma de aire de carbono BMW M3 G80, M4 G82<\/h2><\/a><\/div><div class=\"eael-product-price\"><span class=\"woocommerce-Price-amount amount\"><bdi>899,99&nbsp;<span class=\"woocommerce-Price-currencySymbol\" translate=\"no\">\u20ac<\/span><\/bdi><\/span><\/div>\n            <\/div>\n        <\/div>\n\t<\/div>\n        <div class=\"product swiper-slide post-1654 type-product status-publish has-post-thumbnail product_cat-bmw-accessoires-fibre-de-carbone product_cat-modifications-interieurs first instock taxable shipping-taxable purchasable product-type-simple\">\n        <div class=\"eael-product-carousel\">\n            <div class=\"product-image-wrap\">\n                <div class=\"image-wrap\">\n                    <a href=\"https:\/\/macote.fr\/es\/producto\/freno-maneta-de-fibra-de-carbono-para-bmw\/\" class=\"woocommerce-LoopProduct-link woocommerce-loop-product__link\"><img decoding=\"async\" width=\"998\" height=\"926\" src=\"https:\/\/macote.fr\/wp-content\/uploads\/2023\/04\/frain-a-main-fibre-de-carbone-BMW.png\" class=\"attachment-full size-full\" alt=\"Freno de mano BMW de fibra de carbono\" loading=\"eager\" srcset=\"https:\/\/macote.fr\/wp-content\/uploads\/2023\/04\/frain-a-main-fibre-de-carbone-BMW.png 998w, https:\/\/macote.fr\/wp-content\/uploads\/2023\/04\/frain-a-main-fibre-de-carbone-BMW-300x278.png 300w, https:\/\/macote.fr\/wp-content\/uploads\/2023\/04\/frain-a-main-fibre-de-carbone-BMW-768x713.png 768w, https:\/\/macote.fr\/wp-content\/uploads\/2023\/04\/frain-a-main-fibre-de-carbone-BMW-600x557.png 600w\" sizes=\"(max-width: 998px) 100vw, 998px\" \/><\/a>                <\/div>\n                <div class=\"image-hover-wrap\">\n                    <ul class=\"icons-wrap block-style\">\n                                                    <li class=\"add-to-cart\"><a href=\"\/es\/wp-json\/wp\/v2\/pages\/7984?add-to-cart=1654\" aria-describedby=\"woocommerce_loop_add_to_cart_link_describedby_1654\" data-quantity=\"1\" class=\"button product_type_simple add_to_cart_button ajax_add_to_cart\" data-product_id=\"1654\" data-product_sku=\"\" aria-label=\"A\u00f1adir al carrito: \u201cPoign\u00e9e frein \u00e0 main en fibre de carbone Pour BMW\u201d\" rel=\"nofollow\" data-success_message=\"\u00abPoign\u00e9e frein \u00e0 main en fibre de carbone Pour BMW\u00bb se ha a\u00f1adido a tu carrito\" data-no-translation=\"\" data-trp-gettext=\"\" data-no-translation-aria-label=\"\" data-no-translation-data-success_message=\"\">A\u00f1adir al carrito<\/a>\t<span id=\"woocommerce_loop_add_to_cart_link_describedby_1654\" class=\"screen-reader-text\">\n\t\t\t<\/span>\n<\/li>\n                                                \t                                            <li class=\"view-details\"><a href=\"https:\/\/macote.fr\/es\/producto\/freno-maneta-de-fibra-de-carbono-para-bmw\/\"><i class=\"fas fa-link\"><\/i><\/a><\/li>\n\n                    <\/ul>\n                                    <\/div>\n            <\/div>\n            <div class=\"product-details-wrap\">\n\t            <div class=\"eael-product-title\"><a href=\"https:\/\/macote.fr\/es\/producto\/freno-maneta-de-fibra-de-carbono-para-bmw\/\" class=\"woocommerce-LoopProduct-link woocommerce-loop-product__link\"><h2>Palanca de freno de mano de fibra de carbono Para BMW<\/h2><\/a><\/div><div class=\"eael-product-price\"><span class=\"woocommerce-Price-amount amount\"><bdi>39,99&nbsp;<span class=\"woocommerce-Price-currencySymbol\" translate=\"no\">\u20ac<\/span><\/bdi><\/span><\/div>\n            <\/div>\n        <\/div>\n\t<\/div>\n        <div class=\"product swiper-slide post-7958 type-product status-publish has-post-thumbnail product_cat-barre-anti-rapprochement product_cat-bmw-accessoires-fibre-de-carbone product_cat-bmw-oem product_cat-bmw-serie-2 product_cat-bmw-serie-2-g42 product_cat-bmw-serie-3 product_cat-bmw-serie-3-g20-g21-g28 product_cat-bmw-serie-4 product_cat-bmw-serie-4-g22-g23-g36 product_cat-chassis product_cat-modification-de-performance  instock taxable shipping-taxable purchasable product-type-simple\">\n        <div class=\"eael-product-carousel\">\n            <div class=\"product-image-wrap\">\n                <div class=\"image-wrap\">\n                    <a href=\"https:\/\/macote.fr\/es\/producto\/barras-de-refuerzo-del-compartimento-del-motor-de-carbono-para-bmw-g20-g22-y-g42\/\" class=\"woocommerce-LoopProduct-link woocommerce-loop-product__link\"><img decoding=\"async\" width=\"1448\" height=\"1086\" src=\"https:\/\/macote.fr\/wp-content\/uploads\/2026\/08\/Jambes-de-Force-Fibre-de-Carbone-BMW-Serie-3-G20.png\" class=\"attachment-full size-full\" alt=\"Amortiguadores de fibra de carbono para el BMW Serie 3 G20\" loading=\"eager\" srcset=\"https:\/\/macote.fr\/wp-content\/uploads\/2026\/08\/Jambes-de-Force-Fibre-de-Carbone-BMW-Serie-3-G20.png 1448w, https:\/\/macote.fr\/wp-content\/uploads\/2026\/08\/Jambes-de-Force-Fibre-de-Carbone-BMW-Serie-3-G20-300x225.png 300w, https:\/\/macote.fr\/wp-content\/uploads\/2026\/08\/Jambes-de-Force-Fibre-de-Carbone-BMW-Serie-3-G20-1024x768.png 1024w, https:\/\/macote.fr\/wp-content\/uploads\/2026\/08\/Jambes-de-Force-Fibre-de-Carbone-BMW-Serie-3-G20-768x576.png 768w, https:\/\/macote.fr\/wp-content\/uploads\/2026\/08\/Jambes-de-Force-Fibre-de-Carbone-BMW-Serie-3-G20-16x12.png 16w, https:\/\/macote.fr\/wp-content\/uploads\/2026\/08\/Jambes-de-Force-Fibre-de-Carbone-BMW-Serie-3-G20-1200x900.png 1200w\" sizes=\"(max-width: 1448px) 100vw, 1448px\" \/><\/a>                <\/div>\n                <div class=\"image-hover-wrap\">\n                    <ul class=\"icons-wrap block-style\">\n                                                    <li class=\"add-to-cart\"><a href=\"\/es\/wp-json\/wp\/v2\/pages\/7984?add-to-cart=7958\" aria-describedby=\"woocommerce_loop_add_to_cart_link_describedby_7958\" data-quantity=\"1\" class=\"button product_type_simple add_to_cart_button ajax_add_to_cart\" data-product_id=\"7958\" data-product_sku=\"\" aria-label=\"A\u00f1adir al carrito: \u201cBarres de renfort de baie moteur en carbone (BMW G20 \/ G22 \/ G42)\u201d\" rel=\"nofollow\" data-success_message=\"\u00abBarres de renfort de baie moteur en carbone (BMW G20 \/ G22 \/ G42)\u00bb se ha a\u00f1adido a tu carrito\" data-no-translation=\"\" data-trp-gettext=\"\" data-no-translation-aria-label=\"\" data-no-translation-data-success_message=\"\">A\u00f1adir al carrito<\/a>\t<span id=\"woocommerce_loop_add_to_cart_link_describedby_7958\" class=\"screen-reader-text\">\n\t\t\t<\/span>\n<\/li>\n                                                \t                                            <li class=\"view-details\"><a href=\"https:\/\/macote.fr\/es\/producto\/barras-de-refuerzo-del-compartimento-del-motor-de-carbono-para-bmw-g20-g22-y-g42\/\"><i class=\"fas fa-link\"><\/i><\/a><\/li>\n\n                    <\/ul>\n                                    <\/div>\n            <\/div>\n            <div class=\"product-details-wrap\">\n\t            <div class=\"eael-product-title\"><a href=\"https:\/\/macote.fr\/es\/producto\/barras-de-refuerzo-del-compartimento-del-motor-de-carbono-para-bmw-g20-g22-y-g42\/\" class=\"woocommerce-LoopProduct-link woocommerce-loop-product__link\"><h2>Barras de refuerzo del compartimento del motor de carbono (BMW G20 \/ G22 \/ G42)<\/h2><\/a><\/div><div class=\"eael-product-price\"><span class=\"woocommerce-Price-amount amount\"><bdi>299,99&nbsp;<span class=\"woocommerce-Price-currencySymbol\" translate=\"no\">\u20ac<\/span><\/bdi><\/span><\/div>\n            <\/div>\n        <\/div>\n\t<\/div>\n        <div class=\"product swiper-slide post-2104 type-product status-publish has-post-thumbnail product_cat-bmw-accessoires-fibre-de-carbone product_cat-modification-exterieur-vehicule product_cat-m3 product_cat-m3-g80-g81 product_cat-m4 product_cat-m4-g82-g83  instock taxable shipping-taxable purchasable product-type-simple\">\n        <div class=\"eael-product-carousel\">\n            <div class=\"product-image-wrap\">\n                <div class=\"image-wrap\">\n                    <a href=\"https:\/\/macote.fr\/es\/producto\/coques-retroviseurs-carbone-bmw-m3-g80-et-m4-g82\/\" class=\"woocommerce-LoopProduct-link woocommerce-loop-product__link\"><img decoding=\"async\" width=\"1000\" height=\"1000\" src=\"https:\/\/macote.fr\/wp-content\/uploads\/2023\/05\/coque-retroviseur-en-carbone-interieur-exterieur.jpeg\" class=\"attachment-full size-full\" alt=\"carcasas de retrovisor de carbono interior exterior\" loading=\"eager\" srcset=\"https:\/\/macote.fr\/wp-content\/uploads\/2023\/05\/coque-retroviseur-en-carbone-interieur-exterieur.jpeg 1000w, https:\/\/macote.fr\/wp-content\/uploads\/2023\/05\/coque-retroviseur-en-carbone-interieur-exterieur-200x200.jpeg 200w, https:\/\/macote.fr\/wp-content\/uploads\/2023\/05\/coque-retroviseur-en-carbone-interieur-exterieur-300x300.jpeg 300w, https:\/\/macote.fr\/wp-content\/uploads\/2023\/05\/coque-retroviseur-en-carbone-interieur-exterieur-150x150.jpeg 150w, https:\/\/macote.fr\/wp-content\/uploads\/2023\/05\/coque-retroviseur-en-carbone-interieur-exterieur-768x768.jpeg 768w, https:\/\/macote.fr\/wp-content\/uploads\/2023\/05\/coque-retroviseur-en-carbone-interieur-exterieur-12x12.jpeg 12w, https:\/\/macote.fr\/wp-content\/uploads\/2023\/05\/coque-retroviseur-en-carbone-interieur-exterieur-600x600.jpeg 600w\" sizes=\"(max-width: 1000px) 100vw, 1000px\" \/><\/a>                <\/div>\n                <div class=\"image-hover-wrap\">\n                    <ul class=\"icons-wrap block-style\">\n                                                    <li class=\"add-to-cart\"><a href=\"\/es\/wp-json\/wp\/v2\/pages\/7984?add-to-cart=2104\" aria-describedby=\"woocommerce_loop_add_to_cart_link_describedby_2104\" data-quantity=\"1\" class=\"button product_type_simple add_to_cart_button ajax_add_to_cart\" data-product_id=\"2104\" data-product_sku=\"\" aria-label=\"A\u00f1adir al carrito: \u201cCoques r\u00e9troviseurs carbone BMW M3 G80 et M4 G82\u201d\" rel=\"nofollow\" data-success_message=\"\u00abCoques r\u00e9troviseurs carbone BMW M3 G80 et M4 G82\u00bb se ha a\u00f1adido a tu carrito\" data-no-translation=\"\" data-trp-gettext=\"\" data-no-translation-aria-label=\"\" data-no-translation-data-success_message=\"\">A\u00f1adir al carrito<\/a>\t<span id=\"woocommerce_loop_add_to_cart_link_describedby_2104\" class=\"screen-reader-text\">\n\t\t\t<\/span>\n<\/li>\n                                                \t                                            <li class=\"view-details\"><a href=\"https:\/\/macote.fr\/es\/producto\/coques-retroviseurs-carbone-bmw-m3-g80-et-m4-g82\/\"><i class=\"fas fa-link\"><\/i><\/a><\/li>\n\n                    <\/ul>\n                                    <\/div>\n            <\/div>\n            <div class=\"product-details-wrap\">\n\t            <div class=\"eael-product-title\"><a href=\"https:\/\/macote.fr\/es\/producto\/coques-retroviseurs-carbone-bmw-m3-g80-et-m4-g82\/\" class=\"woocommerce-LoopProduct-link woocommerce-loop-product__link\"><h2>BMW M3 G80 y M4 G82 tapas de espejo de carbono<\/h2><\/a><\/div><div class=\"eael-product-price\"><span class=\"woocommerce-Price-amount amount\"><bdi>239,99&nbsp;<span class=\"woocommerce-Price-currencySymbol\" translate=\"no\">\u20ac<\/span><\/bdi><\/span><\/div>\n            <\/div>\n        <\/div>\n\t<\/div>\n        <div class=\"product swiper-slide post-7926 type-product status-publish has-post-thumbnail product_cat-accessoires-macote-bmw product_cat-bmw-accessoires-fibre-de-carbone product_cat-bmw-oem product_cat-bmw-serie-3 product_cat-bmw-serie-3-e90-e91-e92-e93 product_cat-calandre product_cat-modification-exterieur-vehicule product_cat-m3 product_cat-m3-e90-e91-e92-e93 last instock taxable shipping-taxable purchasable product-type-variable\">\n        <div class=\"eael-product-carousel\">\n            <div class=\"product-image-wrap\">\n                <div class=\"image-wrap\">\n                    <a href=\"https:\/\/macote.fr\/es\/producto\/rejilla-delantera-de-fibra-de-carbono-para-bmw-m3-e90-e92-y-bmw-serie-3-e92-fase-1-y-fase-2\/\" class=\"woocommerce-LoopProduct-link woocommerce-loop-product__link\"><img decoding=\"async\" width=\"1254\" height=\"1254\" src=\"https:\/\/macote.fr\/wp-content\/uploads\/2026\/08\/Calandre-bmw-double-haricot-carbone-M3-E90-et-E92.png\" class=\"attachment-full size-full\" alt=\"Rejilla delantera BMW con doble logotipo en carbono para M3 E90 y E92\" loading=\"eager\" srcset=\"https:\/\/macote.fr\/wp-content\/uploads\/2026\/08\/Calandre-bmw-double-haricot-carbone-M3-E90-et-E92.png 1254w, https:\/\/macote.fr\/wp-content\/uploads\/2026\/08\/Calandre-bmw-double-haricot-carbone-M3-E90-et-E92-300x300.png 300w, https:\/\/macote.fr\/wp-content\/uploads\/2026\/08\/Calandre-bmw-double-haricot-carbone-M3-E90-et-E92-1024x1024.png 1024w, https:\/\/macote.fr\/wp-content\/uploads\/2026\/08\/Calandre-bmw-double-haricot-carbone-M3-E90-et-E92-150x150.png 150w, https:\/\/macote.fr\/wp-content\/uploads\/2026\/08\/Calandre-bmw-double-haricot-carbone-M3-E90-et-E92-768x768.png 768w, https:\/\/macote.fr\/wp-content\/uploads\/2026\/08\/Calandre-bmw-double-haricot-carbone-M3-E90-et-E92-12x12.png 12w, https:\/\/macote.fr\/wp-content\/uploads\/2026\/08\/Calandre-bmw-double-haricot-carbone-M3-E90-et-E92-1200x1200.png 1200w, https:\/\/macote.fr\/wp-content\/uploads\/2026\/08\/Calandre-bmw-double-haricot-carbone-M3-E90-et-E92-200x200.png 200w\" sizes=\"(max-width: 1254px) 100vw, 1254px\" \/><\/a>                <\/div>\n                <div class=\"image-hover-wrap\">\n                    <ul class=\"icons-wrap block-style\">\n                                                    <li class=\"add-to-cart\"><a href=\"https:\/\/macote.fr\/es\/producto\/rejilla-delantera-de-fibra-de-carbono-para-bmw-m3-e90-e92-y-bmw-serie-3-e92-fase-1-y-fase-2\/\" aria-describedby=\"woocommerce_loop_add_to_cart_link_describedby_7926\" data-quantity=\"1\" class=\"button product_type_variable add_to_cart_button\" data-product_id=\"7926\" data-product_sku=\"\" aria-label=\"Elige las opciones para \u201cCalandre en Fibre de Carbone BMW M3 E90 E92 &amp; BMW S\u00e9rie 3 E92 \u2013 Phase 1 &amp; Phase 2\u201d\" rel=\"nofollow\" data-no-translation=\"\" data-trp-gettext=\"\" data-no-translation-aria-label=\"\">Seleccionar opciones<\/a>\t<span id=\"woocommerce_loop_add_to_cart_link_describedby_7926\" class=\"screen-reader-text\">\n\t\tEste producto tiene m\u00faltiples variantes. Las opciones se pueden elegir en la p\u00e1gina de producto\t<\/span>\n<\/li>\n                                                \t                                            <li class=\"view-details\"><a href=\"https:\/\/macote.fr\/es\/producto\/rejilla-delantera-de-fibra-de-carbono-para-bmw-m3-e90-e92-y-bmw-serie-3-e92-fase-1-y-fase-2\/\"><i class=\"fas fa-link\"><\/i><\/a><\/li>\n\n                    <\/ul>\n                                    <\/div>\n            <\/div>\n            <div class=\"product-details-wrap\">\n\t            <div class=\"eael-product-title\"><a href=\"https:\/\/macote.fr\/es\/producto\/rejilla-delantera-de-fibra-de-carbono-para-bmw-m3-e90-e92-y-bmw-serie-3-e92-fase-1-y-fase-2\/\" class=\"woocommerce-LoopProduct-link woocommerce-loop-product__link\"><h2>Rejilla delantera de fibra de carbono para BMW M3 E90, E92 y BMW Serie 3 E92 \u2013 Fase 1 y Fase 2<\/h2><\/a><\/div><div class=\"eael-product-price\"><span class=\"woocommerce-Price-amount amount\"><bdi>319,99&nbsp;<span class=\"woocommerce-Price-currencySymbol\" translate=\"no\">\u20ac<\/span><\/bdi><\/span><\/div>\n            <\/div>\n        <\/div>\n\t<\/div>\n        <div class=\"product swiper-slide post-7977 type-product status-publish has-post-thumbnail product_cat-accessoires-macote-bmw product_cat-bmw-accessoires-fibre-de-carbone product_cat-bmw-oem product_cat-bmw-serie-3 product_cat-bmw-serie-3-e90-e91-e92-e93 product_cat-modification-exterieur-vehicule product_cat-m3 product_cat-m3-e90-e91-e92-e93 product_cat-retroviseurs first instock taxable shipping-taxable purchasable product-type-variable\">\n        <div class=\"eael-product-carousel\">\n            <div class=\"product-image-wrap\">\n                <div class=\"image-wrap\">\n                    <a href=\"https:\/\/macote.fr\/es\/producto\/carcasas-de-retrovisores-de-fibra-de-carbono-para-bmw-serie-3-m3-e90-e91-e92-y-e93\/\" class=\"woocommerce-LoopProduct-link woocommerce-loop-product__link\"><img decoding=\"async\" width=\"675\" height=\"675\" src=\"https:\/\/macote.fr\/wp-content\/uploads\/2026\/08\/bmw-serie-3-e92-coques-retroviseurs-carbone-21.webp\" class=\"attachment-full size-full\" alt=\"bmw-serie-3-carcasas-de-retrovisores-de-carbono\" loading=\"eager\" srcset=\"https:\/\/macote.fr\/wp-content\/uploads\/2026\/08\/bmw-serie-3-e92-coques-retroviseurs-carbone-21.webp 675w, https:\/\/macote.fr\/wp-content\/uploads\/2026\/08\/bmw-serie-3-e92-coques-retroviseurs-carbone-21-300x300.webp 300w, https:\/\/macote.fr\/wp-content\/uploads\/2026\/08\/bmw-serie-3-e92-coques-retroviseurs-carbone-21-150x150.webp 150w, https:\/\/macote.fr\/wp-content\/uploads\/2026\/08\/bmw-serie-3-e92-coques-retroviseurs-carbone-21-12x12.webp 12w, https:\/\/macote.fr\/wp-content\/uploads\/2026\/08\/bmw-serie-3-e92-coques-retroviseurs-carbone-21-200x200.webp 200w\" sizes=\"(max-width: 675px) 100vw, 675px\" \/><\/a>                <\/div>\n                <div class=\"image-hover-wrap\">\n                    <ul class=\"icons-wrap block-style\">\n                                                    <li class=\"add-to-cart\"><a href=\"https:\/\/macote.fr\/es\/producto\/carcasas-de-retrovisores-de-fibra-de-carbono-para-bmw-serie-3-m3-e90-e91-e92-y-e93\/\" aria-describedby=\"woocommerce_loop_add_to_cart_link_describedby_7977\" data-quantity=\"1\" class=\"button product_type_variable add_to_cart_button\" data-product_id=\"7977\" data-product_sku=\"\" aria-label=\"Elige las opciones para \u201cCoques de R\u00e9troviseurs en Fibre de Carbone - BMW S\u00e9rie 3 &amp; M3 E90, E91, E92, E93\u201d\" rel=\"nofollow\" data-no-translation=\"\" data-trp-gettext=\"\" data-no-translation-aria-label=\"\">Seleccionar opciones<\/a>\t<span id=\"woocommerce_loop_add_to_cart_link_describedby_7977\" class=\"screen-reader-text\">\n\t\tEste producto tiene m\u00faltiples variantes. Las opciones se pueden elegir en la p\u00e1gina de producto\t<\/span>\n<\/li>\n                                                \t                                            <li class=\"view-details\"><a href=\"https:\/\/macote.fr\/es\/producto\/carcasas-de-retrovisores-de-fibra-de-carbono-para-bmw-serie-3-m3-e90-e91-e92-y-e93\/\"><i class=\"fas fa-link\"><\/i><\/a><\/li>\n\n                    <\/ul>\n                                    <\/div>\n            <\/div>\n            <div class=\"product-details-wrap\">\n\t            <div class=\"eael-product-title\"><a href=\"https:\/\/macote.fr\/es\/producto\/carcasas-de-retrovisores-de-fibra-de-carbono-para-bmw-serie-3-m3-e90-e91-e92-y-e93\/\" class=\"woocommerce-LoopProduct-link woocommerce-loop-product__link\"><h2>Carcasas de retrovisores de fibra de carbono - BMW Serie 3 y M3 E90, E91, E92, E93<\/h2><\/a><\/div><div class=\"eael-product-price\"><span class=\"woocommerce-Price-amount amount\"><bdi>289,99&nbsp;<span class=\"woocommerce-Price-currencySymbol\" translate=\"no\">\u20ac<\/span><\/bdi><\/span><\/div>\n            <\/div>\n        <\/div>\n\t<\/div>\n        <div class=\"product swiper-slide post-2073 type-product status-publish has-post-thumbnail product_cat-bmw-accessoires-fibre-de-carbone product_cat-m2 product_cat-m2-g87 product_cat-m3 product_cat-m3-g80-g81 product_cat-m4 product_cat-m4-g82-g83 product_cat-modification-de-performance  instock taxable shipping-taxable purchasable product-type-simple\">\n        <div class=\"eael-product-carousel\">\n            <div class=\"product-image-wrap\">\n                <div class=\"image-wrap\">\n                    <a href=\"https:\/\/macote.fr\/es\/producto\/barra-repelente-de-fibra-de-carbono\/\" class=\"woocommerce-LoopProduct-link woocommerce-loop-product__link\"><img decoding=\"async\" width=\"1196\" height=\"758\" src=\"https:\/\/macote.fr\/wp-content\/uploads\/2023\/05\/Screenshot-2023-05-25-at-11.46.23.png\" class=\"attachment-full size-full\" alt=\"Barra anti-escalada BMW M3 G80 M4 G82\" loading=\"eager\" srcset=\"https:\/\/macote.fr\/wp-content\/uploads\/2023\/05\/Screenshot-2023-05-25-at-11.46.23.png 1196w, https:\/\/macote.fr\/wp-content\/uploads\/2023\/05\/Screenshot-2023-05-25-at-11.46.23-300x190.png 300w, https:\/\/macote.fr\/wp-content\/uploads\/2023\/05\/Screenshot-2023-05-25-at-11.46.23-1024x649.png 1024w, https:\/\/macote.fr\/wp-content\/uploads\/2023\/05\/Screenshot-2023-05-25-at-11.46.23-768x487.png 768w, https:\/\/macote.fr\/wp-content\/uploads\/2023\/05\/Screenshot-2023-05-25-at-11.46.23-18x12.png 18w, https:\/\/macote.fr\/wp-content\/uploads\/2023\/05\/Screenshot-2023-05-25-at-11.46.23-600x380.png 600w\" sizes=\"(max-width: 1196px) 100vw, 1196px\" \/><\/a>                <\/div>\n                <div class=\"image-hover-wrap\">\n                    <ul class=\"icons-wrap block-style\">\n                                                    <li class=\"add-to-cart\"><a href=\"\/es\/wp-json\/wp\/v2\/pages\/7984?add-to-cart=2073\" aria-describedby=\"woocommerce_loop_add_to_cart_link_describedby_2073\" data-quantity=\"1\" class=\"button product_type_simple add_to_cart_button ajax_add_to_cart\" data-product_id=\"2073\" data-product_sku=\"\" aria-label=\"A\u00f1adir al carrito: \u201cBarre anti rapprochement Fibre de Carbone BMW M3 G80 M4 G82 M2 G87\u201d\" rel=\"nofollow\" data-success_message=\"\u00abBarre anti rapprochement Fibre de Carbone BMW M3 G80 M4 G82 M2 G87\u00bb se ha a\u00f1adido a tu carrito\" data-no-translation=\"\" data-trp-gettext=\"\" data-no-translation-aria-label=\"\" data-no-translation-data-success_message=\"\">A\u00f1adir al carrito<\/a>\t<span id=\"woocommerce_loop_add_to_cart_link_describedby_2073\" class=\"screen-reader-text\">\n\t\t\t<\/span>\n<\/li>\n                                                \t                                            <li class=\"view-details\"><a href=\"https:\/\/macote.fr\/es\/producto\/barra-repelente-de-fibra-de-carbono\/\"><i class=\"fas fa-link\"><\/i><\/a><\/li>\n\n                    <\/ul>\n                                    <\/div>\n            <\/div>\n            <div class=\"product-details-wrap\">\n\t            <div class=\"eael-product-title\"><a href=\"https:\/\/macote.fr\/es\/producto\/barra-repelente-de-fibra-de-carbono\/\" class=\"woocommerce-LoopProduct-link woocommerce-loop-product__link\"><h2>Barra antibumping de fibra de carbono BMW M3 G80 M4 G82 M2 G87<\/h2><\/a><\/div><div class=\"eael-product-price\"><span class=\"woocommerce-Price-amount amount\"><bdi>1599,99&nbsp;<span class=\"woocommerce-Price-currencySymbol\" translate=\"no\">\u20ac<\/span><\/bdi><\/span><\/div>\n            <\/div>\n        <\/div>\n\t<\/div>\n        <div class=\"product swiper-slide post-7893 type-product status-publish has-post-thumbnail product_cat-bmw-accessoires-fibre-de-carbone product_cat-bmw-oem product_cat-calandre product_cat-modification-exterieur-vehicule product_cat-x3 product_cat-x3-f25 product_cat-x4 product_cat-x4-f26  instock taxable shipping-taxable purchasable product-type-simple\">\n        <div class=\"eael-product-carousel\">\n            <div class=\"product-image-wrap\">\n                <div class=\"image-wrap\">\n                    <a href=\"https:\/\/macote.fr\/es\/producto\/rejilla-delantera-de-fibra-de-carbono-para-bmw-x3-f25-x4-f26-lci-2014-2018\/\" class=\"woocommerce-LoopProduct-link woocommerce-loop-product__link\"><img decoding=\"async\" width=\"2560\" height=\"1707\" src=\"https:\/\/macote.fr\/wp-content\/uploads\/2026\/07\/Calandre-Fibre-de-Carbone-BMW-X3-F25-X4-F26-Paire-Complete-scaled.jpg\" class=\"attachment-full size-full\" alt=\"Rejilla delantera de fibra de carbono para BMW X3 F25 y X4 F26 (juego completo)\" loading=\"eager\" srcset=\"https:\/\/macote.fr\/wp-content\/uploads\/2026\/07\/Calandre-Fibre-de-Carbone-BMW-X3-F25-X4-F26-Paire-Complete-scaled.jpg 2560w, https:\/\/macote.fr\/wp-content\/uploads\/2026\/07\/Calandre-Fibre-de-Carbone-BMW-X3-F25-X4-F26-Paire-Complete-300x200.jpg 300w, https:\/\/macote.fr\/wp-content\/uploads\/2026\/07\/Calandre-Fibre-de-Carbone-BMW-X3-F25-X4-F26-Paire-Complete-1024x683.jpg 1024w, https:\/\/macote.fr\/wp-content\/uploads\/2026\/07\/Calandre-Fibre-de-Carbone-BMW-X3-F25-X4-F26-Paire-Complete-768x512.jpg 768w, https:\/\/macote.fr\/wp-content\/uploads\/2026\/07\/Calandre-Fibre-de-Carbone-BMW-X3-F25-X4-F26-Paire-Complete-1536x1024.jpg 1536w, https:\/\/macote.fr\/wp-content\/uploads\/2026\/07\/Calandre-Fibre-de-Carbone-BMW-X3-F25-X4-F26-Paire-Complete-2048x1365.jpg 2048w, https:\/\/macote.fr\/wp-content\/uploads\/2026\/07\/Calandre-Fibre-de-Carbone-BMW-X3-F25-X4-F26-Paire-Complete-18x12.jpg 18w, https:\/\/macote.fr\/wp-content\/uploads\/2026\/07\/Calandre-Fibre-de-Carbone-BMW-X3-F25-X4-F26-Paire-Complete-1200x800.jpg 1200w\" sizes=\"(max-width: 2560px) 100vw, 2560px\" \/><\/a>                <\/div>\n                <div class=\"image-hover-wrap\">\n                    <ul class=\"icons-wrap block-style\">\n                                                    <li class=\"add-to-cart\"><a href=\"\/es\/wp-json\/wp\/v2\/pages\/7984?add-to-cart=7893\" aria-describedby=\"woocommerce_loop_add_to_cart_link_describedby_7893\" data-quantity=\"1\" class=\"button product_type_simple add_to_cart_button ajax_add_to_cart\" data-product_id=\"7893\" data-product_sku=\"\" aria-label=\"A\u00f1adir al carrito: \u201cCalandre Fibre de Carbone BMW X3 F25 - X4 F26 - LCI 2014-2018\u201d\" rel=\"nofollow\" data-success_message=\"\u00abCalandre Fibre de Carbone BMW X3 F25 - X4 F26 - LCI 2014-2018\u00bb se ha a\u00f1adido a tu carrito\" data-no-translation=\"\" data-trp-gettext=\"\" data-no-translation-aria-label=\"\" data-no-translation-data-success_message=\"\">A\u00f1adir al carrito<\/a>\t<span id=\"woocommerce_loop_add_to_cart_link_describedby_7893\" class=\"screen-reader-text\">\n\t\t\t<\/span>\n<\/li>\n                                                \t                                            <li class=\"view-details\"><a href=\"https:\/\/macote.fr\/es\/producto\/rejilla-delantera-de-fibra-de-carbono-para-bmw-x3-f25-x4-f26-lci-2014-2018\/\"><i class=\"fas fa-link\"><\/i><\/a><\/li>\n\n                    <\/ul>\n                                    <\/div>\n            <\/div>\n            <div class=\"product-details-wrap\">\n\t            <div class=\"eael-product-title\"><a href=\"https:\/\/macote.fr\/es\/producto\/rejilla-delantera-de-fibra-de-carbono-para-bmw-x3-f25-x4-f26-lci-2014-2018\/\" class=\"woocommerce-LoopProduct-link woocommerce-loop-product__link\"><h2>Rejilla delantera de fibra de carbono para BMW X3 F25 - X4 F26 - LCI 2014-2018<\/h2><\/a><\/div><div class=\"eael-product-price\"><span class=\"woocommerce-Price-amount amount\"><bdi>339,00&nbsp;<span class=\"woocommerce-Price-currencySymbol\" translate=\"no\">\u20ac<\/span><\/bdi><\/span><\/div>\n            <\/div>\n        <\/div>\n\t<\/div>\n        <div class=\"product swiper-slide post-1194 type-product status-publish has-post-thumbnail product_cat-bmw-accessoires-fibre-de-carbone product_cat-bmw-accessoires-generiques product_cat-modification-exterieur-vehicule last instock taxable shipping-taxable purchasable product-type-variable\">\n        <div class=\"eael-product-carousel\">\n            <div class=\"product-image-wrap\">\n                <div class=\"image-wrap\">\n                    <a href=\"https:\/\/macote.fr\/es\/producto\/cap-petrol-fibre-carbon-bmw\/\" class=\"woocommerce-LoopProduct-link woocommerce-loop-product__link\"><img decoding=\"async\" width=\"750\" height=\"1000\" src=\"https:\/\/macote.fr\/wp-content\/uploads\/2022\/12\/Bouchon-trape-a-essence-en-fibre-de-Carbone-BMW.webp\" class=\"attachment-full size-full\" alt=\"Tapa del dep\u00f3sito de combustible de fibra de carbono BMW\" loading=\"eager\" srcset=\"https:\/\/macote.fr\/wp-content\/uploads\/2022\/12\/Bouchon-trape-a-essence-en-fibre-de-Carbone-BMW.webp 750w, https:\/\/macote.fr\/wp-content\/uploads\/2022\/12\/Bouchon-trape-a-essence-en-fibre-de-Carbone-BMW-300x400.webp 300w, https:\/\/macote.fr\/wp-content\/uploads\/2022\/12\/Bouchon-trape-a-essence-en-fibre-de-Carbone-BMW-225x300.webp 225w, https:\/\/macote.fr\/wp-content\/uploads\/2022\/12\/Bouchon-trape-a-essence-en-fibre-de-Carbone-BMW-600x800.webp 600w\" sizes=\"(max-width: 750px) 100vw, 750px\" \/><\/a>                <\/div>\n                <div class=\"image-hover-wrap\">\n                    <ul class=\"icons-wrap block-style\">\n                                                    <li class=\"add-to-cart\"><a href=\"https:\/\/macote.fr\/es\/producto\/cap-petrol-fibre-carbon-bmw\/\" aria-describedby=\"woocommerce_loop_add_to_cart_link_describedby_1194\" data-quantity=\"1\" class=\"button product_type_variable add_to_cart_button\" data-product_id=\"1194\" data-product_sku=\"\" aria-label=\"Elige las opciones para \u201cBouchon de r\u00e9servoir d&#039;essence en fibre de carbone BMW\u201d\" rel=\"nofollow\" data-no-translation=\"\" data-trp-gettext=\"\" data-no-translation-aria-label=\"\">Seleccionar opciones<\/a>\t<span id=\"woocommerce_loop_add_to_cart_link_describedby_1194\" class=\"screen-reader-text\">\n\t\tEste producto tiene m\u00faltiples variantes. Las opciones se pueden elegir en la p\u00e1gina de producto\t<\/span>\n<\/li>\n                                                \t                                            <li class=\"view-details\"><a href=\"https:\/\/macote.fr\/es\/producto\/cap-petrol-fibre-carbon-bmw\/\"><i class=\"fas fa-link\"><\/i><\/a><\/li>\n\n                    <\/ul>\n                                    <\/div>\n            <\/div>\n            <div class=\"product-details-wrap\">\n\t            <div class=\"eael-product-title\"><a href=\"https:\/\/macote.fr\/es\/producto\/cap-petrol-fibre-carbon-bmw\/\" class=\"woocommerce-LoopProduct-link woocommerce-loop-product__link\"><h2>Tapa del dep\u00f3sito de combustible de fibra de carbono BMW<\/h2><\/a><\/div><div class=\"eael-product-price\"><span class=\"woocommerce-Price-amount amount\" aria-hidden=\"true\"><bdi>49,99&nbsp;<span class=\"woocommerce-Price-currencySymbol\" translate=\"no\">&euro;<\/span><\/bdi><\/span> <span aria-hidden=\"true\">-<\/span> <span class=\"woocommerce-Price-amount amount\" aria-hidden=\"true\"><bdi>59,99&nbsp;<span class=\"woocommerce-Price-currencySymbol\" translate=\"no\">&euro;<\/span><\/bdi><\/span><span class=\"screen-reader-text\" data-no-translation=\"\" data-trp-gettext=\"\">Rango de precios: desde 49,99&nbsp;&euro; hasta 59,99&nbsp;&euro;<\/span><\/div>\n            <\/div>\n        <\/div>\n\t<\/div>\n        <div class=\"product swiper-slide post-2077 type-product status-publish has-post-thumbnail product_cat-bmw-accessoires-fibre-de-carbone product_cat-modification-exterieur-vehicule product_cat-m2 product_cat-m2-g87 product_cat-m3 product_cat-m3-g80-g81 product_cat-m4 product_cat-m4-g82-g83 first instock taxable shipping-taxable purchasable product-type-simple\">\n        <div class=\"eael-product-carousel\">\n            <div class=\"product-image-wrap\">\n                <div class=\"image-wrap\">\n                    <a href=\"https:\/\/macote.fr\/es\/producto\/cache-moteur-carbone-pour-bmw-m3-g80-m4-g82-s58\/\" class=\"woocommerce-LoopProduct-link woocommerce-loop-product__link\"><img decoding=\"async\" width=\"1000\" height=\"1000\" src=\"https:\/\/macote.fr\/wp-content\/uploads\/2023\/05\/Capot-moeteur-Fibre-de-carbone-BMW-M3-G80-M4-G82.jpeg\" class=\"attachment-full size-full\" alt=\"Carbono Cubierta Motor BMW M3 G80 M4 G82\" loading=\"eager\" srcset=\"https:\/\/macote.fr\/wp-content\/uploads\/2023\/05\/Capot-moeteur-Fibre-de-carbone-BMW-M3-G80-M4-G82.jpeg 1000w, https:\/\/macote.fr\/wp-content\/uploads\/2023\/05\/Capot-moeteur-Fibre-de-carbone-BMW-M3-G80-M4-G82-200x200.jpeg 200w, https:\/\/macote.fr\/wp-content\/uploads\/2023\/05\/Capot-moeteur-Fibre-de-carbone-BMW-M3-G80-M4-G82-300x300.jpeg 300w, https:\/\/macote.fr\/wp-content\/uploads\/2023\/05\/Capot-moeteur-Fibre-de-carbone-BMW-M3-G80-M4-G82-150x150.jpeg 150w, https:\/\/macote.fr\/wp-content\/uploads\/2023\/05\/Capot-moeteur-Fibre-de-carbone-BMW-M3-G80-M4-G82-768x768.jpeg 768w, https:\/\/macote.fr\/wp-content\/uploads\/2023\/05\/Capot-moeteur-Fibre-de-carbone-BMW-M3-G80-M4-G82-12x12.jpeg 12w, https:\/\/macote.fr\/wp-content\/uploads\/2023\/05\/Capot-moeteur-Fibre-de-carbone-BMW-M3-G80-M4-G82-600x600.jpeg 600w\" sizes=\"(max-width: 1000px) 100vw, 1000px\" \/><\/a>                <\/div>\n                <div class=\"image-hover-wrap\">\n                    <ul class=\"icons-wrap block-style\">\n                                                    <li class=\"add-to-cart\"><a href=\"\/es\/wp-json\/wp\/v2\/pages\/7984?add-to-cart=2077\" aria-describedby=\"woocommerce_loop_add_to_cart_link_describedby_2077\" data-quantity=\"1\" class=\"button product_type_simple add_to_cart_button ajax_add_to_cart\" data-product_id=\"2077\" data-product_sku=\"\" aria-label=\"A\u00f1adir al carrito: \u201cCache Moteur Carbone pour BMW M3 G80, M4 G82, M2 G37, S58\u201d\" rel=\"nofollow\" data-success_message=\"\u00abCache Moteur Carbone pour BMW M3 G80, M4 G82, M2 G37, S58\u00bb se ha a\u00f1adido a tu carrito\" data-no-translation=\"\" data-trp-gettext=\"\" data-no-translation-aria-label=\"\" data-no-translation-data-success_message=\"\">A\u00f1adir al carrito<\/a>\t<span id=\"woocommerce_loop_add_to_cart_link_describedby_2077\" class=\"screen-reader-text\">\n\t\t\t<\/span>\n<\/li>\n                                                \t                                            <li class=\"view-details\"><a href=\"https:\/\/macote.fr\/es\/producto\/cache-moteur-carbone-pour-bmw-m3-g80-m4-g82-s58\/\"><i class=\"fas fa-link\"><\/i><\/a><\/li>\n\n                    <\/ul>\n                                    <\/div>\n            <\/div>\n            <div class=\"product-details-wrap\">\n\t            <div class=\"eael-product-title\"><a href=\"https:\/\/macote.fr\/es\/producto\/cache-moteur-carbone-pour-bmw-m3-g80-m4-g82-s58\/\" class=\"woocommerce-LoopProduct-link woocommerce-loop-product__link\"><h2>Cubierta del motor de carbono para BMW M3 G80, M4 G82, M2 G37, S58<\/h2><\/a><\/div><div class=\"eael-product-price\"><span class=\"woocommerce-Price-amount amount\"><bdi>999,99&nbsp;<span class=\"woocommerce-Price-currencySymbol\" translate=\"no\">\u20ac<\/span><\/bdi><\/span><\/div>\n            <\/div>\n        <\/div>\n\t<\/div>\n        <div class=\"product swiper-slide post-6452 type-product status-publish has-post-thumbnail product_cat-bmw-accessoires-fibre-de-carbone product_cat-coques-de-protection-telephone product_cat-macote-bmw-lifestyle  instock taxable shipping-taxable purchasable product-type-variable\">\n        <div class=\"eael-product-carousel\">\n            <div class=\"product-image-wrap\">\n                <div class=\"image-wrap\">\n                    <a href=\"https:\/\/macote.fr\/es\/producto\/airpods-estuche-protector-de-carbono-forjado\/\" class=\"woocommerce-LoopProduct-link woocommerce-loop-product__link\"><img decoding=\"async\" width=\"900\" height=\"900\" src=\"https:\/\/macote.fr\/wp-content\/uploads\/2025\/05\/Airpods-Forged-Carbon-Case-sapphire.jpg\" class=\"attachment-full size-full\" alt=\"Estuche de zafiro de carbono forjado para los Airpods\" loading=\"eager\" srcset=\"https:\/\/macote.fr\/wp-content\/uploads\/2025\/05\/Airpods-Forged-Carbon-Case-sapphire.jpg 900w, https:\/\/macote.fr\/wp-content\/uploads\/2025\/05\/Airpods-Forged-Carbon-Case-sapphire-300x300.jpg 300w, https:\/\/macote.fr\/wp-content\/uploads\/2025\/05\/Airpods-Forged-Carbon-Case-sapphire-150x150.jpg 150w, https:\/\/macote.fr\/wp-content\/uploads\/2025\/05\/Airpods-Forged-Carbon-Case-sapphire-768x768.jpg 768w, https:\/\/macote.fr\/wp-content\/uploads\/2025\/05\/Airpods-Forged-Carbon-Case-sapphire-12x12.jpg 12w, https:\/\/macote.fr\/wp-content\/uploads\/2025\/05\/Airpods-Forged-Carbon-Case-sapphire-200x200.jpg 200w\" sizes=\"(max-width: 900px) 100vw, 900px\" \/><\/a>                <\/div>\n                <div class=\"image-hover-wrap\">\n                    <ul class=\"icons-wrap block-style\">\n                                                    <li class=\"add-to-cart\"><a href=\"https:\/\/macote.fr\/es\/producto\/airpods-estuche-protector-de-carbono-forjado\/\" aria-describedby=\"woocommerce_loop_add_to_cart_link_describedby_6452\" data-quantity=\"1\" class=\"button product_type_variable add_to_cart_button\" data-product_id=\"6452\" data-product_sku=\"\" aria-label=\"Elige las opciones para \u201cCoque de protection Airpods en Carbone Forg\u00e9\u201d\" rel=\"nofollow\" data-no-translation=\"\" data-trp-gettext=\"\" data-no-translation-aria-label=\"\">Seleccionar opciones<\/a>\t<span id=\"woocommerce_loop_add_to_cart_link_describedby_6452\" class=\"screen-reader-text\">\n\t\tEste producto tiene m\u00faltiples variantes. Las opciones se pueden elegir en la p\u00e1gina de producto\t<\/span>\n<\/li>\n                                                \t                                            <li class=\"view-details\"><a href=\"https:\/\/macote.fr\/es\/producto\/airpods-estuche-protector-de-carbono-forjado\/\"><i class=\"fas fa-link\"><\/i><\/a><\/li>\n\n                    <\/ul>\n                                    <\/div>\n            <\/div>\n            <div class=\"product-details-wrap\">\n\t            <div class=\"eael-product-title\"><a href=\"https:\/\/macote.fr\/es\/producto\/airpods-estuche-protector-de-carbono-forjado\/\" class=\"woocommerce-LoopProduct-link woocommerce-loop-product__link\"><h2>Carcasa protectora de carbono forjado para los Airpods<\/h2><\/a><\/div><div class=\"eael-product-price\"><span class=\"woocommerce-Price-amount amount\"><bdi>37,99&nbsp;<span class=\"woocommerce-Price-currencySymbol\" translate=\"no\">\u20ac<\/span><\/bdi><\/span><\/div>\n            <\/div>\n        <\/div>\n\t<\/div>\n    <\/div><\/div>                        <!-- Add Arrows -->\n            <div class=\"swiper-button-next swiper-button-next-d08cb58\">\n                <i class=\"fa fa-angle-right\"><\/i>\n            <\/div>\n            <div class=\"swiper-button-prev swiper-button-prev-d08cb58\">\n                <i class=\"fa fa-angle-left\"><\/i>\n            <\/div>\n                    <\/div>\n        \t\t\t\t<\/div>\n\t\t\t\t<\/div>\n\t\t\t\t\t<\/div>\n\t\t\t\t<\/div>\n\t\t<div data-particle_enable=\"false\" data-particle-mobile-disabled=\"false\" class=\"elementor-element elementor-element-2b953b54 e-flex e-con-boxed e-con e-parent\" data-id=\"2b953b54\" data-element_type=\"container\" data-e-type=\"container\" id=\"univers-performance\" data-settings=\"{&quot;background_background&quot;:&quot;classic&quot;}\">\n\t\t\t\t\t<div class=\"e-con-inner\">\n\t\t<div data-particle_enable=\"false\" data-particle-mobile-disabled=\"false\" class=\"elementor-element elementor-element-6cf7fd9 e-con-full e-flex e-con e-child\" data-id=\"6cf7fd9\" data-element_type=\"container\" data-e-type=\"container\">\n\t\t<div data-particle_enable=\"false\" data-particle-mobile-disabled=\"false\" class=\"elementor-element elementor-element-77642a72 e-con-full e-flex e-con e-child\" data-id=\"77642a72\" data-element_type=\"container\" data-e-type=\"container\">\n\t\t\t\t<div class=\"elementor-element elementor-element-6c264e30 elementor-widget elementor-widget-heading\" data-id=\"6c264e30\" data-element_type=\"widget\" data-e-type=\"widget\" data-widget_type=\"heading.default\">\n\t\t\t\t<div class=\"elementor-widget-container\">\n\t\t\t\t\t<div class=\"elementor-heading-title elementor-size-default\">03 \u2014 RENDIMIENTO<\/div>\t\t\t\t<\/div>\n\t\t\t\t<\/div>\n\t\t\t\t<div class=\"elementor-element elementor-element-6f94a1bc elementor-widget elementor-widget-heading\" data-id=\"6f94a1bc\" data-element_type=\"widget\" data-e-type=\"widget\" data-widget_type=\"heading.default\">\n\t\t\t\t<div class=\"elementor-widget-container\">\n\t\t\t\t\t<h2 class=\"elementor-heading-title elementor-size-default\">Rigidez y fiabilidad<\/h2>\t\t\t\t<\/div>\n\t\t\t\t<\/div>\n\t\t\t\t<div class=\"elementor-element elementor-element-60953b84 elementor-widget elementor-widget-text-editor\" data-id=\"60953b84\" data-element_type=\"widget\" data-e-type=\"widget\" data-widget_type=\"text-editor.default\">\n\t\t\t\t<div class=\"elementor-widget-container\">\n\t\t\t\t\t\t\t\t\t<p>Barras anti-acercamiento, refuerzos y piezas del motor para recuperar el control.<\/p>\t\t\t\t\t\t\t\t<\/div>\n\t\t\t\t<\/div>\n\t\t\t\t<\/div>\n\t\t\t\t<div class=\"elementor-element elementor-element-52be13c6 elementor-align-right elementor-widget__width-auto elementor-widget elementor-widget-button\" data-id=\"52be13c6\" data-element_type=\"widget\" data-e-type=\"widget\" data-widget_type=\"button.default\">\n\t\t\t\t<div class=\"elementor-widget-container\">\n\t\t\t\t\t\t\t\t\t<div class=\"elementor-button-wrapper\">\n\t\t\t\t\t<a class=\"elementor-button elementor-button-link elementor-size-sm\" href=\"https:\/\/macote.fr\/es\/categoria-de-productos\/accesorios-macote-para-bmw\/modificacion-del-rendimiento\/\">\n\t\t\t\t\t\t<span class=\"elementor-button-content-wrapper\">\n\t\t\t\t\t\t\t\t\t<span class=\"elementor-button-text\">Ver la categor\u00eda<\/span>\n\t\t\t\t\t<\/span>\n\t\t\t\t\t<\/a>\n\t\t\t\t<\/div>\n\t\t\t\t\t\t\t\t<\/div>\n\t\t\t\t<\/div>\n\t\t\t\t<\/div>\n\t\t\t\t<div class=\"elementor-element elementor-element-0751d70 elementor-widget elementor-widget-eael-woo-product-carousel\" data-id=\"0751d70\" data-element_type=\"widget\" data-e-type=\"widget\" data-widget_type=\"eael-woo-product-carousel.default\">\n\t\t\t\t<div class=\"elementor-widget-container\">\n\t\t\t\t\t\n        <div class=\"swiper-container-wrap eael-woo-product-carousel-container preset-3\" id=\"eael-product-carousel-0751d70\" data-widget-id=\"0751d70\" >\n            <div class=\"woocommerce eael-woo-product-carousel eael-product-appender-0751d70 eael-hover-buttons swiper swiper-8 swiper-container-0751d70 swiper-image-stretch\" data-checkout-url=\"https:\/\/macote.fr\/es\/pedir\/\" data-pagination=\".swiper-pagination-0751d70\" data-arrow-next=\".swiper-button-next-0751d70\" data-arrow-prev=\".swiper-button-prev-0751d70\" data-type=\"preset-3\" data-effect=\"slide\" data-items=\"3\" data-slide-items=\"1\" data-margin=\"10\" data-speed=\"505\" data-autoplay=\"3000\" data-pause-on-hover=\"true\" data-loop=\"1\" data-arrows=\"1\"><div class=\"products swiper-wrapper\">    <div class=\"product swiper-slide post-8130 type-product status-publish has-post-thumbnail product_cat-accessoires-macote-bmw product_cat-bmw-oem product_cat-bmw-s58 product_cat-modification-exterieur-vehicule product_cat-grilles-de-protection product_cat-m2 product_cat-m2-g87 product_cat-m3 product_cat-m3-g80-g81 product_cat-m4 product_cat-m4-g82-g83 product_cat-moteur  instock taxable shipping-taxable purchasable product-type-simple\">\n        <div class=\"eael-product-carousel\">\n            <div class=\"product-image-wrap\">\n                <div class=\"image-wrap\">\n                    <a href=\"https:\/\/macote.fr\/es\/producto\/placa-protectora-del-radiador-de-aceite-para-bmw-g87-m2-g80-g81-m3-g82-g83-y-m4\/\" class=\"woocommerce-LoopProduct-link woocommerce-loop-product__link\"><img decoding=\"async\" width=\"1000\" height=\"1000\" src=\"https:\/\/macote.fr\/wp-content\/uploads\/2026\/08\/BMW-G87-M2-G80G81-M3-G82G83-M4-2.png\" class=\"attachment-full size-full\" alt=\"BMW G87 M2 y G80\/G81 M3, G82\/G83 M4\" loading=\"eager\" srcset=\"https:\/\/macote.fr\/wp-content\/uploads\/2026\/08\/BMW-G87-M2-G80G81-M3-G82G83-M4-2.png 1000w, https:\/\/macote.fr\/wp-content\/uploads\/2026\/08\/BMW-G87-M2-G80G81-M3-G82G83-M4-2-300x300.png 300w, https:\/\/macote.fr\/wp-content\/uploads\/2026\/08\/BMW-G87-M2-G80G81-M3-G82G83-M4-2-150x150.png 150w, https:\/\/macote.fr\/wp-content\/uploads\/2026\/08\/BMW-G87-M2-G80G81-M3-G82G83-M4-2-768x768.png 768w, https:\/\/macote.fr\/wp-content\/uploads\/2026\/08\/BMW-G87-M2-G80G81-M3-G82G83-M4-2-12x12.png 12w, https:\/\/macote.fr\/wp-content\/uploads\/2026\/08\/BMW-G87-M2-G80G81-M3-G82G83-M4-2-200x200.png 200w\" sizes=\"(max-width: 1000px) 100vw, 1000px\" \/><\/a>                <\/div>\n                <div class=\"image-hover-wrap\">\n                    <ul class=\"icons-wrap block-style\">\n                                                    <li class=\"add-to-cart\"><a href=\"\/es\/wp-json\/wp\/v2\/pages\/7984?add-to-cart=8130\" aria-describedby=\"woocommerce_loop_add_to_cart_link_describedby_8130\" data-quantity=\"1\" class=\"button product_type_simple add_to_cart_button ajax_add_to_cart\" data-product_id=\"8130\" data-product_sku=\"\" aria-label=\"A\u00f1adir al carrito: \u201cPlaque de Protection Aluminium du Refroidisseur d&#039;Huile - BMW M2 G87 &amp; M3 G80, G81 &amp; M4 G82, G83\u201d\" rel=\"nofollow\" data-success_message=\"\u00abPlaque de Protection Aluminium du Refroidisseur d&#039;Huile - BMW M2 G87 &amp; M3 G80, G81 &amp; M4 G82, G83\u00bb se ha a\u00f1adido a tu carrito\" data-no-translation=\"\" data-trp-gettext=\"\" data-no-translation-aria-label=\"\" data-no-translation-data-success_message=\"\">A\u00f1adir al carrito<\/a>\t<span id=\"woocommerce_loop_add_to_cart_link_describedby_8130\" class=\"screen-reader-text\">\n\t\t\t<\/span>\n<\/li>\n                                                \t                                            <li class=\"view-details\"><a href=\"https:\/\/macote.fr\/es\/producto\/placa-protectora-del-radiador-de-aceite-para-bmw-g87-m2-g80-g81-m3-g82-g83-y-m4\/\"><i class=\"fas fa-link\"><\/i><\/a><\/li>\n\n                    <\/ul>\n                                    <\/div>\n            <\/div>\n            <div class=\"product-details-wrap\">\n\t            <div class=\"eael-product-title\"><a href=\"https:\/\/macote.fr\/es\/producto\/placa-protectora-del-radiador-de-aceite-para-bmw-g87-m2-g80-g81-m3-g82-g83-y-m4\/\" class=\"woocommerce-LoopProduct-link woocommerce-loop-product__link\"><h2>Placa protectora de aluminio para el radiador de aceite - BMW M2 G87 y M3 G80, G81 y M4 G82, G83<\/h2><\/a><\/div><div class=\"eael-product-price\"><span class=\"woocommerce-Price-amount amount\"><bdi>249,99&nbsp;<span class=\"woocommerce-Price-currencySymbol\" translate=\"no\">\u20ac<\/span><\/bdi><\/span><\/div>\n            <\/div>\n        <\/div>\n\t<\/div>\n        <div class=\"product swiper-slide post-7752 type-product status-publish has-post-thumbnail product_cat-bmw-refit-oem product_cat-bmw-serie-3 product_cat-bmw-serie-3-e90-e91-e92-e93 product_cat-moteur product_cat-modification-de-performance last instock taxable shipping-taxable purchasable product-type-simple\">\n        <div class=\"eael-product-carousel\">\n            <div class=\"product-image-wrap\">\n                <div class=\"image-wrap\">\n                    <a href=\"https:\/\/macote.fr\/es\/producto\/tubo-de-admision-de-aire-bmw-e90-e91-m47-conducto-de-admision-de-aire-del-motor\/\" class=\"woocommerce-LoopProduct-link woocommerce-loop-product__link\"><img decoding=\"async\" width=\"1600\" height=\"1600\" src=\"https:\/\/macote.fr\/wp-content\/uploads\/2026\/07\/Admission-dair-E90-et-E91-BMW.jpg\" class=\"attachment-full size-full\" alt=\"Conducto de admisi\u00f3n de aire BMW E90 E91, motor M47 - Recambio OEM\" loading=\"eager\" srcset=\"https:\/\/macote.fr\/wp-content\/uploads\/2026\/07\/Admission-dair-E90-et-E91-BMW.jpg 1600w, https:\/\/macote.fr\/wp-content\/uploads\/2026\/07\/Admission-dair-E90-et-E91-BMW-300x300.jpg 300w, https:\/\/macote.fr\/wp-content\/uploads\/2026\/07\/Admission-dair-E90-et-E91-BMW-1024x1024.jpg 1024w, https:\/\/macote.fr\/wp-content\/uploads\/2026\/07\/Admission-dair-E90-et-E91-BMW-150x150.jpg 150w, https:\/\/macote.fr\/wp-content\/uploads\/2026\/07\/Admission-dair-E90-et-E91-BMW-768x768.jpg 768w, https:\/\/macote.fr\/wp-content\/uploads\/2026\/07\/Admission-dair-E90-et-E91-BMW-1536x1536.jpg 1536w, https:\/\/macote.fr\/wp-content\/uploads\/2026\/07\/Admission-dair-E90-et-E91-BMW-12x12.jpg 12w, https:\/\/macote.fr\/wp-content\/uploads\/2026\/07\/Admission-dair-E90-et-E91-BMW-1200x1200.jpg 1200w, https:\/\/macote.fr\/wp-content\/uploads\/2026\/07\/Admission-dair-E90-et-E91-BMW-200x200.jpg 200w\" sizes=\"(max-width: 1600px) 100vw, 1600px\" \/><\/a>                <\/div>\n                <div class=\"image-hover-wrap\">\n                    <ul class=\"icons-wrap block-style\">\n                                                    <li class=\"add-to-cart\"><a href=\"\/es\/wp-json\/wp\/v2\/pages\/7984?add-to-cart=7752\" aria-describedby=\"woocommerce_loop_add_to_cart_link_describedby_7752\" data-quantity=\"1\" class=\"button product_type_simple add_to_cart_button ajax_add_to_cart\" data-product_id=\"7752\" data-product_sku=\"\" aria-label=\"A\u00f1adir al carrito: \u201cAdmission d&#039;air BMW E90\/E91 M47 N2\u201d\" rel=\"nofollow\" data-success_message=\"\u00abAdmission d&#039;air BMW E90\/E91 M47 N2\u00bb se ha a\u00f1adido a tu carrito\" data-no-translation=\"\" data-trp-gettext=\"\" data-no-translation-aria-label=\"\" data-no-translation-data-success_message=\"\">A\u00f1adir al carrito<\/a>\t<span id=\"woocommerce_loop_add_to_cart_link_describedby_7752\" class=\"screen-reader-text\">\n\t\t\t<\/span>\n<\/li>\n                                                \t                                            <li class=\"view-details\"><a href=\"https:\/\/macote.fr\/es\/producto\/tubo-de-admision-de-aire-bmw-e90-e91-m47-conducto-de-admision-de-aire-del-motor\/\"><i class=\"fas fa-link\"><\/i><\/a><\/li>\n\n                    <\/ul>\n                                    <\/div>\n            <\/div>\n            <div class=\"product-details-wrap\">\n\t            <div class=\"eael-product-title\"><a href=\"https:\/\/macote.fr\/es\/producto\/tubo-de-admision-de-aire-bmw-e90-e91-m47-conducto-de-admision-de-aire-del-motor\/\" class=\"woocommerce-LoopProduct-link woocommerce-loop-product__link\"><h2>Toma de aire BMW E90\/E91 M47 N2<\/h2><\/a><\/div><div class=\"eael-product-price\"><span class=\"woocommerce-Price-amount amount\"><bdi>29,99&nbsp;<span class=\"woocommerce-Price-currencySymbol\" translate=\"no\">\u20ac<\/span><\/bdi><\/span><\/div>\n            <\/div>\n        <\/div>\n\t<\/div>\n        <div class=\"product swiper-slide post-2208 type-product status-publish has-post-thumbnail product_cat-bmw-serie-1 product_cat-bmw-serie-1-e87 product_cat-bmw-serie-3 product_cat-bmw-serie-3-e46 product_cat-bmw-serie-3-e90-e91-e92-e93 product_cat-bmw-serie-5 product_cat-bmw-serie-5-e39 product_cat-bmw-serie-5-e60-e61 product_cat-bmw-serie-7 product_cat-bmw-serie-7-e38 product_cat-bmw-serie-7-e65-e66-67-e68 product_cat-modification-de-performance product_cat-x3 product_cat-x3-e83 product_cat-x5 product_cat-x5-e53 product_cat-x5-e70 first instock taxable shipping-taxable purchasable product-type-variable\">\n        <div class=\"eael-product-carousel\">\n            <div class=\"product-image-wrap\">\n                <div class=\"image-wrap\">\n                    <a href=\"https:\/\/macote.fr\/es\/producto\/kit-desmontaje-valvula-egr-e90-diesel\/\" class=\"woocommerce-LoopProduct-link woocommerce-loop-product__link\"><img decoding=\"async\" width=\"960\" height=\"967\" src=\"https:\/\/macote.fr\/wp-content\/uploads\/2023\/06\/supression-Vanne-EGR-E60E90.jpeg\" class=\"attachment-full size-full\" alt=\"Kit de desmontaje de la v\u00e1lvula EGR E90 330d\" loading=\"eager\" srcset=\"https:\/\/macote.fr\/wp-content\/uploads\/2023\/06\/supression-Vanne-EGR-E60E90.jpeg 960w, https:\/\/macote.fr\/wp-content\/uploads\/2023\/06\/supression-Vanne-EGR-E60E90-200x200.jpeg 200w, https:\/\/macote.fr\/wp-content\/uploads\/2023\/06\/supression-Vanne-EGR-E60E90-298x300.jpeg 298w, https:\/\/macote.fr\/wp-content\/uploads\/2023\/06\/supression-Vanne-EGR-E60E90-150x150.jpeg 150w, https:\/\/macote.fr\/wp-content\/uploads\/2023\/06\/supression-Vanne-EGR-E60E90-768x774.jpeg 768w, https:\/\/macote.fr\/wp-content\/uploads\/2023\/06\/supression-Vanne-EGR-E60E90-12x12.jpeg 12w, https:\/\/macote.fr\/wp-content\/uploads\/2023\/06\/supression-Vanne-EGR-E60E90-600x604.jpeg 600w\" sizes=\"(max-width: 960px) 100vw, 960px\" \/><\/a>                <\/div>\n                <div class=\"image-hover-wrap\">\n                    <ul class=\"icons-wrap block-style\">\n                                                    <li class=\"add-to-cart\"><a href=\"https:\/\/macote.fr\/es\/producto\/kit-desmontaje-valvula-egr-e90-diesel\/\" aria-describedby=\"woocommerce_loop_add_to_cart_link_describedby_2208\" data-quantity=\"1\" class=\"button product_type_variable add_to_cart_button\" data-product_id=\"2208\" data-product_sku=\"\" aria-label=\"Elige las opciones para \u201cKit supression vanne EGR BMW moteurs diesel M57 + M47 (E87, E46, E90, E39, E60, E38, E65, E83, E53)\u201d\" rel=\"nofollow\" data-no-translation=\"\" data-trp-gettext=\"\" data-no-translation-aria-label=\"\">Seleccionar opciones<\/a>\t<span id=\"woocommerce_loop_add_to_cart_link_describedby_2208\" class=\"screen-reader-text\">\n\t\tEste producto tiene m\u00faltiples variantes. Las opciones se pueden elegir en la p\u00e1gina de producto\t<\/span>\n<\/li>\n                                                \t                                            <li class=\"view-details\"><a href=\"https:\/\/macote.fr\/es\/producto\/kit-desmontaje-valvula-egr-e90-diesel\/\"><i class=\"fas fa-link\"><\/i><\/a><\/li>\n\n                    <\/ul>\n                                    <\/div>\n            <\/div>\n            <div class=\"product-details-wrap\">\n\t            <div class=\"eael-product-title\"><a href=\"https:\/\/macote.fr\/es\/producto\/kit-desmontaje-valvula-egr-e90-diesel\/\" class=\"woocommerce-LoopProduct-link woocommerce-loop-product__link\"><h2>Kit supresi\u00f3n v\u00e1lvula EGR BMW motores diesel M57 + M47 (E87, E46, E90, E39, E60, E38, E65, E83, E53)<\/h2><\/a><\/div><div class=\"eael-product-price\"><span class=\"woocommerce-Price-amount amount\"><bdi>39,99&nbsp;<span class=\"woocommerce-Price-currencySymbol\" translate=\"no\">\u20ac<\/span><\/bdi><\/span><\/div>\n            <\/div>\n        <\/div>\n\t<\/div>\n        <div class=\"product swiper-slide post-7206 type-product status-publish has-post-thumbnail product_cat-bmw-serie-3 product_cat-bmw-serie-3-e46 product_cat-chassis product_cat-modification-de-performance  instock taxable shipping-taxable purchasable product-type-simple\">\n        <div class=\"eael-product-carousel\">\n            <div class=\"product-image-wrap\">\n                <div class=\"image-wrap\">\n                    <a href=\"https:\/\/macote.fr\/es\/producto\/barra-de-proteccion-trasera-reforzada-para-bmw-e46\/\" class=\"woocommerce-LoopProduct-link woocommerce-loop-product__link\"><img decoding=\"async\" width=\"1600\" height=\"1600\" src=\"https:\/\/macote.fr\/wp-content\/uploads\/2025\/12\/bmw-e46-rear-strut-brace-bar_8_3000x.webp\" class=\"attachment-full size-full\" alt=\"Vista completa de la barra de remolque trasera para BMW E46\" loading=\"eager\" srcset=\"https:\/\/macote.fr\/wp-content\/uploads\/2025\/12\/bmw-e46-rear-strut-brace-bar_8_3000x.webp 1600w, https:\/\/macote.fr\/wp-content\/uploads\/2025\/12\/bmw-e46-rear-strut-brace-bar_8_3000x-300x300.webp 300w, https:\/\/macote.fr\/wp-content\/uploads\/2025\/12\/bmw-e46-rear-strut-brace-bar_8_3000x-1024x1024.webp 1024w, https:\/\/macote.fr\/wp-content\/uploads\/2025\/12\/bmw-e46-rear-strut-brace-bar_8_3000x-150x150.webp 150w, https:\/\/macote.fr\/wp-content\/uploads\/2025\/12\/bmw-e46-rear-strut-brace-bar_8_3000x-768x768.webp 768w, https:\/\/macote.fr\/wp-content\/uploads\/2025\/12\/bmw-e46-rear-strut-brace-bar_8_3000x-1536x1536.webp 1536w, https:\/\/macote.fr\/wp-content\/uploads\/2025\/12\/bmw-e46-rear-strut-brace-bar_8_3000x-12x12.webp 12w, https:\/\/macote.fr\/wp-content\/uploads\/2025\/12\/bmw-e46-rear-strut-brace-bar_8_3000x-1200x1200.webp 1200w, https:\/\/macote.fr\/wp-content\/uploads\/2025\/12\/bmw-e46-rear-strut-brace-bar_8_3000x-200x200.webp 200w\" sizes=\"(max-width: 1600px) 100vw, 1600px\" \/><\/a>                <\/div>\n                <div class=\"image-hover-wrap\">\n                    <ul class=\"icons-wrap block-style\">\n                                                    <li class=\"add-to-cart\"><a href=\"\/es\/wp-json\/wp\/v2\/pages\/7984?add-to-cart=7206\" aria-describedby=\"woocommerce_loop_add_to_cart_link_describedby_7206\" data-quantity=\"1\" class=\"button product_type_simple add_to_cart_button ajax_add_to_cart\" data-product_id=\"7206\" data-product_sku=\"\" aria-label=\"A\u00f1adir al carrito: \u201cBarre anti-rapprochement arri\u00e8re renforc\u00e9e pour BMW E46\u201d\" rel=\"nofollow\" data-success_message=\"\u00abBarre anti-rapprochement arri\u00e8re renforc\u00e9e pour BMW E46\u00bb se ha a\u00f1adido a tu carrito\" data-no-translation=\"\" data-trp-gettext=\"\" data-no-translation-aria-label=\"\" data-no-translation-data-success_message=\"\">A\u00f1adir al carrito<\/a>\t<span id=\"woocommerce_loop_add_to_cart_link_describedby_7206\" class=\"screen-reader-text\">\n\t\t\t<\/span>\n<\/li>\n                                                \t                                            <li class=\"view-details\"><a href=\"https:\/\/macote.fr\/es\/producto\/barra-de-proteccion-trasera-reforzada-para-bmw-e46\/\"><i class=\"fas fa-link\"><\/i><\/a><\/li>\n\n                    <\/ul>\n                                    <\/div>\n            <\/div>\n            <div class=\"product-details-wrap\">\n\t            <div class=\"eael-product-title\"><a href=\"https:\/\/macote.fr\/es\/producto\/barra-de-proteccion-trasera-reforzada-para-bmw-e46\/\" class=\"woocommerce-LoopProduct-link woocommerce-loop-product__link\"><h2>Barra de remolque trasera reforzada para BMW E46<\/h2><\/a><\/div><div class=\"eael-product-price\"><span class=\"woocommerce-Price-amount amount\"><bdi>159,99&nbsp;<span class=\"woocommerce-Price-currencySymbol\" translate=\"no\">\u20ac<\/span><\/bdi><\/span><\/div>\n            <\/div>\n        <\/div>\n\t<\/div>\n        <div class=\"product swiper-slide post-7006 type-product status-publish has-post-thumbnail product_cat-bmw-serie-3 product_cat-bmw-serie-3-e46 product_cat-bmw-serie-3-e90-e91-e92-e93 product_cat-bmw-serie-5 product_cat-bmw-serie-5-e39 product_cat-bmw-serie-5-e60-e61 product_cat-bmw-serie-7 product_cat-bmw-serie-7-e38 product_cat-bmw-serie-7-e65-e66-67-e68 product_cat-modification-de-performance product_cat-x3 product_cat-x3-e83 product_cat-x5 product_cat-x5-e53 product_cat-x5-e70  instock taxable shipping-taxable purchasable product-type-variable\">\n        <div class=\"eael-product-carousel\">\n            <div class=\"product-image-wrap\">\n                <div class=\"image-wrap\">\n                    <a href=\"https:\/\/macote.fr\/es\/producto\/kit-de-supresion-clapets-dadmission-bmw-m57tu-m47tu-pack-4-ou-6-bouchons-22-mm-ou-33-mm\/\" class=\"woocommerce-LoopProduct-link woocommerce-loop-product__link\"><img decoding=\"async\" width=\"800\" height=\"800\" src=\"https:\/\/macote.fr\/wp-content\/uploads\/2025\/11\/bouchon-admission-bmw-m47tu-m57tu-installation-detail.avif\" class=\"attachment-full size-full\" alt=\"plug-admission-bmw-m47tu-m57tu-installation-detail\" loading=\"eager\" srcset=\"https:\/\/macote.fr\/wp-content\/uploads\/2025\/11\/bouchon-admission-bmw-m47tu-m57tu-installation-detail.avif 800w, https:\/\/macote.fr\/wp-content\/uploads\/2025\/11\/bouchon-admission-bmw-m47tu-m57tu-installation-detail-300x300.avif 300w, https:\/\/macote.fr\/wp-content\/uploads\/2025\/11\/bouchon-admission-bmw-m47tu-m57tu-installation-detail-150x150.avif 150w, https:\/\/macote.fr\/wp-content\/uploads\/2025\/11\/bouchon-admission-bmw-m47tu-m57tu-installation-detail-768x768.avif 768w, https:\/\/macote.fr\/wp-content\/uploads\/2025\/11\/bouchon-admission-bmw-m47tu-m57tu-installation-detail-12x12.avif 12w, https:\/\/macote.fr\/wp-content\/uploads\/2025\/11\/bouchon-admission-bmw-m47tu-m57tu-installation-detail-200x200.avif 200w\" sizes=\"(max-width: 800px) 100vw, 800px\" \/><\/a>                <\/div>\n                <div class=\"image-hover-wrap\">\n                    <ul class=\"icons-wrap block-style\">\n                                                    <li class=\"add-to-cart\"><a href=\"https:\/\/macote.fr\/es\/producto\/kit-de-supresion-clapets-dadmission-bmw-m57tu-m47tu-pack-4-ou-6-bouchons-22-mm-ou-33-mm\/\" aria-describedby=\"woocommerce_loop_add_to_cart_link_describedby_7006\" data-quantity=\"1\" class=\"button product_type_variable add_to_cart_button\" data-product_id=\"7006\" data-product_sku=\"\" aria-label=\"Elige las opciones para \u201cKit de suppression clapets d\u2019admission BMW M57TU &amp; M47TU \u2013 Pack 4 ou 6 bouchons 22 mm ou 33 mm\u201d\" rel=\"nofollow\" data-no-translation=\"\" data-trp-gettext=\"\" data-no-translation-aria-label=\"\">Seleccionar opciones<\/a>\t<span id=\"woocommerce_loop_add_to_cart_link_describedby_7006\" class=\"screen-reader-text\">\n\t\tEste producto tiene m\u00faltiples variantes. Las opciones se pueden elegir en la p\u00e1gina de producto\t<\/span>\n<\/li>\n                                                \t                                            <li class=\"view-details\"><a href=\"https:\/\/macote.fr\/es\/producto\/kit-de-supresion-clapets-dadmission-bmw-m57tu-m47tu-pack-4-ou-6-bouchons-22-mm-ou-33-mm\/\"><i class=\"fas fa-link\"><\/i><\/a><\/li>\n\n                    <\/ul>\n                                    <\/div>\n            <\/div>\n            <div class=\"product-details-wrap\">\n\t            <div class=\"eael-product-title\"><a href=\"https:\/\/macote.fr\/es\/producto\/kit-de-supresion-clapets-dadmission-bmw-m57tu-m47tu-pack-4-ou-6-bouchons-22-mm-ou-33-mm\/\" class=\"woocommerce-LoopProduct-link woocommerce-loop-product__link\"><h2>BMW M57TU &amp; M47TU kit de supresi\u00f3n de la v\u00e1lvula de admisi\u00f3n - Paquete de 4 o 6 tapones 22 mm o 33 mm<\/h2><\/a><\/div><div class=\"eael-product-price\"><span class=\"woocommerce-Price-amount amount\" aria-hidden=\"true\"><bdi>29,99&nbsp;<span class=\"woocommerce-Price-currencySymbol\" translate=\"no\">&euro;<\/span><\/bdi><\/span> <span aria-hidden=\"true\">-<\/span> <span class=\"woocommerce-Price-amount amount\" aria-hidden=\"true\"><bdi>39,99&nbsp;<span class=\"woocommerce-Price-currencySymbol\" translate=\"no\">&euro;<\/span><\/bdi><\/span><span class=\"screen-reader-text\" data-no-translation=\"\" data-trp-gettext=\"\">Rango de precios: desde 29,99&nbsp;&euro; hasta 39,99&nbsp;&euro;<\/span><\/div>\n            <\/div>\n        <\/div>\n\t<\/div>\n        <div class=\"product swiper-slide post-7162 type-product status-publish has-post-thumbnail product_cat-bmw-serie-3 product_cat-bmw-serie-3-e30 product_cat-bmw-serie-3-e36 product_cat-bmw-serie-3-e46 product_cat-chassis product_cat-modification-de-performance last instock taxable shipping-taxable purchasable product-type-simple\">\n        <div class=\"eael-product-carousel\">\n            <div class=\"product-image-wrap\">\n                <div class=\"image-wrap\">\n                    <a href=\"https:\/\/macote.fr\/es\/producto\/placas-de-refuerzo-soporte-amortiguador-trasero-bmw-e30-e36-e46-z3-z4\/\" class=\"woocommerce-LoopProduct-link woocommerce-loop-product__link\"><img decoding=\"async\" width=\"1536\" height=\"1024\" src=\"https:\/\/macote.fr\/wp-content\/uploads\/2025\/12\/plaque-de-renfort-support-amortisseur-arriere-bmw-aluminium-cnc.png\" class=\"attachment-full size-full\" alt=\"soporte amortiguador trasero placa de refuerzo bmw aluminio cnc\" loading=\"eager\" srcset=\"https:\/\/macote.fr\/wp-content\/uploads\/2025\/12\/plaque-de-renfort-support-amortisseur-arriere-bmw-aluminium-cnc.png 1536w, https:\/\/macote.fr\/wp-content\/uploads\/2025\/12\/plaque-de-renfort-support-amortisseur-arriere-bmw-aluminium-cnc-300x200.png 300w, https:\/\/macote.fr\/wp-content\/uploads\/2025\/12\/plaque-de-renfort-support-amortisseur-arriere-bmw-aluminium-cnc-1024x683.png 1024w, https:\/\/macote.fr\/wp-content\/uploads\/2025\/12\/plaque-de-renfort-support-amortisseur-arriere-bmw-aluminium-cnc-768x512.png 768w, https:\/\/macote.fr\/wp-content\/uploads\/2025\/12\/plaque-de-renfort-support-amortisseur-arriere-bmw-aluminium-cnc-18x12.png 18w, https:\/\/macote.fr\/wp-content\/uploads\/2025\/12\/plaque-de-renfort-support-amortisseur-arriere-bmw-aluminium-cnc-1200x800.png 1200w\" sizes=\"(max-width: 1536px) 100vw, 1536px\" \/><\/a>                <\/div>\n                <div class=\"image-hover-wrap\">\n                    <ul class=\"icons-wrap block-style\">\n                                                    <li class=\"add-to-cart\"><a href=\"\/es\/wp-json\/wp\/v2\/pages\/7984?add-to-cart=7162\" aria-describedby=\"woocommerce_loop_add_to_cart_link_describedby_7162\" data-quantity=\"1\" class=\"button product_type_simple add_to_cart_button ajax_add_to_cart\" data-product_id=\"7162\" data-product_sku=\"\" aria-label=\"A\u00f1adir al carrito: \u201cPlaques de renfort de support d\u2019amortisseur arri\u00e8re BMW E30 \/ E36 \/ E46 \/ Z3 \/ Z4\u201d\" rel=\"nofollow\" data-success_message=\"\u00abPlaques de renfort de support d\u2019amortisseur arri\u00e8re BMW E30 \/ E36 \/ E46 \/ Z3 \/ Z4\u00bb se ha a\u00f1adido a tu carrito\" data-no-translation=\"\" data-trp-gettext=\"\" data-no-translation-aria-label=\"\" data-no-translation-data-success_message=\"\">A\u00f1adir al carrito<\/a>\t<span id=\"woocommerce_loop_add_to_cart_link_describedby_7162\" class=\"screen-reader-text\">\n\t\t\t<\/span>\n<\/li>\n                                                \t                                            <li class=\"view-details\"><a href=\"https:\/\/macote.fr\/es\/producto\/placas-de-refuerzo-soporte-amortiguador-trasero-bmw-e30-e36-e46-z3-z4\/\"><i class=\"fas fa-link\"><\/i><\/a><\/li>\n\n                    <\/ul>\n                                    <\/div>\n            <\/div>\n            <div class=\"product-details-wrap\">\n\t            <div class=\"eael-product-title\"><a href=\"https:\/\/macote.fr\/es\/producto\/placas-de-refuerzo-soporte-amortiguador-trasero-bmw-e30-e36-e46-z3-z4\/\" class=\"woocommerce-LoopProduct-link woocommerce-loop-product__link\"><h2>Placas de refuerzo soporte amortiguador trasero BMW E30 \/ E36 \/ E46 \/ Z3 \/ Z4<\/h2><\/a><\/div><div class=\"eael-product-price\"><span class=\"woocommerce-Price-amount amount\"><bdi>25,99&nbsp;<span class=\"woocommerce-Price-currencySymbol\" translate=\"no\">\u20ac<\/span><\/bdi><\/span><\/div>\n            <\/div>\n        <\/div>\n\t<\/div>\n        <div class=\"product swiper-slide post-1053 type-product status-publish has-post-thumbnail product_cat-bmw-serie-3-e46 product_cat-modification-de-performance first instock sale taxable shipping-taxable purchasable product-type-variable\">\n        <div class=\"eael-product-carousel\">\n            <div class=\"product-image-wrap\">\n                <div class=\"image-wrap\">\n                    <span class=\"eael-onsale sale-preset-5\">\u00a1Sucio!<\/span><a href=\"https:\/\/macote.fr\/es\/producto\/admision-aire-e46-sport\/\" class=\"woocommerce-LoopProduct-link woocommerce-loop-product__link\"><img decoding=\"async\" width=\"1091\" height=\"798\" src=\"https:\/\/macote.fr\/wp-content\/uploads\/2022\/11\/admission-air-sport-bmw-e46.jpeg\" class=\"attachment-full size-full\" alt=\"admisi\u00f3n air sport bmw e46\" loading=\"eager\" srcset=\"https:\/\/macote.fr\/wp-content\/uploads\/2022\/11\/admission-air-sport-bmw-e46.jpeg 1091w, https:\/\/macote.fr\/wp-content\/uploads\/2022\/11\/admission-air-sport-bmw-e46-300x219.jpeg 300w, https:\/\/macote.fr\/wp-content\/uploads\/2022\/11\/admission-air-sport-bmw-e46-1024x749.jpeg 1024w, https:\/\/macote.fr\/wp-content\/uploads\/2022\/11\/admission-air-sport-bmw-e46-768x562.jpeg 768w, https:\/\/macote.fr\/wp-content\/uploads\/2022\/11\/admission-air-sport-bmw-e46-600x439.jpeg 600w\" sizes=\"(max-width: 1091px) 100vw, 1091px\" \/><\/a>                <\/div>\n                <div class=\"image-hover-wrap\">\n                    <ul class=\"icons-wrap block-style\">\n                                                    <li class=\"add-to-cart\"><a href=\"https:\/\/macote.fr\/es\/producto\/admision-aire-e46-sport\/\" aria-describedby=\"woocommerce_loop_add_to_cart_link_describedby_1053\" data-quantity=\"1\" class=\"button product_type_variable add_to_cart_button\" data-product_id=\"1053\" data-product_sku=\"\" aria-label=\"Elige las opciones para \u201cAdmission d&#039;air E46\u201d\" rel=\"nofollow\" data-no-translation=\"\" data-trp-gettext=\"\" data-no-translation-aria-label=\"\">Seleccionar opciones<\/a>\t<span id=\"woocommerce_loop_add_to_cart_link_describedby_1053\" class=\"screen-reader-text\">\n\t\tEste producto tiene m\u00faltiples variantes. Las opciones se pueden elegir en la p\u00e1gina de producto\t<\/span>\n<\/li>\n                                                \t                                            <li class=\"view-details\"><a href=\"https:\/\/macote.fr\/es\/producto\/admision-aire-e46-sport\/\"><i class=\"fas fa-link\"><\/i><\/a><\/li>\n\n                    <\/ul>\n                                    <\/div>\n            <\/div>\n            <div class=\"product-details-wrap\">\n\t            <div class=\"eael-product-title\"><a href=\"https:\/\/macote.fr\/es\/producto\/admision-aire-e46-sport\/\" class=\"woocommerce-LoopProduct-link woocommerce-loop-product__link\"><h2>Toma de aire E46<\/h2><\/a><\/div><div class=\"eael-product-price\"><span class=\"sale-price\"><del aria-hidden=\"true\"><span class=\"woocommerce-Price-amount amount\"><bdi>89,99&nbsp;<span class=\"woocommerce-Price-currencySymbol\" translate=\"no\">\u20ac<\/span><\/bdi><\/span><\/del> <span class=\"screen-reader-text\" data-no-translation=\"\" data-trp-gettext=\"\">El precio original era: 89,99&nbsp;&euro;.<\/span><ins aria-hidden=\"true\"><span class=\"woocommerce-Price-amount amount\"><bdi>69,99&nbsp;<span class=\"woocommerce-Price-currencySymbol\" translate=\"no\">\u20ac<\/span><\/bdi><\/span><\/ins><span class=\"screen-reader-text\" data-no-translation=\"\" data-trp-gettext=\"\">El precio actual es: 69,99&nbsp;&euro;.<\/span><\/span><\/div>\n            <\/div>\n        <\/div>\n\t<\/div>\n        <div class=\"product swiper-slide post-2073 type-product status-publish has-post-thumbnail product_cat-bmw-accessoires-fibre-de-carbone product_cat-m2 product_cat-m2-g87 product_cat-m3 product_cat-m3-g80-g81 product_cat-m4 product_cat-m4-g82-g83 product_cat-modification-de-performance  instock taxable shipping-taxable purchasable product-type-simple\">\n        <div class=\"eael-product-carousel\">\n            <div class=\"product-image-wrap\">\n                <div class=\"image-wrap\">\n                    <a href=\"https:\/\/macote.fr\/es\/producto\/barra-repelente-de-fibra-de-carbono\/\" class=\"woocommerce-LoopProduct-link woocommerce-loop-product__link\"><img decoding=\"async\" width=\"1196\" height=\"758\" src=\"https:\/\/macote.fr\/wp-content\/uploads\/2023\/05\/Screenshot-2023-05-25-at-11.46.23.png\" class=\"attachment-full size-full\" alt=\"Barra anti-escalada BMW M3 G80 M4 G82\" loading=\"eager\" srcset=\"https:\/\/macote.fr\/wp-content\/uploads\/2023\/05\/Screenshot-2023-05-25-at-11.46.23.png 1196w, https:\/\/macote.fr\/wp-content\/uploads\/2023\/05\/Screenshot-2023-05-25-at-11.46.23-300x190.png 300w, https:\/\/macote.fr\/wp-content\/uploads\/2023\/05\/Screenshot-2023-05-25-at-11.46.23-1024x649.png 1024w, https:\/\/macote.fr\/wp-content\/uploads\/2023\/05\/Screenshot-2023-05-25-at-11.46.23-768x487.png 768w, https:\/\/macote.fr\/wp-content\/uploads\/2023\/05\/Screenshot-2023-05-25-at-11.46.23-18x12.png 18w, https:\/\/macote.fr\/wp-content\/uploads\/2023\/05\/Screenshot-2023-05-25-at-11.46.23-600x380.png 600w\" sizes=\"(max-width: 1196px) 100vw, 1196px\" \/><\/a>                <\/div>\n                <div class=\"image-hover-wrap\">\n                    <ul class=\"icons-wrap block-style\">\n                                                    <li class=\"add-to-cart\"><a href=\"\/es\/wp-json\/wp\/v2\/pages\/7984?add-to-cart=2073\" aria-describedby=\"woocommerce_loop_add_to_cart_link_describedby_2073\" data-quantity=\"1\" class=\"button product_type_simple add_to_cart_button ajax_add_to_cart\" data-product_id=\"2073\" data-product_sku=\"\" aria-label=\"A\u00f1adir al carrito: \u201cBarre anti rapprochement Fibre de Carbone BMW M3 G80 M4 G82 M2 G87\u201d\" rel=\"nofollow\" data-success_message=\"\u00abBarre anti rapprochement Fibre de Carbone BMW M3 G80 M4 G82 M2 G87\u00bb se ha a\u00f1adido a tu carrito\" data-no-translation=\"\" data-trp-gettext=\"\" data-no-translation-aria-label=\"\" data-no-translation-data-success_message=\"\">A\u00f1adir al carrito<\/a>\t<span id=\"woocommerce_loop_add_to_cart_link_describedby_2073\" class=\"screen-reader-text\">\n\t\t\t<\/span>\n<\/li>\n                                                \t                                            <li class=\"view-details\"><a href=\"https:\/\/macote.fr\/es\/producto\/barra-repelente-de-fibra-de-carbono\/\"><i class=\"fas fa-link\"><\/i><\/a><\/li>\n\n                    <\/ul>\n                                    <\/div>\n            <\/div>\n            <div class=\"product-details-wrap\">\n\t            <div class=\"eael-product-title\"><a href=\"https:\/\/macote.fr\/es\/producto\/barra-repelente-de-fibra-de-carbono\/\" class=\"woocommerce-LoopProduct-link woocommerce-loop-product__link\"><h2>Barra antibumping de fibra de carbono BMW M3 G80 M4 G82 M2 G87<\/h2><\/a><\/div><div class=\"eael-product-price\"><span class=\"woocommerce-Price-amount amount\"><bdi>1599,99&nbsp;<span class=\"woocommerce-Price-currencySymbol\" translate=\"no\">\u20ac<\/span><\/bdi><\/span><\/div>\n            <\/div>\n        <\/div>\n\t<\/div>\n        <div class=\"product swiper-slide post-7958 type-product status-publish has-post-thumbnail product_cat-barre-anti-rapprochement product_cat-bmw-accessoires-fibre-de-carbone product_cat-bmw-oem product_cat-bmw-serie-2 product_cat-bmw-serie-2-g42 product_cat-bmw-serie-3 product_cat-bmw-serie-3-g20-g21-g28 product_cat-bmw-serie-4 product_cat-bmw-serie-4-g22-g23-g36 product_cat-chassis product_cat-modification-de-performance  instock taxable shipping-taxable purchasable product-type-simple\">\n        <div class=\"eael-product-carousel\">\n            <div class=\"product-image-wrap\">\n                <div class=\"image-wrap\">\n                    <a href=\"https:\/\/macote.fr\/es\/producto\/barras-de-refuerzo-del-compartimento-del-motor-de-carbono-para-bmw-g20-g22-y-g42\/\" class=\"woocommerce-LoopProduct-link woocommerce-loop-product__link\"><img decoding=\"async\" width=\"1448\" height=\"1086\" src=\"https:\/\/macote.fr\/wp-content\/uploads\/2026\/08\/Jambes-de-Force-Fibre-de-Carbone-BMW-Serie-3-G20.png\" class=\"attachment-full size-full\" alt=\"Amortiguadores de fibra de carbono para el BMW Serie 3 G20\" loading=\"eager\" srcset=\"https:\/\/macote.fr\/wp-content\/uploads\/2026\/08\/Jambes-de-Force-Fibre-de-Carbone-BMW-Serie-3-G20.png 1448w, https:\/\/macote.fr\/wp-content\/uploads\/2026\/08\/Jambes-de-Force-Fibre-de-Carbone-BMW-Serie-3-G20-300x225.png 300w, https:\/\/macote.fr\/wp-content\/uploads\/2026\/08\/Jambes-de-Force-Fibre-de-Carbone-BMW-Serie-3-G20-1024x768.png 1024w, https:\/\/macote.fr\/wp-content\/uploads\/2026\/08\/Jambes-de-Force-Fibre-de-Carbone-BMW-Serie-3-G20-768x576.png 768w, https:\/\/macote.fr\/wp-content\/uploads\/2026\/08\/Jambes-de-Force-Fibre-de-Carbone-BMW-Serie-3-G20-16x12.png 16w, https:\/\/macote.fr\/wp-content\/uploads\/2026\/08\/Jambes-de-Force-Fibre-de-Carbone-BMW-Serie-3-G20-1200x900.png 1200w\" sizes=\"(max-width: 1448px) 100vw, 1448px\" \/><\/a>                <\/div>\n                <div class=\"image-hover-wrap\">\n                    <ul class=\"icons-wrap block-style\">\n                                                    <li class=\"add-to-cart\"><a href=\"\/es\/wp-json\/wp\/v2\/pages\/7984?add-to-cart=7958\" aria-describedby=\"woocommerce_loop_add_to_cart_link_describedby_7958\" data-quantity=\"1\" class=\"button product_type_simple add_to_cart_button ajax_add_to_cart\" data-product_id=\"7958\" data-product_sku=\"\" aria-label=\"A\u00f1adir al carrito: \u201cBarres de renfort de baie moteur en carbone (BMW G20 \/ G22 \/ G42)\u201d\" rel=\"nofollow\" data-success_message=\"\u00abBarres de renfort de baie moteur en carbone (BMW G20 \/ G22 \/ G42)\u00bb se ha a\u00f1adido a tu carrito\" data-no-translation=\"\" data-trp-gettext=\"\" data-no-translation-aria-label=\"\" data-no-translation-data-success_message=\"\">A\u00f1adir al carrito<\/a>\t<span id=\"woocommerce_loop_add_to_cart_link_describedby_7958\" class=\"screen-reader-text\">\n\t\t\t<\/span>\n<\/li>\n                                                \t                                            <li class=\"view-details\"><a href=\"https:\/\/macote.fr\/es\/producto\/barras-de-refuerzo-del-compartimento-del-motor-de-carbono-para-bmw-g20-g22-y-g42\/\"><i class=\"fas fa-link\"><\/i><\/a><\/li>\n\n                    <\/ul>\n                                    <\/div>\n            <\/div>\n            <div class=\"product-details-wrap\">\n\t            <div class=\"eael-product-title\"><a href=\"https:\/\/macote.fr\/es\/producto\/barras-de-refuerzo-del-compartimento-del-motor-de-carbono-para-bmw-g20-g22-y-g42\/\" class=\"woocommerce-LoopProduct-link woocommerce-loop-product__link\"><h2>Barras de refuerzo del compartimento del motor de carbono (BMW G20 \/ G22 \/ G42)<\/h2><\/a><\/div><div class=\"eael-product-price\"><span class=\"woocommerce-Price-amount amount\"><bdi>299,99&nbsp;<span class=\"woocommerce-Price-currencySymbol\" translate=\"no\">\u20ac<\/span><\/bdi><\/span><\/div>\n            <\/div>\n        <\/div>\n\t<\/div>\n        <div class=\"product swiper-slide post-7782 type-product status-publish has-post-thumbnail product_cat-bmw-n47 product_cat-bmw-n57 product_cat-bmw-oem product_cat-bmw-serie-1 product_cat-bmw-serie-1-e87 product_cat-bmw-serie-2 product_cat-bmw-serie-2-f22-f23 product_cat-bmw-serie-3 product_cat-bmw-serie-3-e90-e91-e92-e93 product_cat-bmw-serie-3-f30-f31-f34-f35 product_cat-bmw-serie-4 product_cat-bmw-serie-4-f32-f33-f36 product_cat-bmw-serie-5 product_cat-bmw-serie-5-f10-f11-f07-f18 product_cat-bmw-serie-6 product_cat-bmw-serie-6-f06-f12-f13 product_cat-bmw-serie-7 product_cat-bmw-serie-7-f01-f02 product_cat-moteur product_cat-modification-de-performance product_cat-x1 product_cat-x1-e84 product_cat-x3 product_cat-x3-f25 product_cat-x4 product_cat-x4-f26 product_cat-x5 product_cat-x5-e70 product_cat-x5-f15 product_cat-x6 product_cat-x6-f16 product_cat-x6m-f96-x6-g06 last instock taxable shipping-taxable purchasable product-type-simple\">\n        <div class=\"eael-product-carousel\">\n            <div class=\"product-image-wrap\">\n                <div class=\"image-wrap\">\n                    <a href=\"https:\/\/macote.fr\/es\/producto\/tubo-de-refrigerante-reforzado-de-aluminio-para-bmw-n47-y-n57\/\" class=\"woocommerce-LoopProduct-link woocommerce-loop-product__link\"><img decoding=\"async\" width=\"800\" height=\"800\" src=\"https:\/\/macote.fr\/wp-content\/uploads\/2026\/07\/bride-refroidissement-oem-plus-bmw-n47-n57.avif\" class=\"attachment-full size-full\" alt=\"brida-de-refrigeraci\u00f3n-OEM-Plus-BMW-N47-N57\" loading=\"eager\" srcset=\"https:\/\/macote.fr\/wp-content\/uploads\/2026\/07\/bride-refroidissement-oem-plus-bmw-n47-n57.avif 800w, https:\/\/macote.fr\/wp-content\/uploads\/2026\/07\/bride-refroidissement-oem-plus-bmw-n47-n57-300x300.avif 300w, https:\/\/macote.fr\/wp-content\/uploads\/2026\/07\/bride-refroidissement-oem-plus-bmw-n47-n57-150x150.avif 150w, https:\/\/macote.fr\/wp-content\/uploads\/2026\/07\/bride-refroidissement-oem-plus-bmw-n47-n57-768x768.avif 768w, https:\/\/macote.fr\/wp-content\/uploads\/2026\/07\/bride-refroidissement-oem-plus-bmw-n47-n57-12x12.avif 12w, https:\/\/macote.fr\/wp-content\/uploads\/2026\/07\/bride-refroidissement-oem-plus-bmw-n47-n57-200x200.avif 200w\" sizes=\"(max-width: 800px) 100vw, 800px\" \/><\/a>                <\/div>\n                <div class=\"image-hover-wrap\">\n                    <ul class=\"icons-wrap block-style\">\n                                                    <li class=\"add-to-cart\"><a href=\"\/es\/wp-json\/wp\/v2\/pages\/7984?add-to-cart=7782\" aria-describedby=\"woocommerce_loop_add_to_cart_link_describedby_7782\" data-quantity=\"1\" class=\"button product_type_simple add_to_cart_button ajax_add_to_cart\" data-product_id=\"7782\" data-product_sku=\"\" aria-label=\"A\u00f1adir al carrito: \u201cConduit de liquide de refroidissement renforc\u00e9 en aluminium - BMW N47\/N57\u201d\" rel=\"nofollow\" data-success_message=\"\u00abConduit de liquide de refroidissement renforc\u00e9 en aluminium - BMW N47\/N57\u00bb se ha a\u00f1adido a tu carrito\" data-no-translation=\"\" data-trp-gettext=\"\" data-no-translation-aria-label=\"\" data-no-translation-data-success_message=\"\">A\u00f1adir al carrito<\/a>\t<span id=\"woocommerce_loop_add_to_cart_link_describedby_7782\" class=\"screen-reader-text\">\n\t\t\t<\/span>\n<\/li>\n                                                \t                                            <li class=\"view-details\"><a href=\"https:\/\/macote.fr\/es\/producto\/tubo-de-refrigerante-reforzado-de-aluminio-para-bmw-n47-y-n57\/\"><i class=\"fas fa-link\"><\/i><\/a><\/li>\n\n                    <\/ul>\n                                    <\/div>\n            <\/div>\n            <div class=\"product-details-wrap\">\n\t            <div class=\"eael-product-title\"><a href=\"https:\/\/macote.fr\/es\/producto\/tubo-de-refrigerante-reforzado-de-aluminio-para-bmw-n47-y-n57\/\" class=\"woocommerce-LoopProduct-link woocommerce-loop-product__link\"><h2>Tubo de refrigerante reforzado de aluminio - BMW N47\/N57<\/h2><\/a><\/div><div class=\"eael-product-price\"><span class=\"woocommerce-Price-amount amount\"><bdi>26,99&nbsp;<span class=\"woocommerce-Price-currencySymbol\" translate=\"no\">\u20ac<\/span><\/bdi><\/span><\/div>\n            <\/div>\n        <\/div>\n\t<\/div>\n        <div class=\"product swiper-slide post-7172 type-product status-publish has-post-thumbnail product_cat-bmw-serie-3 product_cat-bmw-serie-3-e30 product_cat-bmw-serie-3-e36 product_cat-bmw-serie-3-e46 product_cat-chassis product_cat-modification-de-performance first instock taxable shipping-taxable purchasable product-type-variable\">\n        <div class=\"eael-product-carousel\">\n            <div class=\"product-image-wrap\">\n                <div class=\"image-wrap\">\n                    <a href=\"https:\/\/macote.fr\/es\/producto\/poliuretano-reforzado-soportes-amortiguador-trasero-bmw-e30-e36-e46-z3-z4\/\" class=\"woocommerce-LoopProduct-link woocommerce-loop-product__link\"><img decoding=\"async\" width=\"1024\" height=\"1024\" src=\"https:\/\/macote.fr\/wp-content\/uploads\/2025\/12\/support-amortisseur-arriere-polyurethanes-85a.png\" class=\"attachment-full size-full\" alt=\"soporte amortiguador trasero poliuretano 85a\" loading=\"eager\" srcset=\"https:\/\/macote.fr\/wp-content\/uploads\/2025\/12\/support-amortisseur-arriere-polyurethanes-85a.png 1024w, https:\/\/macote.fr\/wp-content\/uploads\/2025\/12\/support-amortisseur-arriere-polyurethanes-85a-300x300.png 300w, https:\/\/macote.fr\/wp-content\/uploads\/2025\/12\/support-amortisseur-arriere-polyurethanes-85a-150x150.png 150w, https:\/\/macote.fr\/wp-content\/uploads\/2025\/12\/support-amortisseur-arriere-polyurethanes-85a-768x768.png 768w, https:\/\/macote.fr\/wp-content\/uploads\/2025\/12\/support-amortisseur-arriere-polyurethanes-85a-12x12.png 12w, https:\/\/macote.fr\/wp-content\/uploads\/2025\/12\/support-amortisseur-arriere-polyurethanes-85a-200x200.png 200w\" sizes=\"(max-width: 1024px) 100vw, 1024px\" \/><\/a>                <\/div>\n                <div class=\"image-hover-wrap\">\n                    <ul class=\"icons-wrap block-style\">\n                                                    <li class=\"add-to-cart\"><a href=\"https:\/\/macote.fr\/es\/producto\/poliuretano-reforzado-soportes-amortiguador-trasero-bmw-e30-e36-e46-z3-z4\/\" aria-describedby=\"woocommerce_loop_add_to_cart_link_describedby_7172\" data-quantity=\"1\" class=\"button product_type_variable add_to_cart_button\" data-product_id=\"7172\" data-product_sku=\"\" aria-label=\"Elige las opciones para \u201cSupports d\u2019amortisseurs arri\u00e8re renforc\u00e9s polyur\u00e9thane BMW E30 E36 E46 Z3 Z4\u201d\" rel=\"nofollow\" data-no-translation=\"\" data-trp-gettext=\"\" data-no-translation-aria-label=\"\">Seleccionar opciones<\/a>\t<span id=\"woocommerce_loop_add_to_cart_link_describedby_7172\" class=\"screen-reader-text\">\n\t\tEste producto tiene m\u00faltiples variantes. Las opciones se pueden elegir en la p\u00e1gina de producto\t<\/span>\n<\/li>\n                                                \t                                            <li class=\"view-details\"><a href=\"https:\/\/macote.fr\/es\/producto\/poliuretano-reforzado-soportes-amortiguador-trasero-bmw-e30-e36-e46-z3-z4\/\"><i class=\"fas fa-link\"><\/i><\/a><\/li>\n\n                    <\/ul>\n                                    <\/div>\n            <\/div>\n            <div class=\"product-details-wrap\">\n\t            <div class=\"eael-product-title\"><a href=\"https:\/\/macote.fr\/es\/producto\/poliuretano-reforzado-soportes-amortiguador-trasero-bmw-e30-e36-e46-z3-z4\/\" class=\"woocommerce-LoopProduct-link woocommerce-loop-product__link\"><h2>Soportes amortiguadores traseros reforzados de poliuretano BMW E30 E36 E46 Z3 Z4<\/h2><\/a><\/div><div class=\"eael-product-price\"><span class=\"woocommerce-Price-amount amount\"><bdi>79,99&nbsp;<span class=\"woocommerce-Price-currencySymbol\" translate=\"no\">\u20ac<\/span><\/bdi><\/span><\/div>\n            <\/div>\n        <\/div>\n\t<\/div>\n        <div class=\"product swiper-slide post-7199 type-product status-publish has-post-thumbnail product_cat-bmw-serie-3 product_cat-bmw-serie-3-e46 product_cat-chassis product_cat-modification-de-performance  instock taxable shipping-taxable purchasable product-type-simple\">\n        <div class=\"eael-product-carousel\">\n            <div class=\"product-image-wrap\">\n                <div class=\"image-wrap\">\n                    <a href=\"https:\/\/macote.fr\/es\/producto\/barra-de-choque-delantera-bmw-e46\/\" class=\"woocommerce-LoopProduct-link woocommerce-loop-product__link\"><img decoding=\"async\" width=\"1600\" height=\"1600\" src=\"https:\/\/macote.fr\/wp-content\/uploads\/2025\/12\/barre-anti-rapprochement-bmw-e46.avif\" class=\"attachment-full size-full\" alt=\"barra anti-escalada bmw e46\" loading=\"eager\" srcset=\"https:\/\/macote.fr\/wp-content\/uploads\/2025\/12\/barre-anti-rapprochement-bmw-e46.avif 1600w, https:\/\/macote.fr\/wp-content\/uploads\/2025\/12\/barre-anti-rapprochement-bmw-e46-300x300.avif 300w, https:\/\/macote.fr\/wp-content\/uploads\/2025\/12\/barre-anti-rapprochement-bmw-e46-1024x1024.avif 1024w, https:\/\/macote.fr\/wp-content\/uploads\/2025\/12\/barre-anti-rapprochement-bmw-e46-150x150.avif 150w, https:\/\/macote.fr\/wp-content\/uploads\/2025\/12\/barre-anti-rapprochement-bmw-e46-768x768.avif 768w, https:\/\/macote.fr\/wp-content\/uploads\/2025\/12\/barre-anti-rapprochement-bmw-e46-1536x1536.avif 1536w, https:\/\/macote.fr\/wp-content\/uploads\/2025\/12\/barre-anti-rapprochement-bmw-e46-12x12.avif 12w, https:\/\/macote.fr\/wp-content\/uploads\/2025\/12\/barre-anti-rapprochement-bmw-e46-1200x1200.avif 1200w, https:\/\/macote.fr\/wp-content\/uploads\/2025\/12\/barre-anti-rapprochement-bmw-e46-200x200.avif 200w\" sizes=\"(max-width: 1600px) 100vw, 1600px\" \/><\/a>                <\/div>\n                <div class=\"image-hover-wrap\">\n                    <ul class=\"icons-wrap block-style\">\n                                                    <li class=\"add-to-cart\"><a href=\"\/es\/wp-json\/wp\/v2\/pages\/7984?add-to-cart=7199\" aria-describedby=\"woocommerce_loop_add_to_cart_link_describedby_7199\" data-quantity=\"1\" class=\"button product_type_simple add_to_cart_button ajax_add_to_cart\" data-product_id=\"7199\" data-product_sku=\"\" aria-label=\"A\u00f1adir al carrito: \u201cBarre anti-rapprochement avant BMW E46\u201d\" rel=\"nofollow\" data-success_message=\"\u00abBarre anti-rapprochement avant BMW E46\u00bb se ha a\u00f1adido a tu carrito\" data-no-translation=\"\" data-trp-gettext=\"\" data-no-translation-aria-label=\"\" data-no-translation-data-success_message=\"\">A\u00f1adir al carrito<\/a>\t<span id=\"woocommerce_loop_add_to_cart_link_describedby_7199\" class=\"screen-reader-text\">\n\t\t\t<\/span>\n<\/li>\n                                                \t                                            <li class=\"view-details\"><a href=\"https:\/\/macote.fr\/es\/producto\/barra-de-choque-delantera-bmw-e46\/\"><i class=\"fas fa-link\"><\/i><\/a><\/li>\n\n                    <\/ul>\n                                    <\/div>\n            <\/div>\n            <div class=\"product-details-wrap\">\n\t            <div class=\"eael-product-title\"><a href=\"https:\/\/macote.fr\/es\/producto\/barra-de-choque-delantera-bmw-e46\/\" class=\"woocommerce-LoopProduct-link woocommerce-loop-product__link\"><h2>Barra de remolque delantera BMW E46<\/h2><\/a><\/div><div class=\"eael-product-price\"><span class=\"woocommerce-Price-amount amount\"><bdi>159,99&nbsp;<span class=\"woocommerce-Price-currencySymbol\" translate=\"no\">\u20ac<\/span><\/bdi><\/span><\/div>\n            <\/div>\n        <\/div>\n\t<\/div>\n    <\/div><\/div>                        <!-- Add Arrows -->\n            <div class=\"swiper-button-next swiper-button-next-0751d70\">\n                <i class=\"fa fa-angle-right\"><\/i>\n            <\/div>\n            <div class=\"swiper-button-prev swiper-button-prev-0751d70\">\n                <i class=\"fa fa-angle-left\"><\/i>\n            <\/div>\n                    <\/div>\n        \t\t\t\t<\/div>\n\t\t\t\t<\/div>\n\t\t\t\t\t<\/div>\n\t\t\t\t<\/div>\n\t\t<div data-particle_enable=\"false\" data-particle-mobile-disabled=\"false\" class=\"elementor-element elementor-element-105e56b5 e-flex e-con-boxed e-con e-parent\" data-id=\"105e56b5\" data-element_type=\"container\" data-e-type=\"container\" id=\"univers-interieur\" data-settings=\"{&quot;background_background&quot;:&quot;classic&quot;}\">\n\t\t\t\t\t<div class=\"e-con-inner\">\n\t\t<div data-particle_enable=\"false\" data-particle-mobile-disabled=\"false\" class=\"elementor-element elementor-element-3559957b e-con-full e-flex e-con e-child\" data-id=\"3559957b\" data-element_type=\"container\" data-e-type=\"container\">\n\t\t<div data-particle_enable=\"false\" data-particle-mobile-disabled=\"false\" class=\"elementor-element elementor-element-5ff61b94 e-con-full e-flex e-con e-child\" data-id=\"5ff61b94\" data-element_type=\"container\" data-e-type=\"container\">\n\t\t\t\t<div class=\"elementor-element elementor-element-756623b7 elementor-widget elementor-widget-heading\" data-id=\"756623b7\" data-element_type=\"widget\" data-e-type=\"widget\" data-widget_type=\"heading.default\">\n\t\t\t\t<div class=\"elementor-widget-container\">\n\t\t\t\t\t<div class=\"elementor-heading-title elementor-size-default\">04 \u2014 INTERIOR<\/div>\t\t\t\t<\/div>\n\t\t\t\t<\/div>\n\t\t\t\t<div class=\"elementor-element elementor-element-292ef8a8 elementor-widget elementor-widget-heading\" data-id=\"292ef8a8\" data-element_type=\"widget\" data-e-type=\"widget\" data-widget_type=\"heading.default\">\n\t\t\t\t<div class=\"elementor-widget-container\">\n\t\t\t\t\t<h2 class=\"elementor-heading-title elementor-size-default\">El detalle que se nota<\/h2>\t\t\t\t<\/div>\n\t\t\t\t<\/div>\n\t\t\t\t<div class=\"elementor-element elementor-element-1a72dbfc elementor-widget elementor-widget-text-editor\" data-id=\"1a72dbfc\" data-element_type=\"widget\" data-e-type=\"widget\" data-widget_type=\"text-editor.default\">\n\t\t\t\t<div class=\"elementor-widget-container\">\n\t\t\t\t\t\t\t\t\t<p>Tiradores, pomos, consolas: lo que ves y tocas cada d\u00eda.<\/p>\t\t\t\t\t\t\t\t<\/div>\n\t\t\t\t<\/div>\n\t\t\t\t<\/div>\n\t\t\t\t<div class=\"elementor-element elementor-element-5649ea93 elementor-align-right elementor-widget__width-auto elementor-widget elementor-widget-button\" data-id=\"5649ea93\" data-element_type=\"widget\" data-e-type=\"widget\" data-widget_type=\"button.default\">\n\t\t\t\t<div class=\"elementor-widget-container\">\n\t\t\t\t\t\t\t\t\t<div class=\"elementor-button-wrapper\">\n\t\t\t\t\t<a class=\"elementor-button elementor-button-link elementor-size-sm\" href=\"https:\/\/macote.fr\/es\/categoria-de-productos\/accesorios-macote-para-bmw\/modificaciones-interiores\/\">\n\t\t\t\t\t\t<span class=\"elementor-button-content-wrapper\">\n\t\t\t\t\t\t\t\t\t<span class=\"elementor-button-text\">Ver la categor\u00eda<\/span>\n\t\t\t\t\t<\/span>\n\t\t\t\t\t<\/a>\n\t\t\t\t<\/div>\n\t\t\t\t\t\t\t\t<\/div>\n\t\t\t\t<\/div>\n\t\t\t\t<\/div>\n\t\t\t\t<div class=\"elementor-element elementor-element-1f1e71b elementor-widget elementor-widget-eael-woo-product-carousel\" data-id=\"1f1e71b\" data-element_type=\"widget\" data-e-type=\"widget\" data-widget_type=\"eael-woo-product-carousel.default\">\n\t\t\t\t<div class=\"elementor-widget-container\">\n\t\t\t\t\t\n        <div class=\"swiper-container-wrap eael-woo-product-carousel-container preset-3\" id=\"eael-product-carousel-1f1e71b\" data-widget-id=\"1f1e71b\" >\n            <div class=\"woocommerce eael-woo-product-carousel eael-product-appender-1f1e71b eael-hover-buttons swiper swiper-8 swiper-container-1f1e71b swiper-image-stretch\" data-checkout-url=\"https:\/\/macote.fr\/es\/pedir\/\" data-pagination=\".swiper-pagination-1f1e71b\" data-arrow-next=\".swiper-button-next-1f1e71b\" data-arrow-prev=\".swiper-button-prev-1f1e71b\" data-type=\"preset-3\" data-effect=\"slide\" data-items=\"3\" data-slide-items=\"1\" data-margin=\"10\" data-speed=\"505\" data-autoplay=\"3000\" data-pause-on-hover=\"true\" data-loop=\"1\" data-arrows=\"1\"><div class=\"products swiper-wrapper\">    <div class=\"product swiper-slide post-7777 type-product status-publish has-post-thumbnail product_cat-bmw-refit-oem product_cat-bmw-serie-3 product_cat-bmw-serie-3-e90-e91-e92-e93 product_cat-modifications-interieurs product_cat-poignees-de-porte  instock taxable shipping-taxable purchasable product-type-variable\">\n        <div class=\"eael-product-carousel\">\n            <div class=\"product-image-wrap\">\n                <div class=\"image-wrap\">\n                    <a href=\"https:\/\/macote.fr\/es\/producto\/manilla-de-puerta-interior-bmw-serie-3-e90-e91-e92\/\" class=\"woocommerce-LoopProduct-link woocommerce-loop-product__link\"><img decoding=\"async\" width=\"1254\" height=\"1254\" src=\"https:\/\/macote.fr\/wp-content\/uploads\/2026\/07\/Toutes-les-poignees-cote-exterieur-porte-droite.png\" class=\"attachment-full size-full\" alt=\"Todas las manillas del lado exterior de la puerta derecha\" loading=\"eager\" srcset=\"https:\/\/macote.fr\/wp-content\/uploads\/2026\/07\/Toutes-les-poignees-cote-exterieur-porte-droite.png 1254w, https:\/\/macote.fr\/wp-content\/uploads\/2026\/07\/Toutes-les-poignees-cote-exterieur-porte-droite-300x300.png 300w, https:\/\/macote.fr\/wp-content\/uploads\/2026\/07\/Toutes-les-poignees-cote-exterieur-porte-droite-1024x1024.png 1024w, https:\/\/macote.fr\/wp-content\/uploads\/2026\/07\/Toutes-les-poignees-cote-exterieur-porte-droite-150x150.png 150w, https:\/\/macote.fr\/wp-content\/uploads\/2026\/07\/Toutes-les-poignees-cote-exterieur-porte-droite-768x768.png 768w, https:\/\/macote.fr\/wp-content\/uploads\/2026\/07\/Toutes-les-poignees-cote-exterieur-porte-droite-12x12.png 12w, https:\/\/macote.fr\/wp-content\/uploads\/2026\/07\/Toutes-les-poignees-cote-exterieur-porte-droite-1200x1200.png 1200w, https:\/\/macote.fr\/wp-content\/uploads\/2026\/07\/Toutes-les-poignees-cote-exterieur-porte-droite-200x200.png 200w\" sizes=\"(max-width: 1254px) 100vw, 1254px\" \/><\/a>                <\/div>\n                <div class=\"image-hover-wrap\">\n                    <ul class=\"icons-wrap block-style\">\n                                                    <li class=\"add-to-cart\"><a href=\"https:\/\/macote.fr\/es\/producto\/manilla-de-puerta-interior-bmw-serie-3-e90-e91-e92\/\" aria-describedby=\"woocommerce_loop_add_to_cart_link_describedby_7777\" data-quantity=\"1\" class=\"button product_type_variable add_to_cart_button\" data-product_id=\"7777\" data-product_sku=\"\" aria-label=\"Elige las opciones para \u201cPoign\u00e9e de porte int\u00e9rieure BMW S\u00e9rie 3 E90 E91 E92\u201d\" rel=\"nofollow\" data-no-translation=\"\" data-trp-gettext=\"\" data-no-translation-aria-label=\"\">Seleccionar opciones<\/a>\t<span id=\"woocommerce_loop_add_to_cart_link_describedby_7777\" class=\"screen-reader-text\">\n\t\tEste producto tiene m\u00faltiples variantes. Las opciones se pueden elegir en la p\u00e1gina de producto\t<\/span>\n<\/li>\n                                                \t                                            <li class=\"view-details\"><a href=\"https:\/\/macote.fr\/es\/producto\/manilla-de-puerta-interior-bmw-serie-3-e90-e91-e92\/\"><i class=\"fas fa-link\"><\/i><\/a><\/li>\n\n                    <\/ul>\n                                    <\/div>\n            <\/div>\n            <div class=\"product-details-wrap\">\n\t            <div class=\"eael-product-title\"><a href=\"https:\/\/macote.fr\/es\/producto\/manilla-de-puerta-interior-bmw-serie-3-e90-e91-e92\/\" class=\"woocommerce-LoopProduct-link woocommerce-loop-product__link\"><h2>Manilla de puerta interior BMW Serie 3 E90, E91 y E92<\/h2><\/a><\/div><div class=\"eael-product-price\"><span class=\"woocommerce-Price-amount amount\" aria-hidden=\"true\"><bdi>19,99&nbsp;<span class=\"woocommerce-Price-currencySymbol\" translate=\"no\">&euro;<\/span><\/bdi><\/span> <span aria-hidden=\"true\">-<\/span> <span class=\"woocommerce-Price-amount amount\" aria-hidden=\"true\"><bdi>29,99&nbsp;<span class=\"woocommerce-Price-currencySymbol\" translate=\"no\">&euro;<\/span><\/bdi><\/span><span class=\"screen-reader-text\" data-no-translation=\"\" data-trp-gettext=\"\">Rango de precios: desde 19,99&nbsp;&euro; hasta 29,99&nbsp;&euro;<\/span><\/div>\n            <\/div>\n        <\/div>\n\t<\/div>\n        <div class=\"product swiper-slide post-1076 type-product status-publish has-post-thumbnail product_cat-bmw-serie-3-e46 product_cat-modifications-interieurs last instock taxable shipping-taxable purchasable product-type-variable\">\n        <div class=\"eael-product-carousel\">\n            <div class=\"product-image-wrap\">\n                <div class=\"image-wrap\">\n                    <a href=\"https:\/\/macote.fr\/es\/producto\/consola-central-bmw-e46-carbone\/\" class=\"woocommerce-LoopProduct-link woocommerce-loop-product__link\"><img decoding=\"async\" width=\"1000\" height=\"1000\" src=\"https:\/\/macote.fr\/wp-content\/uploads\/2022\/11\/console-central-bmw-e46-noir-carbon-fiber.jpg\" class=\"attachment-full size-full\" alt=\"consola central bmw e46 negro + fibra de carbono\" loading=\"eager\" srcset=\"https:\/\/macote.fr\/wp-content\/uploads\/2022\/11\/console-central-bmw-e46-noir-carbon-fiber.jpg 1000w, https:\/\/macote.fr\/wp-content\/uploads\/2022\/11\/console-central-bmw-e46-noir-carbon-fiber-200x200.jpg 200w, https:\/\/macote.fr\/wp-content\/uploads\/2022\/11\/console-central-bmw-e46-noir-carbon-fiber-300x300.jpg 300w, https:\/\/macote.fr\/wp-content\/uploads\/2022\/11\/console-central-bmw-e46-noir-carbon-fiber-150x150.jpg 150w, https:\/\/macote.fr\/wp-content\/uploads\/2022\/11\/console-central-bmw-e46-noir-carbon-fiber-768x768.jpg 768w, https:\/\/macote.fr\/wp-content\/uploads\/2022\/11\/console-central-bmw-e46-noir-carbon-fiber-600x600.jpg 600w\" sizes=\"(max-width: 1000px) 100vw, 1000px\" \/><\/a>                <\/div>\n                <div class=\"image-hover-wrap\">\n                    <ul class=\"icons-wrap block-style\">\n                                                    <li class=\"add-to-cart\"><a href=\"https:\/\/macote.fr\/es\/producto\/consola-central-bmw-e46-carbone\/\" aria-describedby=\"woocommerce_loop_add_to_cart_link_describedby_1076\" data-quantity=\"1\" class=\"button product_type_variable add_to_cart_button\" data-product_id=\"1076\" data-product_sku=\"\" aria-label=\"Elige las opciones para \u201cConsole centrale BMW E46 Fibre de Carbone\u201d\" rel=\"nofollow\" data-no-translation=\"\" data-trp-gettext=\"\" data-no-translation-aria-label=\"\">Seleccionar opciones<\/a>\t<span id=\"woocommerce_loop_add_to_cart_link_describedby_1076\" class=\"screen-reader-text\">\n\t\tEste producto tiene m\u00faltiples variantes. Las opciones se pueden elegir en la p\u00e1gina de producto\t<\/span>\n<\/li>\n                                                \t                                            <li class=\"view-details\"><a href=\"https:\/\/macote.fr\/es\/producto\/consola-central-bmw-e46-carbone\/\"><i class=\"fas fa-link\"><\/i><\/a><\/li>\n\n                    <\/ul>\n                                    <\/div>\n            <\/div>\n            <div class=\"product-details-wrap\">\n\t            <div class=\"eael-product-title\"><a href=\"https:\/\/macote.fr\/es\/producto\/consola-central-bmw-e46-carbone\/\" class=\"woocommerce-LoopProduct-link woocommerce-loop-product__link\"><h2>Consola central de fibra de carbono BMW E46<\/h2><\/a><\/div><div class=\"eael-product-price\"><span class=\"woocommerce-Price-amount amount\" aria-hidden=\"true\"><bdi>19,99&nbsp;<span class=\"woocommerce-Price-currencySymbol\" translate=\"no\">&euro;<\/span><\/bdi><\/span> <span aria-hidden=\"true\">-<\/span> <span class=\"woocommerce-Price-amount amount\" aria-hidden=\"true\"><bdi>29,99&nbsp;<span class=\"woocommerce-Price-currencySymbol\" translate=\"no\">&euro;<\/span><\/bdi><\/span><span class=\"screen-reader-text\" data-no-translation=\"\" data-trp-gettext=\"\">Rango de precios: desde 19,99&nbsp;&euro; hasta 29,99&nbsp;&euro;<\/span><\/div>\n            <\/div>\n        <\/div>\n\t<\/div>\n        <div class=\"product swiper-slide post-8096 type-product status-publish has-post-thumbnail product_cat-accessoires-macote-bmw product_cat-bmw-electronique-technologie product_cat-bmw-oem product_cat-bmw-serie-3 product_cat-bmw-serie-3-e90-e91-e92-e93 product_cat-bmw-support-de-telephone-tablette product_cat-modifications-interieurs product_cat-m3 product_cat-m3-e90-e91-e92-e93 first instock taxable shipping-taxable purchasable product-type-simple\">\n        <div class=\"eael-product-carousel\">\n            <div class=\"product-image-wrap\">\n                <div class=\"image-wrap\">\n                    <a href=\"https:\/\/macote.fr\/es\/producto\/soporte-para-iphone-con-magsafe-para-bmw-serie-3-m3-e90-e91-e92-y-e93\/\" class=\"woocommerce-LoopProduct-link woocommerce-loop-product__link\"><img decoding=\"async\" width=\"1254\" height=\"1254\" src=\"https:\/\/macote.fr\/wp-content\/uploads\/2026\/08\/support-telephone-bmw-e90-fixation-oem-plus-installation.png\" class=\"attachment-full size-full\" alt=\"Soporte para tel\u00e9fono BMW E90: fijaci\u00f3n OEM y montaje\" loading=\"eager\" srcset=\"https:\/\/macote.fr\/wp-content\/uploads\/2026\/08\/support-telephone-bmw-e90-fixation-oem-plus-installation.png 1254w, https:\/\/macote.fr\/wp-content\/uploads\/2026\/08\/support-telephone-bmw-e90-fixation-oem-plus-installation-300x300.png 300w, https:\/\/macote.fr\/wp-content\/uploads\/2026\/08\/support-telephone-bmw-e90-fixation-oem-plus-installation-1024x1024.png 1024w, https:\/\/macote.fr\/wp-content\/uploads\/2026\/08\/support-telephone-bmw-e90-fixation-oem-plus-installation-150x150.png 150w, https:\/\/macote.fr\/wp-content\/uploads\/2026\/08\/support-telephone-bmw-e90-fixation-oem-plus-installation-768x768.png 768w, https:\/\/macote.fr\/wp-content\/uploads\/2026\/08\/support-telephone-bmw-e90-fixation-oem-plus-installation-12x12.png 12w, https:\/\/macote.fr\/wp-content\/uploads\/2026\/08\/support-telephone-bmw-e90-fixation-oem-plus-installation-1200x1200.png 1200w, https:\/\/macote.fr\/wp-content\/uploads\/2026\/08\/support-telephone-bmw-e90-fixation-oem-plus-installation-200x200.png 200w\" sizes=\"(max-width: 1254px) 100vw, 1254px\" \/><\/a>                <\/div>\n                <div class=\"image-hover-wrap\">\n                    <ul class=\"icons-wrap block-style\">\n                                                    <li class=\"add-to-cart\"><a href=\"\/es\/wp-json\/wp\/v2\/pages\/7984?add-to-cart=8096\" aria-describedby=\"woocommerce_loop_add_to_cart_link_describedby_8096\" data-quantity=\"1\" class=\"button product_type_simple add_to_cart_button ajax_add_to_cart\" data-product_id=\"8096\" data-product_sku=\"\" aria-label=\"A\u00f1adir al carrito: \u201cSupport Iphone\/T\u00e9l\u00e9phone MagSafe - BMW S\u00e9rie 3 &amp; M3 E90 E91 E92 E93\u201d\" rel=\"nofollow\" data-success_message=\"\u00abSupport Iphone\/T\u00e9l\u00e9phone MagSafe - BMW S\u00e9rie 3 &amp; M3 E90 E91 E92 E93\u00bb se ha a\u00f1adido a tu carrito\" data-no-translation=\"\" data-trp-gettext=\"\" data-no-translation-aria-label=\"\" data-no-translation-data-success_message=\"\">A\u00f1adir al carrito<\/a>\t<span id=\"woocommerce_loop_add_to_cart_link_describedby_8096\" class=\"screen-reader-text\">\n\t\t\t<\/span>\n<\/li>\n                                                \t                                            <li class=\"view-details\"><a href=\"https:\/\/macote.fr\/es\/producto\/soporte-para-iphone-con-magsafe-para-bmw-serie-3-m3-e90-e91-e92-y-e93\/\"><i class=\"fas fa-link\"><\/i><\/a><\/li>\n\n                    <\/ul>\n                                    <\/div>\n            <\/div>\n            <div class=\"product-details-wrap\">\n\t            <div class=\"eael-product-title\"><a href=\"https:\/\/macote.fr\/es\/producto\/soporte-para-iphone-con-magsafe-para-bmw-serie-3-m3-e90-e91-e92-y-e93\/\" class=\"woocommerce-LoopProduct-link woocommerce-loop-product__link\"><h2>Soporte para iPhone\/tel\u00e9fono MagSafe - BMW Serie 3 y M3 E90, E91, E92, E93<\/h2><\/a><\/div><div class=\"eael-product-price\"><span class=\"woocommerce-Price-amount amount\"><bdi>60,99&nbsp;<span class=\"woocommerce-Price-currencySymbol\" translate=\"no\">\u20ac<\/span><\/bdi><\/span><\/div>\n            <\/div>\n        <\/div>\n\t<\/div>\n        <div class=\"product swiper-slide post-7061 type-product status-publish has-post-thumbnail product_cat-accessoires-macote-bmw product_cat-bmw-electronique-technologie product_cat-bmw-oem product_cat-bmw-serie-3-g50-g51 product_cat-bmw-serie-5 product_cat-bmw-serie-5-g60-g61-g68 product_cat-bmw-serie-7 product_cat-bmw-serie-7-g70 product_cat-bmw-support-de-telephone-tablette product_cat-modifications-interieurs product_cat-x3 product_cat-x3-g45 product_cat-x3-g01 product_cat-x4 product_cat-x4m-f98-x4-g02 product_cat-x5 product_cat-x5-g65 product_cat-x5m-f95-x5-g05-g18 product_cat-x6 product_cat-x6m-f96-x6-g06 product_cat-x7 product_cat-x7-g07  instock taxable shipping-taxable purchasable product-type-variable\">\n        <div class=\"eael-product-carousel\">\n            <div class=\"product-image-wrap\">\n                <div class=\"image-wrap\">\n                    <a href=\"https:\/\/macote.fr\/es\/producto\/soporte-iphone-ipad-magsafe-bmw-travel-comfort-fijacion-asiento-trasero\/\" class=\"woocommerce-LoopProduct-link woocommerce-loop-product__link\"><img decoding=\"async\" width=\"800\" height=\"800\" src=\"https:\/\/macote.fr\/wp-content\/uploads\/2025\/11\/S1395f4e955c54bc18c0bed2b1df9a5d21.jpg\" class=\"attachment-full size-full\" alt=\"carga inal\u00e1mbrica bmw magsafe\" loading=\"eager\" srcset=\"https:\/\/macote.fr\/wp-content\/uploads\/2025\/11\/S1395f4e955c54bc18c0bed2b1df9a5d21.jpg 800w, https:\/\/macote.fr\/wp-content\/uploads\/2025\/11\/S1395f4e955c54bc18c0bed2b1df9a5d21-300x300.jpg 300w, https:\/\/macote.fr\/wp-content\/uploads\/2025\/11\/S1395f4e955c54bc18c0bed2b1df9a5d21-150x150.jpg 150w, https:\/\/macote.fr\/wp-content\/uploads\/2025\/11\/S1395f4e955c54bc18c0bed2b1df9a5d21-768x768.jpg 768w, https:\/\/macote.fr\/wp-content\/uploads\/2025\/11\/S1395f4e955c54bc18c0bed2b1df9a5d21-12x12.jpg 12w, https:\/\/macote.fr\/wp-content\/uploads\/2025\/11\/S1395f4e955c54bc18c0bed2b1df9a5d21-200x200.jpg 200w\" sizes=\"(max-width: 800px) 100vw, 800px\" \/><\/a>                <\/div>\n                <div class=\"image-hover-wrap\">\n                    <ul class=\"icons-wrap block-style\">\n                                                    <li class=\"add-to-cart\"><a href=\"https:\/\/macote.fr\/es\/producto\/soporte-iphone-ipad-magsafe-bmw-travel-comfort-fijacion-asiento-trasero\/\" aria-describedby=\"woocommerce_loop_add_to_cart_link_describedby_7061\" data-quantity=\"1\" class=\"button product_type_variable add_to_cart_button\" data-product_id=\"7061\" data-product_sku=\"\" aria-label=\"Elige las opciones para \u201cSupport Iphone \/ Ipad MagSafe BMW Travel &amp; Comfort \u2013 Fixation si\u00e8ge arri\u00e8re\u201d\" rel=\"nofollow\" data-no-translation=\"\" data-trp-gettext=\"\" data-no-translation-aria-label=\"\">Seleccionar opciones<\/a>\t<span id=\"woocommerce_loop_add_to_cart_link_describedby_7061\" class=\"screen-reader-text\">\n\t\tEste producto tiene m\u00faltiples variantes. Las opciones se pueden elegir en la p\u00e1gina de producto\t<\/span>\n<\/li>\n                                                \t                                            <li class=\"view-details\"><a href=\"https:\/\/macote.fr\/es\/producto\/soporte-iphone-ipad-magsafe-bmw-travel-comfort-fijacion-asiento-trasero\/\"><i class=\"fas fa-link\"><\/i><\/a><\/li>\n\n                    <\/ul>\n                                    <\/div>\n            <\/div>\n            <div class=\"product-details-wrap\">\n\t            <div class=\"eael-product-title\"><a href=\"https:\/\/macote.fr\/es\/producto\/soporte-iphone-ipad-magsafe-bmw-travel-comfort-fijacion-asiento-trasero\/\" class=\"woocommerce-LoopProduct-link woocommerce-loop-product__link\"><h2>Soporte para Iphone \/ Ipad MagSafe BMW Travel &amp; Comfort - Fijaci\u00f3n asiento trasero<\/h2><\/a><\/div><div class=\"eael-product-price\"><span class=\"woocommerce-Price-amount amount\" aria-hidden=\"true\"><bdi>43,99&nbsp;<span class=\"woocommerce-Price-currencySymbol\" translate=\"no\">&euro;<\/span><\/bdi><\/span> <span aria-hidden=\"true\">-<\/span> <span class=\"woocommerce-Price-amount amount\" aria-hidden=\"true\"><bdi>59,99&nbsp;<span class=\"woocommerce-Price-currencySymbol\" translate=\"no\">&euro;<\/span><\/bdi><\/span><span class=\"screen-reader-text\" data-no-translation=\"\" data-trp-gettext=\"\">Rango de precios: desde 43,99&nbsp;&euro; hasta 59,99&nbsp;&euro;<\/span><\/div>\n            <\/div>\n        <\/div>\n\t<\/div>\n        <div class=\"product swiper-slide post-1654 type-product status-publish has-post-thumbnail product_cat-bmw-accessoires-fibre-de-carbone product_cat-modifications-interieurs  instock taxable shipping-taxable purchasable product-type-simple\">\n        <div class=\"eael-product-carousel\">\n            <div class=\"product-image-wrap\">\n                <div class=\"image-wrap\">\n                    <a href=\"https:\/\/macote.fr\/es\/producto\/freno-maneta-de-fibra-de-carbono-para-bmw\/\" class=\"woocommerce-LoopProduct-link woocommerce-loop-product__link\"><img decoding=\"async\" width=\"998\" height=\"926\" src=\"https:\/\/macote.fr\/wp-content\/uploads\/2023\/04\/frain-a-main-fibre-de-carbone-BMW.png\" class=\"attachment-full size-full\" alt=\"Freno de mano BMW de fibra de carbono\" loading=\"eager\" srcset=\"https:\/\/macote.fr\/wp-content\/uploads\/2023\/04\/frain-a-main-fibre-de-carbone-BMW.png 998w, https:\/\/macote.fr\/wp-content\/uploads\/2023\/04\/frain-a-main-fibre-de-carbone-BMW-300x278.png 300w, https:\/\/macote.fr\/wp-content\/uploads\/2023\/04\/frain-a-main-fibre-de-carbone-BMW-768x713.png 768w, https:\/\/macote.fr\/wp-content\/uploads\/2023\/04\/frain-a-main-fibre-de-carbone-BMW-600x557.png 600w\" sizes=\"(max-width: 998px) 100vw, 998px\" \/><\/a>                <\/div>\n                <div class=\"image-hover-wrap\">\n                    <ul class=\"icons-wrap block-style\">\n                                                    <li class=\"add-to-cart\"><a href=\"\/es\/wp-json\/wp\/v2\/pages\/7984?add-to-cart=1654\" aria-describedby=\"woocommerce_loop_add_to_cart_link_describedby_1654\" data-quantity=\"1\" class=\"button product_type_simple add_to_cart_button ajax_add_to_cart\" data-product_id=\"1654\" data-product_sku=\"\" aria-label=\"A\u00f1adir al carrito: \u201cPoign\u00e9e frein \u00e0 main en fibre de carbone Pour BMW\u201d\" rel=\"nofollow\" data-success_message=\"\u00abPoign\u00e9e frein \u00e0 main en fibre de carbone Pour BMW\u00bb se ha a\u00f1adido a tu carrito\" data-no-translation=\"\" data-trp-gettext=\"\" data-no-translation-aria-label=\"\" data-no-translation-data-success_message=\"\">A\u00f1adir al carrito<\/a>\t<span id=\"woocommerce_loop_add_to_cart_link_describedby_1654\" class=\"screen-reader-text\">\n\t\t\t<\/span>\n<\/li>\n                                                \t                                            <li class=\"view-details\"><a href=\"https:\/\/macote.fr\/es\/producto\/freno-maneta-de-fibra-de-carbono-para-bmw\/\"><i class=\"fas fa-link\"><\/i><\/a><\/li>\n\n                    <\/ul>\n                                    <\/div>\n            <\/div>\n            <div class=\"product-details-wrap\">\n\t            <div class=\"eael-product-title\"><a href=\"https:\/\/macote.fr\/es\/producto\/freno-maneta-de-fibra-de-carbono-para-bmw\/\" class=\"woocommerce-LoopProduct-link woocommerce-loop-product__link\"><h2>Palanca de freno de mano de fibra de carbono Para BMW<\/h2><\/a><\/div><div class=\"eael-product-price\"><span class=\"woocommerce-Price-amount amount\"><bdi>39,99&nbsp;<span class=\"woocommerce-Price-currencySymbol\" translate=\"no\">\u20ac<\/span><\/bdi><\/span><\/div>\n            <\/div>\n        <\/div>\n\t<\/div>\n        <div class=\"product swiper-slide post-7670 type-product status-publish has-post-thumbnail product_cat-bmw-refit-oem product_cat-bmw-serie-1 product_cat-bmw-serie-1-f20 product_cat-bmw-serie-2 product_cat-bmw-serie-2-f22-f23 product_cat-bmw-serie-3 product_cat-bmw-serie-3-f30-f31-f34-f35 product_cat-bmw-serie-4 product_cat-bmw-serie-4-f32-f33-f36 product_cat-bmw-serie-5 product_cat-bmw-serie-5-f10-f11-f07-f18 product_cat-bmw-serie-5-g30-g31-g38 product_cat-bmw-serie-6 product_cat-bmw-serie-6-f06-f12-f13 product_cat-bmw-serie-6-g32 product_cat-bmw-serie-7 product_cat-bmw-serie-7-f01-f02 product_cat-bmw-serie-7-g11-g12 product_cat-modifications-interieurs product_cat-x3 product_cat-x3-f25 product_cat-x4 product_cat-x4-f26 product_cat-x5 product_cat-x5-e70 product_cat-x5-f15 product_cat-x6 product_cat-x6-e71 product_cat-x6-f16 last instock taxable shipping-taxable purchasable product-type-variable\">\n        <div class=\"eael-product-carousel\">\n            <div class=\"product-image-wrap\">\n                <div class=\"image-wrap\">\n                    <a href=\"https:\/\/macote.fr\/es\/producto\/inserto-prnd-para-la-palanca-de-cambios-automatica-de-la-serie-f-de-bmw\/\" class=\"woocommerce-LoopProduct-link woocommerce-loop-product__link\"><img decoding=\"async\" width=\"1254\" height=\"1254\" src=\"https:\/\/macote.fr\/wp-content\/uploads\/2026\/07\/comparatif-versions-insert-prnd-pommeau-vitesse-bmw.png\" class=\"attachment-full size-full\" alt=\"Comparativa de versiones: inserto PRND y pomo de cambios de BMW\" loading=\"eager\" srcset=\"https:\/\/macote.fr\/wp-content\/uploads\/2026\/07\/comparatif-versions-insert-prnd-pommeau-vitesse-bmw.png 1254w, https:\/\/macote.fr\/wp-content\/uploads\/2026\/07\/comparatif-versions-insert-prnd-pommeau-vitesse-bmw-300x300.png 300w, https:\/\/macote.fr\/wp-content\/uploads\/2026\/07\/comparatif-versions-insert-prnd-pommeau-vitesse-bmw-1024x1024.png 1024w, https:\/\/macote.fr\/wp-content\/uploads\/2026\/07\/comparatif-versions-insert-prnd-pommeau-vitesse-bmw-150x150.png 150w, https:\/\/macote.fr\/wp-content\/uploads\/2026\/07\/comparatif-versions-insert-prnd-pommeau-vitesse-bmw-768x768.png 768w, https:\/\/macote.fr\/wp-content\/uploads\/2026\/07\/comparatif-versions-insert-prnd-pommeau-vitesse-bmw-12x12.png 12w, https:\/\/macote.fr\/wp-content\/uploads\/2026\/07\/comparatif-versions-insert-prnd-pommeau-vitesse-bmw-1200x1200.png 1200w, https:\/\/macote.fr\/wp-content\/uploads\/2026\/07\/comparatif-versions-insert-prnd-pommeau-vitesse-bmw-200x200.png 200w\" sizes=\"(max-width: 1254px) 100vw, 1254px\" \/><\/a>                <\/div>\n                <div class=\"image-hover-wrap\">\n                    <ul class=\"icons-wrap block-style\">\n                                                    <li class=\"add-to-cart\"><a href=\"https:\/\/macote.fr\/es\/producto\/inserto-prnd-para-la-palanca-de-cambios-automatica-de-la-serie-f-de-bmw\/\" aria-describedby=\"woocommerce_loop_add_to_cart_link_describedby_7670\" data-quantity=\"1\" class=\"button product_type_variable add_to_cart_button\" data-product_id=\"7670\" data-product_sku=\"\" aria-label=\"Elige las opciones para \u201cInsert PRND de pommeau de vitesse automatique \u2013 BMW S\u00e9ries F\u201d\" rel=\"nofollow\" data-no-translation=\"\" data-trp-gettext=\"\" data-no-translation-aria-label=\"\">Seleccionar opciones<\/a>\t<span id=\"woocommerce_loop_add_to_cart_link_describedby_7670\" class=\"screen-reader-text\">\n\t\tEste producto tiene m\u00faltiples variantes. Las opciones se pueden elegir en la p\u00e1gina de producto\t<\/span>\n<\/li>\n                                                \t                                            <li class=\"view-details\"><a href=\"https:\/\/macote.fr\/es\/producto\/inserto-prnd-para-la-palanca-de-cambios-automatica-de-la-serie-f-de-bmw\/\"><i class=\"fas fa-link\"><\/i><\/a><\/li>\n\n                    <\/ul>\n                                    <\/div>\n            <\/div>\n            <div class=\"product-details-wrap\">\n\t            <div class=\"eael-product-title\"><a href=\"https:\/\/macote.fr\/es\/producto\/inserto-prnd-para-la-palanca-de-cambios-automatica-de-la-serie-f-de-bmw\/\" class=\"woocommerce-LoopProduct-link woocommerce-loop-product__link\"><h2>Inserto PRND para la palanca de cambios autom\u00e1tica \u2013 BMW Serie F<\/h2><\/a><\/div><div class=\"eael-product-price\"><span class=\"woocommerce-Price-amount amount\"><bdi>18,99&nbsp;<span class=\"woocommerce-Price-currencySymbol\" translate=\"no\">\u20ac<\/span><\/bdi><\/span><\/div>\n            <\/div>\n        <\/div>\n\t<\/div>\n        <div class=\"product swiper-slide post-1491 type-product status-publish has-post-thumbnail product_cat-modifications-interieurs first instock taxable shipping-taxable purchasable product-type-variable\">\n        <div class=\"eael-product-carousel\">\n            <div class=\"product-image-wrap\">\n                <div class=\"image-wrap\">\n                    <a href=\"https:\/\/macote.fr\/es\/producto\/tela-alcantara\/\" class=\"woocommerce-LoopProduct-link woocommerce-loop-product__link\"><img decoding=\"async\" width=\"500\" height=\"500\" src=\"https:\/\/macote.fr\/wp-content\/uploads\/2023\/04\/alcantara-rouleau.jpeg\" class=\"attachment-full size-full\" alt=\"Alc\u00e1ntara adhesivo negro y rojo\" loading=\"eager\" srcset=\"https:\/\/macote.fr\/wp-content\/uploads\/2023\/04\/alcantara-rouleau.jpeg 500w, https:\/\/macote.fr\/wp-content\/uploads\/2023\/04\/alcantara-rouleau-200x200.jpeg 200w, https:\/\/macote.fr\/wp-content\/uploads\/2023\/04\/alcantara-rouleau-300x300.jpeg 300w, https:\/\/macote.fr\/wp-content\/uploads\/2023\/04\/alcantara-rouleau-150x150.jpeg 150w\" sizes=\"(max-width: 500px) 100vw, 500px\" \/><\/a>                <\/div>\n                <div class=\"image-hover-wrap\">\n                    <ul class=\"icons-wrap block-style\">\n                                                    <li class=\"add-to-cart\"><a href=\"https:\/\/macote.fr\/es\/producto\/tela-alcantara\/\" aria-describedby=\"woocommerce_loop_add_to_cart_link_describedby_1491\" data-quantity=\"1\" class=\"button product_type_variable add_to_cart_button\" data-product_id=\"1491\" data-product_sku=\"\" aria-label=\"Elige las opciones para \u201cAlcantara\u201d\" rel=\"nofollow\" data-no-translation=\"\" data-trp-gettext=\"\" data-no-translation-aria-label=\"\">Seleccionar opciones<\/a>\t<span id=\"woocommerce_loop_add_to_cart_link_describedby_1491\" class=\"screen-reader-text\">\n\t\tEste producto tiene m\u00faltiples variantes. Las opciones se pueden elegir en la p\u00e1gina de producto\t<\/span>\n<\/li>\n                                                \t                                            <li class=\"view-details\"><a href=\"https:\/\/macote.fr\/es\/producto\/tela-alcantara\/\"><i class=\"fas fa-link\"><\/i><\/a><\/li>\n\n                    <\/ul>\n                                    <\/div>\n            <\/div>\n            <div class=\"product-details-wrap\">\n\t            <div class=\"eael-product-title\"><a href=\"https:\/\/macote.fr\/es\/producto\/tela-alcantara\/\" class=\"woocommerce-LoopProduct-link woocommerce-loop-product__link\"><h2>Alc\u00e1ntara<\/h2><\/a><\/div><div class=\"eael-product-price\"><span class=\"woocommerce-Price-amount amount\" aria-hidden=\"true\"><bdi>19,99&nbsp;<span class=\"woocommerce-Price-currencySymbol\" translate=\"no\">&euro;<\/span><\/bdi><\/span> <span aria-hidden=\"true\">-<\/span> <span class=\"woocommerce-Price-amount amount\" aria-hidden=\"true\"><bdi>49,99&nbsp;<span class=\"woocommerce-Price-currencySymbol\" translate=\"no\">&euro;<\/span><\/bdi><\/span><span class=\"screen-reader-text\" data-no-translation=\"\" data-trp-gettext=\"\">Rango de precios: desde 19,99&nbsp;&euro; hasta 49,99&nbsp;&euro;<\/span><\/div>\n            <\/div>\n        <\/div>\n\t<\/div>\n        <div class=\"product swiper-slide post-1075 type-product status-publish has-post-thumbnail product_cat-bmw-serie-3-e46 product_cat-modifications-interieurs  instock taxable shipping-taxable purchasable product-type-simple\">\n        <div class=\"eael-product-carousel\">\n            <div class=\"product-image-wrap\">\n                <div class=\"image-wrap\">\n                    <a href=\"https:\/\/macote.fr\/es\/producto\/funda-simili-cuero-freno-de-mano-y-interruptor-velocidad-bmw-e46\/\" class=\"woocommerce-LoopProduct-link woocommerce-loop-product__link\"><img decoding=\"async\" width=\"1020\" height=\"1020\" src=\"https:\/\/macote.fr\/wp-content\/uploads\/2022\/11\/couvercle-levier-de-vitesse-et-frein-a-main-bmw-noir-e46-2.webp\" class=\"attachment-full size-full\" alt=\"cubre palanca de cambios y freno de mano bmw negro e46 2\" loading=\"eager\" srcset=\"https:\/\/macote.fr\/wp-content\/uploads\/2022\/11\/couvercle-levier-de-vitesse-et-frein-a-main-bmw-noir-e46-2.webp 1020w, https:\/\/macote.fr\/wp-content\/uploads\/2022\/11\/couvercle-levier-de-vitesse-et-frein-a-main-bmw-noir-e46-2-200x200.webp 200w, https:\/\/macote.fr\/wp-content\/uploads\/2022\/11\/couvercle-levier-de-vitesse-et-frein-a-main-bmw-noir-e46-2-300x300.webp 300w, https:\/\/macote.fr\/wp-content\/uploads\/2022\/11\/couvercle-levier-de-vitesse-et-frein-a-main-bmw-noir-e46-2-150x150.webp 150w, https:\/\/macote.fr\/wp-content\/uploads\/2022\/11\/couvercle-levier-de-vitesse-et-frein-a-main-bmw-noir-e46-2-768x768.webp 768w, https:\/\/macote.fr\/wp-content\/uploads\/2022\/11\/couvercle-levier-de-vitesse-et-frein-a-main-bmw-noir-e46-2-600x600.webp 600w\" sizes=\"(max-width: 1020px) 100vw, 1020px\" \/><\/a>                <\/div>\n                <div class=\"image-hover-wrap\">\n                    <ul class=\"icons-wrap block-style\">\n                                                    <li class=\"add-to-cart\"><a href=\"\/es\/wp-json\/wp\/v2\/pages\/7984?add-to-cart=1075\" aria-describedby=\"woocommerce_loop_add_to_cart_link_describedby_1075\" data-quantity=\"1\" class=\"button product_type_simple add_to_cart_button ajax_add_to_cart\" data-product_id=\"1075\" data-product_sku=\"\" aria-label=\"A\u00f1adir al carrito: \u201cSoufflet simili-cuir frein \u00e0 main + levier de vitesse BMW E46\u201d\" rel=\"nofollow\" data-success_message=\"\u00abSoufflet simili-cuir frein \u00e0 main + levier de vitesse BMW E46\u00bb se ha a\u00f1adido a tu carrito\" data-no-translation=\"\" data-trp-gettext=\"\" data-no-translation-aria-label=\"\" data-no-translation-data-success_message=\"\">A\u00f1adir al carrito<\/a>\t<span id=\"woocommerce_loop_add_to_cart_link_describedby_1075\" class=\"screen-reader-text\">\n\t\t\t<\/span>\n<\/li>\n                                                \t                                            <li class=\"view-details\"><a href=\"https:\/\/macote.fr\/es\/producto\/funda-simili-cuero-freno-de-mano-y-interruptor-velocidad-bmw-e46\/\"><i class=\"fas fa-link\"><\/i><\/a><\/li>\n\n                    <\/ul>\n                                    <\/div>\n            <\/div>\n            <div class=\"product-details-wrap\">\n\t            <div class=\"eael-product-title\"><a href=\"https:\/\/macote.fr\/es\/producto\/funda-simili-cuero-freno-de-mano-y-interruptor-velocidad-bmw-e46\/\" class=\"woocommerce-LoopProduct-link woocommerce-loop-product__link\"><h2>Funda de freno de mano en polipiel + palanca de cambios BMW E46<\/h2><\/a><\/div><div class=\"eael-product-price\"><span class=\"woocommerce-Price-amount amount\"><bdi>15,99&nbsp;<span class=\"woocommerce-Price-currencySymbol\" translate=\"no\">\u20ac<\/span><\/bdi><\/span><\/div>\n            <\/div>\n        <\/div>\n\t<\/div>\n        <div class=\"product swiper-slide post-2318 type-product status-publish has-post-thumbnail product_cat-bmw-serie-3 product_cat-bmw-serie-3-e90-e91-e92-e93 product_cat-modifications-interieurs  instock taxable shipping-taxable purchasable product-type-variable\">\n        <div class=\"eael-product-carousel\">\n            <div class=\"product-image-wrap\">\n                <div class=\"image-wrap\">\n                    <a href=\"https:\/\/macote.fr\/es\/producto\/inserto-consola-central-carbono-bmw-e90-e92-e93-2\/\" class=\"woocommerce-LoopProduct-link woocommerce-loop-product__link\"><img decoding=\"async\" width=\"750\" height=\"1000\" src=\"https:\/\/macote.fr\/wp-content\/uploads\/2023\/06\/Console-centrale-bmw-e90-carbone-vide-poche.jpeg\" class=\"attachment-full size-full\" alt=\"Consola central bmw e90 carbono bolsillo vac\u00edo\" loading=\"eager\" srcset=\"https:\/\/macote.fr\/wp-content\/uploads\/2023\/06\/Console-centrale-bmw-e90-carbone-vide-poche.jpeg 750w, https:\/\/macote.fr\/wp-content\/uploads\/2023\/06\/Console-centrale-bmw-e90-carbone-vide-poche-300x400.jpeg 300w, https:\/\/macote.fr\/wp-content\/uploads\/2023\/06\/Console-centrale-bmw-e90-carbone-vide-poche-225x300.jpeg 225w, https:\/\/macote.fr\/wp-content\/uploads\/2023\/06\/Console-centrale-bmw-e90-carbone-vide-poche-9x12.jpeg 9w, https:\/\/macote.fr\/wp-content\/uploads\/2023\/06\/Console-centrale-bmw-e90-carbone-vide-poche-600x800.jpeg 600w\" sizes=\"(max-width: 750px) 100vw, 750px\" \/><\/a>                <\/div>\n                <div class=\"image-hover-wrap\">\n                    <ul class=\"icons-wrap block-style\">\n                                                    <li class=\"add-to-cart\"><a href=\"https:\/\/macote.fr\/es\/producto\/inserto-consola-central-carbono-bmw-e90-e92-e93-2\/\" aria-describedby=\"woocommerce_loop_add_to_cart_link_describedby_2318\" data-quantity=\"1\" class=\"button product_type_variable add_to_cart_button\" data-product_id=\"2318\" data-product_sku=\"\" aria-label=\"Elige las opciones para \u201cConsole centrale carbone BMW E90, E92, E93\u201d\" rel=\"nofollow\" data-no-translation=\"\" data-trp-gettext=\"\" data-no-translation-aria-label=\"\">Seleccionar opciones<\/a>\t<span id=\"woocommerce_loop_add_to_cart_link_describedby_2318\" class=\"screen-reader-text\">\n\t\tEste producto tiene m\u00faltiples variantes. Las opciones se pueden elegir en la p\u00e1gina de producto\t<\/span>\n<\/li>\n                                                \t                                            <li class=\"view-details\"><a href=\"https:\/\/macote.fr\/es\/producto\/inserto-consola-central-carbono-bmw-e90-e92-e93-2\/\"><i class=\"fas fa-link\"><\/i><\/a><\/li>\n\n                    <\/ul>\n                                    <\/div>\n            <\/div>\n            <div class=\"product-details-wrap\">\n\t            <div class=\"eael-product-title\"><a href=\"https:\/\/macote.fr\/es\/producto\/inserto-consola-central-carbono-bmw-e90-e92-e93-2\/\" class=\"woocommerce-LoopProduct-link woocommerce-loop-product__link\"><h2>Consola central de carbono BMW E90, E92, E93<\/h2><\/a><\/div><div class=\"eael-product-price\"><span class=\"woocommerce-Price-amount amount\" aria-hidden=\"true\"><bdi>39,99&nbsp;<span class=\"woocommerce-Price-currencySymbol\" translate=\"no\">&euro;<\/span><\/bdi><\/span> <span aria-hidden=\"true\">-<\/span> <span class=\"woocommerce-Price-amount amount\" aria-hidden=\"true\"><bdi>129,99&nbsp;<span class=\"woocommerce-Price-currencySymbol\" translate=\"no\">&euro;<\/span><\/bdi><\/span><span class=\"screen-reader-text\" data-no-translation=\"\" data-trp-gettext=\"\">Rango de precios: desde 39,99&nbsp;&euro; hasta 129,99&nbsp;&euro;<\/span><\/div>\n            <\/div>\n        <\/div>\n\t<\/div>\n        <div class=\"product swiper-slide post-7095 type-product status-publish has-post-thumbnail product_cat-bmw-accessoires-generiques product_cat-bmw-oem product_cat-modifications-interieurs last instock taxable shipping-taxable purchasable product-type-simple\">\n        <div class=\"eael-product-carousel\">\n            <div class=\"product-image-wrap\">\n                <div class=\"image-wrap\">\n                    <a href=\"https:\/\/macote.fr\/es\/producto\/colgador-coche-bmw-travel-comfort\/\" class=\"woocommerce-LoopProduct-link woocommerce-loop-product__link\"><img decoding=\"async\" width=\"800\" height=\"800\" src=\"https:\/\/macote.fr\/wp-content\/uploads\/2025\/12\/Cintre-universel-pour-voiture.jpg\" class=\"attachment-full size-full\" alt=\"Percha universal para coche\" loading=\"eager\" srcset=\"https:\/\/macote.fr\/wp-content\/uploads\/2025\/12\/Cintre-universel-pour-voiture.jpg 800w, https:\/\/macote.fr\/wp-content\/uploads\/2025\/12\/Cintre-universel-pour-voiture-300x300.jpg 300w, https:\/\/macote.fr\/wp-content\/uploads\/2025\/12\/Cintre-universel-pour-voiture-150x150.jpg 150w, https:\/\/macote.fr\/wp-content\/uploads\/2025\/12\/Cintre-universel-pour-voiture-768x768.jpg 768w, https:\/\/macote.fr\/wp-content\/uploads\/2025\/12\/Cintre-universel-pour-voiture-12x12.jpg 12w, https:\/\/macote.fr\/wp-content\/uploads\/2025\/12\/Cintre-universel-pour-voiture-200x200.jpg 200w\" sizes=\"(max-width: 800px) 100vw, 800px\" \/><\/a>                <\/div>\n                <div class=\"image-hover-wrap\">\n                    <ul class=\"icons-wrap block-style\">\n                                                    <li class=\"add-to-cart\"><a href=\"\/es\/wp-json\/wp\/v2\/pages\/7984?add-to-cart=7095\" aria-describedby=\"woocommerce_loop_add_to_cart_link_describedby_7095\" data-quantity=\"1\" class=\"button product_type_simple add_to_cart_button ajax_add_to_cart\" data-product_id=\"7095\" data-product_sku=\"\" aria-label=\"A\u00f1adir al carrito: \u201cCintre de Voiture BMW Travel &amp; Comfort\u201d\" rel=\"nofollow\" data-success_message=\"\u00abCintre de Voiture BMW Travel &amp; Comfort\u00bb se ha a\u00f1adido a tu carrito\" data-no-translation=\"\" data-trp-gettext=\"\" data-no-translation-aria-label=\"\" data-no-translation-data-success_message=\"\">A\u00f1adir al carrito<\/a>\t<span id=\"woocommerce_loop_add_to_cart_link_describedby_7095\" class=\"screen-reader-text\">\n\t\t\t<\/span>\n<\/li>\n                                                \t                                            <li class=\"view-details\"><a href=\"https:\/\/macote.fr\/es\/producto\/colgador-coche-bmw-travel-comfort\/\"><i class=\"fas fa-link\"><\/i><\/a><\/li>\n\n                    <\/ul>\n                                    <\/div>\n            <\/div>\n            <div class=\"product-details-wrap\">\n\t            <div class=\"eael-product-title\"><a href=\"https:\/\/macote.fr\/es\/producto\/colgador-coche-bmw-travel-comfort\/\" class=\"woocommerce-LoopProduct-link woocommerce-loop-product__link\"><h2>Percha BMW Travel &amp; Comfort<\/h2><\/a><\/div><div class=\"eael-product-price\"><span class=\"woocommerce-Price-amount amount\"><bdi>39,99&nbsp;<span class=\"woocommerce-Price-currencySymbol\" translate=\"no\">\u20ac<\/span><\/bdi><\/span><\/div>\n            <\/div>\n        <\/div>\n\t<\/div>\n        <div class=\"product swiper-slide post-7024 type-product status-publish has-post-thumbnail product_cat-bmw-serie-3 product_cat-bmw-serie-3-e46 product_cat-modifications-interieurs first instock taxable shipping-taxable purchasable product-type-variable\">\n        <div class=\"eael-product-carousel\">\n            <div class=\"product-image-wrap\">\n                <div class=\"image-wrap\">\n                    <a href=\"https:\/\/macote.fr\/es\/producto\/reposabrazos-central-bmw-e46\/\" class=\"woocommerce-LoopProduct-link woocommerce-loop-product__link\"><img decoding=\"async\" width=\"1024\" height=\"1024\" src=\"https:\/\/macote.fr\/wp-content\/uploads\/2025\/11\/couvercle-accoudoir-bmw-e46-noir.jpg\" class=\"attachment-full size-full\" alt=\"apoyabrazos-cubre-bmw-e46-negro\" loading=\"eager\" srcset=\"https:\/\/macote.fr\/wp-content\/uploads\/2025\/11\/couvercle-accoudoir-bmw-e46-noir.jpg 1024w, https:\/\/macote.fr\/wp-content\/uploads\/2025\/11\/couvercle-accoudoir-bmw-e46-noir-300x300.jpg 300w, https:\/\/macote.fr\/wp-content\/uploads\/2025\/11\/couvercle-accoudoir-bmw-e46-noir-150x150.jpg 150w, https:\/\/macote.fr\/wp-content\/uploads\/2025\/11\/couvercle-accoudoir-bmw-e46-noir-768x768.jpg 768w, https:\/\/macote.fr\/wp-content\/uploads\/2025\/11\/couvercle-accoudoir-bmw-e46-noir-12x12.jpg 12w, https:\/\/macote.fr\/wp-content\/uploads\/2025\/11\/couvercle-accoudoir-bmw-e46-noir-200x200.jpg 200w\" sizes=\"(max-width: 1024px) 100vw, 1024px\" \/><\/a>                <\/div>\n                <div class=\"image-hover-wrap\">\n                    <ul class=\"icons-wrap block-style\">\n                                                    <li class=\"add-to-cart\"><a href=\"https:\/\/macote.fr\/es\/producto\/reposabrazos-central-bmw-e46\/\" aria-describedby=\"woocommerce_loop_add_to_cart_link_describedby_7024\" data-quantity=\"1\" class=\"button product_type_variable add_to_cart_button\" data-product_id=\"7024\" data-product_sku=\"\" aria-label=\"Elige las opciones para \u201cAccoudoire central BMW E46\u201d\" rel=\"nofollow\" data-no-translation=\"\" data-trp-gettext=\"\" data-no-translation-aria-label=\"\">Seleccionar opciones<\/a>\t<span id=\"woocommerce_loop_add_to_cart_link_describedby_7024\" class=\"screen-reader-text\">\n\t\tEste producto tiene m\u00faltiples variantes. Las opciones se pueden elegir en la p\u00e1gina de producto\t<\/span>\n<\/li>\n                                                \t                                            <li class=\"view-details\"><a href=\"https:\/\/macote.fr\/es\/producto\/reposabrazos-central-bmw-e46\/\"><i class=\"fas fa-link\"><\/i><\/a><\/li>\n\n                    <\/ul>\n                                    <\/div>\n            <\/div>\n            <div class=\"product-details-wrap\">\n\t            <div class=\"eael-product-title\"><a href=\"https:\/\/macote.fr\/es\/producto\/reposabrazos-central-bmw-e46\/\" class=\"woocommerce-LoopProduct-link woocommerce-loop-product__link\"><h2>Apoyabrazos central BMW E46<\/h2><\/a><\/div><div class=\"eael-product-price\"><span class=\"woocommerce-Price-amount amount\"><bdi>37,99&nbsp;<span class=\"woocommerce-Price-currencySymbol\" translate=\"no\">\u20ac<\/span><\/bdi><\/span><\/div>\n            <\/div>\n        <\/div>\n\t<\/div>\n        <div class=\"product swiper-slide post-1825 type-product status-publish has-post-thumbnail product_cat-accessoires-divers product_cat-modifications-interieurs  instock taxable shipping-taxable purchasable product-type-variable\">\n        <div class=\"eael-product-carousel\">\n            <div class=\"product-image-wrap\">\n                <div class=\"image-wrap\">\n                    <a href=\"https:\/\/macote.fr\/es\/producto\/sistema-apple-carplay-universal\/\" class=\"woocommerce-LoopProduct-link woocommerce-loop-product__link\"><img decoding=\"async\" width=\"1000\" height=\"1000\" src=\"https:\/\/macote.fr\/wp-content\/uploads\/2023\/05\/S0bf7559ecc1942ad902854f2f3eb6125r.jpg.webp\" class=\"attachment-full size-full\" alt=\"10,26 pulgadas Apple CarPlay\" loading=\"eager\" srcset=\"https:\/\/macote.fr\/wp-content\/uploads\/2023\/05\/S0bf7559ecc1942ad902854f2f3eb6125r.jpg.webp 1000w, https:\/\/macote.fr\/wp-content\/uploads\/2023\/05\/S0bf7559ecc1942ad902854f2f3eb6125r.jpg-200x200.webp 200w, https:\/\/macote.fr\/wp-content\/uploads\/2023\/05\/S0bf7559ecc1942ad902854f2f3eb6125r.jpg-300x300.webp 300w, https:\/\/macote.fr\/wp-content\/uploads\/2023\/05\/S0bf7559ecc1942ad902854f2f3eb6125r.jpg-150x150.webp 150w, https:\/\/macote.fr\/wp-content\/uploads\/2023\/05\/S0bf7559ecc1942ad902854f2f3eb6125r.jpg-768x768.webp 768w, https:\/\/macote.fr\/wp-content\/uploads\/2023\/05\/S0bf7559ecc1942ad902854f2f3eb6125r.jpg-600x600.webp 600w\" sizes=\"(max-width: 1000px) 100vw, 1000px\" \/><\/a>                <\/div>\n                <div class=\"image-hover-wrap\">\n                    <ul class=\"icons-wrap block-style\">\n                                                    <li class=\"add-to-cart\"><a href=\"https:\/\/macote.fr\/es\/producto\/sistema-apple-carplay-universal\/\" aria-describedby=\"woocommerce_loop_add_to_cart_link_describedby_1825\" data-quantity=\"1\" class=\"button product_type_variable add_to_cart_button\" data-product_id=\"1825\" data-product_sku=\"\" aria-label=\"Elige las opciones para \u201cApple CarPlay syt\u00e8me Universel\u201d\" rel=\"nofollow\" data-no-translation=\"\" data-trp-gettext=\"\" data-no-translation-aria-label=\"\">Seleccionar opciones<\/a>\t<span id=\"woocommerce_loop_add_to_cart_link_describedby_1825\" class=\"screen-reader-text\">\n\t\tEste producto tiene m\u00faltiples variantes. Las opciones se pueden elegir en la p\u00e1gina de producto\t<\/span>\n<\/li>\n                                                \t                                            <li class=\"view-details\"><a href=\"https:\/\/macote.fr\/es\/producto\/sistema-apple-carplay-universal\/\"><i class=\"fas fa-link\"><\/i><\/a><\/li>\n\n                    <\/ul>\n                                    <\/div>\n            <\/div>\n            <div class=\"product-details-wrap\">\n\t            <div class=\"eael-product-title\"><a href=\"https:\/\/macote.fr\/es\/producto\/sistema-apple-carplay-universal\/\" class=\"woocommerce-LoopProduct-link woocommerce-loop-product__link\"><h2>Sistema universal Apple CarPlay<\/h2><\/a><\/div><div class=\"eael-product-price\"><span class=\"woocommerce-Price-amount amount\" aria-hidden=\"true\"><bdi>79,99&nbsp;<span class=\"woocommerce-Price-currencySymbol\" translate=\"no\">&euro;<\/span><\/bdi><\/span> <span aria-hidden=\"true\">-<\/span> <span class=\"woocommerce-Price-amount amount\" aria-hidden=\"true\"><bdi>129,99&nbsp;<span class=\"woocommerce-Price-currencySymbol\" translate=\"no\">&euro;<\/span><\/bdi><\/span><span class=\"screen-reader-text\" data-no-translation=\"\" data-trp-gettext=\"\">Rango de precios: desde 79,99&nbsp;&euro; hasta 129,99&nbsp;&euro;<\/span><\/div>\n            <\/div>\n        <\/div>\n\t<\/div>\n        <div class=\"product swiper-slide post-7532 type-product status-publish has-post-thumbnail product_cat-bmw-refit-oem product_cat-bmw-serie-5 product_cat-bmw-serie-5-f10-f11-f07-f18 product_cat-bmw-serie-6 product_cat-bmw-serie-6-f06-f12-f13 product_cat-bmw-serie-7 product_cat-bmw-serie-7-f01-f02 product_cat-modifications-interieurs product_cat-x3 product_cat-x3-f25 product_cat-x4 product_cat-x4-f26 product_cat-x5 product_cat-x5-f15 product_cat-x6 product_cat-x6-f16  instock taxable shipping-taxable purchasable product-type-variable\">\n        <div class=\"eael-product-carousel\">\n            <div class=\"product-image-wrap\">\n                <div class=\"image-wrap\">\n                    <a href=\"https:\/\/macote.fr\/es\/producto\/sustitucion-del-boton-del-freno-de-mano-electronico-bmw-parking\/\" class=\"woocommerce-LoopProduct-link woocommerce-loop-product__link\"><img decoding=\"async\" width=\"800\" height=\"800\" src=\"https:\/\/macote.fr\/wp-content\/uploads\/2026\/07\/Bouton-frein-de-stationnement-BMW-use-avant-remplacement.avif\" class=\"attachment-full size-full\" alt=\"Bot\u00f3n del freno de mano de BMW desgastado antes de su sustituci\u00f3n\" loading=\"eager\" srcset=\"https:\/\/macote.fr\/wp-content\/uploads\/2026\/07\/Bouton-frein-de-stationnement-BMW-use-avant-remplacement.avif 800w, https:\/\/macote.fr\/wp-content\/uploads\/2026\/07\/Bouton-frein-de-stationnement-BMW-use-avant-remplacement-300x300.avif 300w, https:\/\/macote.fr\/wp-content\/uploads\/2026\/07\/Bouton-frein-de-stationnement-BMW-use-avant-remplacement-150x150.avif 150w, https:\/\/macote.fr\/wp-content\/uploads\/2026\/07\/Bouton-frein-de-stationnement-BMW-use-avant-remplacement-768x768.avif 768w, https:\/\/macote.fr\/wp-content\/uploads\/2026\/07\/Bouton-frein-de-stationnement-BMW-use-avant-remplacement-12x12.avif 12w, https:\/\/macote.fr\/wp-content\/uploads\/2026\/07\/Bouton-frein-de-stationnement-BMW-use-avant-remplacement-200x200.avif 200w\" sizes=\"(max-width: 800px) 100vw, 800px\" \/><\/a>                <\/div>\n                <div class=\"image-hover-wrap\">\n                    <ul class=\"icons-wrap block-style\">\n                                                    <li class=\"add-to-cart\"><a href=\"https:\/\/macote.fr\/es\/producto\/sustitucion-del-boton-del-freno-de-mano-electronico-bmw-parking\/\" aria-describedby=\"woocommerce_loop_add_to_cart_link_describedby_7532\" data-quantity=\"1\" class=\"button product_type_variable add_to_cart_button\" data-product_id=\"7532\" data-product_sku=\"\" aria-label=\"Elige las opciones para \u201cRemplacement Bouton de frein de stationnement \u00e9lectronique BMW - PARKING\u201d\" rel=\"nofollow\" data-no-translation=\"\" data-trp-gettext=\"\" data-no-translation-aria-label=\"\">Seleccionar opciones<\/a>\t<span id=\"woocommerce_loop_add_to_cart_link_describedby_7532\" class=\"screen-reader-text\">\n\t\tEste producto tiene m\u00faltiples variantes. Las opciones se pueden elegir en la p\u00e1gina de producto\t<\/span>\n<\/li>\n                                                \t                                            <li class=\"view-details\"><a href=\"https:\/\/macote.fr\/es\/producto\/sustitucion-del-boton-del-freno-de-mano-electronico-bmw-parking\/\"><i class=\"fas fa-link\"><\/i><\/a><\/li>\n\n                    <\/ul>\n                                    <\/div>\n            <\/div>\n            <div class=\"product-details-wrap\">\n\t            <div class=\"eael-product-title\"><a href=\"https:\/\/macote.fr\/es\/producto\/sustitucion-del-boton-del-freno-de-mano-electronico-bmw-parking\/\" class=\"woocommerce-LoopProduct-link woocommerce-loop-product__link\"><h2>Sustituci\u00f3n del bot\u00f3n del freno de mano electr\u00f3nico de BMW - PARKING<\/h2><\/a><\/div><div class=\"eael-product-price\"><span class=\"woocommerce-Price-amount amount\"><bdi>19,99&nbsp;<span class=\"woocommerce-Price-currencySymbol\" translate=\"no\">\u20ac<\/span><\/bdi><\/span><\/div>\n            <\/div>\n        <\/div>\n\t<\/div>\n        <div class=\"product swiper-slide post-8063 type-product status-publish has-post-thumbnail product_cat-accessoires-macote-bmw product_cat-bmw-accessoires-generiques product_cat-bmw-electronique-technologie product_cat-bmw-serie-3 product_cat-bmw-serie-3-g50-g51 product_cat-bmw-serie-5 product_cat-bmw-serie-5-g60-g61-g68 product_cat-bmw-serie-7 product_cat-bmw-serie-7-g70 product_cat-bmw-support-de-telephone-tablette product_cat-modifications-interieurs product_cat-x3 product_cat-x3-g45 product_cat-x3-g01 product_cat-x4 product_cat-x4m-f98-x4-g02 product_cat-x5 product_cat-x5-g65 product_cat-x5m-f95-x5-g05-g18 product_cat-x6 product_cat-x6m-f96-x6-g06 product_cat-x7 product_cat-x7-g07 last instock taxable shipping-taxable purchasable product-type-simple\">\n        <div class=\"eael-product-carousel\">\n            <div class=\"product-image-wrap\">\n                <div class=\"image-wrap\">\n                    <a href=\"https:\/\/macote.fr\/es\/producto\/soporte-para-tableta-y-telefono-bmw-travel-comfort-con-fijacion-mediante-clip\/\" class=\"woocommerce-LoopProduct-link woocommerce-loop-product__link\"><img decoding=\"async\" width=\"1266\" height=\"1243\" src=\"https:\/\/macote.fr\/wp-content\/uploads\/2026\/08\/support-tablette-voiture-appui-tete-fixation-reglable.png\" class=\"attachment-full size-full\" alt=\"Soporte para tableta para coche, con fijaci\u00f3n ajustable al reposacabezas\" loading=\"eager\" srcset=\"https:\/\/macote.fr\/wp-content\/uploads\/2026\/08\/support-tablette-voiture-appui-tete-fixation-reglable.png 1266w, https:\/\/macote.fr\/wp-content\/uploads\/2026\/08\/support-tablette-voiture-appui-tete-fixation-reglable-300x295.png 300w, https:\/\/macote.fr\/wp-content\/uploads\/2026\/08\/support-tablette-voiture-appui-tete-fixation-reglable-1024x1005.png 1024w, https:\/\/macote.fr\/wp-content\/uploads\/2026\/08\/support-tablette-voiture-appui-tete-fixation-reglable-768x754.png 768w, https:\/\/macote.fr\/wp-content\/uploads\/2026\/08\/support-tablette-voiture-appui-tete-fixation-reglable-12x12.png 12w, https:\/\/macote.fr\/wp-content\/uploads\/2026\/08\/support-tablette-voiture-appui-tete-fixation-reglable-1200x1178.png 1200w\" sizes=\"(max-width: 1266px) 100vw, 1266px\" \/><\/a>                <\/div>\n                <div class=\"image-hover-wrap\">\n                    <ul class=\"icons-wrap block-style\">\n                                                    <li class=\"add-to-cart\"><a href=\"\/es\/wp-json\/wp\/v2\/pages\/7984?add-to-cart=8063\" aria-describedby=\"woocommerce_loop_add_to_cart_link_describedby_8063\" data-quantity=\"1\" class=\"button product_type_simple add_to_cart_button ajax_add_to_cart\" data-product_id=\"8063\" data-product_sku=\"\" aria-label=\"A\u00f1adir al carrito: \u201cSupport Tablette et T\u00e9l\u00e9phone BMW Travel &amp; Comfort \u2013 Fixation Clip\u201d\" rel=\"nofollow\" data-success_message=\"\u00abSupport Tablette et T\u00e9l\u00e9phone BMW Travel &amp; Comfort \u2013 Fixation Clip\u00bb se ha a\u00f1adido a tu carrito\" data-no-translation=\"\" data-trp-gettext=\"\" data-no-translation-aria-label=\"\" data-no-translation-data-success_message=\"\">A\u00f1adir al carrito<\/a>\t<span id=\"woocommerce_loop_add_to_cart_link_describedby_8063\" class=\"screen-reader-text\">\n\t\t\t<\/span>\n<\/li>\n                                                \t                                            <li class=\"view-details\"><a href=\"https:\/\/macote.fr\/es\/producto\/soporte-para-tableta-y-telefono-bmw-travel-comfort-con-fijacion-mediante-clip\/\"><i class=\"fas fa-link\"><\/i><\/a><\/li>\n\n                    <\/ul>\n                                    <\/div>\n            <\/div>\n            <div class=\"product-details-wrap\">\n\t            <div class=\"eael-product-title\"><a href=\"https:\/\/macote.fr\/es\/producto\/soporte-para-tableta-y-telefono-bmw-travel-comfort-con-fijacion-mediante-clip\/\" class=\"woocommerce-LoopProduct-link woocommerce-loop-product__link\"><h2>Soporte para tableta y tel\u00e9fono BMW Travel &amp; Comfort \u2013 Fijaci\u00f3n con clip<\/h2><\/a><\/div><div class=\"eael-product-price\"><span class=\"woocommerce-Price-amount amount\"><bdi>49,99&nbsp;<span class=\"woocommerce-Price-currencySymbol\" translate=\"no\">\u20ac<\/span><\/bdi><\/span><\/div>\n            <\/div>\n        <\/div>\n\t<\/div>\n        <div class=\"product swiper-slide post-1218 type-product status-publish has-post-thumbnail product_cat-eclairage-signature-lumineuse product_cat-modifications-interieurs first instock sale taxable shipping-taxable purchasable product-type-simple\">\n        <div class=\"eael-product-carousel\">\n            <div class=\"product-image-wrap\">\n                <div class=\"image-wrap\">\n                    <span class=\"eael-onsale sale-preset-5\">\u00a1Sucio!<\/span><a href=\"https:\/\/macote.fr\/es\/producto\/sky-star-car\/\" class=\"woocommerce-LoopProduct-link woocommerce-loop-product__link\"><img decoding=\"async\" width=\"1600\" height=\"1600\" src=\"https:\/\/macote.fr\/wp-content\/uploads\/2023\/04\/main-picture.jpeg\" class=\"attachment-full size-full\" alt=\"coche sky star de fibra \u00f3ptica\" loading=\"eager\" srcset=\"https:\/\/macote.fr\/wp-content\/uploads\/2023\/04\/main-picture.jpeg 1600w, https:\/\/macote.fr\/wp-content\/uploads\/2023\/04\/main-picture-200x200.jpeg 200w, https:\/\/macote.fr\/wp-content\/uploads\/2023\/04\/main-picture-1200x1200.jpeg 1200w, https:\/\/macote.fr\/wp-content\/uploads\/2023\/04\/main-picture-300x300.jpeg 300w, https:\/\/macote.fr\/wp-content\/uploads\/2023\/04\/main-picture-1024x1024.jpeg 1024w, https:\/\/macote.fr\/wp-content\/uploads\/2023\/04\/main-picture-150x150.jpeg 150w, https:\/\/macote.fr\/wp-content\/uploads\/2023\/04\/main-picture-768x768.jpeg 768w, https:\/\/macote.fr\/wp-content\/uploads\/2023\/04\/main-picture-1536x1536.jpeg 1536w, https:\/\/macote.fr\/wp-content\/uploads\/2023\/04\/main-picture-1320x1320.jpeg 1320w\" sizes=\"(max-width: 1600px) 100vw, 1600px\" \/><\/a>                <\/div>\n                <div class=\"image-hover-wrap\">\n                    <ul class=\"icons-wrap block-style\">\n                                                    <li class=\"add-to-cart\"><a href=\"\/es\/wp-json\/wp\/v2\/pages\/7984?add-to-cart=1218\" aria-describedby=\"woocommerce_loop_add_to_cart_link_describedby_1218\" data-quantity=\"1\" class=\"button product_type_simple add_to_cart_button ajax_add_to_cart\" data-product_id=\"1218\" data-product_sku=\"\" aria-label=\"A\u00f1adir al carrito: \u201cCiel \u00e9toil\u00e9 voiture effet Rolls-Royce\u201d\" rel=\"nofollow\" data-success_message=\"\u00abCiel \u00e9toil\u00e9 voiture effet Rolls-Royce\u00bb se ha a\u00f1adido a tu carrito\" data-no-translation=\"\" data-trp-gettext=\"\" data-no-translation-aria-label=\"\" data-no-translation-data-success_message=\"\">A\u00f1adir al carrito<\/a>\t<span id=\"woocommerce_loop_add_to_cart_link_describedby_1218\" class=\"screen-reader-text\">\n\t\t\t<\/span>\n<\/li>\n                                                \t                                            <li class=\"view-details\"><a href=\"https:\/\/macote.fr\/es\/producto\/sky-star-car\/\"><i class=\"fas fa-link\"><\/i><\/a><\/li>\n\n                    <\/ul>\n                                    <\/div>\n            <\/div>\n            <div class=\"product-details-wrap\">\n\t            <div class=\"eael-product-title\"><a href=\"https:\/\/macote.fr\/es\/producto\/sky-star-car\/\" class=\"woocommerce-LoopProduct-link woocommerce-loop-product__link\"><h2>Coche efecto Rolls-Royce cielo estrellado<\/h2><\/a><\/div><div class=\"eael-product-price\"><span class=\"sale-price\"><del aria-hidden=\"true\"><span class=\"woocommerce-Price-amount amount\"><bdi>179,99&nbsp;<span class=\"woocommerce-Price-currencySymbol\" translate=\"no\">\u20ac<\/span><\/bdi><\/span><\/del> <span class=\"screen-reader-text\" data-no-translation=\"\" data-trp-gettext=\"\">El precio original era: 179,99&nbsp;&euro;.<\/span><ins aria-hidden=\"true\"><span class=\"woocommerce-Price-amount amount\"><bdi>149,99&nbsp;<span class=\"woocommerce-Price-currencySymbol\" translate=\"no\">\u20ac<\/span><\/bdi><\/span><\/ins><span class=\"screen-reader-text\" data-no-translation=\"\" data-trp-gettext=\"\">El precio actual es: 149,99&nbsp;&euro;.<\/span><\/span><\/div>\n            <\/div>\n        <\/div>\n\t<\/div>\n    <\/div><\/div>                        <!-- Add Arrows -->\n            <div class=\"swiper-button-next swiper-button-next-1f1e71b\">\n                <i class=\"fa fa-angle-right\"><\/i>\n            <\/div>\n            <div class=\"swiper-button-prev swiper-button-prev-1f1e71b\">\n                <i class=\"fa fa-angle-left\"><\/i>\n            <\/div>\n                    <\/div>\n        \t\t\t\t<\/div>\n\t\t\t\t<\/div>\n\t\t\t\t\t<\/div>\n\t\t\t\t<\/div>\n\t\t<div data-particle_enable=\"false\" data-particle-mobile-disabled=\"false\" class=\"elementor-element elementor-element-5eba6fb e-flex e-con-boxed e-con e-parent\" data-id=\"5eba6fb\" data-element_type=\"container\" data-e-type=\"container\" data-settings=\"{&quot;background_background&quot;:&quot;classic&quot;}\">\n\t\t\t\t\t<div class=\"e-con-inner\">\n\t\t<div data-particle_enable=\"false\" data-particle-mobile-disabled=\"false\" class=\"elementor-element elementor-element-6d4532e e-con-full e-flex e-con e-child\" data-id=\"6d4532e\" data-element_type=\"container\" data-e-type=\"container\">\n\t\t<div data-particle_enable=\"false\" data-particle-mobile-disabled=\"false\" class=\"elementor-element elementor-element-2aa6f78 e-con-full e-flex e-con e-child\" data-id=\"2aa6f78\" data-element_type=\"container\" data-e-type=\"container\">\n\t\t\t\t<div class=\"elementor-element elementor-element-40fc075 elementor-widget elementor-widget-heading\" data-id=\"40fc075\" data-element_type=\"widget\" data-e-type=\"widget\" data-widget_type=\"heading.default\">\n\t\t\t\t<div class=\"elementor-widget-container\">\n\t\t\t\t\t<div class=\"elementor-heading-title elementor-size-default\">05 \u2014 Estilo de vida<\/div>\t\t\t\t<\/div>\n\t\t\t\t<\/div>\n\t\t\t\t<div class=\"elementor-element elementor-element-bfecb96 elementor-widget elementor-widget-heading\" data-id=\"bfecb96\" data-element_type=\"widget\" data-e-type=\"widget\" data-widget_type=\"heading.default\">\n\t\t\t\t<div class=\"elementor-widget-container\">\n\t\t\t\t\t<h2 class=\"elementor-heading-title elementor-size-default\">Los detalles que te persiguen a todas partes<\/h2>\t\t\t\t<\/div>\n\t\t\t\t<\/div>\n\t\t\t\t<div class=\"elementor-element elementor-element-ce4137e elementor-widget elementor-widget-text-editor\" data-id=\"ce4137e\" data-element_type=\"widget\" data-e-type=\"widget\" data-widget_type=\"text-editor.default\">\n\t\t\t\t<div class=\"elementor-widget-container\">\n\t\t\t\t\t\t\t\t\t<p>Llaveros, cordones, accesorios de organizaci\u00f3n y peque\u00f1os objetos de uso cotidiano.<\/p>\t\t\t\t\t\t\t\t<\/div>\n\t\t\t\t<\/div>\n\t\t\t\t<\/div>\n\t\t\t\t<div class=\"elementor-element elementor-element-c1eda84 elementor-align-right elementor-widget__width-auto elementor-widget elementor-widget-button\" data-id=\"c1eda84\" data-element_type=\"widget\" data-e-type=\"widget\" data-widget_type=\"button.default\">\n\t\t\t\t<div class=\"elementor-widget-container\">\n\t\t\t\t\t\t\t\t\t<div class=\"elementor-button-wrapper\">\n\t\t\t\t\t<a class=\"elementor-button elementor-button-link elementor-size-sm\" href=\"https:\/\/macote.fr\/es\/categoria-de-productos\/accesorios-macote-para-bmw\/macote-bmw-lifestyle\/\">\n\t\t\t\t\t\t<span class=\"elementor-button-content-wrapper\">\n\t\t\t\t\t\t\t\t\t<span class=\"elementor-button-text\">Ver la categor\u00eda<\/span>\n\t\t\t\t\t<\/span>\n\t\t\t\t\t<\/a>\n\t\t\t\t<\/div>\n\t\t\t\t\t\t\t\t<\/div>\n\t\t\t\t<\/div>\n\t\t\t\t<\/div>\n\t\t\t\t<div class=\"elementor-element elementor-element-8321e90 elementor-widget elementor-widget-eael-woo-product-carousel\" data-id=\"8321e90\" data-element_type=\"widget\" data-e-type=\"widget\" data-widget_type=\"eael-woo-product-carousel.default\">\n\t\t\t\t<div class=\"elementor-widget-container\">\n\t\t\t\t\t\n        <div class=\"swiper-container-wrap eael-woo-product-carousel-container preset-3\" id=\"eael-product-carousel-8321e90\" data-widget-id=\"8321e90\" >\n            <div class=\"woocommerce eael-woo-product-carousel eael-product-appender-8321e90 eael-hover-buttons swiper swiper-8 swiper-container-8321e90 swiper-image-stretch\" data-checkout-url=\"https:\/\/macote.fr\/es\/pedir\/\" data-pagination=\".swiper-pagination-8321e90\" data-arrow-next=\".swiper-button-next-8321e90\" data-arrow-prev=\".swiper-button-prev-8321e90\" data-type=\"preset-3\" data-effect=\"slide\" data-items=\"3\" data-slide-items=\"1\" data-margin=\"10\" data-speed=\"505\" data-autoplay=\"3000\" data-pause-on-hover=\"true\" data-loop=\"1\" data-arrows=\"1\"><div class=\"products swiper-wrapper\">    <div class=\"product swiper-slide post-6396 type-product status-publish has-post-thumbnail product_cat-bmw-accessoires-fibre-de-carbone product_cat-coques-de-protection-telephone product_cat-macote-bmw-lifestyle  instock taxable shipping-taxable purchasable product-type-variable\">\n        <div class=\"eael-product-carousel\">\n            <div class=\"product-image-wrap\">\n                <div class=\"image-wrap\">\n                    <a href=\"https:\/\/macote.fr\/es\/producto\/iphone-carbono-casco-forja-magsafe\/\" class=\"woocommerce-LoopProduct-link woocommerce-loop-product__link\"><img decoding=\"async\" width=\"900\" height=\"900\" src=\"https:\/\/macote.fr\/wp-content\/uploads\/2025\/05\/iphone-forged-new-gold_7c418b87-97d2-4695-a332-e93513fd7f6d.jpg\" class=\"attachment-full size-full\" alt=\"Funda iPhone Forged Carbon Gold - MagSafe\" loading=\"eager\" srcset=\"https:\/\/macote.fr\/wp-content\/uploads\/2025\/05\/iphone-forged-new-gold_7c418b87-97d2-4695-a332-e93513fd7f6d.jpg 900w, https:\/\/macote.fr\/wp-content\/uploads\/2025\/05\/iphone-forged-new-gold_7c418b87-97d2-4695-a332-e93513fd7f6d-300x300.jpg 300w, https:\/\/macote.fr\/wp-content\/uploads\/2025\/05\/iphone-forged-new-gold_7c418b87-97d2-4695-a332-e93513fd7f6d-150x150.jpg 150w, https:\/\/macote.fr\/wp-content\/uploads\/2025\/05\/iphone-forged-new-gold_7c418b87-97d2-4695-a332-e93513fd7f6d-768x768.jpg 768w, https:\/\/macote.fr\/wp-content\/uploads\/2025\/05\/iphone-forged-new-gold_7c418b87-97d2-4695-a332-e93513fd7f6d-12x12.jpg 12w, https:\/\/macote.fr\/wp-content\/uploads\/2025\/05\/iphone-forged-new-gold_7c418b87-97d2-4695-a332-e93513fd7f6d-200x200.jpg 200w\" sizes=\"(max-width: 900px) 100vw, 900px\" \/><\/a>                <\/div>\n                <div class=\"image-hover-wrap\">\n                    <ul class=\"icons-wrap block-style\">\n                                                    <li class=\"add-to-cart\"><a href=\"https:\/\/macote.fr\/es\/producto\/iphone-carbono-casco-forja-magsafe\/\" aria-describedby=\"woocommerce_loop_add_to_cart_link_describedby_6396\" data-quantity=\"1\" class=\"button product_type_variable add_to_cart_button\" data-product_id=\"6396\" data-product_sku=\"\" aria-label=\"Elige las opciones para \u201cCoque Iphone Carbone forg\u00e9 - MagSafe\u201d\" rel=\"nofollow\" data-no-translation=\"\" data-trp-gettext=\"\" data-no-translation-aria-label=\"\">Seleccionar opciones<\/a>\t<span id=\"woocommerce_loop_add_to_cart_link_describedby_6396\" class=\"screen-reader-text\">\n\t\tEste producto tiene m\u00faltiples variantes. Las opciones se pueden elegir en la p\u00e1gina de producto\t<\/span>\n<\/li>\n                                                \t                                            <li class=\"view-details\"><a href=\"https:\/\/macote.fr\/es\/producto\/iphone-carbono-casco-forja-magsafe\/\"><i class=\"fas fa-link\"><\/i><\/a><\/li>\n\n                    <\/ul>\n                                    <\/div>\n            <\/div>\n            <div class=\"product-details-wrap\">\n\t            <div class=\"eael-product-title\"><a href=\"https:\/\/macote.fr\/es\/producto\/iphone-carbono-casco-forja-magsafe\/\" class=\"woocommerce-LoopProduct-link woocommerce-loop-product__link\"><h2>Funda de carbono forjado para Iphone - MagSafe<\/h2><\/a><\/div><div class=\"eael-product-price\"><span class=\"woocommerce-Price-amount amount\" aria-hidden=\"true\"><bdi>34,99&nbsp;<span class=\"woocommerce-Price-currencySymbol\" translate=\"no\">&euro;<\/span><\/bdi><\/span> <span aria-hidden=\"true\">-<\/span> <span class=\"woocommerce-Price-amount amount\" aria-hidden=\"true\"><bdi>44,99&nbsp;<span class=\"woocommerce-Price-currencySymbol\" translate=\"no\">&euro;<\/span><\/bdi><\/span><span class=\"screen-reader-text\" data-no-translation=\"\" data-trp-gettext=\"\">Rango de precios: desde 34,99&nbsp;&euro; hasta 44,99&nbsp;&euro;<\/span><\/div>\n            <\/div>\n        <\/div>\n\t<\/div>\n        <div class=\"product swiper-slide post-6580 type-product status-publish has-post-thumbnail product_cat-macote-bmw-lifestyle product_cat-porte-cles-bmw  instock taxable shipping-taxable purchasable product-type-simple\">\n        <div class=\"eael-product-carousel\">\n            <div class=\"product-image-wrap\">\n                <div class=\"image-wrap\">\n                    <a href=\"https:\/\/macote.fr\/es\/producto\/llavero-metalico-bmw-motorsport\/\" class=\"woocommerce-LoopProduct-link woocommerce-loop-product__link\"><img decoding=\"async\" width=\"800\" height=\"800\" src=\"https:\/\/macote.fr\/wp-content\/uploads\/2025\/06\/porte-clefs-Motorsport-alliance-metal-BMW-style.webp\" class=\"attachment-full size-full\" alt=\"Llavero Motorsport metal estilo BMW\" loading=\"eager\" srcset=\"https:\/\/macote.fr\/wp-content\/uploads\/2025\/06\/porte-clefs-Motorsport-alliance-metal-BMW-style.webp 800w, https:\/\/macote.fr\/wp-content\/uploads\/2025\/06\/porte-clefs-Motorsport-alliance-metal-BMW-style-300x300.webp 300w, https:\/\/macote.fr\/wp-content\/uploads\/2025\/06\/porte-clefs-Motorsport-alliance-metal-BMW-style-150x150.webp 150w, https:\/\/macote.fr\/wp-content\/uploads\/2025\/06\/porte-clefs-Motorsport-alliance-metal-BMW-style-768x768.webp 768w, https:\/\/macote.fr\/wp-content\/uploads\/2025\/06\/porte-clefs-Motorsport-alliance-metal-BMW-style-12x12.webp 12w, https:\/\/macote.fr\/wp-content\/uploads\/2025\/06\/porte-clefs-Motorsport-alliance-metal-BMW-style-200x200.webp 200w\" sizes=\"(max-width: 800px) 100vw, 800px\" \/><\/a>                <\/div>\n                <div class=\"image-hover-wrap\">\n                    <ul class=\"icons-wrap block-style\">\n                                                    <li class=\"add-to-cart\"><a href=\"\/es\/wp-json\/wp\/v2\/pages\/7984?add-to-cart=6580\" aria-describedby=\"woocommerce_loop_add_to_cart_link_describedby_6580\" data-quantity=\"1\" class=\"button product_type_simple add_to_cart_button ajax_add_to_cart\" data-product_id=\"6580\" data-product_sku=\"\" aria-label=\"A\u00f1adir al carrito: \u201cPorte-cl\u00e9s BMW Motorsport en m\u00e9tal\u201d\" rel=\"nofollow\" data-success_message=\"\u00abPorte-cl\u00e9s BMW Motorsport en m\u00e9tal\u00bb se ha a\u00f1adido a tu carrito\" data-no-translation=\"\" data-trp-gettext=\"\" data-no-translation-aria-label=\"\" data-no-translation-data-success_message=\"\">A\u00f1adir al carrito<\/a>\t<span id=\"woocommerce_loop_add_to_cart_link_describedby_6580\" class=\"screen-reader-text\">\n\t\t\t<\/span>\n<\/li>\n                                                \t                                            <li class=\"view-details\"><a href=\"https:\/\/macote.fr\/es\/producto\/llavero-metalico-bmw-motorsport\/\"><i class=\"fas fa-link\"><\/i><\/a><\/li>\n\n                    <\/ul>\n                                    <\/div>\n            <\/div>\n            <div class=\"product-details-wrap\">\n\t            <div class=\"eael-product-title\"><a href=\"https:\/\/macote.fr\/es\/producto\/llavero-metalico-bmw-motorsport\/\" class=\"woocommerce-LoopProduct-link woocommerce-loop-product__link\"><h2>Llavero met\u00e1lico BMW Motorsport<\/h2><\/a><\/div><div class=\"eael-product-price\"><span class=\"woocommerce-Price-amount amount\"><bdi>11,99&nbsp;<span class=\"woocommerce-Price-currencySymbol\" translate=\"no\">\u20ac<\/span><\/bdi><\/span><\/div>\n            <\/div>\n        <\/div>\n\t<\/div>\n        <div class=\"product swiper-slide post-6452 type-product status-publish has-post-thumbnail product_cat-bmw-accessoires-fibre-de-carbone product_cat-coques-de-protection-telephone product_cat-macote-bmw-lifestyle last instock taxable shipping-taxable purchasable product-type-variable\">\n        <div class=\"eael-product-carousel\">\n            <div class=\"product-image-wrap\">\n                <div class=\"image-wrap\">\n                    <a href=\"https:\/\/macote.fr\/es\/producto\/airpods-estuche-protector-de-carbono-forjado\/\" class=\"woocommerce-LoopProduct-link woocommerce-loop-product__link\"><img decoding=\"async\" width=\"900\" height=\"900\" src=\"https:\/\/macote.fr\/wp-content\/uploads\/2025\/05\/Airpods-Forged-Carbon-Case-sapphire.jpg\" class=\"attachment-full size-full\" alt=\"Estuche de zafiro de carbono forjado para los Airpods\" loading=\"eager\" srcset=\"https:\/\/macote.fr\/wp-content\/uploads\/2025\/05\/Airpods-Forged-Carbon-Case-sapphire.jpg 900w, https:\/\/macote.fr\/wp-content\/uploads\/2025\/05\/Airpods-Forged-Carbon-Case-sapphire-300x300.jpg 300w, https:\/\/macote.fr\/wp-content\/uploads\/2025\/05\/Airpods-Forged-Carbon-Case-sapphire-150x150.jpg 150w, https:\/\/macote.fr\/wp-content\/uploads\/2025\/05\/Airpods-Forged-Carbon-Case-sapphire-768x768.jpg 768w, https:\/\/macote.fr\/wp-content\/uploads\/2025\/05\/Airpods-Forged-Carbon-Case-sapphire-12x12.jpg 12w, https:\/\/macote.fr\/wp-content\/uploads\/2025\/05\/Airpods-Forged-Carbon-Case-sapphire-200x200.jpg 200w\" sizes=\"(max-width: 900px) 100vw, 900px\" \/><\/a>                <\/div>\n                <div class=\"image-hover-wrap\">\n                    <ul class=\"icons-wrap block-style\">\n                                                    <li class=\"add-to-cart\"><a href=\"https:\/\/macote.fr\/es\/producto\/airpods-estuche-protector-de-carbono-forjado\/\" aria-describedby=\"woocommerce_loop_add_to_cart_link_describedby_6452\" data-quantity=\"1\" class=\"button product_type_variable add_to_cart_button\" data-product_id=\"6452\" data-product_sku=\"\" aria-label=\"Elige las opciones para \u201cCoque de protection Airpods en Carbone Forg\u00e9\u201d\" rel=\"nofollow\" data-no-translation=\"\" data-trp-gettext=\"\" data-no-translation-aria-label=\"\">Seleccionar opciones<\/a>\t<span id=\"woocommerce_loop_add_to_cart_link_describedby_6452\" class=\"screen-reader-text\">\n\t\tEste producto tiene m\u00faltiples variantes. Las opciones se pueden elegir en la p\u00e1gina de producto\t<\/span>\n<\/li>\n                                                \t                                            <li class=\"view-details\"><a href=\"https:\/\/macote.fr\/es\/producto\/airpods-estuche-protector-de-carbono-forjado\/\"><i class=\"fas fa-link\"><\/i><\/a><\/li>\n\n                    <\/ul>\n                                    <\/div>\n            <\/div>\n            <div class=\"product-details-wrap\">\n\t            <div class=\"eael-product-title\"><a href=\"https:\/\/macote.fr\/es\/producto\/airpods-estuche-protector-de-carbono-forjado\/\" class=\"woocommerce-LoopProduct-link woocommerce-loop-product__link\"><h2>Carcasa protectora de carbono forjado para los Airpods<\/h2><\/a><\/div><div class=\"eael-product-price\"><span class=\"woocommerce-Price-amount amount\"><bdi>37,99&nbsp;<span class=\"woocommerce-Price-currencySymbol\" translate=\"no\">\u20ac<\/span><\/bdi><\/span><\/div>\n            <\/div>\n        <\/div>\n\t<\/div>\n        <div class=\"product swiper-slide post-6536 type-product status-publish has-post-thumbnail product_cat-macote-bmw-lifestyle product_cat-porte-cles-bmw first instock taxable shipping-taxable purchasable product-type-simple\">\n        <div class=\"eael-product-carousel\">\n            <div class=\"product-image-wrap\">\n                <div class=\"image-wrap\">\n                    <a href=\"https:\/\/macote.fr\/es\/producto\/llavero-m-performance-tela-mosqueton\/\" class=\"woocommerce-LoopProduct-link woocommerce-loop-product__link\"><img decoding=\"async\" width=\"800\" height=\"800\" src=\"https:\/\/macote.fr\/wp-content\/uploads\/2025\/06\/porte-clef-bmw-m-performance-mousqueton-noir.webp\" class=\"attachment-full size-full\" alt=\"llavero-bmw-m-performance-mosquet\u00f3n-negro\" loading=\"eager\" srcset=\"https:\/\/macote.fr\/wp-content\/uploads\/2025\/06\/porte-clef-bmw-m-performance-mousqueton-noir.webp 800w, https:\/\/macote.fr\/wp-content\/uploads\/2025\/06\/porte-clef-bmw-m-performance-mousqueton-noir-300x300.webp 300w, https:\/\/macote.fr\/wp-content\/uploads\/2025\/06\/porte-clef-bmw-m-performance-mousqueton-noir-150x150.webp 150w, https:\/\/macote.fr\/wp-content\/uploads\/2025\/06\/porte-clef-bmw-m-performance-mousqueton-noir-768x768.webp 768w, https:\/\/macote.fr\/wp-content\/uploads\/2025\/06\/porte-clef-bmw-m-performance-mousqueton-noir-12x12.webp 12w, https:\/\/macote.fr\/wp-content\/uploads\/2025\/06\/porte-clef-bmw-m-performance-mousqueton-noir-200x200.webp 200w\" sizes=\"(max-width: 800px) 100vw, 800px\" \/><\/a>                <\/div>\n                <div class=\"image-hover-wrap\">\n                    <ul class=\"icons-wrap block-style\">\n                                                    <li class=\"add-to-cart\"><a href=\"\/es\/wp-json\/wp\/v2\/pages\/7984?add-to-cart=6536\" aria-describedby=\"woocommerce_loop_add_to_cart_link_describedby_6536\" data-quantity=\"1\" class=\"button product_type_simple add_to_cart_button ajax_add_to_cart\" data-product_id=\"6536\" data-product_sku=\"\" aria-label=\"A\u00f1adir al carrito: \u201cPorte-cl\u00e9s M Performance Tissu &amp; Mousqueton\u201d\" rel=\"nofollow\" data-success_message=\"\u00abPorte-cl\u00e9s M Performance Tissu &amp; Mousqueton\u00bb se ha a\u00f1adido a tu carrito\" data-no-translation=\"\" data-trp-gettext=\"\" data-no-translation-aria-label=\"\" data-no-translation-data-success_message=\"\">A\u00f1adir al carrito<\/a>\t<span id=\"woocommerce_loop_add_to_cart_link_describedby_6536\" class=\"screen-reader-text\">\n\t\t\t<\/span>\n<\/li>\n                                                \t                                            <li class=\"view-details\"><a href=\"https:\/\/macote.fr\/es\/producto\/llavero-m-performance-tela-mosqueton\/\"><i class=\"fas fa-link\"><\/i><\/a><\/li>\n\n                    <\/ul>\n                                    <\/div>\n            <\/div>\n            <div class=\"product-details-wrap\">\n\t            <div class=\"eael-product-title\"><a href=\"https:\/\/macote.fr\/es\/producto\/llavero-m-performance-tela-mosqueton\/\" class=\"woocommerce-LoopProduct-link woocommerce-loop-product__link\"><h2>Llavero y mosquet\u00f3n M Performance Fabric<\/h2><\/a><\/div><div class=\"eael-product-price\"><span class=\"woocommerce-Price-amount amount\"><bdi>7,99&nbsp;<span class=\"woocommerce-Price-currencySymbol\" translate=\"no\">\u20ac<\/span><\/bdi><\/span><\/div>\n            <\/div>\n        <\/div>\n\t<\/div>\n        <div class=\"product swiper-slide post-6564 type-product status-publish has-post-thumbnail product_cat-macote-bmw-lifestyle product_cat-porte-cles-bmw  instock taxable shipping-taxable purchasable product-type-variable\">\n        <div class=\"eael-product-carousel\">\n            <div class=\"product-image-wrap\">\n                <div class=\"image-wrap\">\n                    <a href=\"https:\/\/macote.fr\/es\/producto\/llavero-bmw-m-en-polipiel\/\" class=\"woocommerce-LoopProduct-link woocommerce-loop-product__link\"><img decoding=\"async\" width=\"800\" height=\"800\" src=\"https:\/\/macote.fr\/wp-content\/uploads\/2025\/06\/porte-cles-bmw-m-cuir-multicolore-collection-macote.webp\" class=\"attachment-full size-full\" alt=\"llavero-bmw-m-cuero-multicolor-colecci\u00f3n-macote\" loading=\"eager\" srcset=\"https:\/\/macote.fr\/wp-content\/uploads\/2025\/06\/porte-cles-bmw-m-cuir-multicolore-collection-macote.webp 800w, https:\/\/macote.fr\/wp-content\/uploads\/2025\/06\/porte-cles-bmw-m-cuir-multicolore-collection-macote-300x300.webp 300w, https:\/\/macote.fr\/wp-content\/uploads\/2025\/06\/porte-cles-bmw-m-cuir-multicolore-collection-macote-150x150.webp 150w, https:\/\/macote.fr\/wp-content\/uploads\/2025\/06\/porte-cles-bmw-m-cuir-multicolore-collection-macote-768x768.webp 768w, https:\/\/macote.fr\/wp-content\/uploads\/2025\/06\/porte-cles-bmw-m-cuir-multicolore-collection-macote-12x12.webp 12w, https:\/\/macote.fr\/wp-content\/uploads\/2025\/06\/porte-cles-bmw-m-cuir-multicolore-collection-macote-200x200.webp 200w\" sizes=\"(max-width: 800px) 100vw, 800px\" \/><\/a>                <\/div>\n                <div class=\"image-hover-wrap\">\n                    <ul class=\"icons-wrap block-style\">\n                                                    <li class=\"add-to-cart\"><a href=\"https:\/\/macote.fr\/es\/producto\/llavero-bmw-m-en-polipiel\/\" aria-describedby=\"woocommerce_loop_add_to_cart_link_describedby_6564\" data-quantity=\"1\" class=\"button product_type_variable add_to_cart_button\" data-product_id=\"6564\" data-product_sku=\"\" aria-label=\"Elige las opciones para \u201cPorte-cl\u00e9s BMW M en simili cuir\u201d\" rel=\"nofollow\" data-no-translation=\"\" data-trp-gettext=\"\" data-no-translation-aria-label=\"\">Seleccionar opciones<\/a>\t<span id=\"woocommerce_loop_add_to_cart_link_describedby_6564\" class=\"screen-reader-text\">\n\t\tEste producto tiene m\u00faltiples variantes. Las opciones se pueden elegir en la p\u00e1gina de producto\t<\/span>\n<\/li>\n                                                \t                                            <li class=\"view-details\"><a href=\"https:\/\/macote.fr\/es\/producto\/llavero-bmw-m-en-polipiel\/\"><i class=\"fas fa-link\"><\/i><\/a><\/li>\n\n                    <\/ul>\n                                    <\/div>\n            <\/div>\n            <div class=\"product-details-wrap\">\n\t            <div class=\"eael-product-title\"><a href=\"https:\/\/macote.fr\/es\/producto\/llavero-bmw-m-en-polipiel\/\" class=\"woocommerce-LoopProduct-link woocommerce-loop-product__link\"><h2>Llavero BMW M en polipiel<\/h2><\/a><\/div><div class=\"eael-product-price\"><span class=\"woocommerce-Price-amount amount\"><bdi>12,99&nbsp;<span class=\"woocommerce-Price-currencySymbol\" translate=\"no\">\u20ac<\/span><\/bdi><\/span><\/div>\n            <\/div>\n        <\/div>\n\t<\/div>\n        <div class=\"product swiper-slide post-1155 type-product status-publish has-post-thumbnail product_cat-accessoires-divers product_cat-macote-bmw-lifestyle product_cat-porte-cles-bmw  instock taxable shipping-taxable purchasable product-type-variable\">\n        <div class=\"eael-product-carousel\">\n            <div class=\"product-image-wrap\">\n                <div class=\"image-wrap\">\n                    <a href=\"https:\/\/macote.fr\/es\/producto\/correas-para-el-cuello-porta-auto-cinturones-para-accesorios-bmw-mperformance\/\" class=\"woocommerce-LoopProduct-link woocommerce-loop-product__link\"><img decoding=\"async\" width=\"800\" height=\"800\" src=\"https:\/\/macote.fr\/wp-content\/uploads\/2022\/11\/Laniere-Cles-De-Voiture-Porte-cles-Porte-CARTES-DIDENTITE-Sangles-de-Cou-Pour-BMW-m-performance-Accessoires-blanche.webp\" class=\"attachment-full size-full\" alt=\"Car Key Strap ID Card Holder Neck Strap For BMW m performance Accesorios blanco\" loading=\"eager\" srcset=\"https:\/\/macote.fr\/wp-content\/uploads\/2022\/11\/Laniere-Cles-De-Voiture-Porte-cles-Porte-CARTES-DIDENTITE-Sangles-de-Cou-Pour-BMW-m-performance-Accessoires-blanche.webp 800w, https:\/\/macote.fr\/wp-content\/uploads\/2022\/11\/Laniere-Cles-De-Voiture-Porte-cles-Porte-CARTES-DIDENTITE-Sangles-de-Cou-Pour-BMW-m-performance-Accessoires-blanche-200x200.webp 200w, https:\/\/macote.fr\/wp-content\/uploads\/2022\/11\/Laniere-Cles-De-Voiture-Porte-cles-Porte-CARTES-DIDENTITE-Sangles-de-Cou-Pour-BMW-m-performance-Accessoires-blanche-300x300.webp 300w, https:\/\/macote.fr\/wp-content\/uploads\/2022\/11\/Laniere-Cles-De-Voiture-Porte-cles-Porte-CARTES-DIDENTITE-Sangles-de-Cou-Pour-BMW-m-performance-Accessoires-blanche-150x150.webp 150w, https:\/\/macote.fr\/wp-content\/uploads\/2022\/11\/Laniere-Cles-De-Voiture-Porte-cles-Porte-CARTES-DIDENTITE-Sangles-de-Cou-Pour-BMW-m-performance-Accessoires-blanche-768x768.webp 768w, https:\/\/macote.fr\/wp-content\/uploads\/2022\/11\/Laniere-Cles-De-Voiture-Porte-cles-Porte-CARTES-DIDENTITE-Sangles-de-Cou-Pour-BMW-m-performance-Accessoires-blanche-600x600.webp 600w\" sizes=\"(max-width: 800px) 100vw, 800px\" \/><\/a>                <\/div>\n                <div class=\"image-hover-wrap\">\n                    <ul class=\"icons-wrap block-style\">\n                                                    <li class=\"add-to-cart\"><a href=\"https:\/\/macote.fr\/es\/producto\/correas-para-el-cuello-porta-auto-cinturones-para-accesorios-bmw-mperformance\/\" aria-describedby=\"woocommerce_loop_add_to_cart_link_describedby_1155\" data-quantity=\"1\" class=\"button product_type_variable add_to_cart_button\" data-product_id=\"1155\" data-product_sku=\"\" aria-label=\"Elige las opciones para \u201cLani\u00e8re Cl\u00e9s De Voiture Porte-cl\u00e9s Sangles de Cou Pour BMW M performance Accessoires\u201d\" rel=\"nofollow\" data-no-translation=\"\" data-trp-gettext=\"\" data-no-translation-aria-label=\"\">Seleccionar opciones<\/a>\t<span id=\"woocommerce_loop_add_to_cart_link_describedby_1155\" class=\"screen-reader-text\">\n\t\tEste producto tiene m\u00faltiples variantes. Las opciones se pueden elegir en la p\u00e1gina de producto\t<\/span>\n<\/li>\n                                                \t                                            <li class=\"view-details\"><a href=\"https:\/\/macote.fr\/es\/producto\/correas-para-el-cuello-porta-auto-cinturones-para-accesorios-bmw-mperformance\/\"><i class=\"fas fa-link\"><\/i><\/a><\/li>\n\n                    <\/ul>\n                                    <\/div>\n            <\/div>\n            <div class=\"product-details-wrap\">\n\t            <div class=\"eael-product-title\"><a href=\"https:\/\/macote.fr\/es\/producto\/correas-para-el-cuello-porta-auto-cinturones-para-accesorios-bmw-mperformance\/\" class=\"woocommerce-LoopProduct-link woocommerce-loop-product__link\"><h2>Correa para llaves de coche Llavero Correa de cuello para BMW M Accesorios de alto rendimiento<\/h2><\/a><\/div><div class=\"eael-product-price\"><span class=\"woocommerce-Price-amount amount\"><bdi>7,99&nbsp;<span class=\"woocommerce-Price-currencySymbol\" translate=\"no\">\u20ac<\/span><\/bdi><\/span><\/div>\n            <\/div>\n        <\/div>\n\t<\/div>\n        <div class=\"product swiper-slide post-6562 type-product status-publish has-post-thumbnail product_cat-macote-bmw-lifestyle product_cat-porte-cles-bmw last instock taxable shipping-taxable purchasable product-type-simple\">\n        <div class=\"eael-product-carousel\">\n            <div class=\"product-image-wrap\">\n                <div class=\"image-wrap\">\n                    <a href=\"https:\/\/macote.fr\/es\/producto\/llavero-bmw-m-en-tejido-trenzado-estilo-motorsport\/\" class=\"woocommerce-LoopProduct-link woocommerce-loop-product__link\"><img decoding=\"async\" width=\"800\" height=\"800\" src=\"https:\/\/macote.fr\/wp-content\/uploads\/2025\/06\/porte-cles-bmw-m-tissu-motorsport-tricolore-macote.webp\" class=\"attachment-full size-full\" alt=\"llavero-bmw-m-fabric-motorsport-tricolour-macote\" loading=\"eager\" srcset=\"https:\/\/macote.fr\/wp-content\/uploads\/2025\/06\/porte-cles-bmw-m-tissu-motorsport-tricolore-macote.webp 800w, https:\/\/macote.fr\/wp-content\/uploads\/2025\/06\/porte-cles-bmw-m-tissu-motorsport-tricolore-macote-300x300.webp 300w, https:\/\/macote.fr\/wp-content\/uploads\/2025\/06\/porte-cles-bmw-m-tissu-motorsport-tricolore-macote-150x150.webp 150w, https:\/\/macote.fr\/wp-content\/uploads\/2025\/06\/porte-cles-bmw-m-tissu-motorsport-tricolore-macote-768x768.webp 768w, https:\/\/macote.fr\/wp-content\/uploads\/2025\/06\/porte-cles-bmw-m-tissu-motorsport-tricolore-macote-12x12.webp 12w, https:\/\/macote.fr\/wp-content\/uploads\/2025\/06\/porte-cles-bmw-m-tissu-motorsport-tricolore-macote-200x200.webp 200w\" sizes=\"(max-width: 800px) 100vw, 800px\" \/><\/a>                <\/div>\n                <div class=\"image-hover-wrap\">\n                    <ul class=\"icons-wrap block-style\">\n                                                    <li class=\"add-to-cart\"><a href=\"\/es\/wp-json\/wp\/v2\/pages\/7984?add-to-cart=6562\" aria-describedby=\"woocommerce_loop_add_to_cart_link_describedby_6562\" data-quantity=\"1\" class=\"button product_type_simple add_to_cart_button ajax_add_to_cart\" data-product_id=\"6562\" data-product_sku=\"\" aria-label=\"A\u00f1adir al carrito: \u201cPorte-cl\u00e9s BMW M en Tissu Tress\u00e9 - Style Motorsport\u201d\" rel=\"nofollow\" data-success_message=\"\u00abPorte-cl\u00e9s BMW M en Tissu Tress\u00e9 - Style Motorsport\u00bb se ha a\u00f1adido a tu carrito\" data-no-translation=\"\" data-trp-gettext=\"\" data-no-translation-aria-label=\"\" data-no-translation-data-success_message=\"\">A\u00f1adir al carrito<\/a>\t<span id=\"woocommerce_loop_add_to_cart_link_describedby_6562\" class=\"screen-reader-text\">\n\t\t\t<\/span>\n<\/li>\n                                                \t                                            <li class=\"view-details\"><a href=\"https:\/\/macote.fr\/es\/producto\/llavero-bmw-m-en-tejido-trenzado-estilo-motorsport\/\"><i class=\"fas fa-link\"><\/i><\/a><\/li>\n\n                    <\/ul>\n                                    <\/div>\n            <\/div>\n            <div class=\"product-details-wrap\">\n\t            <div class=\"eael-product-title\"><a href=\"https:\/\/macote.fr\/es\/producto\/llavero-bmw-m-en-tejido-trenzado-estilo-motorsport\/\" class=\"woocommerce-LoopProduct-link woocommerce-loop-product__link\"><h2>Llavero BMW M de tela trenzada - Estilo Motorsport<\/h2><\/a><\/div><div class=\"eael-product-price\"><span class=\"woocommerce-Price-amount amount\"><bdi>14,99&nbsp;<span class=\"woocommerce-Price-currencySymbol\" translate=\"no\">\u20ac<\/span><\/bdi><\/span><\/div>\n            <\/div>\n        <\/div>\n\t<\/div>\n        <div class=\"product swiper-slide post-6541 type-product status-publish has-post-thumbnail product_cat-macote-bmw-lifestyle product_cat-porte-cles-bmw first instock taxable shipping-taxable purchasable product-type-variable\">\n        <div class=\"eael-product-carousel\">\n            <div class=\"product-image-wrap\">\n                <div class=\"image-wrap\">\n                    <a href=\"https:\/\/macote.fr\/es\/producto\/llavero-m-performance-brode\/\" class=\"woocommerce-LoopProduct-link woocommerce-loop-product__link\"><img decoding=\"async\" width=\"800\" height=\"800\" src=\"https:\/\/macote.fr\/wp-content\/uploads\/2025\/06\/Port-Clefs-BMW-M-PERFORMANCE-Brode.webp\" class=\"attachment-full size-full\" alt=\"Llavero BMW M PERFORMANCE Bordado Blanco + Negro\" loading=\"eager\" srcset=\"https:\/\/macote.fr\/wp-content\/uploads\/2025\/06\/Port-Clefs-BMW-M-PERFORMANCE-Brode.webp 800w, https:\/\/macote.fr\/wp-content\/uploads\/2025\/06\/Port-Clefs-BMW-M-PERFORMANCE-Brode-300x300.webp 300w, https:\/\/macote.fr\/wp-content\/uploads\/2025\/06\/Port-Clefs-BMW-M-PERFORMANCE-Brode-150x150.webp 150w, https:\/\/macote.fr\/wp-content\/uploads\/2025\/06\/Port-Clefs-BMW-M-PERFORMANCE-Brode-768x768.webp 768w, https:\/\/macote.fr\/wp-content\/uploads\/2025\/06\/Port-Clefs-BMW-M-PERFORMANCE-Brode-12x12.webp 12w, https:\/\/macote.fr\/wp-content\/uploads\/2025\/06\/Port-Clefs-BMW-M-PERFORMANCE-Brode-200x200.webp 200w\" sizes=\"(max-width: 800px) 100vw, 800px\" \/><\/a>                <\/div>\n                <div class=\"image-hover-wrap\">\n                    <ul class=\"icons-wrap block-style\">\n                                                    <li class=\"add-to-cart\"><a href=\"https:\/\/macote.fr\/es\/producto\/llavero-m-performance-brode\/\" aria-describedby=\"woocommerce_loop_add_to_cart_link_describedby_6541\" data-quantity=\"1\" class=\"button product_type_variable add_to_cart_button\" data-product_id=\"6541\" data-product_sku=\"\" aria-label=\"Elige las opciones para \u201cPorte-cl\u00e9s M Performance Brod\u00e9\u201d\" rel=\"nofollow\" data-no-translation=\"\" data-trp-gettext=\"\" data-no-translation-aria-label=\"\">Seleccionar opciones<\/a>\t<span id=\"woocommerce_loop_add_to_cart_link_describedby_6541\" class=\"screen-reader-text\">\n\t\tEste producto tiene m\u00faltiples variantes. Las opciones se pueden elegir en la p\u00e1gina de producto\t<\/span>\n<\/li>\n                                                \t                                            <li class=\"view-details\"><a href=\"https:\/\/macote.fr\/es\/producto\/llavero-m-performance-brode\/\"><i class=\"fas fa-link\"><\/i><\/a><\/li>\n\n                    <\/ul>\n                                    <\/div>\n            <\/div>\n            <div class=\"product-details-wrap\">\n\t            <div class=\"eael-product-title\"><a href=\"https:\/\/macote.fr\/es\/producto\/llavero-m-performance-brode\/\" class=\"woocommerce-LoopProduct-link woocommerce-loop-product__link\"><h2>M Performance Llavero bordado<\/h2><\/a><\/div><div class=\"eael-product-price\"><span class=\"woocommerce-Price-amount amount\"><bdi>4,99&nbsp;<span class=\"woocommerce-Price-currencySymbol\" translate=\"no\">\u20ac<\/span><\/bdi><\/span><\/div>\n            <\/div>\n        <\/div>\n\t<\/div>\n        <div class=\"product swiper-slide post-6428 type-product status-publish has-post-thumbnail product_cat-bmw-accessoires-fibre-de-carbone product_cat-coques-de-protection-telephone product_cat-macote-bmw-lifestyle  instock taxable shipping-taxable purchasable product-type-variable\">\n        <div class=\"eael-product-carousel\">\n            <div class=\"product-image-wrap\">\n                <div class=\"image-wrap\">\n                    <a href=\"https:\/\/macote.fr\/es\/producto\/carcasa-iphone-fibra-de-carbono-magsafe-braid\/\" class=\"woocommerce-LoopProduct-link woocommerce-loop-product__link\"><img decoding=\"async\" width=\"900\" height=\"900\" src=\"https:\/\/macote.fr\/wp-content\/uploads\/2025\/05\/Carbone-Fiber-Iphone-Case-Silver.jpg\" class=\"attachment-full size-full\" alt=\"Funda de fibra de carbono plateada para Iphone\" loading=\"eager\" srcset=\"https:\/\/macote.fr\/wp-content\/uploads\/2025\/05\/Carbone-Fiber-Iphone-Case-Silver.jpg 900w, https:\/\/macote.fr\/wp-content\/uploads\/2025\/05\/Carbone-Fiber-Iphone-Case-Silver-300x300.jpg 300w, https:\/\/macote.fr\/wp-content\/uploads\/2025\/05\/Carbone-Fiber-Iphone-Case-Silver-150x150.jpg 150w, https:\/\/macote.fr\/wp-content\/uploads\/2025\/05\/Carbone-Fiber-Iphone-Case-Silver-768x768.jpg 768w, https:\/\/macote.fr\/wp-content\/uploads\/2025\/05\/Carbone-Fiber-Iphone-Case-Silver-12x12.jpg 12w, https:\/\/macote.fr\/wp-content\/uploads\/2025\/05\/Carbone-Fiber-Iphone-Case-Silver-200x200.jpg 200w\" sizes=\"(max-width: 900px) 100vw, 900px\" \/><\/a>                <\/div>\n                <div class=\"image-hover-wrap\">\n                    <ul class=\"icons-wrap block-style\">\n                                                    <li class=\"add-to-cart\"><a href=\"https:\/\/macote.fr\/es\/producto\/carcasa-iphone-fibra-de-carbono-magsafe-braid\/\" aria-describedby=\"woocommerce_loop_add_to_cart_link_describedby_6428\" data-quantity=\"1\" class=\"button product_type_variable add_to_cart_button\" data-product_id=\"6428\" data-product_sku=\"\" aria-label=\"Elige las opciones para \u201cCoque Iphone Fibre de carbone tress\u00e9 - MagSafe\u201d\" rel=\"nofollow\" data-no-translation=\"\" data-trp-gettext=\"\" data-no-translation-aria-label=\"\">Seleccionar opciones<\/a>\t<span id=\"woocommerce_loop_add_to_cart_link_describedby_6428\" class=\"screen-reader-text\">\n\t\tEste producto tiene m\u00faltiples variantes. Las opciones se pueden elegir en la p\u00e1gina de producto\t<\/span>\n<\/li>\n                                                \t                                            <li class=\"view-details\"><a href=\"https:\/\/macote.fr\/es\/producto\/carcasa-iphone-fibra-de-carbono-magsafe-braid\/\"><i class=\"fas fa-link\"><\/i><\/a><\/li>\n\n                    <\/ul>\n                                    <\/div>\n            <\/div>\n            <div class=\"product-details-wrap\">\n\t            <div class=\"eael-product-title\"><a href=\"https:\/\/macote.fr\/es\/producto\/carcasa-iphone-fibra-de-carbono-magsafe-braid\/\" class=\"woocommerce-LoopProduct-link woocommerce-loop-product__link\"><h2>Funda de fibra de carbono trenzada para Iphone - MagSafe<\/h2><\/a><\/div><div class=\"eael-product-price\"><span class=\"woocommerce-Price-amount amount\" aria-hidden=\"true\"><bdi>24,99&nbsp;<span class=\"woocommerce-Price-currencySymbol\" translate=\"no\">&euro;<\/span><\/bdi><\/span> <span aria-hidden=\"true\">-<\/span> <span class=\"woocommerce-Price-amount amount\" aria-hidden=\"true\"><bdi>34,99&nbsp;<span class=\"woocommerce-Price-currencySymbol\" translate=\"no\">&euro;<\/span><\/bdi><\/span><span class=\"screen-reader-text\" data-no-translation=\"\" data-trp-gettext=\"\">Rango de precios: desde 24,99&nbsp;&euro; hasta 34,99&nbsp;&euro;<\/span><\/div>\n            <\/div>\n        <\/div>\n\t<\/div>\n        <div class=\"product swiper-slide post-6555 type-product status-publish has-post-thumbnail product_cat-macote-bmw-lifestyle product_cat-porte-cles-bmw  instock taxable shipping-taxable purchasable product-type-variable\">\n        <div class=\"eael-product-carousel\">\n            <div class=\"product-image-wrap\">\n                <div class=\"image-wrap\">\n                    <a href=\"https:\/\/macote.fr\/es\/producto\/llavero-bmw-m-performance-en-alcantara\/\" class=\"woocommerce-LoopProduct-link woocommerce-loop-product__link\"><img decoding=\"async\" width=\"800\" height=\"800\" src=\"https:\/\/macote.fr\/wp-content\/uploads\/2025\/06\/bmw-m-keychain-black-red-stitching-metal-premium-car-accessory.webp\" class=\"attachment-full size-full\" alt=\"llavero-bmw-m-noir-surpiqures-rouges-alcantara-metal.jpg\" loading=\"eager\" srcset=\"https:\/\/macote.fr\/wp-content\/uploads\/2025\/06\/bmw-m-keychain-black-red-stitching-metal-premium-car-accessory.webp 800w, https:\/\/macote.fr\/wp-content\/uploads\/2025\/06\/bmw-m-keychain-black-red-stitching-metal-premium-car-accessory-300x300.webp 300w, https:\/\/macote.fr\/wp-content\/uploads\/2025\/06\/bmw-m-keychain-black-red-stitching-metal-premium-car-accessory-150x150.webp 150w, https:\/\/macote.fr\/wp-content\/uploads\/2025\/06\/bmw-m-keychain-black-red-stitching-metal-premium-car-accessory-768x768.webp 768w, https:\/\/macote.fr\/wp-content\/uploads\/2025\/06\/bmw-m-keychain-black-red-stitching-metal-premium-car-accessory-12x12.webp 12w, https:\/\/macote.fr\/wp-content\/uploads\/2025\/06\/bmw-m-keychain-black-red-stitching-metal-premium-car-accessory-200x200.webp 200w\" sizes=\"(max-width: 800px) 100vw, 800px\" \/><\/a>                <\/div>\n                <div class=\"image-hover-wrap\">\n                    <ul class=\"icons-wrap block-style\">\n                                                    <li class=\"add-to-cart\"><a href=\"https:\/\/macote.fr\/es\/producto\/llavero-bmw-m-performance-en-alcantara\/\" aria-describedby=\"woocommerce_loop_add_to_cart_link_describedby_6555\" data-quantity=\"1\" class=\"button product_type_variable add_to_cart_button\" data-product_id=\"6555\" data-product_sku=\"\" aria-label=\"Elige las opciones para \u201cPorte-cl\u00e9s BMW M Performance en Alcantara\u201d\" rel=\"nofollow\" data-no-translation=\"\" data-trp-gettext=\"\" data-no-translation-aria-label=\"\">Seleccionar opciones<\/a>\t<span id=\"woocommerce_loop_add_to_cart_link_describedby_6555\" class=\"screen-reader-text\">\n\t\tEste producto tiene m\u00faltiples variantes. Las opciones se pueden elegir en la p\u00e1gina de producto\t<\/span>\n<\/li>\n                                                \t                                            <li class=\"view-details\"><a href=\"https:\/\/macote.fr\/es\/producto\/llavero-bmw-m-performance-en-alcantara\/\"><i class=\"fas fa-link\"><\/i><\/a><\/li>\n\n                    <\/ul>\n                                    <\/div>\n            <\/div>\n            <div class=\"product-details-wrap\">\n\t            <div class=\"eael-product-title\"><a href=\"https:\/\/macote.fr\/es\/producto\/llavero-bmw-m-performance-en-alcantara\/\" class=\"woocommerce-LoopProduct-link woocommerce-loop-product__link\"><h2>Llavero BMW M Performance en Alcantara<\/h2><\/a><\/div><div class=\"eael-product-price\"><span class=\"woocommerce-Price-amount amount\"><bdi>17,99&nbsp;<span class=\"woocommerce-Price-currencySymbol\" translate=\"no\">\u20ac<\/span><\/bdi><\/span><\/div>\n            <\/div>\n        <\/div>\n\t<\/div>\n    <\/div><\/div>                        <!-- Add Arrows -->\n            <div class=\"swiper-button-next swiper-button-next-8321e90\">\n                <i class=\"fa fa-angle-right\"><\/i>\n            <\/div>\n            <div class=\"swiper-button-prev swiper-button-prev-8321e90\">\n                <i class=\"fa fa-angle-left\"><\/i>\n            <\/div>\n                    <\/div>\n        \t\t\t\t<\/div>\n\t\t\t\t<\/div>\n\t\t\t\t\t<\/div>\n\t\t\t\t<\/div>\n\t\t<div data-particle_enable=\"false\" data-particle-mobile-disabled=\"false\" class=\"elementor-element elementor-element-9830b5f e-flex e-con-boxed e-con e-parent\" data-id=\"9830b5f\" data-element_type=\"container\" data-e-type=\"container\" data-settings=\"{&quot;background_background&quot;:&quot;classic&quot;}\">\n\t\t\t\t\t<div class=\"e-con-inner\">\n\t\t<div data-particle_enable=\"false\" data-particle-mobile-disabled=\"false\" class=\"elementor-element elementor-element-68fd2e9 e-con-full e-flex e-con e-child\" data-id=\"68fd2e9\" data-element_type=\"container\" data-e-type=\"container\">\n\t\t<div data-particle_enable=\"false\" data-particle-mobile-disabled=\"false\" class=\"elementor-element elementor-element-a3a25ac e-con-full e-flex e-con e-child\" data-id=\"a3a25ac\" data-element_type=\"container\" data-e-type=\"container\">\n\t\t\t\t<div class=\"elementor-element elementor-element-87c2650 elementor-widget elementor-widget-heading\" data-id=\"87c2650\" data-element_type=\"widget\" data-e-type=\"widget\" data-widget_type=\"heading.default\">\n\t\t\t\t<div class=\"elementor-widget-container\">\n\t\t\t\t\t<div class=\"elementor-heading-title elementor-size-default\">06 \u2014 Miniaturas<\/div>\t\t\t\t<\/div>\n\t\t\t\t<\/div>\n\t\t\t\t<div class=\"elementor-element elementor-element-847d714 elementor-widget elementor-widget-heading\" data-id=\"847d714\" data-element_type=\"widget\" data-e-type=\"widget\" data-widget_type=\"heading.default\">\n\t\t\t\t<div class=\"elementor-widget-container\">\n\t\t\t\t\t<h2 class=\"elementor-heading-title elementor-size-default\">El garaje de sal\u00f3n<\/h2>\t\t\t\t<\/div>\n\t\t\t\t<\/div>\n\t\t\t\t<div class=\"elementor-element elementor-element-73e5110 elementor-widget elementor-widget-text-editor\" data-id=\"73e5110\" data-element_type=\"widget\" data-e-type=\"widget\" data-widget_type=\"text-editor.default\">\n\t\t\t\t<div class=\"elementor-widget-container\">\n\t\t\t\t\t\t\t\t\t<p>R\u00e9plicas de LEGO y maquetas: los BMW que no todos podemos tener en casa.<\/p>\t\t\t\t\t\t\t\t<\/div>\n\t\t\t\t<\/div>\n\t\t\t\t<\/div>\n\t\t\t\t<div class=\"elementor-element elementor-element-66430df elementor-align-right elementor-widget__width-auto elementor-widget elementor-widget-button\" data-id=\"66430df\" data-element_type=\"widget\" data-e-type=\"widget\" data-widget_type=\"button.default\">\n\t\t\t\t<div class=\"elementor-widget-container\">\n\t\t\t\t\t\t\t\t\t<div class=\"elementor-button-wrapper\">\n\t\t\t\t\t<a class=\"elementor-button elementor-button-link elementor-size-sm\" href=\"https:\/\/macote.fr\/es\/categoria-de-productos\/accesorios-macote-para-bmw\/coleccion-de-miniaturas-bmw\/\">\n\t\t\t\t\t\t<span class=\"elementor-button-content-wrapper\">\n\t\t\t\t\t\t\t\t\t<span class=\"elementor-button-text\">Ver la categor\u00eda<\/span>\n\t\t\t\t\t<\/span>\n\t\t\t\t\t<\/a>\n\t\t\t\t<\/div>\n\t\t\t\t\t\t\t\t<\/div>\n\t\t\t\t<\/div>\n\t\t\t\t<\/div>\n\t\t\t\t<div class=\"elementor-element elementor-element-5b75e08 elementor-widget elementor-widget-eael-woo-product-carousel\" data-id=\"5b75e08\" data-element_type=\"widget\" data-e-type=\"widget\" data-widget_type=\"eael-woo-product-carousel.default\">\n\t\t\t\t<div class=\"elementor-widget-container\">\n\t\t\t\t\t\n        <div class=\"swiper-container-wrap eael-woo-product-carousel-container preset-3\" id=\"eael-product-carousel-5b75e08\" data-widget-id=\"5b75e08\" >\n            <div class=\"woocommerce eael-woo-product-carousel eael-product-appender-5b75e08 eael-hover-buttons swiper swiper-8 swiper-container-5b75e08 swiper-image-stretch\" data-checkout-url=\"https:\/\/macote.fr\/es\/pedir\/\" data-pagination=\".swiper-pagination-5b75e08\" data-arrow-next=\".swiper-button-next-5b75e08\" data-arrow-prev=\".swiper-button-prev-5b75e08\" data-type=\"preset-3\" data-effect=\"slide\" data-items=\"3\" data-slide-items=\"1\" data-margin=\"10\" data-speed=\"505\" data-autoplay=\"3000\" data-pause-on-hover=\"true\" data-loop=\"1\" data-arrows=\"1\"><div class=\"products swiper-wrapper\">    <div class=\"product swiper-slide post-5211 type-product status-publish has-post-thumbnail product_cat-lego-bmw product_cat-m4 product_cat-m4-g82-g83 last instock taxable shipping-taxable purchasable product-type-simple\">\n        <div class=\"eael-product-carousel\">\n            <div class=\"product-image-wrap\">\n                <div class=\"image-wrap\">\n                    <a href=\"https:\/\/macote.fr\/es\/producto\/bmw-m4-gt3-g82-lego-replica\/\" class=\"woocommerce-LoopProduct-link woocommerce-loop-product__link\"><img decoding=\"async\" width=\"2000\" height=\"2000\" src=\"https:\/\/macote.fr\/wp-content\/uploads\/2025\/01\/BMW-M4-GT3-G82-LEGO-Speed-champions-Bricks-Replica-3.avif\" class=\"attachment-full size-full\" alt=\"BMW M4 GT3 G82 LEGO Campeones de velocidad Ladrillos R\u00e9plica 3\" loading=\"eager\" srcset=\"https:\/\/macote.fr\/wp-content\/uploads\/2025\/01\/BMW-M4-GT3-G82-LEGO-Speed-champions-Bricks-Replica-3.avif 2000w, https:\/\/macote.fr\/wp-content\/uploads\/2025\/01\/BMW-M4-GT3-G82-LEGO-Speed-champions-Bricks-Replica-3-200x200.avif 200w, https:\/\/macote.fr\/wp-content\/uploads\/2025\/01\/BMW-M4-GT3-G82-LEGO-Speed-champions-Bricks-Replica-3-1200x1200.avif 1200w, https:\/\/macote.fr\/wp-content\/uploads\/2025\/01\/BMW-M4-GT3-G82-LEGO-Speed-champions-Bricks-Replica-3-300x300.avif 300w, https:\/\/macote.fr\/wp-content\/uploads\/2025\/01\/BMW-M4-GT3-G82-LEGO-Speed-champions-Bricks-Replica-3-1024x1024.avif 1024w, https:\/\/macote.fr\/wp-content\/uploads\/2025\/01\/BMW-M4-GT3-G82-LEGO-Speed-champions-Bricks-Replica-3-150x150.avif 150w, https:\/\/macote.fr\/wp-content\/uploads\/2025\/01\/BMW-M4-GT3-G82-LEGO-Speed-champions-Bricks-Replica-3-768x768.avif 768w, https:\/\/macote.fr\/wp-content\/uploads\/2025\/01\/BMW-M4-GT3-G82-LEGO-Speed-champions-Bricks-Replica-3-1536x1536.avif 1536w, https:\/\/macote.fr\/wp-content\/uploads\/2025\/01\/BMW-M4-GT3-G82-LEGO-Speed-champions-Bricks-Replica-3-12x12.avif 12w\" sizes=\"(max-width: 2000px) 100vw, 2000px\" \/><\/a>                <\/div>\n                <div class=\"image-hover-wrap\">\n                    <ul class=\"icons-wrap block-style\">\n                                                    <li class=\"add-to-cart\"><a href=\"\/es\/wp-json\/wp\/v2\/pages\/7984?add-to-cart=5211\" aria-describedby=\"woocommerce_loop_add_to_cart_link_describedby_5211\" data-quantity=\"1\" class=\"button product_type_simple add_to_cart_button ajax_add_to_cart\" data-product_id=\"5211\" data-product_sku=\"\" aria-label=\"A\u00f1adir al carrito: \u201cBMW M4 GT3 G82 r\u00e9plique LEGO\u201d\" rel=\"nofollow\" data-success_message=\"\u00abBMW M4 GT3 G82 r\u00e9plique LEGO\u00bb se ha a\u00f1adido a tu carrito\" data-no-translation=\"\" data-trp-gettext=\"\" data-no-translation-aria-label=\"\" data-no-translation-data-success_message=\"\">A\u00f1adir al carrito<\/a>\t<span id=\"woocommerce_loop_add_to_cart_link_describedby_5211\" class=\"screen-reader-text\">\n\t\t\t<\/span>\n<\/li>\n                                                \t                                            <li class=\"view-details\"><a href=\"https:\/\/macote.fr\/es\/producto\/bmw-m4-gt3-g82-lego-replica\/\"><i class=\"fas fa-link\"><\/i><\/a><\/li>\n\n                    <\/ul>\n                                    <\/div>\n            <\/div>\n            <div class=\"product-details-wrap\">\n\t            <div class=\"eael-product-title\"><a href=\"https:\/\/macote.fr\/es\/producto\/bmw-m4-gt3-g82-lego-replica\/\" class=\"woocommerce-LoopProduct-link woocommerce-loop-product__link\"><h2>BMW M4 GT3 G82 r\u00e9plica LEGO<\/h2><\/a><\/div><div class=\"eael-product-price\"><span class=\"woocommerce-Price-amount amount\"><bdi>29,99&nbsp;<span class=\"woocommerce-Price-currencySymbol\" translate=\"no\">\u20ac<\/span><\/bdi><\/span><\/div>\n            <\/div>\n        <\/div>\n\t<\/div>\n        <div class=\"product swiper-slide post-4151 type-product status-publish has-post-thumbnail product_cat-bmw-serie-1 product_cat-lego-bmw first instock taxable shipping-taxable purchasable product-type-simple\">\n        <div class=\"eael-product-carousel\">\n            <div class=\"product-image-wrap\">\n                <div class=\"image-wrap\">\n                    <a href=\"https:\/\/macote.fr\/es\/producto\/bmw-m1-e26-replica-lego-velocidad-campeones\/\" class=\"woocommerce-LoopProduct-link woocommerce-loop-product__link\"><img decoding=\"async\" width=\"800\" height=\"800\" src=\"https:\/\/macote.fr\/wp-content\/uploads\/2024\/01\/BMW-M1-E26-LEGO-Speed-Champions-6.webp\" class=\"attachment-full size-full\" alt=\"BMW M1 E26 LEGO Speed Champions 6\" loading=\"eager\" srcset=\"https:\/\/macote.fr\/wp-content\/uploads\/2024\/01\/BMW-M1-E26-LEGO-Speed-Champions-6.webp 800w, https:\/\/macote.fr\/wp-content\/uploads\/2024\/01\/BMW-M1-E26-LEGO-Speed-Champions-6-200x200.webp 200w, https:\/\/macote.fr\/wp-content\/uploads\/2024\/01\/BMW-M1-E26-LEGO-Speed-Champions-6-300x300.webp 300w, https:\/\/macote.fr\/wp-content\/uploads\/2024\/01\/BMW-M1-E26-LEGO-Speed-Champions-6-150x150.webp 150w, https:\/\/macote.fr\/wp-content\/uploads\/2024\/01\/BMW-M1-E26-LEGO-Speed-Champions-6-768x768.webp 768w, https:\/\/macote.fr\/wp-content\/uploads\/2024\/01\/BMW-M1-E26-LEGO-Speed-Champions-6-12x12.webp 12w, https:\/\/macote.fr\/wp-content\/uploads\/2024\/01\/BMW-M1-E26-LEGO-Speed-Champions-6-600x600.webp 600w\" sizes=\"(max-width: 800px) 100vw, 800px\" \/><\/a>                <\/div>\n                <div class=\"image-hover-wrap\">\n                    <ul class=\"icons-wrap block-style\">\n                                                    <li class=\"add-to-cart\"><a href=\"\/es\/wp-json\/wp\/v2\/pages\/7984?add-to-cart=4151\" aria-describedby=\"woocommerce_loop_add_to_cart_link_describedby_4151\" data-quantity=\"1\" class=\"button product_type_simple add_to_cart_button ajax_add_to_cart\" data-product_id=\"4151\" data-product_sku=\"\" aria-label=\"A\u00f1adir al carrito: \u201cBMW M1 E26 r\u00e9plique LEGO\u201d\" rel=\"nofollow\" data-success_message=\"\u00abBMW M1 E26 r\u00e9plique LEGO\u00bb se ha a\u00f1adido a tu carrito\" data-no-translation=\"\" data-trp-gettext=\"\" data-no-translation-aria-label=\"\" data-no-translation-data-success_message=\"\">A\u00f1adir al carrito<\/a>\t<span id=\"woocommerce_loop_add_to_cart_link_describedby_4151\" class=\"screen-reader-text\">\n\t\t\t<\/span>\n<\/li>\n                                                \t                                            <li class=\"view-details\"><a href=\"https:\/\/macote.fr\/es\/producto\/bmw-m1-e26-replica-lego-velocidad-campeones\/\"><i class=\"fas fa-link\"><\/i><\/a><\/li>\n\n                    <\/ul>\n                                    <\/div>\n            <\/div>\n            <div class=\"product-details-wrap\">\n\t            <div class=\"eael-product-title\"><a href=\"https:\/\/macote.fr\/es\/producto\/bmw-m1-e26-replica-lego-velocidad-campeones\/\" class=\"woocommerce-LoopProduct-link woocommerce-loop-product__link\"><h2>BMW M1 E26 r\u00e9plica LEGO<\/h2><\/a><\/div><div class=\"eael-product-price\"><span class=\"woocommerce-Price-amount amount\"><bdi>29,99&nbsp;<span class=\"woocommerce-Price-currencySymbol\" translate=\"no\">\u20ac<\/span><\/bdi><\/span><\/div>\n            <\/div>\n        <\/div>\n\t<\/div>\n        <div class=\"product swiper-slide post-4088 type-product status-publish has-post-thumbnail product_cat-bmw-serie-3 product_cat-bmw-serie-3-e21 product_cat-lego-bmw  instock taxable shipping-taxable purchasable product-type-simple\">\n        <div class=\"eael-product-carousel\">\n            <div class=\"product-image-wrap\">\n                <div class=\"image-wrap\">\n                    <a href=\"https:\/\/macote.fr\/es\/producto\/bmw-320i-e21-replica-lego-velocidad-campeones\/\" class=\"woocommerce-LoopProduct-link woocommerce-loop-product__link\"><img decoding=\"async\" width=\"800\" height=\"800\" src=\"https:\/\/macote.fr\/wp-content\/uploads\/2024\/01\/BMW-320i-E21-LEGO-Speed-Champions-2.webp\" class=\"attachment-full size-full\" alt=\"BMW 320i E21 LEGO Speed Champions 2\" loading=\"eager\" srcset=\"https:\/\/macote.fr\/wp-content\/uploads\/2024\/01\/BMW-320i-E21-LEGO-Speed-Champions-2.webp 800w, https:\/\/macote.fr\/wp-content\/uploads\/2024\/01\/BMW-320i-E21-LEGO-Speed-Champions-2-200x200.webp 200w, https:\/\/macote.fr\/wp-content\/uploads\/2024\/01\/BMW-320i-E21-LEGO-Speed-Champions-2-300x300.webp 300w, https:\/\/macote.fr\/wp-content\/uploads\/2024\/01\/BMW-320i-E21-LEGO-Speed-Champions-2-150x150.webp 150w, https:\/\/macote.fr\/wp-content\/uploads\/2024\/01\/BMW-320i-E21-LEGO-Speed-Champions-2-768x768.webp 768w, https:\/\/macote.fr\/wp-content\/uploads\/2024\/01\/BMW-320i-E21-LEGO-Speed-Champions-2-12x12.webp 12w, https:\/\/macote.fr\/wp-content\/uploads\/2024\/01\/BMW-320i-E21-LEGO-Speed-Champions-2-600x600.webp 600w\" sizes=\"(max-width: 800px) 100vw, 800px\" \/><\/a>                <\/div>\n                <div class=\"image-hover-wrap\">\n                    <ul class=\"icons-wrap block-style\">\n                                                    <li class=\"add-to-cart\"><a href=\"\/es\/wp-json\/wp\/v2\/pages\/7984?add-to-cart=4088\" aria-describedby=\"woocommerce_loop_add_to_cart_link_describedby_4088\" data-quantity=\"1\" class=\"button product_type_simple add_to_cart_button ajax_add_to_cart\" data-product_id=\"4088\" data-product_sku=\"\" aria-label=\"A\u00f1adir al carrito: \u201cBMW 320i E21 r\u00e9plique LEGO\u201d\" rel=\"nofollow\" data-success_message=\"\u00abBMW 320i E21 r\u00e9plique LEGO\u00bb se ha a\u00f1adido a tu carrito\" data-no-translation=\"\" data-trp-gettext=\"\" data-no-translation-aria-label=\"\" data-no-translation-data-success_message=\"\">A\u00f1adir al carrito<\/a>\t<span id=\"woocommerce_loop_add_to_cart_link_describedby_4088\" class=\"screen-reader-text\">\n\t\t\t<\/span>\n<\/li>\n                                                \t                                            <li class=\"view-details\"><a href=\"https:\/\/macote.fr\/es\/producto\/bmw-320i-e21-replica-lego-velocidad-campeones\/\"><i class=\"fas fa-link\"><\/i><\/a><\/li>\n\n                    <\/ul>\n                                    <\/div>\n            <\/div>\n            <div class=\"product-details-wrap\">\n\t            <div class=\"eael-product-title\"><a href=\"https:\/\/macote.fr\/es\/producto\/bmw-320i-e21-replica-lego-velocidad-campeones\/\" class=\"woocommerce-LoopProduct-link woocommerce-loop-product__link\"><h2>BMW 320i E21 r\u00e9plica LEGO<\/h2><\/a><\/div><div class=\"eael-product-price\"><span class=\"woocommerce-Price-amount amount\"><bdi>29,99&nbsp;<span class=\"woocommerce-Price-currencySymbol\" translate=\"no\">\u20ac<\/span><\/bdi><\/span><\/div>\n            <\/div>\n        <\/div>\n\t<\/div>\n        <div class=\"product swiper-slide post-3994 type-product status-publish has-post-thumbnail product_cat-lego-bmw product_cat-m3 product_cat-m3-e30  instock taxable shipping-taxable purchasable product-type-simple\">\n        <div class=\"eael-product-carousel\">\n            <div class=\"product-image-wrap\">\n                <div class=\"image-wrap\">\n                    <a href=\"https:\/\/macote.fr\/es\/producto\/bmw-m3-e30-replica-lego-velocidad-campeones\/\" class=\"woocommerce-LoopProduct-link woocommerce-loop-product__link\"><img decoding=\"async\" width=\"800\" height=\"800\" src=\"https:\/\/macote.fr\/wp-content\/uploads\/2024\/01\/BMW-M3-E30-LEGO-Sped-Champions-5.webp\" class=\"attachment-full size-full\" alt=\"BMW M3 E30 LEGO Sped Champions 5\" loading=\"eager\" srcset=\"https:\/\/macote.fr\/wp-content\/uploads\/2024\/01\/BMW-M3-E30-LEGO-Sped-Champions-5.webp 800w, https:\/\/macote.fr\/wp-content\/uploads\/2024\/01\/BMW-M3-E30-LEGO-Sped-Champions-5-200x200.webp 200w, https:\/\/macote.fr\/wp-content\/uploads\/2024\/01\/BMW-M3-E30-LEGO-Sped-Champions-5-300x300.webp 300w, https:\/\/macote.fr\/wp-content\/uploads\/2024\/01\/BMW-M3-E30-LEGO-Sped-Champions-5-150x150.webp 150w, https:\/\/macote.fr\/wp-content\/uploads\/2024\/01\/BMW-M3-E30-LEGO-Sped-Champions-5-768x768.webp 768w, https:\/\/macote.fr\/wp-content\/uploads\/2024\/01\/BMW-M3-E30-LEGO-Sped-Champions-5-12x12.webp 12w, https:\/\/macote.fr\/wp-content\/uploads\/2024\/01\/BMW-M3-E30-LEGO-Sped-Champions-5-600x600.webp 600w\" sizes=\"(max-width: 800px) 100vw, 800px\" \/><\/a>                <\/div>\n                <div class=\"image-hover-wrap\">\n                    <ul class=\"icons-wrap block-style\">\n                                                    <li class=\"add-to-cart\"><a href=\"\/es\/wp-json\/wp\/v2\/pages\/7984?add-to-cart=3994\" aria-describedby=\"woocommerce_loop_add_to_cart_link_describedby_3994\" data-quantity=\"1\" class=\"button product_type_simple add_to_cart_button ajax_add_to_cart\" data-product_id=\"3994\" data-product_sku=\"\" aria-label=\"A\u00f1adir al carrito: \u201cBMW M3 E30 r\u00e9plique LEGO\u201d\" rel=\"nofollow\" data-success_message=\"\u00abBMW M3 E30 r\u00e9plique LEGO\u00bb se ha a\u00f1adido a tu carrito\" data-no-translation=\"\" data-trp-gettext=\"\" data-no-translation-aria-label=\"\" data-no-translation-data-success_message=\"\">A\u00f1adir al carrito<\/a>\t<span id=\"woocommerce_loop_add_to_cart_link_describedby_3994\" class=\"screen-reader-text\">\n\t\t\t<\/span>\n<\/li>\n                                                \t                                            <li class=\"view-details\"><a href=\"https:\/\/macote.fr\/es\/producto\/bmw-m3-e30-replica-lego-velocidad-campeones\/\"><i class=\"fas fa-link\"><\/i><\/a><\/li>\n\n                    <\/ul>\n                                    <\/div>\n            <\/div>\n            <div class=\"product-details-wrap\">\n\t            <div class=\"eael-product-title\"><a href=\"https:\/\/macote.fr\/es\/producto\/bmw-m3-e30-replica-lego-velocidad-campeones\/\" class=\"woocommerce-LoopProduct-link woocommerce-loop-product__link\"><h2>BMW M3 E30 r\u00e9plica LEGO<\/h2><\/a><\/div><div class=\"eael-product-price\"><span class=\"woocommerce-Price-amount amount\"><bdi>29,99&nbsp;<span class=\"woocommerce-Price-currencySymbol\" translate=\"no\">\u20ac<\/span><\/bdi><\/span><\/div>\n            <\/div>\n        <\/div>\n\t<\/div>\n        <div class=\"product swiper-slide post-5230 type-product status-publish has-post-thumbnail product_cat-lego-bmw product_cat-m3 product_cat-m3-e46 last instock taxable shipping-taxable purchasable product-type-simple\">\n        <div class=\"eael-product-carousel\">\n            <div class=\"product-image-wrap\">\n                <div class=\"image-wrap\">\n                    <a href=\"https:\/\/macote.fr\/es\/producto\/bmw-m3-e46-gtr-replica-lego-need-for-speed\/\" class=\"woocommerce-LoopProduct-link woocommerce-loop-product__link\"><img decoding=\"async\" width=\"1000\" height=\"1000\" src=\"https:\/\/macote.fr\/wp-content\/uploads\/2025\/01\/BMW-M3-E46-GTR-Lego-Nedd-For-Speed.avif\" class=\"attachment-full size-full\" alt=\"BMW M3 E46 GTR Lego Need For Speed\" loading=\"eager\" srcset=\"https:\/\/macote.fr\/wp-content\/uploads\/2025\/01\/BMW-M3-E46-GTR-Lego-Nedd-For-Speed.avif 1000w, https:\/\/macote.fr\/wp-content\/uploads\/2025\/01\/BMW-M3-E46-GTR-Lego-Nedd-For-Speed-200x200.avif 200w, https:\/\/macote.fr\/wp-content\/uploads\/2025\/01\/BMW-M3-E46-GTR-Lego-Nedd-For-Speed-300x300.avif 300w, https:\/\/macote.fr\/wp-content\/uploads\/2025\/01\/BMW-M3-E46-GTR-Lego-Nedd-For-Speed-150x150.avif 150w, https:\/\/macote.fr\/wp-content\/uploads\/2025\/01\/BMW-M3-E46-GTR-Lego-Nedd-For-Speed-768x768.avif 768w, https:\/\/macote.fr\/wp-content\/uploads\/2025\/01\/BMW-M3-E46-GTR-Lego-Nedd-For-Speed-12x12.avif 12w\" sizes=\"(max-width: 1000px) 100vw, 1000px\" \/><\/a>                <\/div>\n                <div class=\"image-hover-wrap\">\n                    <ul class=\"icons-wrap block-style\">\n                                                    <li class=\"add-to-cart\"><a href=\"\/es\/wp-json\/wp\/v2\/pages\/7984?add-to-cart=5230\" aria-describedby=\"woocommerce_loop_add_to_cart_link_describedby_5230\" data-quantity=\"1\" class=\"button product_type_simple add_to_cart_button ajax_add_to_cart\" data-product_id=\"5230\" data-product_sku=\"\" aria-label=\"A\u00f1adir al carrito: \u201cBMW M3 E46 GTR R\u00e9plique LEGO - Need For Speed\u201d\" rel=\"nofollow\" data-success_message=\"\u00abBMW M3 E46 GTR R\u00e9plique LEGO - Need For Speed\u00bb se ha a\u00f1adido a tu carrito\" data-no-translation=\"\" data-trp-gettext=\"\" data-no-translation-aria-label=\"\" data-no-translation-data-success_message=\"\">A\u00f1adir al carrito<\/a>\t<span id=\"woocommerce_loop_add_to_cart_link_describedby_5230\" class=\"screen-reader-text\">\n\t\t\t<\/span>\n<\/li>\n                                                \t                                            <li class=\"view-details\"><a href=\"https:\/\/macote.fr\/es\/producto\/bmw-m3-e46-gtr-replica-lego-need-for-speed\/\"><i class=\"fas fa-link\"><\/i><\/a><\/li>\n\n                    <\/ul>\n                                    <\/div>\n            <\/div>\n            <div class=\"product-details-wrap\">\n\t            <div class=\"eael-product-title\"><a href=\"https:\/\/macote.fr\/es\/producto\/bmw-m3-e46-gtr-replica-lego-need-for-speed\/\" class=\"woocommerce-LoopProduct-link woocommerce-loop-product__link\"><h2>BMW M3 E46 GTR R\u00e9plica LEGO - Need For Speed<\/h2><\/a><\/div><div class=\"eael-product-price\"><span class=\"woocommerce-Price-amount amount\"><bdi>29,99&nbsp;<span class=\"woocommerce-Price-currencySymbol\" translate=\"no\">\u20ac<\/span><\/bdi><\/span><\/div>\n            <\/div>\n        <\/div>\n\t<\/div>\n        <div class=\"product swiper-slide post-5221 type-product status-publish has-post-thumbnail product_cat-lego-bmw product_cat-m3 product_cat-m3-e36 first instock taxable shipping-taxable purchasable product-type-simple\">\n        <div class=\"eael-product-carousel\">\n            <div class=\"product-image-wrap\">\n                <div class=\"image-wrap\">\n                    <a href=\"https:\/\/macote.fr\/es\/producto\/bmw-m3-e36-lego-replica\/\" class=\"woocommerce-LoopProduct-link woocommerce-loop-product__link\"><img decoding=\"async\" width=\"800\" height=\"800\" src=\"https:\/\/macote.fr\/wp-content\/uploads\/2025\/01\/BMW-M3-E36-Replica-LEGO-Speed-Champions-3.avif\" class=\"attachment-full size-full\" alt=\"BMW M3 E36 R\u00e9plica LEGO Speed Champions 3\" loading=\"eager\" srcset=\"https:\/\/macote.fr\/wp-content\/uploads\/2025\/01\/BMW-M3-E36-Replica-LEGO-Speed-Champions-3.avif 800w, https:\/\/macote.fr\/wp-content\/uploads\/2025\/01\/BMW-M3-E36-Replica-LEGO-Speed-Champions-3-200x200.avif 200w, https:\/\/macote.fr\/wp-content\/uploads\/2025\/01\/BMW-M3-E36-Replica-LEGO-Speed-Champions-3-300x300.avif 300w, https:\/\/macote.fr\/wp-content\/uploads\/2025\/01\/BMW-M3-E36-Replica-LEGO-Speed-Champions-3-150x150.avif 150w, https:\/\/macote.fr\/wp-content\/uploads\/2025\/01\/BMW-M3-E36-Replica-LEGO-Speed-Champions-3-768x768.avif 768w, https:\/\/macote.fr\/wp-content\/uploads\/2025\/01\/BMW-M3-E36-Replica-LEGO-Speed-Champions-3-12x12.avif 12w\" sizes=\"(max-width: 800px) 100vw, 800px\" \/><\/a>                <\/div>\n                <div class=\"image-hover-wrap\">\n                    <ul class=\"icons-wrap block-style\">\n                                                    <li class=\"add-to-cart\"><a href=\"\/es\/wp-json\/wp\/v2\/pages\/7984?add-to-cart=5221\" aria-describedby=\"woocommerce_loop_add_to_cart_link_describedby_5221\" data-quantity=\"1\" class=\"button product_type_simple add_to_cart_button ajax_add_to_cart\" data-product_id=\"5221\" data-product_sku=\"\" aria-label=\"A\u00f1adir al carrito: \u201cBMW M3 E36 r\u00e9plique LEGO\u201d\" rel=\"nofollow\" data-success_message=\"\u00abBMW M3 E36 r\u00e9plique LEGO\u00bb se ha a\u00f1adido a tu carrito\" data-no-translation=\"\" data-trp-gettext=\"\" data-no-translation-aria-label=\"\" data-no-translation-data-success_message=\"\">A\u00f1adir al carrito<\/a>\t<span id=\"woocommerce_loop_add_to_cart_link_describedby_5221\" class=\"screen-reader-text\">\n\t\t\t<\/span>\n<\/li>\n                                                \t                                            <li class=\"view-details\"><a href=\"https:\/\/macote.fr\/es\/producto\/bmw-m3-e36-lego-replica\/\"><i class=\"fas fa-link\"><\/i><\/a><\/li>\n\n                    <\/ul>\n                                    <\/div>\n            <\/div>\n            <div class=\"product-details-wrap\">\n\t            <div class=\"eael-product-title\"><a href=\"https:\/\/macote.fr\/es\/producto\/bmw-m3-e36-lego-replica\/\" class=\"woocommerce-LoopProduct-link woocommerce-loop-product__link\"><h2>BMW M3 E36 r\u00e9plica LEGO<\/h2><\/a><\/div><div class=\"eael-product-price\"><span class=\"woocommerce-Price-amount amount\"><bdi>29,99&nbsp;<span class=\"woocommerce-Price-currencySymbol\" translate=\"no\">\u20ac<\/span><\/bdi><\/span><\/div>\n            <\/div>\n        <\/div>\n\t<\/div>\n    <\/div><\/div>                        <!-- Add Arrows -->\n            <div class=\"swiper-button-next swiper-button-next-5b75e08\">\n                <i class=\"fa fa-angle-right\"><\/i>\n            <\/div>\n            <div class=\"swiper-button-prev swiper-button-prev-5b75e08\">\n                <i class=\"fa fa-angle-left\"><\/i>\n            <\/div>\n                    <\/div>\n        \t\t\t\t<\/div>\n\t\t\t\t<\/div>\n\t\t\t\t\t<\/div>\n\t\t\t\t<\/div>\n\t\t<div data-particle_enable=\"false\" data-particle-mobile-disabled=\"false\" class=\"elementor-element elementor-element-43b92e6 e-flex e-con-boxed e-con e-parent\" data-id=\"43b92e6\" data-element_type=\"container\" data-e-type=\"container\" data-settings=\"{&quot;background_background&quot;:&quot;classic&quot;}\">\n\t\t\t\t\t<div class=\"e-con-inner\">\n\t\t<div data-particle_enable=\"false\" data-particle-mobile-disabled=\"false\" class=\"elementor-element elementor-element-742c041 e-con-full e-flex e-con e-child\" data-id=\"742c041\" data-element_type=\"container\" data-e-type=\"container\">\n\t\t<div data-particle_enable=\"false\" data-particle-mobile-disabled=\"false\" class=\"elementor-element elementor-element-2477f95 e-con-full e-flex e-con e-child\" data-id=\"2477f95\" data-element_type=\"container\" data-e-type=\"container\">\n\t\t\t\t<div class=\"elementor-element elementor-element-a8cbb9a elementor-widget elementor-widget-heading\" data-id=\"a8cbb9a\" data-element_type=\"widget\" data-e-type=\"widget\" data-widget_type=\"heading.default\">\n\t\t\t\t<div class=\"elementor-widget-container\">\n\t\t\t\t\t<div class=\"elementor-heading-title elementor-size-default\">07 \u2014 EXTERIOR<\/div>\t\t\t\t<\/div>\n\t\t\t\t<\/div>\n\t\t\t\t<div class=\"elementor-element elementor-element-37f54e8 elementor-widget elementor-widget-heading\" data-id=\"37f54e8\" data-element_type=\"widget\" data-e-type=\"widget\" data-widget_type=\"heading.default\">\n\t\t\t\t<div class=\"elementor-widget-container\">\n\t\t\t\t\t<h2 class=\"elementor-heading-title elementor-size-default\">Lo primero que se ve<\/h2>\t\t\t\t<\/div>\n\t\t\t\t<\/div>\n\t\t\t\t<div class=\"elementor-element elementor-element-273c9e9 elementor-widget elementor-widget-text-editor\" data-id=\"273c9e9\" data-element_type=\"widget\" data-e-type=\"widget\" data-widget_type=\"text-editor.default\">\n\t\t\t\t<div class=\"elementor-widget-container\">\n\t\t\t\t\t\t\t\t\t<p>Rejillas, emblemas, alerones y embellecedores: la silueta se define en los detalles.<\/p>\t\t\t\t\t\t\t\t<\/div>\n\t\t\t\t<\/div>\n\t\t\t\t<\/div>\n\t\t\t\t<div class=\"elementor-element elementor-element-3a607da elementor-align-right elementor-widget__width-auto elementor-widget elementor-widget-button\" data-id=\"3a607da\" data-element_type=\"widget\" data-e-type=\"widget\" data-widget_type=\"button.default\">\n\t\t\t\t<div class=\"elementor-widget-container\">\n\t\t\t\t\t\t\t\t\t<div class=\"elementor-button-wrapper\">\n\t\t\t\t\t<a class=\"elementor-button elementor-button-link elementor-size-sm\" href=\"https:\/\/macote.fr\/es\/categoria-de-productos\/accesorios-macote-para-bmw\/modificacion-exterior-vehiculo\/\">\n\t\t\t\t\t\t<span class=\"elementor-button-content-wrapper\">\n\t\t\t\t\t\t\t\t\t<span class=\"elementor-button-text\">Ver la categor\u00eda<\/span>\n\t\t\t\t\t<\/span>\n\t\t\t\t\t<\/a>\n\t\t\t\t<\/div>\n\t\t\t\t\t\t\t\t<\/div>\n\t\t\t\t<\/div>\n\t\t\t\t<\/div>\n\t\t\t\t<div class=\"elementor-element elementor-element-440ea13 elementor-widget elementor-widget-eael-woo-product-carousel\" data-id=\"440ea13\" data-element_type=\"widget\" data-e-type=\"widget\" data-widget_type=\"eael-woo-product-carousel.default\">\n\t\t\t\t<div class=\"elementor-widget-container\">\n\t\t\t\t\t\n        <div class=\"swiper-container-wrap eael-woo-product-carousel-container preset-3\" id=\"eael-product-carousel-440ea13\" data-widget-id=\"440ea13\" >\n            <div class=\"woocommerce eael-woo-product-carousel eael-product-appender-440ea13 eael-hover-buttons swiper swiper-8 swiper-container-440ea13 swiper-image-stretch\" data-checkout-url=\"https:\/\/macote.fr\/es\/pedir\/\" data-pagination=\".swiper-pagination-440ea13\" data-arrow-next=\".swiper-button-next-440ea13\" data-arrow-prev=\".swiper-button-prev-440ea13\" data-type=\"preset-3\" data-effect=\"slide\" data-items=\"3\" data-slide-items=\"1\" data-margin=\"10\" data-speed=\"505\" data-autoplay=\"3000\" data-pause-on-hover=\"true\" data-loop=\"1\" data-arrows=\"1\"><div class=\"products swiper-wrapper\">    <div class=\"product swiper-slide post-8249 type-product status-publish has-post-thumbnail product_cat-accessoires-macote-bmw product_cat-bmw-oem product_cat-calandre product_cat-calandre-led-iconic-glow product_cat-eclairage-signature-lumineuse product_cat-modification-exterieur-vehicule product_cat-x1 product_cat-x1-f48  instock taxable shipping-taxable purchasable product-type-simple\">\n        <div class=\"eael-product-carousel\">\n            <div class=\"product-image-wrap\">\n                <div class=\"image-wrap\">\n                    <a href=\"https:\/\/macote.fr\/es\/producto\/calandre-led-iconic-glow-bmw-x1-f48-lci-2019-2022\/\" class=\"woocommerce-LoopProduct-link woocommerce-loop-product__link\"><img decoding=\"async\" width=\"928\" height=\"1152\" src=\"https:\/\/macote.fr\/wp-content\/uploads\/2026\/08\/calandre-led-BMW-X1-F48-LCI-2019-2022-vue-avant-3-4.jpg\" class=\"attachment-full size-full\" alt=\"Rejilla delantera LED del BMW X1 F48 LCI 2019-2022, vista frontal 3 4\" loading=\"eager\" srcset=\"https:\/\/macote.fr\/wp-content\/uploads\/2026\/08\/calandre-led-BMW-X1-F48-LCI-2019-2022-vue-avant-3-4.jpg 928w, https:\/\/macote.fr\/wp-content\/uploads\/2026\/08\/calandre-led-BMW-X1-F48-LCI-2019-2022-vue-avant-3-4-242x300.jpg 242w, https:\/\/macote.fr\/wp-content\/uploads\/2026\/08\/calandre-led-BMW-X1-F48-LCI-2019-2022-vue-avant-3-4-825x1024.jpg 825w, https:\/\/macote.fr\/wp-content\/uploads\/2026\/08\/calandre-led-BMW-X1-F48-LCI-2019-2022-vue-avant-3-4-768x953.jpg 768w, https:\/\/macote.fr\/wp-content\/uploads\/2026\/08\/calandre-led-BMW-X1-F48-LCI-2019-2022-vue-avant-3-4-10x12.jpg 10w\" sizes=\"(max-width: 928px) 100vw, 928px\" \/><\/a>                <\/div>\n                <div class=\"image-hover-wrap\">\n                    <ul class=\"icons-wrap block-style\">\n                                                    <li class=\"add-to-cart\"><a href=\"\/es\/wp-json\/wp\/v2\/pages\/7984?add-to-cart=8249\" aria-describedby=\"woocommerce_loop_add_to_cart_link_describedby_8249\" data-quantity=\"1\" class=\"button product_type_simple add_to_cart_button ajax_add_to_cart\" data-product_id=\"8249\" data-product_sku=\"\" aria-label=\"A\u00f1adir al carrito: \u201cCalandre LED - Iconic Glow - BMW X1 F48 LCI (2019-2022)\u201d\" rel=\"nofollow\" data-success_message=\"\u00abCalandre LED - Iconic Glow - BMW X1 F48 LCI (2019-2022)\u00bb se ha a\u00f1adido a tu carrito\" data-no-translation=\"\" data-trp-gettext=\"\" data-no-translation-aria-label=\"\" data-no-translation-data-success_message=\"\">A\u00f1adir al carrito<\/a>\t<span id=\"woocommerce_loop_add_to_cart_link_describedby_8249\" class=\"screen-reader-text\">\n\t\t\t<\/span>\n<\/li>\n                                                \t                                            <li class=\"view-details\"><a href=\"https:\/\/macote.fr\/es\/producto\/calandre-led-iconic-glow-bmw-x1-f48-lci-2019-2022\/\"><i class=\"fas fa-link\"><\/i><\/a><\/li>\n\n                    <\/ul>\n                                    <\/div>\n            <\/div>\n            <div class=\"product-details-wrap\">\n\t            <div class=\"eael-product-title\"><a href=\"https:\/\/macote.fr\/es\/producto\/calandre-led-iconic-glow-bmw-x1-f48-lci-2019-2022\/\" class=\"woocommerce-LoopProduct-link woocommerce-loop-product__link\"><h2>Rejilla del radiador LED - Iconic Glow - BMW X1 F48 LCI (2019-2022)<\/h2><\/a><\/div><div class=\"eael-product-price\"><span class=\"woocommerce-Price-amount amount\"><bdi>399,99&nbsp;<span class=\"woocommerce-Price-currencySymbol\" translate=\"no\">\u20ac<\/span><\/bdi><\/span><\/div>\n            <\/div>\n        <\/div>\n\t<\/div>\n        <div class=\"product swiper-slide post-8118 type-product status-publish has-post-thumbnail product_cat-accessoires-macote-bmw product_cat-m2 product_cat-m2-g87 product_cat-m3 product_cat-m3-g80-g81 product_cat-m4 product_cat-m4-g82-g83 product_cat-prises-dair  instock taxable shipping-taxable purchasable product-type-simple\">\n        <div class=\"eael-product-carousel\">\n            <div class=\"product-image-wrap\">\n                <div class=\"image-wrap\">\n                    <a href=\"https:\/\/macote.fr\/es\/producto\/rejilla-protectora-del-guardabarros-delantero\/\" class=\"woocommerce-LoopProduct-link woocommerce-loop-product__link\"><img decoding=\"async\" width=\"1301\" height=\"1209\" src=\"https:\/\/macote.fr\/wp-content\/uploads\/2026\/08\/grille-protection-bmw-m2-m3-m4.png\" class=\"attachment-full size-full\" alt=\"Rejilla protectora para BMW M2, M3 y M4\" loading=\"eager\" srcset=\"https:\/\/macote.fr\/wp-content\/uploads\/2026\/08\/grille-protection-bmw-m2-m3-m4.png 1301w, https:\/\/macote.fr\/wp-content\/uploads\/2026\/08\/grille-protection-bmw-m2-m3-m4-300x279.png 300w, https:\/\/macote.fr\/wp-content\/uploads\/2026\/08\/grille-protection-bmw-m2-m3-m4-1024x952.png 1024w, https:\/\/macote.fr\/wp-content\/uploads\/2026\/08\/grille-protection-bmw-m2-m3-m4-768x714.png 768w, https:\/\/macote.fr\/wp-content\/uploads\/2026\/08\/grille-protection-bmw-m2-m3-m4-13x12.png 13w, https:\/\/macote.fr\/wp-content\/uploads\/2026\/08\/grille-protection-bmw-m2-m3-m4-1200x1115.png 1200w\" sizes=\"(max-width: 1301px) 100vw, 1301px\" \/><\/a>                <\/div>\n                <div class=\"image-hover-wrap\">\n                    <ul class=\"icons-wrap block-style\">\n                                                    <li class=\"add-to-cart\"><a href=\"\/es\/wp-json\/wp\/v2\/pages\/7984?add-to-cart=8118\" aria-describedby=\"woocommerce_loop_add_to_cart_link_describedby_8118\" data-quantity=\"1\" class=\"button product_type_simple add_to_cart_button ajax_add_to_cart\" data-product_id=\"8118\" data-product_sku=\"\" aria-label=\"A\u00f1adir al carrito: \u201cGrille de protection pare-boue avant BMW M2 G87 &amp; M3 G80\/G81 \/ M4 G82\/G83\u201d\" rel=\"nofollow\" data-success_message=\"\u00abGrille de protection pare-boue avant BMW M2 G87 &amp; M3 G80\/G81 \/ M4 G82\/G83\u00bb se ha a\u00f1adido a tu carrito\" data-no-translation=\"\" data-trp-gettext=\"\" data-no-translation-aria-label=\"\" data-no-translation-data-success_message=\"\">A\u00f1adir al carrito<\/a>\t<span id=\"woocommerce_loop_add_to_cart_link_describedby_8118\" class=\"screen-reader-text\">\n\t\t\t<\/span>\n<\/li>\n                                                \t                                            <li class=\"view-details\"><a href=\"https:\/\/macote.fr\/es\/producto\/rejilla-protectora-del-guardabarros-delantero\/\"><i class=\"fas fa-link\"><\/i><\/a><\/li>\n\n                    <\/ul>\n                                    <\/div>\n            <\/div>\n            <div class=\"product-details-wrap\">\n\t            <div class=\"eael-product-title\"><a href=\"https:\/\/macote.fr\/es\/producto\/rejilla-protectora-del-guardabarros-delantero\/\" class=\"woocommerce-LoopProduct-link woocommerce-loop-product__link\"><h2>Rejilla protectora contra salpicaduras delantera para BMW M2 G87, M3 G80\/G81 y M4 G82\/G83<\/h2><\/a><\/div><div class=\"eael-product-price\"><span class=\"woocommerce-Price-amount amount\"><bdi>89,99&nbsp;<span class=\"woocommerce-Price-currencySymbol\" translate=\"no\">\u20ac<\/span><\/bdi><\/span><\/div>\n            <\/div>\n        <\/div>\n\t<\/div>\n        <div class=\"product swiper-slide post-1857 type-product status-publish has-post-thumbnail product_cat-accessoires-divers product_cat-eclairage-signature-lumineuse product_cat-modification-exterieur-vehicule last instock taxable shipping-taxable purchasable product-type-simple\">\n        <div class=\"eael-product-carousel\">\n            <div class=\"product-image-wrap\">\n                <div class=\"image-wrap\">\n                    <a href=\"https:\/\/macote.fr\/es\/producto\/cartel-de-coche\/\" class=\"woocommerce-LoopProduct-link woocommerce-loop-product__link\"><img decoding=\"async\" width=\"1024\" height=\"1024\" src=\"https:\/\/macote.fr\/wp-content\/uploads\/2023\/05\/Matrice-LED-pixel-art.png\" class=\"attachment-full size-full\" alt=\"Se\u00f1al de coche LED pixel art\" loading=\"eager\" srcset=\"https:\/\/macote.fr\/wp-content\/uploads\/2023\/05\/Matrice-LED-pixel-art.png 1024w, https:\/\/macote.fr\/wp-content\/uploads\/2023\/05\/Matrice-LED-pixel-art-200x200.png 200w, https:\/\/macote.fr\/wp-content\/uploads\/2023\/05\/Matrice-LED-pixel-art-300x300.png 300w, https:\/\/macote.fr\/wp-content\/uploads\/2023\/05\/Matrice-LED-pixel-art-150x150.png 150w, https:\/\/macote.fr\/wp-content\/uploads\/2023\/05\/Matrice-LED-pixel-art-768x768.png 768w, https:\/\/macote.fr\/wp-content\/uploads\/2023\/05\/Matrice-LED-pixel-art-600x600.png 600w\" sizes=\"(max-width: 1024px) 100vw, 1024px\" \/><\/a>                <\/div>\n                <div class=\"image-hover-wrap\">\n                    <ul class=\"icons-wrap block-style\">\n                                                    <li class=\"add-to-cart\"><a href=\"\/es\/wp-json\/wp\/v2\/pages\/7984?add-to-cart=1857\" aria-describedby=\"woocommerce_loop_add_to_cart_link_describedby_1857\" data-quantity=\"1\" class=\"button product_type_simple add_to_cart_button ajax_add_to_cart\" data-product_id=\"1857\" data-product_sku=\"\" aria-label=\"A\u00f1adir al carrito: \u201cPanneau led voiture\u201d\" rel=\"nofollow\" data-success_message=\"\u00abPanneau led voiture\u00bb se ha a\u00f1adido a tu carrito\" data-no-translation=\"\" data-trp-gettext=\"\" data-no-translation-aria-label=\"\" data-no-translation-data-success_message=\"\">A\u00f1adir al carrito<\/a>\t<span id=\"woocommerce_loop_add_to_cart_link_describedby_1857\" class=\"screen-reader-text\">\n\t\t\t<\/span>\n<\/li>\n                                                \t                                            <li class=\"view-details\"><a href=\"https:\/\/macote.fr\/es\/producto\/cartel-de-coche\/\"><i class=\"fas fa-link\"><\/i><\/a><\/li>\n\n                    <\/ul>\n                                    <\/div>\n            <\/div>\n            <div class=\"product-details-wrap\">\n\t            <div class=\"eael-product-title\"><a href=\"https:\/\/macote.fr\/es\/producto\/cartel-de-coche\/\" class=\"woocommerce-LoopProduct-link woocommerce-loop-product__link\"><h2>Letrero LED para coches<\/h2><\/a><\/div><div class=\"eael-product-price\"><span class=\"woocommerce-Price-amount amount\"><bdi>54,99&nbsp;<span class=\"woocommerce-Price-currencySymbol\" translate=\"no\">\u20ac<\/span><\/bdi><\/span><\/div>\n            <\/div>\n        <\/div>\n\t<\/div>\n        <div class=\"product swiper-slide post-7893 type-product status-publish has-post-thumbnail product_cat-bmw-accessoires-fibre-de-carbone product_cat-bmw-oem product_cat-calandre product_cat-modification-exterieur-vehicule product_cat-x3 product_cat-x3-f25 product_cat-x4 product_cat-x4-f26 first instock taxable shipping-taxable purchasable product-type-simple\">\n        <div class=\"eael-product-carousel\">\n            <div class=\"product-image-wrap\">\n                <div class=\"image-wrap\">\n                    <a href=\"https:\/\/macote.fr\/es\/producto\/rejilla-delantera-de-fibra-de-carbono-para-bmw-x3-f25-x4-f26-lci-2014-2018\/\" class=\"woocommerce-LoopProduct-link woocommerce-loop-product__link\"><img decoding=\"async\" width=\"2560\" height=\"1707\" src=\"https:\/\/macote.fr\/wp-content\/uploads\/2026\/07\/Calandre-Fibre-de-Carbone-BMW-X3-F25-X4-F26-Paire-Complete-scaled.jpg\" class=\"attachment-full size-full\" alt=\"Rejilla delantera de fibra de carbono para BMW X3 F25 y X4 F26 (juego completo)\" loading=\"eager\" srcset=\"https:\/\/macote.fr\/wp-content\/uploads\/2026\/07\/Calandre-Fibre-de-Carbone-BMW-X3-F25-X4-F26-Paire-Complete-scaled.jpg 2560w, https:\/\/macote.fr\/wp-content\/uploads\/2026\/07\/Calandre-Fibre-de-Carbone-BMW-X3-F25-X4-F26-Paire-Complete-300x200.jpg 300w, https:\/\/macote.fr\/wp-content\/uploads\/2026\/07\/Calandre-Fibre-de-Carbone-BMW-X3-F25-X4-F26-Paire-Complete-1024x683.jpg 1024w, https:\/\/macote.fr\/wp-content\/uploads\/2026\/07\/Calandre-Fibre-de-Carbone-BMW-X3-F25-X4-F26-Paire-Complete-768x512.jpg 768w, https:\/\/macote.fr\/wp-content\/uploads\/2026\/07\/Calandre-Fibre-de-Carbone-BMW-X3-F25-X4-F26-Paire-Complete-1536x1024.jpg 1536w, https:\/\/macote.fr\/wp-content\/uploads\/2026\/07\/Calandre-Fibre-de-Carbone-BMW-X3-F25-X4-F26-Paire-Complete-2048x1365.jpg 2048w, https:\/\/macote.fr\/wp-content\/uploads\/2026\/07\/Calandre-Fibre-de-Carbone-BMW-X3-F25-X4-F26-Paire-Complete-18x12.jpg 18w, https:\/\/macote.fr\/wp-content\/uploads\/2026\/07\/Calandre-Fibre-de-Carbone-BMW-X3-F25-X4-F26-Paire-Complete-1200x800.jpg 1200w\" sizes=\"(max-width: 2560px) 100vw, 2560px\" \/><\/a>                <\/div>\n                <div class=\"image-hover-wrap\">\n                    <ul class=\"icons-wrap block-style\">\n                                                    <li class=\"add-to-cart\"><a href=\"\/es\/wp-json\/wp\/v2\/pages\/7984?add-to-cart=7893\" aria-describedby=\"woocommerce_loop_add_to_cart_link_describedby_7893\" data-quantity=\"1\" class=\"button product_type_simple add_to_cart_button ajax_add_to_cart\" data-product_id=\"7893\" data-product_sku=\"\" aria-label=\"A\u00f1adir al carrito: \u201cCalandre Fibre de Carbone BMW X3 F25 - X4 F26 - LCI 2014-2018\u201d\" rel=\"nofollow\" data-success_message=\"\u00abCalandre Fibre de Carbone BMW X3 F25 - X4 F26 - LCI 2014-2018\u00bb se ha a\u00f1adido a tu carrito\" data-no-translation=\"\" data-trp-gettext=\"\" data-no-translation-aria-label=\"\" data-no-translation-data-success_message=\"\">A\u00f1adir al carrito<\/a>\t<span id=\"woocommerce_loop_add_to_cart_link_describedby_7893\" class=\"screen-reader-text\">\n\t\t\t<\/span>\n<\/li>\n                                                \t                                            <li class=\"view-details\"><a href=\"https:\/\/macote.fr\/es\/producto\/rejilla-delantera-de-fibra-de-carbono-para-bmw-x3-f25-x4-f26-lci-2014-2018\/\"><i class=\"fas fa-link\"><\/i><\/a><\/li>\n\n                    <\/ul>\n                                    <\/div>\n            <\/div>\n            <div class=\"product-details-wrap\">\n\t            <div class=\"eael-product-title\"><a href=\"https:\/\/macote.fr\/es\/producto\/rejilla-delantera-de-fibra-de-carbono-para-bmw-x3-f25-x4-f26-lci-2014-2018\/\" class=\"woocommerce-LoopProduct-link woocommerce-loop-product__link\"><h2>Rejilla delantera de fibra de carbono para BMW X3 F25 - X4 F26 - LCI 2014-2018<\/h2><\/a><\/div><div class=\"eael-product-price\"><span class=\"woocommerce-Price-amount amount\"><bdi>339,00&nbsp;<span class=\"woocommerce-Price-currencySymbol\" translate=\"no\">\u20ac<\/span><\/bdi><\/span><\/div>\n            <\/div>\n        <\/div>\n\t<\/div>\n        <div class=\"product swiper-slide post-7977 type-product status-publish has-post-thumbnail product_cat-accessoires-macote-bmw product_cat-bmw-accessoires-fibre-de-carbone product_cat-bmw-oem product_cat-bmw-serie-3 product_cat-bmw-serie-3-e90-e91-e92-e93 product_cat-modification-exterieur-vehicule product_cat-m3 product_cat-m3-e90-e91-e92-e93 product_cat-retroviseurs  instock taxable shipping-taxable purchasable product-type-variable\">\n        <div class=\"eael-product-carousel\">\n            <div class=\"product-image-wrap\">\n                <div class=\"image-wrap\">\n                    <a href=\"https:\/\/macote.fr\/es\/producto\/carcasas-de-retrovisores-de-fibra-de-carbono-para-bmw-serie-3-m3-e90-e91-e92-y-e93\/\" class=\"woocommerce-LoopProduct-link woocommerce-loop-product__link\"><img decoding=\"async\" width=\"675\" height=\"675\" src=\"https:\/\/macote.fr\/wp-content\/uploads\/2026\/08\/bmw-serie-3-e92-coques-retroviseurs-carbone-21.webp\" class=\"attachment-full size-full\" alt=\"bmw-serie-3-carcasas-de-retrovisores-de-carbono\" loading=\"eager\" srcset=\"https:\/\/macote.fr\/wp-content\/uploads\/2026\/08\/bmw-serie-3-e92-coques-retroviseurs-carbone-21.webp 675w, https:\/\/macote.fr\/wp-content\/uploads\/2026\/08\/bmw-serie-3-e92-coques-retroviseurs-carbone-21-300x300.webp 300w, https:\/\/macote.fr\/wp-content\/uploads\/2026\/08\/bmw-serie-3-e92-coques-retroviseurs-carbone-21-150x150.webp 150w, https:\/\/macote.fr\/wp-content\/uploads\/2026\/08\/bmw-serie-3-e92-coques-retroviseurs-carbone-21-12x12.webp 12w, https:\/\/macote.fr\/wp-content\/uploads\/2026\/08\/bmw-serie-3-e92-coques-retroviseurs-carbone-21-200x200.webp 200w\" sizes=\"(max-width: 675px) 100vw, 675px\" \/><\/a>                <\/div>\n                <div class=\"image-hover-wrap\">\n                    <ul class=\"icons-wrap block-style\">\n                                                    <li class=\"add-to-cart\"><a href=\"https:\/\/macote.fr\/es\/producto\/carcasas-de-retrovisores-de-fibra-de-carbono-para-bmw-serie-3-m3-e90-e91-e92-y-e93\/\" aria-describedby=\"woocommerce_loop_add_to_cart_link_describedby_7977\" data-quantity=\"1\" class=\"button product_type_variable add_to_cart_button\" data-product_id=\"7977\" data-product_sku=\"\" aria-label=\"Elige las opciones para \u201cCoques de R\u00e9troviseurs en Fibre de Carbone - BMW S\u00e9rie 3 &amp; M3 E90, E91, E92, E93\u201d\" rel=\"nofollow\" data-no-translation=\"\" data-trp-gettext=\"\" data-no-translation-aria-label=\"\">Seleccionar opciones<\/a>\t<span id=\"woocommerce_loop_add_to_cart_link_describedby_7977\" class=\"screen-reader-text\">\n\t\tEste producto tiene m\u00faltiples variantes. Las opciones se pueden elegir en la p\u00e1gina de producto\t<\/span>\n<\/li>\n                                                \t                                            <li class=\"view-details\"><a href=\"https:\/\/macote.fr\/es\/producto\/carcasas-de-retrovisores-de-fibra-de-carbono-para-bmw-serie-3-m3-e90-e91-e92-y-e93\/\"><i class=\"fas fa-link\"><\/i><\/a><\/li>\n\n                    <\/ul>\n                                    <\/div>\n            <\/div>\n            <div class=\"product-details-wrap\">\n\t            <div class=\"eael-product-title\"><a href=\"https:\/\/macote.fr\/es\/producto\/carcasas-de-retrovisores-de-fibra-de-carbono-para-bmw-serie-3-m3-e90-e91-e92-y-e93\/\" class=\"woocommerce-LoopProduct-link woocommerce-loop-product__link\"><h2>Carcasas de retrovisores de fibra de carbono - BMW Serie 3 y M3 E90, E91, E92, E93<\/h2><\/a><\/div><div class=\"eael-product-price\"><span class=\"woocommerce-Price-amount amount\"><bdi>289,99&nbsp;<span class=\"woocommerce-Price-currencySymbol\" translate=\"no\">\u20ac<\/span><\/bdi><\/span><\/div>\n            <\/div>\n        <\/div>\n\t<\/div>\n        <div class=\"product swiper-slide post-8165 type-product status-publish has-post-thumbnail product_cat-accessoires-macote-bmw product_cat-bmw-oem product_cat-accessoires-divers product_cat-modification-exterieur-vehicule product_cat-m2 product_cat-m2-g87 product_cat-prises-dair  instock taxable shipping-taxable purchasable product-type-simple\">\n        <div class=\"eael-product-carousel\">\n            <div class=\"product-image-wrap\">\n                <div class=\"image-wrap\">\n                    <a href=\"https:\/\/macote.fr\/es\/producto\/rejilla-protectora-inferior-de-la-parrilla-del-bmw-g87-m2-en-negro-brillante\/\" class=\"woocommerce-LoopProduct-link woocommerce-loop-product__link\"><img decoding=\"async\" width=\"1409\" height=\"1117\" src=\"https:\/\/macote.fr\/wp-content\/uploads\/2026\/08\/grille-calandre-bmw-g87-m2-noir-brillant.png\" class=\"attachment-full size-full\" alt=\"rejilla-del-radiador-bmw-g87-m2-negro-brillante\" loading=\"eager\" srcset=\"https:\/\/macote.fr\/wp-content\/uploads\/2026\/08\/grille-calandre-bmw-g87-m2-noir-brillant.png 1409w, https:\/\/macote.fr\/wp-content\/uploads\/2026\/08\/grille-calandre-bmw-g87-m2-noir-brillant-300x238.png 300w, https:\/\/macote.fr\/wp-content\/uploads\/2026\/08\/grille-calandre-bmw-g87-m2-noir-brillant-1024x812.png 1024w, https:\/\/macote.fr\/wp-content\/uploads\/2026\/08\/grille-calandre-bmw-g87-m2-noir-brillant-768x609.png 768w, https:\/\/macote.fr\/wp-content\/uploads\/2026\/08\/grille-calandre-bmw-g87-m2-noir-brillant-15x12.png 15w, https:\/\/macote.fr\/wp-content\/uploads\/2026\/08\/grille-calandre-bmw-g87-m2-noir-brillant-1200x951.png 1200w\" sizes=\"(max-width: 1409px) 100vw, 1409px\" \/><\/a>                <\/div>\n                <div class=\"image-hover-wrap\">\n                    <ul class=\"icons-wrap block-style\">\n                                                    <li class=\"add-to-cart\"><a href=\"\/es\/wp-json\/wp\/v2\/pages\/7984?add-to-cart=8165\" aria-describedby=\"woocommerce_loop_add_to_cart_link_describedby_8165\" data-quantity=\"1\" class=\"button product_type_simple add_to_cart_button ajax_add_to_cart\" data-product_id=\"8165\" data-product_sku=\"\" aria-label=\"A\u00f1adir al carrito: \u201cGrille de Protection de Calandre Inf\u00e9rieure BMW G87 M2 \u2013 Noir Brillant\u201d\" rel=\"nofollow\" data-success_message=\"\u00abGrille de Protection de Calandre Inf\u00e9rieure BMW G87 M2 \u2013 Noir Brillant\u00bb se ha a\u00f1adido a tu carrito\" data-no-translation=\"\" data-trp-gettext=\"\" data-no-translation-aria-label=\"\" data-no-translation-data-success_message=\"\">A\u00f1adir al carrito<\/a>\t<span id=\"woocommerce_loop_add_to_cart_link_describedby_8165\" class=\"screen-reader-text\">\n\t\t\t<\/span>\n<\/li>\n                                                \t                                            <li class=\"view-details\"><a href=\"https:\/\/macote.fr\/es\/producto\/rejilla-protectora-inferior-de-la-parrilla-del-bmw-g87-m2-en-negro-brillante\/\"><i class=\"fas fa-link\"><\/i><\/a><\/li>\n\n                    <\/ul>\n                                    <\/div>\n            <\/div>\n            <div class=\"product-details-wrap\">\n\t            <div class=\"eael-product-title\"><a href=\"https:\/\/macote.fr\/es\/producto\/rejilla-protectora-inferior-de-la-parrilla-del-bmw-g87-m2-en-negro-brillante\/\" class=\"woocommerce-LoopProduct-link woocommerce-loop-product__link\"><h2>Rejilla protectora inferior del radiador BMW G87 M2 \u2013 Negro brillante<\/h2><\/a><\/div><div class=\"eael-product-price\"><span class=\"woocommerce-Price-amount amount\"><bdi>79,99&nbsp;<span class=\"woocommerce-Price-currencySymbol\" translate=\"no\">\u20ac<\/span><\/bdi><\/span><\/div>\n            <\/div>\n        <\/div>\n\t<\/div>\n        <div class=\"product swiper-slide post-2088 type-product status-publish has-post-thumbnail product_cat-bmw-accessoires-fibre-de-carbone product_cat-modification-exterieur-vehicule product_cat-m3 product_cat-m3-g80-g81 product_cat-m4 product_cat-m4-g82-g83 last instock taxable shipping-taxable purchasable product-type-simple\">\n        <div class=\"eael-product-carousel\">\n            <div class=\"product-image-wrap\">\n                <div class=\"image-wrap\">\n                    <a href=\"https:\/\/macote.fr\/es\/producto\/aileron-carbone-bmw-m4-g82-m3-g80\/\" class=\"woocommerce-LoopProduct-link woocommerce-loop-product__link\"><img decoding=\"async\" width=\"800\" height=\"686\" src=\"https:\/\/macote.fr\/wp-content\/uploads\/2023\/05\/carbone-fiber-spoiler-m4-g80.webp\" class=\"attachment-full size-full\" alt=\"spoiler carbono M4 G82 M3 G80\" loading=\"eager\" srcset=\"https:\/\/macote.fr\/wp-content\/uploads\/2023\/05\/carbone-fiber-spoiler-m4-g80.webp 800w, https:\/\/macote.fr\/wp-content\/uploads\/2023\/05\/carbone-fiber-spoiler-m4-g80-300x257.webp 300w, https:\/\/macote.fr\/wp-content\/uploads\/2023\/05\/carbone-fiber-spoiler-m4-g80-768x659.webp 768w, https:\/\/macote.fr\/wp-content\/uploads\/2023\/05\/carbone-fiber-spoiler-m4-g80-14x12.webp 14w, https:\/\/macote.fr\/wp-content\/uploads\/2023\/05\/carbone-fiber-spoiler-m4-g80-600x515.webp 600w\" sizes=\"(max-width: 800px) 100vw, 800px\" \/><\/a>                <\/div>\n                <div class=\"image-hover-wrap\">\n                    <ul class=\"icons-wrap block-style\">\n                                                    <li class=\"add-to-cart\"><a href=\"\/es\/wp-json\/wp\/v2\/pages\/7984?add-to-cart=2088\" aria-describedby=\"woocommerce_loop_add_to_cart_link_describedby_2088\" data-quantity=\"1\" class=\"button product_type_simple add_to_cart_button ajax_add_to_cart\" data-product_id=\"2088\" data-product_sku=\"\" aria-label=\"A\u00f1adir al carrito: \u201cAileron Carbone BMW M4 G82, M3 G80\u201d\" rel=\"nofollow\" data-success_message=\"\u00abAileron Carbone BMW M4 G82, M3 G80\u00bb se ha a\u00f1adido a tu carrito\" data-no-translation=\"\" data-trp-gettext=\"\" data-no-translation-aria-label=\"\" data-no-translation-data-success_message=\"\">A\u00f1adir al carrito<\/a>\t<span id=\"woocommerce_loop_add_to_cart_link_describedby_2088\" class=\"screen-reader-text\">\n\t\t\t<\/span>\n<\/li>\n                                                \t                                            <li class=\"view-details\"><a href=\"https:\/\/macote.fr\/es\/producto\/aileron-carbone-bmw-m4-g82-m3-g80\/\"><i class=\"fas fa-link\"><\/i><\/a><\/li>\n\n                    <\/ul>\n                                    <\/div>\n            <\/div>\n            <div class=\"product-details-wrap\">\n\t            <div class=\"eael-product-title\"><a href=\"https:\/\/macote.fr\/es\/producto\/aileron-carbone-bmw-m4-g82-m3-g80\/\" class=\"woocommerce-LoopProduct-link woocommerce-loop-product__link\"><h2>Spoiler de carbono BMW M4 G82, M3 G80<\/h2><\/a><\/div><div class=\"eael-product-price\"><span class=\"woocommerce-Price-amount amount\"><bdi>2599,99&nbsp;<span class=\"woocommerce-Price-currencySymbol\" translate=\"no\">\u20ac<\/span><\/bdi><\/span><\/div>\n            <\/div>\n        <\/div>\n\t<\/div>\n        <div class=\"product swiper-slide post-2098 type-product status-publish has-post-thumbnail product_cat-bmw-accessoires-fibre-de-carbone product_cat-modification-exterieur-vehicule product_cat-m3 product_cat-m3-g80-g81 product_cat-m4 product_cat-m4-g82-g83 first instock taxable shipping-taxable purchasable product-type-simple\">\n        <div class=\"eael-product-carousel\">\n            <div class=\"product-image-wrap\">\n                <div class=\"image-wrap\">\n                    <a href=\"https:\/\/macote.fr\/es\/producto\/entree-dair-carbone-bmw-m3-g80-m4-g82\/\" class=\"woocommerce-LoopProduct-link woocommerce-loop-product__link\"><img decoding=\"async\" width=\"1024\" height=\"647\" src=\"https:\/\/macote.fr\/wp-content\/uploads\/2023\/05\/entree-dair-carbone-e1685092277900.jpeg\" class=\"attachment-full size-full\" alt=\"entrada de aire de carbono\" loading=\"eager\" srcset=\"https:\/\/macote.fr\/wp-content\/uploads\/2023\/05\/entree-dair-carbone-e1685092277900.jpeg 1024w, https:\/\/macote.fr\/wp-content\/uploads\/2023\/05\/entree-dair-carbone-e1685092277900-300x190.jpeg 300w, https:\/\/macote.fr\/wp-content\/uploads\/2023\/05\/entree-dair-carbone-e1685092277900-768x485.jpeg 768w, https:\/\/macote.fr\/wp-content\/uploads\/2023\/05\/entree-dair-carbone-e1685092277900-18x12.jpeg 18w, https:\/\/macote.fr\/wp-content\/uploads\/2023\/05\/entree-dair-carbone-e1685092277900-600x379.jpeg 600w\" sizes=\"(max-width: 1024px) 100vw, 1024px\" \/><\/a>                <\/div>\n                <div class=\"image-hover-wrap\">\n                    <ul class=\"icons-wrap block-style\">\n                                                    <li class=\"add-to-cart\"><a href=\"\/es\/wp-json\/wp\/v2\/pages\/7984?add-to-cart=2098\" aria-describedby=\"woocommerce_loop_add_to_cart_link_describedby_2098\" data-quantity=\"1\" class=\"button product_type_simple add_to_cart_button ajax_add_to_cart\" data-product_id=\"2098\" data-product_sku=\"\" aria-label=\"A\u00f1adir al carrito: \u201cEntr\u00e9e d&#039;air Carbone BMW M3 G80, M4 G82\u201d\" rel=\"nofollow\" data-success_message=\"\u00abEntr\u00e9e d&#039;air Carbone BMW M3 G80, M4 G82\u00bb se ha a\u00f1adido a tu carrito\" data-no-translation=\"\" data-trp-gettext=\"\" data-no-translation-aria-label=\"\" data-no-translation-data-success_message=\"\">A\u00f1adir al carrito<\/a>\t<span id=\"woocommerce_loop_add_to_cart_link_describedby_2098\" class=\"screen-reader-text\">\n\t\t\t<\/span>\n<\/li>\n                                                \t                                            <li class=\"view-details\"><a href=\"https:\/\/macote.fr\/es\/producto\/entree-dair-carbone-bmw-m3-g80-m4-g82\/\"><i class=\"fas fa-link\"><\/i><\/a><\/li>\n\n                    <\/ul>\n                                    <\/div>\n            <\/div>\n            <div class=\"product-details-wrap\">\n\t            <div class=\"eael-product-title\"><a href=\"https:\/\/macote.fr\/es\/producto\/entree-dair-carbone-bmw-m3-g80-m4-g82\/\" class=\"woocommerce-LoopProduct-link woocommerce-loop-product__link\"><h2>Toma de aire de carbono BMW M3 G80, M4 G82<\/h2><\/a><\/div><div class=\"eael-product-price\"><span class=\"woocommerce-Price-amount amount\"><bdi>899,99&nbsp;<span class=\"woocommerce-Price-currencySymbol\" translate=\"no\">\u20ac<\/span><\/bdi><\/span><\/div>\n            <\/div>\n        <\/div>\n\t<\/div>\n        <div class=\"product swiper-slide post-1517 type-product status-publish has-post-thumbnail product_cat-eclairage-signature-lumineuse product_cat-modification-exterieur-vehicule  instock taxable shipping-taxable product-type-variable\">\n        <div class=\"eael-product-carousel\">\n            <div class=\"product-image-wrap\">\n                <div class=\"image-wrap\">\n                    <a href=\"https:\/\/macote.fr\/es\/producto\/bombilla-led-car\/\" class=\"woocommerce-LoopProduct-link woocommerce-loop-product__link\"><img decoding=\"async\" width=\"981\" height=\"889\" src=\"https:\/\/macote.fr\/wp-content\/uploads\/2023\/04\/HEADLIGHT-LED-H4.jpeg\" class=\"attachment-full size-full\" alt=\"Bombillas LED H7 para coche\" loading=\"eager\" srcset=\"https:\/\/macote.fr\/wp-content\/uploads\/2023\/04\/HEADLIGHT-LED-H4.jpeg 981w, https:\/\/macote.fr\/wp-content\/uploads\/2023\/04\/HEADLIGHT-LED-H4-300x272.jpeg 300w, https:\/\/macote.fr\/wp-content\/uploads\/2023\/04\/HEADLIGHT-LED-H4-768x696.jpeg 768w, https:\/\/macote.fr\/wp-content\/uploads\/2023\/04\/HEADLIGHT-LED-H4-600x544.jpeg 600w\" sizes=\"(max-width: 981px) 100vw, 981px\" \/><\/a>                <\/div>\n                <div class=\"image-hover-wrap\">\n                    <ul class=\"icons-wrap block-style\">\n                                                    <li class=\"add-to-cart\"><a href=\"https:\/\/macote.fr\/es\/producto\/bombilla-led-car\/\" aria-describedby=\"woocommerce_loop_add_to_cart_link_describedby_1517\" data-quantity=\"1\" class=\"button product_type_variable\" data-product_id=\"1517\" data-product_sku=\"\" aria-label=\"Elige las opciones para \u201cAmpoules LED voiture H7, H1, H4, H8, H9, H11\u201d\" rel=\"nofollow\" data-no-translation=\"\" data-trp-gettext=\"\" data-no-translation-aria-label=\"\">Leer m\u00e1s<\/a>\t<span id=\"woocommerce_loop_add_to_cart_link_describedby_1517\" class=\"screen-reader-text\">\n\t\t\t<\/span>\n<\/li>\n                                                \t                                            <li class=\"view-details\"><a href=\"https:\/\/macote.fr\/es\/producto\/bombilla-led-car\/\"><i class=\"fas fa-link\"><\/i><\/a><\/li>\n\n                    <\/ul>\n                                    <\/div>\n            <\/div>\n            <div class=\"product-details-wrap\">\n\t            <div class=\"eael-product-title\"><a href=\"https:\/\/macote.fr\/es\/producto\/bombilla-led-car\/\" class=\"woocommerce-LoopProduct-link woocommerce-loop-product__link\"><h2>H7, H1, H4, H8, H9, H11 Bombillas LED para coche<\/h2><\/a><\/div><div class=\"eael-product-price\"><span class=\"woocommerce-Price-amount amount\"><bdi>49,99&nbsp;<span class=\"woocommerce-Price-currencySymbol\" translate=\"no\">\u20ac<\/span><\/bdi><\/span><\/div>\n            <\/div>\n        <\/div>\n\t<\/div>\n        <div class=\"product swiper-slide post-8130 type-product status-publish has-post-thumbnail product_cat-accessoires-macote-bmw product_cat-bmw-oem product_cat-bmw-s58 product_cat-modification-exterieur-vehicule product_cat-grilles-de-protection product_cat-m2 product_cat-m2-g87 product_cat-m3 product_cat-m3-g80-g81 product_cat-m4 product_cat-m4-g82-g83 product_cat-moteur  instock taxable shipping-taxable purchasable product-type-simple\">\n        <div class=\"eael-product-carousel\">\n            <div class=\"product-image-wrap\">\n                <div class=\"image-wrap\">\n                    <a href=\"https:\/\/macote.fr\/es\/producto\/placa-protectora-del-radiador-de-aceite-para-bmw-g87-m2-g80-g81-m3-g82-g83-y-m4\/\" class=\"woocommerce-LoopProduct-link woocommerce-loop-product__link\"><img decoding=\"async\" width=\"1000\" height=\"1000\" src=\"https:\/\/macote.fr\/wp-content\/uploads\/2026\/08\/BMW-G87-M2-G80G81-M3-G82G83-M4-2.png\" class=\"attachment-full size-full\" alt=\"BMW G87 M2 y G80\/G81 M3, G82\/G83 M4\" loading=\"eager\" srcset=\"https:\/\/macote.fr\/wp-content\/uploads\/2026\/08\/BMW-G87-M2-G80G81-M3-G82G83-M4-2.png 1000w, https:\/\/macote.fr\/wp-content\/uploads\/2026\/08\/BMW-G87-M2-G80G81-M3-G82G83-M4-2-300x300.png 300w, https:\/\/macote.fr\/wp-content\/uploads\/2026\/08\/BMW-G87-M2-G80G81-M3-G82G83-M4-2-150x150.png 150w, https:\/\/macote.fr\/wp-content\/uploads\/2026\/08\/BMW-G87-M2-G80G81-M3-G82G83-M4-2-768x768.png 768w, https:\/\/macote.fr\/wp-content\/uploads\/2026\/08\/BMW-G87-M2-G80G81-M3-G82G83-M4-2-12x12.png 12w, https:\/\/macote.fr\/wp-content\/uploads\/2026\/08\/BMW-G87-M2-G80G81-M3-G82G83-M4-2-200x200.png 200w\" sizes=\"(max-width: 1000px) 100vw, 1000px\" \/><\/a>                <\/div>\n                <div class=\"image-hover-wrap\">\n                    <ul class=\"icons-wrap block-style\">\n                                                    <li class=\"add-to-cart\"><a href=\"\/es\/wp-json\/wp\/v2\/pages\/7984?add-to-cart=8130\" aria-describedby=\"woocommerce_loop_add_to_cart_link_describedby_8130\" data-quantity=\"1\" class=\"button product_type_simple add_to_cart_button ajax_add_to_cart\" data-product_id=\"8130\" data-product_sku=\"\" aria-label=\"A\u00f1adir al carrito: \u201cPlaque de Protection Aluminium du Refroidisseur d&#039;Huile - BMW M2 G87 &amp; M3 G80, G81 &amp; M4 G82, G83\u201d\" rel=\"nofollow\" data-success_message=\"\u00abPlaque de Protection Aluminium du Refroidisseur d&#039;Huile - BMW M2 G87 &amp; M3 G80, G81 &amp; M4 G82, G83\u00bb se ha a\u00f1adido a tu carrito\" data-no-translation=\"\" data-trp-gettext=\"\" data-no-translation-aria-label=\"\" data-no-translation-data-success_message=\"\">A\u00f1adir al carrito<\/a>\t<span id=\"woocommerce_loop_add_to_cart_link_describedby_8130\" class=\"screen-reader-text\">\n\t\t\t<\/span>\n<\/li>\n                                                \t                                            <li class=\"view-details\"><a href=\"https:\/\/macote.fr\/es\/producto\/placa-protectora-del-radiador-de-aceite-para-bmw-g87-m2-g80-g81-m3-g82-g83-y-m4\/\"><i class=\"fas fa-link\"><\/i><\/a><\/li>\n\n                    <\/ul>\n                                    <\/div>\n            <\/div>\n            <div class=\"product-details-wrap\">\n\t            <div class=\"eael-product-title\"><a href=\"https:\/\/macote.fr\/es\/producto\/placa-protectora-del-radiador-de-aceite-para-bmw-g87-m2-g80-g81-m3-g82-g83-y-m4\/\" class=\"woocommerce-LoopProduct-link woocommerce-loop-product__link\"><h2>Placa protectora de aluminio para el radiador de aceite - BMW M2 G87 y M3 G80, G81 y M4 G82, G83<\/h2><\/a><\/div><div class=\"eael-product-price\"><span class=\"woocommerce-Price-amount amount\"><bdi>249,99&nbsp;<span class=\"woocommerce-Price-currencySymbol\" translate=\"no\">\u20ac<\/span><\/bdi><\/span><\/div>\n            <\/div>\n        <\/div>\n\t<\/div>\n        <div class=\"product swiper-slide post-5026 type-product status-publish has-post-thumbnail product_cat-bmw-refit-oem product_cat-bmw-serie-3 product_cat-bmw-serie-3-e46 product_cat-modification-exterieur-vehicule product_cat-m3 product_cat-m3-e46 last instock taxable shipping-taxable purchasable product-type-variable\">\n        <div class=\"eael-product-carousel\">\n            <div class=\"product-image-wrap\">\n                <div class=\"image-wrap\">\n                    <a href=\"https:\/\/macote.fr\/es\/producto\/tapa-cristal-faro-bmw-e46\/\" class=\"woocommerce-LoopProduct-link woocommerce-loop-product__link\"><img decoding=\"async\" width=\"800\" height=\"800\" src=\"https:\/\/macote.fr\/wp-content\/uploads\/2024\/10\/4.webp\" class=\"attachment-full size-full\" alt=\"Cristal de faro BMW fase 1\" loading=\"eager\" srcset=\"https:\/\/macote.fr\/wp-content\/uploads\/2024\/10\/4.webp 800w, https:\/\/macote.fr\/wp-content\/uploads\/2024\/10\/4-200x200.webp 200w, https:\/\/macote.fr\/wp-content\/uploads\/2024\/10\/4-300x300.webp 300w, https:\/\/macote.fr\/wp-content\/uploads\/2024\/10\/4-150x150.webp 150w, https:\/\/macote.fr\/wp-content\/uploads\/2024\/10\/4-768x768.webp 768w, https:\/\/macote.fr\/wp-content\/uploads\/2024\/10\/4-12x12.webp 12w\" sizes=\"(max-width: 800px) 100vw, 800px\" \/><\/a>                <\/div>\n                <div class=\"image-hover-wrap\">\n                    <ul class=\"icons-wrap block-style\">\n                                                    <li class=\"add-to-cart\"><a href=\"https:\/\/macote.fr\/es\/producto\/tapa-cristal-faro-bmw-e46\/\" aria-describedby=\"woocommerce_loop_add_to_cart_link_describedby_5026\" data-quantity=\"1\" class=\"button product_type_variable add_to_cart_button\" data-product_id=\"5026\" data-product_sku=\"\" aria-label=\"Elige las opciones para \u201cVitre de phare - Couvercle de phare - BMW E46\u201d\" rel=\"nofollow\" data-no-translation=\"\" data-trp-gettext=\"\" data-no-translation-aria-label=\"\">Seleccionar opciones<\/a>\t<span id=\"woocommerce_loop_add_to_cart_link_describedby_5026\" class=\"screen-reader-text\">\n\t\tEste producto tiene m\u00faltiples variantes. Las opciones se pueden elegir en la p\u00e1gina de producto\t<\/span>\n<\/li>\n                                                \t                                            <li class=\"view-details\"><a href=\"https:\/\/macote.fr\/es\/producto\/tapa-cristal-faro-bmw-e46\/\"><i class=\"fas fa-link\"><\/i><\/a><\/li>\n\n                    <\/ul>\n                                    <\/div>\n            <\/div>\n            <div class=\"product-details-wrap\">\n\t            <div class=\"eael-product-title\"><a href=\"https:\/\/macote.fr\/es\/producto\/tapa-cristal-faro-bmw-e46\/\" class=\"woocommerce-LoopProduct-link woocommerce-loop-product__link\"><h2>Cristal de faro - Tapa de faro - BMW E46<\/h2><\/a><\/div><div class=\"eael-product-price\"><span class=\"woocommerce-Price-amount amount\" aria-hidden=\"true\"><bdi>39,99&nbsp;<span class=\"woocommerce-Price-currencySymbol\" translate=\"no\">&euro;<\/span><\/bdi><\/span> <span aria-hidden=\"true\">-<\/span> <span class=\"woocommerce-Price-amount amount\" aria-hidden=\"true\"><bdi>79,99&nbsp;<span class=\"woocommerce-Price-currencySymbol\" translate=\"no\">&euro;<\/span><\/bdi><\/span><span class=\"screen-reader-text\" data-no-translation=\"\" data-trp-gettext=\"\">Rango de precios: desde 39,99&nbsp;&euro; hasta 79,99&nbsp;&euro;<\/span><\/div>\n            <\/div>\n        <\/div>\n\t<\/div>\n        <div class=\"product swiper-slide post-1208 type-product status-publish has-post-thumbnail product_cat-eclairage-signature-lumineuse product_cat-modification-exterieur-vehicule first instock taxable shipping-taxable purchasable product-type-variable\">\n        <div class=\"eael-product-carousel\">\n            <div class=\"product-image-wrap\">\n                <div class=\"image-wrap\">\n                    <a href=\"https:\/\/macote.fr\/es\/producto\/kit-angel-eyes-bmw-rgb\/\" class=\"woocommerce-LoopProduct-link woocommerce-loop-product__link\"><img decoding=\"async\" width=\"501\" height=\"442\" src=\"https:\/\/macote.fr\/wp-content\/uploads\/2023\/04\/S14a720b7c4a64f3ca90adab342cd0d64x.jpg\" class=\"attachment-full size-full\" alt=\"ojos rojos bmw\" loading=\"eager\" srcset=\"https:\/\/macote.fr\/wp-content\/uploads\/2023\/04\/S14a720b7c4a64f3ca90adab342cd0d64x.jpg 501w, https:\/\/macote.fr\/wp-content\/uploads\/2023\/04\/S14a720b7c4a64f3ca90adab342cd0d64x-300x265.jpg 300w\" sizes=\"(max-width: 501px) 100vw, 501px\" \/><\/a>                <\/div>\n                <div class=\"image-hover-wrap\">\n                    <ul class=\"icons-wrap block-style\">\n                                                    <li class=\"add-to-cart\"><a href=\"https:\/\/macote.fr\/es\/producto\/kit-angel-eyes-bmw-rgb\/\" aria-describedby=\"woocommerce_loop_add_to_cart_link_describedby_1208\" data-quantity=\"1\" class=\"button product_type_variable add_to_cart_button\" data-product_id=\"1208\" data-product_sku=\"\" aria-label=\"Elige las opciones para \u201cAngel Eyes BMW RGB KIT\u201d\" rel=\"nofollow\" data-no-translation=\"\" data-trp-gettext=\"\" data-no-translation-aria-label=\"\">Seleccionar opciones<\/a>\t<span id=\"woocommerce_loop_add_to_cart_link_describedby_1208\" class=\"screen-reader-text\">\n\t\tEste producto tiene m\u00faltiples variantes. Las opciones se pueden elegir en la p\u00e1gina de producto\t<\/span>\n<\/li>\n                                                \t                                            <li class=\"view-details\"><a href=\"https:\/\/macote.fr\/es\/producto\/kit-angel-eyes-bmw-rgb\/\"><i class=\"fas fa-link\"><\/i><\/a><\/li>\n\n                    <\/ul>\n                                    <\/div>\n            <\/div>\n            <div class=\"product-details-wrap\">\n\t            <div class=\"eael-product-title\"><a href=\"https:\/\/macote.fr\/es\/producto\/kit-angel-eyes-bmw-rgb\/\" class=\"woocommerce-LoopProduct-link woocommerce-loop-product__link\"><h2>KIT Angel Eyes BMW RGB<\/h2><\/a><\/div><div class=\"eael-product-price\"><span class=\"woocommerce-Price-amount amount\"><bdi>59,99&nbsp;<span class=\"woocommerce-Price-currencySymbol\" translate=\"no\">\u20ac<\/span><\/bdi><\/span><\/div>\n            <\/div>\n        <\/div>\n\t<\/div>\n        <div class=\"product swiper-slide post-7926 type-product status-publish has-post-thumbnail product_cat-accessoires-macote-bmw product_cat-bmw-accessoires-fibre-de-carbone product_cat-bmw-oem product_cat-bmw-serie-3 product_cat-bmw-serie-3-e90-e91-e92-e93 product_cat-calandre product_cat-modification-exterieur-vehicule product_cat-m3 product_cat-m3-e90-e91-e92-e93  instock taxable shipping-taxable purchasable product-type-variable\">\n        <div class=\"eael-product-carousel\">\n            <div class=\"product-image-wrap\">\n                <div class=\"image-wrap\">\n                    <a href=\"https:\/\/macote.fr\/es\/producto\/rejilla-delantera-de-fibra-de-carbono-para-bmw-m3-e90-e92-y-bmw-serie-3-e92-fase-1-y-fase-2\/\" class=\"woocommerce-LoopProduct-link woocommerce-loop-product__link\"><img decoding=\"async\" width=\"1254\" height=\"1254\" src=\"https:\/\/macote.fr\/wp-content\/uploads\/2026\/08\/Calandre-bmw-double-haricot-carbone-M3-E90-et-E92.png\" class=\"attachment-full size-full\" alt=\"Rejilla delantera BMW con doble logotipo en carbono para M3 E90 y E92\" loading=\"eager\" srcset=\"https:\/\/macote.fr\/wp-content\/uploads\/2026\/08\/Calandre-bmw-double-haricot-carbone-M3-E90-et-E92.png 1254w, https:\/\/macote.fr\/wp-content\/uploads\/2026\/08\/Calandre-bmw-double-haricot-carbone-M3-E90-et-E92-300x300.png 300w, https:\/\/macote.fr\/wp-content\/uploads\/2026\/08\/Calandre-bmw-double-haricot-carbone-M3-E90-et-E92-1024x1024.png 1024w, https:\/\/macote.fr\/wp-content\/uploads\/2026\/08\/Calandre-bmw-double-haricot-carbone-M3-E90-et-E92-150x150.png 150w, https:\/\/macote.fr\/wp-content\/uploads\/2026\/08\/Calandre-bmw-double-haricot-carbone-M3-E90-et-E92-768x768.png 768w, https:\/\/macote.fr\/wp-content\/uploads\/2026\/08\/Calandre-bmw-double-haricot-carbone-M3-E90-et-E92-12x12.png 12w, https:\/\/macote.fr\/wp-content\/uploads\/2026\/08\/Calandre-bmw-double-haricot-carbone-M3-E90-et-E92-1200x1200.png 1200w, https:\/\/macote.fr\/wp-content\/uploads\/2026\/08\/Calandre-bmw-double-haricot-carbone-M3-E90-et-E92-200x200.png 200w\" sizes=\"(max-width: 1254px) 100vw, 1254px\" \/><\/a>                <\/div>\n                <div class=\"image-hover-wrap\">\n                    <ul class=\"icons-wrap block-style\">\n                                                    <li class=\"add-to-cart\"><a href=\"https:\/\/macote.fr\/es\/producto\/rejilla-delantera-de-fibra-de-carbono-para-bmw-m3-e90-e92-y-bmw-serie-3-e92-fase-1-y-fase-2\/\" aria-describedby=\"woocommerce_loop_add_to_cart_link_describedby_7926\" data-quantity=\"1\" class=\"button product_type_variable add_to_cart_button\" data-product_id=\"7926\" data-product_sku=\"\" aria-label=\"Elige las opciones para \u201cCalandre en Fibre de Carbone BMW M3 E90 E92 &amp; BMW S\u00e9rie 3 E92 \u2013 Phase 1 &amp; Phase 2\u201d\" rel=\"nofollow\" data-no-translation=\"\" data-trp-gettext=\"\" data-no-translation-aria-label=\"\">Seleccionar opciones<\/a>\t<span id=\"woocommerce_loop_add_to_cart_link_describedby_7926\" class=\"screen-reader-text\">\n\t\tEste producto tiene m\u00faltiples variantes. Las opciones se pueden elegir en la p\u00e1gina de producto\t<\/span>\n<\/li>\n                                                \t                                            <li class=\"view-details\"><a href=\"https:\/\/macote.fr\/es\/producto\/rejilla-delantera-de-fibra-de-carbono-para-bmw-m3-e90-e92-y-bmw-serie-3-e92-fase-1-y-fase-2\/\"><i class=\"fas fa-link\"><\/i><\/a><\/li>\n\n                    <\/ul>\n                                    <\/div>\n            <\/div>\n            <div class=\"product-details-wrap\">\n\t            <div class=\"eael-product-title\"><a href=\"https:\/\/macote.fr\/es\/producto\/rejilla-delantera-de-fibra-de-carbono-para-bmw-m3-e90-e92-y-bmw-serie-3-e92-fase-1-y-fase-2\/\" class=\"woocommerce-LoopProduct-link woocommerce-loop-product__link\"><h2>Rejilla delantera de fibra de carbono para BMW M3 E90, E92 y BMW Serie 3 E92 \u2013 Fase 1 y Fase 2<\/h2><\/a><\/div><div class=\"eael-product-price\"><span class=\"woocommerce-Price-amount amount\"><bdi>319,99&nbsp;<span class=\"woocommerce-Price-currencySymbol\" translate=\"no\">\u20ac<\/span><\/bdi><\/span><\/div>\n            <\/div>\n        <\/div>\n\t<\/div>\n        <div class=\"product swiper-slide post-2083 type-product status-publish has-post-thumbnail product_cat-bmw-accessoires-fibre-de-carbone product_cat-modification-exterieur-vehicule product_cat-m3 product_cat-m3-g80-g81 product_cat-m4 product_cat-m4-g82-g83  instock taxable shipping-taxable purchasable product-type-simple\">\n        <div class=\"eael-product-carousel\">\n            <div class=\"product-image-wrap\">\n                <div class=\"image-wrap\">\n                    <a href=\"https:\/\/macote.fr\/es\/producto\/calandre-carbone-bmw-m3-g80-m4-g82\/\" class=\"woocommerce-LoopProduct-link woocommerce-loop-product__link\"><img decoding=\"async\" width=\"1096\" height=\"1094\" src=\"https:\/\/macote.fr\/wp-content\/uploads\/2023\/05\/Calandre-avant-Fibre-de-Carbone-M4-G82-M3-G80.webp\" class=\"attachment-full size-full\" alt=\"Parrilla delantera de fibra de carbono M4 G82 M3 G80\" loading=\"eager\" srcset=\"https:\/\/macote.fr\/wp-content\/uploads\/2023\/05\/Calandre-avant-Fibre-de-Carbone-M4-G82-M3-G80.webp 1096w, https:\/\/macote.fr\/wp-content\/uploads\/2023\/05\/Calandre-avant-Fibre-de-Carbone-M4-G82-M3-G80-200x200.webp 200w, https:\/\/macote.fr\/wp-content\/uploads\/2023\/05\/Calandre-avant-Fibre-de-Carbone-M4-G82-M3-G80-300x300.webp 300w, https:\/\/macote.fr\/wp-content\/uploads\/2023\/05\/Calandre-avant-Fibre-de-Carbone-M4-G82-M3-G80-1024x1022.webp 1024w, https:\/\/macote.fr\/wp-content\/uploads\/2023\/05\/Calandre-avant-Fibre-de-Carbone-M4-G82-M3-G80-150x150.webp 150w, https:\/\/macote.fr\/wp-content\/uploads\/2023\/05\/Calandre-avant-Fibre-de-Carbone-M4-G82-M3-G80-768x767.webp 768w, https:\/\/macote.fr\/wp-content\/uploads\/2023\/05\/Calandre-avant-Fibre-de-Carbone-M4-G82-M3-G80-12x12.webp 12w, https:\/\/macote.fr\/wp-content\/uploads\/2023\/05\/Calandre-avant-Fibre-de-Carbone-M4-G82-M3-G80-600x599.webp 600w\" sizes=\"(max-width: 1096px) 100vw, 1096px\" \/><\/a>                <\/div>\n                <div class=\"image-hover-wrap\">\n                    <ul class=\"icons-wrap block-style\">\n                                                    <li class=\"add-to-cart\"><a href=\"\/es\/wp-json\/wp\/v2\/pages\/7984?add-to-cart=2083\" aria-describedby=\"woocommerce_loop_add_to_cart_link_describedby_2083\" data-quantity=\"1\" class=\"button product_type_simple add_to_cart_button ajax_add_to_cart\" data-product_id=\"2083\" data-product_sku=\"\" aria-label=\"A\u00f1adir al carrito: \u201cCalandre Carbone BMW M3 G80, M4 G82\u201d\" rel=\"nofollow\" data-success_message=\"\u00abCalandre Carbone BMW M3 G80, M4 G82\u00bb se ha a\u00f1adido a tu carrito\" data-no-translation=\"\" data-trp-gettext=\"\" data-no-translation-aria-label=\"\" data-no-translation-data-success_message=\"\">A\u00f1adir al carrito<\/a>\t<span id=\"woocommerce_loop_add_to_cart_link_describedby_2083\" class=\"screen-reader-text\">\n\t\t\t<\/span>\n<\/li>\n                                                \t                                            <li class=\"view-details\"><a href=\"https:\/\/macote.fr\/es\/producto\/calandre-carbone-bmw-m3-g80-m4-g82\/\"><i class=\"fas fa-link\"><\/i><\/a><\/li>\n\n                    <\/ul>\n                                    <\/div>\n            <\/div>\n            <div class=\"product-details-wrap\">\n\t            <div class=\"eael-product-title\"><a href=\"https:\/\/macote.fr\/es\/producto\/calandre-carbone-bmw-m3-g80-m4-g82\/\" class=\"woocommerce-LoopProduct-link woocommerce-loop-product__link\"><h2>BMW M3 G80, M4 G82 rejilla del radiador de carbono<\/h2><\/a><\/div><div class=\"eael-product-price\"><span class=\"woocommerce-Price-amount amount\"><bdi>1099,99&nbsp;<span class=\"woocommerce-Price-currencySymbol\" translate=\"no\">\u20ac<\/span><\/bdi><\/span><\/div>\n            <\/div>\n        <\/div>\n\t<\/div>\n        <div class=\"product swiper-slide post-1194 type-product status-publish has-post-thumbnail product_cat-bmw-accessoires-fibre-de-carbone product_cat-bmw-accessoires-generiques product_cat-modification-exterieur-vehicule last instock taxable shipping-taxable purchasable product-type-variable\">\n        <div class=\"eael-product-carousel\">\n            <div class=\"product-image-wrap\">\n                <div class=\"image-wrap\">\n                    <a href=\"https:\/\/macote.fr\/es\/producto\/cap-petrol-fibre-carbon-bmw\/\" class=\"woocommerce-LoopProduct-link woocommerce-loop-product__link\"><img decoding=\"async\" width=\"750\" height=\"1000\" src=\"https:\/\/macote.fr\/wp-content\/uploads\/2022\/12\/Bouchon-trape-a-essence-en-fibre-de-Carbone-BMW.webp\" class=\"attachment-full size-full\" alt=\"Tapa del dep\u00f3sito de combustible de fibra de carbono BMW\" loading=\"eager\" srcset=\"https:\/\/macote.fr\/wp-content\/uploads\/2022\/12\/Bouchon-trape-a-essence-en-fibre-de-Carbone-BMW.webp 750w, https:\/\/macote.fr\/wp-content\/uploads\/2022\/12\/Bouchon-trape-a-essence-en-fibre-de-Carbone-BMW-300x400.webp 300w, https:\/\/macote.fr\/wp-content\/uploads\/2022\/12\/Bouchon-trape-a-essence-en-fibre-de-Carbone-BMW-225x300.webp 225w, https:\/\/macote.fr\/wp-content\/uploads\/2022\/12\/Bouchon-trape-a-essence-en-fibre-de-Carbone-BMW-600x800.webp 600w\" sizes=\"(max-width: 750px) 100vw, 750px\" \/><\/a>                <\/div>\n                <div class=\"image-hover-wrap\">\n                    <ul class=\"icons-wrap block-style\">\n                                                    <li class=\"add-to-cart\"><a href=\"https:\/\/macote.fr\/es\/producto\/cap-petrol-fibre-carbon-bmw\/\" aria-describedby=\"woocommerce_loop_add_to_cart_link_describedby_1194\" data-quantity=\"1\" class=\"button product_type_variable add_to_cart_button\" data-product_id=\"1194\" data-product_sku=\"\" aria-label=\"Elige las opciones para \u201cBouchon de r\u00e9servoir d&#039;essence en fibre de carbone BMW\u201d\" rel=\"nofollow\" data-no-translation=\"\" data-trp-gettext=\"\" data-no-translation-aria-label=\"\">Seleccionar opciones<\/a>\t<span id=\"woocommerce_loop_add_to_cart_link_describedby_1194\" class=\"screen-reader-text\">\n\t\tEste producto tiene m\u00faltiples variantes. Las opciones se pueden elegir en la p\u00e1gina de producto\t<\/span>\n<\/li>\n                                                \t                                            <li class=\"view-details\"><a href=\"https:\/\/macote.fr\/es\/producto\/cap-petrol-fibre-carbon-bmw\/\"><i class=\"fas fa-link\"><\/i><\/a><\/li>\n\n                    <\/ul>\n                                    <\/div>\n            <\/div>\n            <div class=\"product-details-wrap\">\n\t            <div class=\"eael-product-title\"><a href=\"https:\/\/macote.fr\/es\/producto\/cap-petrol-fibre-carbon-bmw\/\" class=\"woocommerce-LoopProduct-link woocommerce-loop-product__link\"><h2>Tapa del dep\u00f3sito de combustible de fibra de carbono BMW<\/h2><\/a><\/div><div class=\"eael-product-price\"><span class=\"woocommerce-Price-amount amount\" aria-hidden=\"true\"><bdi>49,99&nbsp;<span class=\"woocommerce-Price-currencySymbol\" translate=\"no\">&euro;<\/span><\/bdi><\/span> <span aria-hidden=\"true\">-<\/span> <span class=\"woocommerce-Price-amount amount\" aria-hidden=\"true\"><bdi>59,99&nbsp;<span class=\"woocommerce-Price-currencySymbol\" translate=\"no\">&euro;<\/span><\/bdi><\/span><span class=\"screen-reader-text\" data-no-translation=\"\" data-trp-gettext=\"\">Rango de precios: desde 49,99&nbsp;&euro; hasta 59,99&nbsp;&euro;<\/span><\/div>\n            <\/div>\n        <\/div>\n\t<\/div>\n    <\/div><\/div>                        <!-- Add Arrows -->\n            <div class=\"swiper-button-next swiper-button-next-440ea13\">\n                <i class=\"fa fa-angle-right\"><\/i>\n            <\/div>\n            <div class=\"swiper-button-prev swiper-button-prev-440ea13\">\n                <i class=\"fa fa-angle-left\"><\/i>\n            <\/div>\n                    <\/div>\n        \t\t\t\t<\/div>\n\t\t\t\t<\/div>\n\t\t\t\t\t<\/div>\n\t\t\t\t<\/div>\n\t\t<div data-particle_enable=\"false\" data-particle-mobile-disabled=\"false\" class=\"elementor-element elementor-element-d6e5366 e-flex e-con-boxed e-con e-parent\" data-id=\"d6e5366\" data-element_type=\"container\" data-e-type=\"container\" data-settings=\"{&quot;background_background&quot;:&quot;classic&quot;}\">\n\t\t\t\t\t<div class=\"e-con-inner\">\n\t\t\t\t<div class=\"elementor-element elementor-element-69cc5f70 elementor-widget elementor-widget-heading\" data-id=\"69cc5f70\" data-element_type=\"widget\" data-e-type=\"widget\" data-widget_type=\"heading.default\">\n\t\t\t\t<div class=\"elementor-widget-container\">\n\t\t\t\t\t<div class=\"elementor-heading-title elementor-size-default\">BLOG DE BIMMER<\/div>\t\t\t\t<\/div>\n\t\t\t\t<\/div>\n\t\t\t\t<div class=\"elementor-element elementor-element-f708265 elementor-widget elementor-widget-heading\" data-id=\"f708265\" data-element_type=\"widget\" data-e-type=\"widget\" data-widget_type=\"heading.default\">\n\t\t\t\t<div class=\"elementor-widget-container\">\n\t\t\t\t\t<h1 class=\"elementor-heading-title elementor-size-default\">Novedades para leer<\/h1>\t\t\t\t<\/div>\n\t\t\t\t<\/div>\n\t\t\t\t<div class=\"elementor-element elementor-element-ecbc036 elementor-widget-divider--view-line elementor-widget elementor-widget-divider\" data-id=\"ecbc036\" data-element_type=\"widget\" data-e-type=\"widget\" data-widget_type=\"divider.default\">\n\t\t\t\t<div class=\"elementor-widget-container\">\n\t\t\t\t\t\t\t<div class=\"elementor-divider\">\n\t\t\t<span class=\"elementor-divider-separator\">\n\t\t\t\t\t\t<\/span>\n\t\t<\/div>\n\t\t\t\t\t\t<\/div>\n\t\t\t\t<\/div>\n\t\t\t\t<div class=\"elementor-element elementor-element-12eb06e elementor-widget__width-initial elementor-widget elementor-widget-text-editor\" data-id=\"12eb06e\" data-element_type=\"widget\" data-e-type=\"widget\" data-widget_type=\"text-editor.default\">\n\t\t\t\t<div class=\"elementor-widget-container\">\n\t\t\t\t\t\t\t\t\t<p>Gu\u00edas de montaje, comparativas y consejos de mantenimiento.<\/p>\t\t\t\t\t\t\t\t<\/div>\n\t\t\t\t<\/div>\n\t\t<div data-particle_enable=\"false\" data-particle-mobile-disabled=\"false\" class=\"elementor-element elementor-element-94601a2 e-con-full e-flex e-con e-child\" data-id=\"94601a2\" data-element_type=\"container\" data-e-type=\"container\">\n\t\t\t\t<div class=\"elementor-element elementor-element-4da8efd elementor-widget__width-auto elementor-widget elementor-widget-button\" data-id=\"4da8efd\" data-element_type=\"widget\" data-e-type=\"widget\" data-widget_type=\"button.default\">\n\t\t\t\t<div class=\"elementor-widget-container\">\n\t\t\t\t\t\t\t\t\t<div class=\"elementor-button-wrapper\">\n\t\t\t\t\t<a class=\"elementor-button elementor-button-link elementor-size-sm\" href=\"https:\/\/macote.fr\/es\/bimmer-blog\/\">\n\t\t\t\t\t\t<span class=\"elementor-button-content-wrapper\">\n\t\t\t\t\t\t\t\t\t<span class=\"elementor-button-text\">Leer el blog<\/span>\n\t\t\t\t\t<\/span>\n\t\t\t\t\t<\/a>\n\t\t\t\t<\/div>\n\t\t\t\t\t\t\t\t<\/div>\n\t\t\t\t<\/div>\n\t\t\t\t<\/div>\n\t\t\t\t\t<\/div>\n\t\t\t\t<\/div>\n\t\t<div data-particle_enable=\"false\" data-particle-mobile-disabled=\"false\" class=\"elementor-element elementor-element-6b94d024 e-flex e-con-boxed e-con e-parent\" data-id=\"6b94d024\" data-element_type=\"container\" data-e-type=\"container\" data-settings=\"{&quot;background_background&quot;:&quot;classic&quot;}\">\n\t\t\t\t\t<div class=\"e-con-inner\">\n\t\t\t\t<div class=\"elementor-element elementor-element-4791cf22 elementor-grid-3 elementor-grid-tablet-2 elementor-grid-mobile-1 elementor-posts--thumbnail-top elementor-widget elementor-widget-posts\" data-id=\"4791cf22\" data-element_type=\"widget\" data-e-type=\"widget\" data-settings=\"{&quot;classic_row_gap&quot;:{&quot;unit&quot;:&quot;px&quot;,&quot;size&quot;:24,&quot;sizes&quot;:[]},&quot;classic_columns&quot;:&quot;3&quot;,&quot;classic_columns_tablet&quot;:&quot;2&quot;,&quot;classic_columns_mobile&quot;:&quot;1&quot;,&quot;classic_row_gap_tablet&quot;:{&quot;unit&quot;:&quot;px&quot;,&quot;size&quot;:&quot;&quot;,&quot;sizes&quot;:[]},&quot;classic_row_gap_mobile&quot;:{&quot;unit&quot;:&quot;px&quot;,&quot;size&quot;:&quot;&quot;,&quot;sizes&quot;:[]}}\" data-widget_type=\"posts.classic\">\n\t\t\t\t<div class=\"elementor-widget-container\">\n\t\t\t\t\t\t\t<div class=\"elementor-posts-container elementor-posts elementor-posts--skin-classic elementor-grid\" role=\"list\">\r\n\t\t\t\t<article class=\"elementor-post elementor-grid-item post-8168 post type-post status-publish format-standard has-post-thumbnail hentry category-oem\" role=\"listitem\">\r\n\t\t\t\t<a class=\"elementor-post__thumbnail__link\" href=\"https:\/\/macote.fr\/es\/rejilla-protectora-inferior-de-la-parrilla-del-bmw-g87-m2-en-negro-brillante\/\" tabindex=\"-1\" >\r\n\t\t\t<div class=\"elementor-post__thumbnail\"><img loading=\"lazy\" decoding=\"async\" width=\"300\" height=\"234\" src=\"https:\/\/macote.fr\/wp-content\/uploads\/2026\/08\/grille-inferieure-protection-pare-chocs-m2-g87-300x234.png\" class=\"attachment-medium size-medium wp-image-8233\" alt=\"rejilla-inferior-protecci\u00f3n-parachoques-m2-g87\" srcset=\"https:\/\/macote.fr\/wp-content\/uploads\/2026\/08\/grille-inferieure-protection-pare-chocs-m2-g87-300x234.png 300w, https:\/\/macote.fr\/wp-content\/uploads\/2026\/08\/grille-inferieure-protection-pare-chocs-m2-g87-1024x800.png 1024w, https:\/\/macote.fr\/wp-content\/uploads\/2026\/08\/grille-inferieure-protection-pare-chocs-m2-g87-768x600.png 768w, https:\/\/macote.fr\/wp-content\/uploads\/2026\/08\/grille-inferieure-protection-pare-chocs-m2-g87-15x12.png 15w, https:\/\/macote.fr\/wp-content\/uploads\/2026\/08\/grille-inferieure-protection-pare-chocs-m2-g87-1200x937.png 1200w, https:\/\/macote.fr\/wp-content\/uploads\/2026\/08\/grille-inferieure-protection-pare-chocs-m2-g87.png 1419w\" sizes=\"(max-width: 300px) 100vw, 300px\" \/><\/div>\r\n\t\t<\/a>\r\n\t\t\t\t<div class=\"elementor-post__text\">\r\n\t\t\t\t<h3 class=\"elementor-post__title\">\r\n\t\t\t<a href=\"https:\/\/macote.fr\/es\/rejilla-protectora-inferior-de-la-parrilla-del-bmw-g87-m2-en-negro-brillante\/\" >\r\n\t\t\t\tRejilla protectora inferior del radiador BMW G87 M2 \u2013 Negro brillante\t\t\t<\/a>\r\n\t\t<\/h3>\r\n\t\t\t\t<div class=\"elementor-post__meta-data\">\r\n\t\t\t\t\t<span class=\"elementor-post-date\">\r\n\t\t\t31 de agosto de 2026\t\t<\/span>\r\n\t\t\t\t<\/div>\r\n\t\t\t\t<div class=\"elementor-post__excerpt\">\r\n\t\t\t<p>Tiempo de lectura: 5 min. Protege eficazmente la rejilla inferior de tu BMW G87 M2. En un<\/p>\n\t\t<\/div>\r\n\t\t\r\n\t\t<a class=\"elementor-post__read-more\" href=\"https:\/\/macote.fr\/es\/rejilla-protectora-inferior-de-la-parrilla-del-bmw-g87-m2-en-negro-brillante\/\" aria-label=\"M\u00e1s informaci\u00f3n sobre la rejilla protectora inferior del radiador para el BMW G87 M2 \u2013 Negro brillante\" tabindex=\"-1\" >\r\n\t\t\tLeer m\u00e1s \u00bb\t\t<\/a>\r\n\r\n\t\t\t\t<\/div>\r\n\t\t\t\t<\/article>\r\n\t\t\t\t<article class=\"elementor-post elementor-grid-item post-8131 post type-post status-publish format-standard has-post-thumbnail hentry category-oem\" role=\"listitem\">\r\n\t\t\t\t<a class=\"elementor-post__thumbnail__link\" href=\"https:\/\/macote.fr\/es\/placa-protectora-del-radiador-de-aceite-para-bmw-m2-g87-m3-g80-g81-m4-g82-y-g83\/\" tabindex=\"-1\" >\r\n\t\t\t<div class=\"elementor-post__thumbnail\"><img loading=\"lazy\" decoding=\"async\" width=\"300\" height=\"300\" src=\"https:\/\/macote.fr\/wp-content\/uploads\/2026\/08\/BMW-G87-M2-G80G81-M3-G82G83-M4-300x300.png\" class=\"attachment-medium size-medium wp-image-8158\" alt=\"BMW G87 M2 y G80\/G81 M3, G82\/G83 M4\" srcset=\"https:\/\/macote.fr\/wp-content\/uploads\/2026\/08\/BMW-G87-M2-G80G81-M3-G82G83-M4-300x300.png 300w, https:\/\/macote.fr\/wp-content\/uploads\/2026\/08\/BMW-G87-M2-G80G81-M3-G82G83-M4-1024x1024.png 1024w, https:\/\/macote.fr\/wp-content\/uploads\/2026\/08\/BMW-G87-M2-G80G81-M3-G82G83-M4-150x150.png 150w, https:\/\/macote.fr\/wp-content\/uploads\/2026\/08\/BMW-G87-M2-G80G81-M3-G82G83-M4-768x768.png 768w, https:\/\/macote.fr\/wp-content\/uploads\/2026\/08\/BMW-G87-M2-G80G81-M3-G82G83-M4-12x12.png 12w, https:\/\/macote.fr\/wp-content\/uploads\/2026\/08\/BMW-G87-M2-G80G81-M3-G82G83-M4-1200x1200.png 1200w, https:\/\/macote.fr\/wp-content\/uploads\/2026\/08\/BMW-G87-M2-G80G81-M3-G82G83-M4-200x200.png 200w, https:\/\/macote.fr\/wp-content\/uploads\/2026\/08\/BMW-G87-M2-G80G81-M3-G82G83-M4.png 1254w\" sizes=\"(max-width: 300px) 100vw, 300px\" \/><\/div>\r\n\t\t<\/a>\r\n\t\t\t\t<div class=\"elementor-post__text\">\r\n\t\t\t\t<h3 class=\"elementor-post__title\">\r\n\t\t\t<a href=\"https:\/\/macote.fr\/es\/placa-protectora-del-radiador-de-aceite-para-bmw-m2-g87-m3-g80-g81-m4-g82-y-g83\/\" >\r\n\t\t\t\tPlaca protectora del radiador de aceite para BMW M2 G87 \/ M3 G80 G81 \/ M4 G82 G83\t\t\t<\/a>\r\n\t\t<\/h3>\r\n\t\t\t\t<div class=\"elementor-post__meta-data\">\r\n\t\t\t\t\t<span class=\"elementor-post-date\">\r\n\t\t\t25 de agosto de 2026\t\t<\/span>\r\n\t\t\t\t<\/div>\r\n\t\t\t\t<div class=\"elementor-post__excerpt\">\r\n\t\t\t<p>Tiempo de lectura: 5 min. Protege eficazmente el radiador de aceite de tu BMW M. En un BMW<\/p>\n\t\t<\/div>\r\n\t\t\r\n\t\t<a class=\"elementor-post__read-more\" href=\"https:\/\/macote.fr\/es\/placa-protectora-del-radiador-de-aceite-para-bmw-m2-g87-m3-g80-g81-m4-g82-y-g83\/\" aria-label=\"M\u00e1s informaci\u00f3n sobre la placa protectora del radiador de aceite del BMW M2 G87 \/ M3 G80 G81 \/ M4 G82 G83\" tabindex=\"-1\" >\r\n\t\t\tLeer m\u00e1s \u00bb\t\t<\/a>\r\n\r\n\t\t\t\t<\/div>\r\n\t\t\t\t<\/article>\r\n\t\t\t\t<article class=\"elementor-post elementor-grid-item post-8120 post type-post status-publish format-standard has-post-thumbnail hentry category-oem\" role=\"listitem\">\r\n\t\t\t\t<a class=\"elementor-post__thumbnail__link\" href=\"https:\/\/macote.fr\/es\/rejilla-de-proteccion-del-guardabarros-delantero-para-bmw-g87-m2-g80-g81-m3-g82-g83-y-m4\/\" tabindex=\"-1\" >\r\n\t\t\t<div class=\"elementor-post__thumbnail\"><img loading=\"lazy\" decoding=\"async\" width=\"300\" height=\"300\" src=\"https:\/\/macote.fr\/wp-content\/uploads\/2026\/08\/grille-nid-abeille-bmw-m2-m3-m4-300x300.png\" class=\"attachment-medium size-medium wp-image-8125\" alt=\"Rejilla de panal de abeja para BMW M2, M3 y M4\" srcset=\"https:\/\/macote.fr\/wp-content\/uploads\/2026\/08\/grille-nid-abeille-bmw-m2-m3-m4-300x300.png 300w, https:\/\/macote.fr\/wp-content\/uploads\/2026\/08\/grille-nid-abeille-bmw-m2-m3-m4-1024x1024.png 1024w, https:\/\/macote.fr\/wp-content\/uploads\/2026\/08\/grille-nid-abeille-bmw-m2-m3-m4-150x150.png 150w, https:\/\/macote.fr\/wp-content\/uploads\/2026\/08\/grille-nid-abeille-bmw-m2-m3-m4-768x768.png 768w, https:\/\/macote.fr\/wp-content\/uploads\/2026\/08\/grille-nid-abeille-bmw-m2-m3-m4-12x12.png 12w, https:\/\/macote.fr\/wp-content\/uploads\/2026\/08\/grille-nid-abeille-bmw-m2-m3-m4-1200x1200.png 1200w, https:\/\/macote.fr\/wp-content\/uploads\/2026\/08\/grille-nid-abeille-bmw-m2-m3-m4-200x200.png 200w, https:\/\/macote.fr\/wp-content\/uploads\/2026\/08\/grille-nid-abeille-bmw-m2-m3-m4.png 1254w\" sizes=\"(max-width: 300px) 100vw, 300px\" \/><\/div>\r\n\t\t<\/a>\r\n\t\t\t\t<div class=\"elementor-post__text\">\r\n\t\t\t\t<h3 class=\"elementor-post__title\">\r\n\t\t\t<a href=\"https:\/\/macote.fr\/es\/rejilla-de-proteccion-del-guardabarros-delantero-para-bmw-g87-m2-g80-g81-m3-g82-g83-y-m4\/\" >\r\n\t\t\t\tRejilla protectora del guardabarros delantero del BMW M2 G87, M3 G80\/G81 y M4 G82\/G83: \u00bfpara qu\u00e9 sirve realmente?\t\t\t<\/a>\r\n\t\t<\/h3>\r\n\t\t\t\t<div class=\"elementor-post__meta-data\">\r\n\t\t\t\t\t<span class=\"elementor-post-date\">\r\n\t\t\t19 de agosto de 2026\t\t<\/span>\r\n\t\t\t\t<\/div>\r\n\t\t\t\t<div class=\"elementor-post__excerpt\">\r\n\t\t\t<p>Tiempo de lectura: 5 min. Una peque\u00f1a rejilla que desempe\u00f1a un papel importante en la circulaci\u00f3n del aire<\/p>\n\t\t<\/div>\r\n\t\t\r\n\t\t<a class=\"elementor-post__read-more\" href=\"https:\/\/macote.fr\/es\/rejilla-de-proteccion-del-guardabarros-delantero-para-bmw-g87-m2-g80-g81-m3-g82-g83-y-m4\/\" aria-label=\"M\u00e1s informaci\u00f3n sobre la rejilla protectora del guardabarros delantero del BMW M2 G87, M3 G80\/G81 y M4 G82\/G83: \u00bfpara qu\u00e9 sirve realmente?\" tabindex=\"-1\" >\r\n\t\t\tLeer m\u00e1s \u00bb\t\t<\/a>\r\n\r\n\t\t\t\t<\/div>\r\n\t\t\t\t<\/article>\r\n\t\t\t\t<article class=\"elementor-post elementor-grid-item post-8112 post type-post status-publish format-standard has-post-thumbnail hentry category-oem\" role=\"listitem\">\r\n\t\t\t\t<a class=\"elementor-post__thumbnail__link\" href=\"https:\/\/macote.fr\/es\/el-mejor-soporte-para-iphone-para-bmw-serie-3-m3-e90-e91-e92-y-e93\/\" tabindex=\"-1\" >\r\n\t\t\t<div class=\"elementor-post__thumbnail\"><img loading=\"lazy\" decoding=\"async\" width=\"300\" height=\"300\" src=\"https:\/\/macote.fr\/wp-content\/uploads\/2026\/08\/support-telephone-bmw-e90-fixation-oem-plus-installation-300x300.png\" class=\"attachment-medium size-medium wp-image-8101\" alt=\"Soporte para tel\u00e9fono BMW E90: fijaci\u00f3n OEM y montaje\" srcset=\"https:\/\/macote.fr\/wp-content\/uploads\/2026\/08\/support-telephone-bmw-e90-fixation-oem-plus-installation-300x300.png 300w, https:\/\/macote.fr\/wp-content\/uploads\/2026\/08\/support-telephone-bmw-e90-fixation-oem-plus-installation-1024x1024.png 1024w, https:\/\/macote.fr\/wp-content\/uploads\/2026\/08\/support-telephone-bmw-e90-fixation-oem-plus-installation-150x150.png 150w, https:\/\/macote.fr\/wp-content\/uploads\/2026\/08\/support-telephone-bmw-e90-fixation-oem-plus-installation-768x768.png 768w, https:\/\/macote.fr\/wp-content\/uploads\/2026\/08\/support-telephone-bmw-e90-fixation-oem-plus-installation-12x12.png 12w, https:\/\/macote.fr\/wp-content\/uploads\/2026\/08\/support-telephone-bmw-e90-fixation-oem-plus-installation-1200x1200.png 1200w, https:\/\/macote.fr\/wp-content\/uploads\/2026\/08\/support-telephone-bmw-e90-fixation-oem-plus-installation-200x200.png 200w, https:\/\/macote.fr\/wp-content\/uploads\/2026\/08\/support-telephone-bmw-e90-fixation-oem-plus-installation.png 1254w\" sizes=\"(max-width: 300px) 100vw, 300px\" \/><\/div>\r\n\t\t<\/a>\r\n\t\t\t\t<div class=\"elementor-post__text\">\r\n\t\t\t\t<h3 class=\"elementor-post__title\">\r\n\t\t\t<a href=\"https:\/\/macote.fr\/es\/el-mejor-soporte-para-iphone-para-bmw-serie-3-m3-e90-e91-e92-y-e93\/\" >\r\n\t\t\t\tEl mejor soporte para m\u00f3vil\/iPhone para los modelos BMW Serie 3 y M3 E90, E91, E92 y E93\t\t\t<\/a>\r\n\t\t<\/h3>\r\n\t\t\t\t<div class=\"elementor-post__meta-data\">\r\n\t\t\t\t\t<span class=\"elementor-post-date\">\r\n\t\t\t19 de agosto de 2026\t\t<\/span>\r\n\t\t\t\t<\/div>\r\n\t\t\t\t<div class=\"elementor-post__excerpt\">\r\n\t\t\t<p>\u00bfPor qu\u00e9 este soporte magn\u00e9tico OEM+ es la soluci\u00f3n ideal para tu BMW Serie 3 o M3? Encuentra un<\/p>\n\t\t<\/div>\r\n\t\t\r\n\t\t<a class=\"elementor-post__read-more\" href=\"https:\/\/macote.fr\/es\/el-mejor-soporte-para-iphone-para-bmw-serie-3-m3-e90-e91-e92-y-e93\/\" aria-label=\"M\u00e1s informaci\u00f3n sobre el mejor soporte para m\u00f3vil\/iPhone para los modelos BMW Serie 3 y M3 E90, E91, E92 y E93\" tabindex=\"-1\" >\r\n\t\t\tLeer m\u00e1s \u00bb\t\t<\/a>\r\n\r\n\t\t\t\t<\/div>\r\n\t\t\t\t<\/article>\r\n\t\t\t\t<article class=\"elementor-post elementor-grid-item post-8092 post type-post status-publish format-standard has-post-thumbnail hentry category-bmw-fibre-de-carbone\" role=\"listitem\">\r\n\t\t\t\t<a class=\"elementor-post__thumbnail__link\" href=\"https:\/\/macote.fr\/es\/carcasas-de-retrovisores-de-fibra-de-carbono-para-bmw-e90-e91-e92-m3-e90-y-e92\/\" tabindex=\"-1\" >\r\n\t\t\t<div class=\"elementor-post__thumbnail\"><img loading=\"lazy\" decoding=\"async\" width=\"300\" height=\"300\" src=\"https:\/\/macote.fr\/wp-content\/uploads\/2026\/08\/bmw_serie_3_e92_coques_retroviseurs_carbone_17-300x300.webp\" class=\"attachment-medium size-medium wp-image-8086\" alt=\"carcasas-de-retrovisores-de-fibra-de-carbono-bmw-e90-e91-e92\" srcset=\"https:\/\/macote.fr\/wp-content\/uploads\/2026\/08\/bmw_serie_3_e92_coques_retroviseurs_carbone_17-300x300.webp 300w, https:\/\/macote.fr\/wp-content\/uploads\/2026\/08\/bmw_serie_3_e92_coques_retroviseurs_carbone_17-150x150.webp 150w, https:\/\/macote.fr\/wp-content\/uploads\/2026\/08\/bmw_serie_3_e92_coques_retroviseurs_carbone_17-12x12.webp 12w, https:\/\/macote.fr\/wp-content\/uploads\/2026\/08\/bmw_serie_3_e92_coques_retroviseurs_carbone_17-200x200.webp 200w, https:\/\/macote.fr\/wp-content\/uploads\/2026\/08\/bmw_serie_3_e92_coques_retroviseurs_carbone_17.webp 675w\" sizes=\"(max-width: 300px) 100vw, 300px\" \/><\/div>\r\n\t\t<\/a>\r\n\t\t\t\t<div class=\"elementor-post__text\">\r\n\t\t\t\t<h3 class=\"elementor-post__title\">\r\n\t\t\t<a href=\"https:\/\/macote.fr\/es\/carcasas-de-retrovisores-de-fibra-de-carbono-para-bmw-e90-e91-e92-m3-e90-y-e92\/\" >\r\n\t\t\t\tCarcasas de retrovisores de fibra de carbono para BMW E90, E91, E92 y M3 E90, E92\t\t\t<\/a>\r\n\t\t<\/h3>\r\n\t\t\t\t<div class=\"elementor-post__meta-data\">\r\n\t\t\t\t\t<span class=\"elementor-post-date\">\r\n\t\t\t18 de agosto de 2026\t\t<\/span>\r\n\t\t\t\t<\/div>\r\n\t\t\t\t<div class=\"elementor-post__excerpt\">\r\n\t\t\t<p>Tiempo de lectura: 5 min. \u00bfTe parece que a tu BMW le falta personalidad o que sus retrovisores de serie no<\/p>\n\t\t<\/div>\r\n\t\t\r\n\t\t<a class=\"elementor-post__read-more\" href=\"https:\/\/macote.fr\/es\/carcasas-de-retrovisores-de-fibra-de-carbono-para-bmw-e90-e91-e92-m3-e90-y-e92\/\" aria-label=\"M\u00e1s informaci\u00f3n sobre las carcasas de los retrovisores de fibra de carbono para BMW E90, E91, E92 y M3 E90, E92\" tabindex=\"-1\" >\r\n\t\t\tLeer m\u00e1s \u00bb\t\t<\/a>\r\n\r\n\t\t\t\t<\/div>\r\n\t\t\t\t<\/article>\r\n\t\t\t\t<article class=\"elementor-post elementor-grid-item post-7949 post type-post status-publish format-standard has-post-thumbnail hentry category-bmw-fibre-de-carbone\" role=\"listitem\">\r\n\t\t\t\t<a class=\"elementor-post__thumbnail__link\" href=\"https:\/\/macote.fr\/es\/por-que-instalar-una-rejilla-delantera-de-fibra-de-carbono-en-tu-bmw-m3-e90-e92-o-bmw-serie-3-e92\/\" tabindex=\"-1\" >\r\n\t\t\t<div class=\"elementor-post__thumbnail\"><img loading=\"lazy\" decoding=\"async\" width=\"300\" height=\"300\" src=\"https:\/\/macote.fr\/wp-content\/uploads\/2026\/08\/Calandre-bmw-double-haricot-carbone-M3-E90-et-E92-300x300.png\" class=\"attachment-medium size-medium wp-image-7945\" alt=\"Rejilla delantera BMW con doble logotipo en carbono para M3 E90 y E92\" srcset=\"https:\/\/macote.fr\/wp-content\/uploads\/2026\/08\/Calandre-bmw-double-haricot-carbone-M3-E90-et-E92-300x300.png 300w, https:\/\/macote.fr\/wp-content\/uploads\/2026\/08\/Calandre-bmw-double-haricot-carbone-M3-E90-et-E92-1024x1024.png 1024w, https:\/\/macote.fr\/wp-content\/uploads\/2026\/08\/Calandre-bmw-double-haricot-carbone-M3-E90-et-E92-150x150.png 150w, https:\/\/macote.fr\/wp-content\/uploads\/2026\/08\/Calandre-bmw-double-haricot-carbone-M3-E90-et-E92-768x768.png 768w, https:\/\/macote.fr\/wp-content\/uploads\/2026\/08\/Calandre-bmw-double-haricot-carbone-M3-E90-et-E92-12x12.png 12w, https:\/\/macote.fr\/wp-content\/uploads\/2026\/08\/Calandre-bmw-double-haricot-carbone-M3-E90-et-E92-1200x1200.png 1200w, https:\/\/macote.fr\/wp-content\/uploads\/2026\/08\/Calandre-bmw-double-haricot-carbone-M3-E90-et-E92-200x200.png 200w, https:\/\/macote.fr\/wp-content\/uploads\/2026\/08\/Calandre-bmw-double-haricot-carbone-M3-E90-et-E92.png 1254w\" sizes=\"(max-width: 300px) 100vw, 300px\" \/><\/div>\r\n\t\t<\/a>\r\n\t\t\t\t<div class=\"elementor-post__text\">\r\n\t\t\t\t<h3 class=\"elementor-post__title\">\r\n\t\t\t<a href=\"https:\/\/macote.fr\/es\/por-que-instalar-una-rejilla-delantera-de-fibra-de-carbono-en-tu-bmw-m3-e90-e92-o-bmw-serie-3-e92\/\" >\r\n\t\t\t\t\u00bfPor qu\u00e9 instalar una rejilla delantera de fibra de carbono en tu BMW M3 E90 E92 o en tu BMW Serie 3 E92?\t\t\t<\/a>\r\n\t\t<\/h3>\r\n\t\t\t\t<div class=\"elementor-post__meta-data\">\r\n\t\t\t\t\t<span class=\"elementor-post-date\">\r\n\t\t\t11 de agosto de 2026\t\t<\/span>\r\n\t\t\t\t<\/div>\r\n\t\t\t\t<div class=\"elementor-post__excerpt\">\r\n\t\t\t<p>Tiempo de lectura: 5 min. \u00bfTe parece que la parte delantera de tu BMW carece de personalidad o que<\/p>\n\t\t<\/div>\r\n\t\t\r\n\t\t<a class=\"elementor-post__read-more\" href=\"https:\/\/macote.fr\/es\/por-que-instalar-una-rejilla-delantera-de-fibra-de-carbono-en-tu-bmw-m3-e90-e92-o-bmw-serie-3-e92\/\" aria-label=\"M\u00e1s informaci\u00f3n sobre \u00ab\u00bfPor qu\u00e9 instalar una rejilla delantera de fibra de carbono en tu BMW M3 E90 E92 o BMW Serie 3 E92?\u00bb.\" tabindex=\"-1\" >\r\n\t\t\tLeer m\u00e1s \u00bb\t\t<\/a>\r\n\r\n\t\t\t\t<\/div>\r\n\t\t\t\t<\/article>\r\n\t\t\t\t<\/div>\r\n\t\t\r\n\t\t\t\t\t\t<\/div>\n\t\t\t\t<\/div>\n\t\t\t\t<div class=\"elementor-element elementor-element-39378d13 elementor-align-center elementor-widget elementor-widget-button\" data-id=\"39378d13\" data-element_type=\"widget\" data-e-type=\"widget\" data-widget_type=\"button.default\">\n\t\t\t\t<div class=\"elementor-widget-container\">\n\t\t\t\t\t\t\t\t\t<div class=\"elementor-button-wrapper\">\n\t\t\t\t\t<a class=\"elementor-button elementor-button-link elementor-size-sm\" href=\"https:\/\/macote.fr\/es\/bimmer-blog\/\">\n\t\t\t\t\t\t<span class=\"elementor-button-content-wrapper\">\n\t\t\t\t\t\t\t\t\t<span class=\"elementor-button-text\">Todos los art\u00edculos<\/span>\n\t\t\t\t\t<\/span>\n\t\t\t\t\t<\/a>\n\t\t\t\t<\/div>\n\t\t\t\t\t\t\t\t<\/div>\n\t\t\t\t<\/div>\n\t\t\t\t\t<\/div>\n\t\t\t\t<\/div>\n\t\t\t\t<\/div>","protected":false},"excerpt":{"rendered":"<p>ARRIV\u00c9ES R\u00c9CENTES Nouveaut\u00e9s Tout ce qui vient d&rsquo;arriver dans l&rsquo;atelier MaCote : fibre de carbone, \u00e9clairage signature, pi\u00e8ces OEM+ et accessoires du quotidien pour votre BMW. Voir les produits Lire le blog Tout \u00c9clairage Carbone Performance Int\u00e9rieur TOUTES CAT\u00c9GORIES Derni\u00e8res arriv\u00e9es Les derniers produits ajout\u00e9s \u00e0 la boutique, du plus r\u00e9cent au plus ancien. Toute [&hellip;]<\/p>\n","protected":false},"author":1,"featured_media":0,"parent":0,"menu_order":5,"comment_status":"closed","ping_status":"closed","template":"elementor_header_footer","meta":{"_eb_attr":"","footnotes":"","_members_access_role":[],"_members_access_error":""},"class_list":["post-7984","page","type-page","status-publish","hentry"],"blocksy_meta":{"styles_descriptor":{"styles":{"desktop":"","tablet":"","mobile":""},"google_fonts":[],"version":7}},"yoast_head":"<!-- This site is optimized with the Yoast SEO Premium plugin v20.7 (Yoast SEO v28.4) - https:\/\/yoast.com\/product\/yoast-seo-premium-wordpress\/ -->\n<title>Nouveaut\u00e9s - MaCote.fr<\/title>\n<meta name=\"robots\" content=\"index, follow, max-snippet:-1, max-image-preview:large, max-video-preview:-1\" \/>\n<link rel=\"canonical\" href=\"https:\/\/macote.fr\/es\/novedades\/\" \/>\n<meta property=\"og:locale\" content=\"es_ES\" \/>\n<meta property=\"og:type\" content=\"article\" \/>\n<meta property=\"og:title\" content=\"Nouveaut\u00e9s\" \/>\n<meta property=\"og:description\" content=\"ARRIV\u00c9ES R\u00c9CENTES Nouveaut\u00e9s Tout ce qui vient d&rsquo;arriver dans l&rsquo;atelier MaCote : fibre de carbone, \u00e9clairage signature, pi\u00e8ces OEM+ et accessoires du quotidien pour votre BMW. Voir les produits Lire le blog Tout \u00c9clairage Carbone Performance Int\u00e9rieur TOUTES CAT\u00c9GORIES Derni\u00e8res arriv\u00e9es Les derniers produits ajout\u00e9s \u00e0 la boutique, du plus r\u00e9cent au plus ancien. Toute [&hellip;]\" \/>\n<meta property=\"og:url\" content=\"https:\/\/macote.fr\/es\/novedades\/\" \/>\n<meta property=\"og:site_name\" content=\"MaCote.fr\" \/>\n<meta property=\"article:publisher\" content=\"https:\/\/www.facebook.com\/profile.php?id=100091476586119\" \/>\n<meta property=\"article:modified_time\" content=\"2026-08-12T09:47:22+00:00\" \/>\n<meta property=\"og:image\" content=\"https:\/\/macote.fr\/wp-content\/uploads\/2025\/11\/S1395f4e955c54bc18c0bed2b1df9a5d21.jpg\" \/>\n<meta name=\"twitter:card\" content=\"summary_large_image\" \/>\n<meta name=\"twitter:label1\" content=\"Tiempo de lectura\" \/>\n\t<meta name=\"twitter:data1\" content=\"52 minutos\" \/>\n<script type=\"application\/ld+json\" class=\"yoast-schema-graph\">{\"@context\":\"https:\\\/\\\/schema.org\",\"@graph\":[{\"@type\":\"WebPage\",\"@id\":\"https:\\\/\\\/macote.fr\\\/nouveautes\\\/\",\"url\":\"https:\\\/\\\/macote.fr\\\/nouveautes\\\/\",\"name\":\"Nouveaut\u00e9s - MaCote.fr\",\"isPartOf\":{\"@id\":\"https:\\\/\\\/macote.fr\\\/#website\"},\"primaryImageOfPage\":{\"@id\":\"https:\\\/\\\/macote.fr\\\/nouveautes\\\/#primaryimage\"},\"image\":{\"@id\":\"https:\\\/\\\/macote.fr\\\/nouveautes\\\/#primaryimage\"},\"thumbnailUrl\":\"https:\\\/\\\/macote.fr\\\/wp-content\\\/uploads\\\/2025\\\/11\\\/S1395f4e955c54bc18c0bed2b1df9a5d21.jpg\",\"datePublished\":\"2026-08-11T19:48:54+00:00\",\"dateModified\":\"2026-08-12T09:47:22+00:00\",\"breadcrumb\":{\"@id\":\"https:\\\/\\\/macote.fr\\\/nouveautes\\\/#breadcrumb\"},\"inLanguage\":\"es\",\"potentialAction\":[{\"@type\":\"ReadAction\",\"target\":[\"https:\\\/\\\/macote.fr\\\/nouveautes\\\/\"]}]},{\"@type\":\"ImageObject\",\"inLanguage\":\"es\",\"@id\":\"https:\\\/\\\/macote.fr\\\/nouveautes\\\/#primaryimage\",\"url\":\"https:\\\/\\\/macote.fr\\\/wp-content\\\/uploads\\\/2025\\\/11\\\/S1395f4e955c54bc18c0bed2b1df9a5d21.jpg\",\"contentUrl\":\"https:\\\/\\\/macote.fr\\\/wp-content\\\/uploads\\\/2025\\\/11\\\/S1395f4e955c54bc18c0bed2b1df9a5d21.jpg\"},{\"@type\":\"BreadcrumbList\",\"@id\":\"https:\\\/\\\/macote.fr\\\/nouveautes\\\/#breadcrumb\",\"itemListElement\":[{\"@type\":\"ListItem\",\"position\":1,\"name\":\"Accueil\",\"item\":\"https:\\\/\\\/macote.fr\\\/\"},{\"@type\":\"ListItem\",\"position\":2,\"name\":\"Nouveaut\u00e9s\"}]},{\"@type\":\"WebSite\",\"@id\":\"https:\\\/\\\/macote.fr\\\/#website\",\"url\":\"https:\\\/\\\/macote.fr\\\/\",\"name\":\"MaCote.fr\",\"description\":\"BMW best accessories\",\"publisher\":{\"@id\":\"https:\\\/\\\/macote.fr\\\/#organization\"},\"alternateName\":\"BMW tuning\",\"potentialAction\":[{\"@type\":\"SearchAction\",\"target\":{\"@type\":\"EntryPoint\",\"urlTemplate\":\"https:\\\/\\\/macote.fr\\\/?s={search_term_string}\"},\"query-input\":{\"@type\":\"PropertyValueSpecification\",\"valueRequired\":true,\"valueName\":\"search_term_string\"}}],\"inLanguage\":\"es\"},{\"@type\":\"Organization\",\"@id\":\"https:\\\/\\\/macote.fr\\\/#organization\",\"name\":\"Macote.fr\",\"alternateName\":\"BMW tuning\",\"url\":\"https:\\\/\\\/macote.fr\\\/\",\"logo\":{\"@type\":\"ImageObject\",\"inLanguage\":\"es\",\"@id\":\"https:\\\/\\\/macote.fr\\\/#\\\/schema\\\/logo\\\/image\\\/\",\"url\":\"https:\\\/\\\/macote.fr\\\/wp-content\\\/uploads\\\/2023\\\/11\\\/LOGO-macote.fr-dessin-bmw-noir-copy.jpg\",\"contentUrl\":\"https:\\\/\\\/macote.fr\\\/wp-content\\\/uploads\\\/2023\\\/11\\\/LOGO-macote.fr-dessin-bmw-noir-copy.jpg\",\"width\":732,\"height\":456,\"caption\":\"Macote.fr\"},\"image\":{\"@id\":\"https:\\\/\\\/macote.fr\\\/#\\\/schema\\\/logo\\\/image\\\/\"},\"sameAs\":[\"https:\\\/\\\/www.facebook.com\\\/profile.php?id=100091476586119\",\"https:\\\/\\\/www.youtube.com\\\/channel\\\/UCgO-YTbaxYO-w_C5GfL-_1w\",\"https:\\\/\\\/www.tiktok.com\\\/@macote.fr?is_from_webapp=1&sender_device=pc\",\"https:\\\/\\\/www.instagram.com\\\/i_xila_i\\\/\"]}]}<\/script>\n<!-- \/ Yoast SEO Premium plugin. -->","yoast_head_json":{"title":"Novedades - MaCote.fr","robots":{"index":"index","follow":"follow","max-snippet":"max-snippet:-1","max-image-preview":"max-image-preview:large","max-video-preview":"max-video-preview:-1"},"canonical":"https:\/\/macote.fr\/es\/novedades\/","og_locale":"es_ES","og_type":"article","og_title":"Nouveaut\u00e9s","og_description":"ARRIV\u00c9ES R\u00c9CENTES Nouveaut\u00e9s Tout ce qui vient d&rsquo;arriver dans l&rsquo;atelier MaCote : fibre de carbone, \u00e9clairage signature, pi\u00e8ces OEM+ et accessoires du quotidien pour votre BMW. Voir les produits Lire le blog Tout \u00c9clairage Carbone Performance Int\u00e9rieur TOUTES CAT\u00c9GORIES Derni\u00e8res arriv\u00e9es Les derniers produits ajout\u00e9s \u00e0 la boutique, du plus r\u00e9cent au plus ancien. Toute [&hellip;]","og_url":"https:\/\/macote.fr\/es\/novedades\/","og_site_name":"MaCote.fr","article_publisher":"https:\/\/www.facebook.com\/profile.php?id=100091476586119","article_modified_time":"2026-08-12T09:47:22+00:00","og_image":[{"url":"https:\/\/macote.fr\/wp-content\/uploads\/2025\/11\/S1395f4e955c54bc18c0bed2b1df9a5d21.jpg","type":"","width":"","height":""}],"twitter_card":"summary_large_image","twitter_misc":{"Tiempo de lectura":"52 minutos"},"schema":{"@context":"https:\/\/schema.org","@graph":[{"@type":"WebPage","@id":"https:\/\/macote.fr\/nouveautes\/","url":"https:\/\/macote.fr\/nouveautes\/","name":"Novedades - MaCote.fr","isPartOf":{"@id":"https:\/\/macote.fr\/#website"},"primaryImageOfPage":{"@id":"https:\/\/macote.fr\/nouveautes\/#primaryimage"},"image":{"@id":"https:\/\/macote.fr\/nouveautes\/#primaryimage"},"thumbnailUrl":"https:\/\/macote.fr\/wp-content\/uploads\/2025\/11\/S1395f4e955c54bc18c0bed2b1df9a5d21.jpg","datePublished":"2026-08-11T19:48:54+00:00","dateModified":"2026-08-12T09:47:22+00:00","breadcrumb":{"@id":"https:\/\/macote.fr\/nouveautes\/#breadcrumb"},"inLanguage":"es","potentialAction":[{"@type":"ReadAction","target":["https:\/\/macote.fr\/nouveautes\/"]}]},{"@type":"ImageObject","inLanguage":"es","@id":"https:\/\/macote.fr\/nouveautes\/#primaryimage","url":"https:\/\/macote.fr\/wp-content\/uploads\/2025\/11\/S1395f4e955c54bc18c0bed2b1df9a5d21.jpg","contentUrl":"https:\/\/macote.fr\/wp-content\/uploads\/2025\/11\/S1395f4e955c54bc18c0bed2b1df9a5d21.jpg"},{"@type":"BreadcrumbList","@id":"https:\/\/macote.fr\/nouveautes\/#breadcrumb","itemListElement":[{"@type":"ListItem","position":1,"name":"Accueil","item":"https:\/\/macote.fr\/"},{"@type":"ListItem","position":2,"name":"Nouveaut\u00e9s"}]},{"@type":"WebSite","@id":"https:\/\/macote.fr\/#website","url":"https:\/\/macote.fr\/","name":"MyQuote.com","description":"Los mejores accesorios BMW","publisher":{"@id":"https:\/\/macote.fr\/#organization"},"alternateName":"BMW tuning","potentialAction":[{"@type":"SearchAction","target":{"@type":"EntryPoint","urlTemplate":"https:\/\/macote.fr\/?s={search_term_string}"},"query-input":{"@type":"PropertyValueSpecification","valueRequired":true,"valueName":"search_term_string"}}],"inLanguage":"es"},{"@type":"Organization","@id":"https:\/\/macote.fr\/#organization","name":"Macote.es","alternateName":"BMW tuning","url":"https:\/\/macote.fr\/","logo":{"@type":"ImageObject","inLanguage":"es","@id":"https:\/\/macote.fr\/#\/schema\/logo\/image\/","url":"https:\/\/macote.fr\/wp-content\/uploads\/2023\/11\/LOGO-macote.fr-dessin-bmw-noir-copy.jpg","contentUrl":"https:\/\/macote.fr\/wp-content\/uploads\/2023\/11\/LOGO-macote.fr-dessin-bmw-noir-copy.jpg","width":732,"height":456,"caption":"Macote.fr"},"image":{"@id":"https:\/\/macote.fr\/#\/schema\/logo\/image\/"},"sameAs":["https:\/\/www.facebook.com\/profile.php?id=100091476586119","https:\/\/www.youtube.com\/channel\/UCgO-YTbaxYO-w_C5GfL-_1w","https:\/\/www.tiktok.com\/@macote.fr?is_from_webapp=1&sender_device=pc","https:\/\/www.instagram.com\/i_xila_i\/"]}]}},"_links":{"self":[{"href":"https:\/\/macote.fr\/es\/wp-json\/wp\/v2\/pages\/7984","targetHints":{"allow":["GET"]}}],"collection":[{"href":"https:\/\/macote.fr\/es\/wp-json\/wp\/v2\/pages"}],"about":[{"href":"https:\/\/macote.fr\/es\/wp-json\/wp\/v2\/types\/page"}],"author":[{"embeddable":true,"href":"https:\/\/macote.fr\/es\/wp-json\/wp\/v2\/users\/1"}],"replies":[{"embeddable":true,"href":"https:\/\/macote.fr\/es\/wp-json\/wp\/v2\/comments?post=7984"}],"version-history":[{"count":31,"href":"https:\/\/macote.fr\/es\/wp-json\/wp\/v2\/pages\/7984\/revisions"}],"predecessor-version":[{"id":8050,"href":"https:\/\/macote.fr\/es\/wp-json\/wp\/v2\/pages\/7984\/revisions\/8050"}],"wp:attachment":[{"href":"https:\/\/macote.fr\/es\/wp-json\/wp\/v2\/media?parent=7984"}],"curies":[{"name":"wp","href":"https:\/\/api.w.org\/{rel}","templated":true}]}}