{"id":1194,"date":"2022-12-02T14:30:54","date_gmt":"2022-12-02T13:30:54","guid":{"rendered":"https:\/\/macote.fr\/?post_type=product&#038;p=1194"},"modified":"2025-01-26T19:40:18","modified_gmt":"2025-01-26T18:40:18","slug":"cap-petrol-fibre-carbon-bmw","status":"publish","type":"product","link":"https:\/\/macote.fr\/es\/producto\/cap-petrol-fibre-carbon-bmw\/","title":{"rendered":"Tapa del dep\u00f3sito de combustible de fibra de carbono BMW"},"content":{"rendered":"<h1 style=\"text-align: center;\"><strong>Tapa del dep\u00f3sito de combustible de fibra de carbono para BMW<\/strong><\/h1>\n<p>\u00bfCansado de abrir la tapa de pl\u00e1stico del dep\u00f3sito? Tenemos la soluci\u00f3n para ti con nuestro tap\u00f3n del dep\u00f3sito de combustible de fibra de carbono, que te da ese aspecto premium incluso durante la ingrata tarea de llenar el dep\u00f3sito.<\/p>\n<p>A\u00f1ada un toque de elegancia y rendimiento a su BMW con nuestros <strong>tap\u00f3n del dep\u00f3sito de fibra de carbono<\/strong>. Dise\u00f1ado para adaptarse a todos los modelos BMW, este tap\u00f3n combina un dise\u00f1o refinado con una durabilidad excepcional para dar a sus proyectos un aspecto acabado.<\/p>\n<p><strong>Caracter\u00edsticas principales:<\/strong><\/p>\n<ul>\n<li><strong>Ajuste perfecto<\/strong> Compatible con todos los modelos BMW para una instalaci\u00f3n sin esfuerzo.<\/li>\n<li><strong>Dos opciones de material<\/strong> Disponible en <strong>fibra de carbono cl\u00e1sica<\/strong> o en <strong>fibra de carbono forjada<\/strong>para reflejar su estilo \u00fanico.<\/li>\n<li><strong>Ligero y duradero<\/strong> Fabricado en fibra de carbono de alta precisi\u00f3n, garantiza robustez y ligereza.<\/li>\n<li><strong>Acabado de lujo<\/strong> Un acabado de alto brillo que a\u00f1ade un toque de sofisticaci\u00f3n y realza el aspecto de su BMW.<\/li>\n<li><strong>Rendimiento optimizado<\/strong> Dise\u00f1ado para garantizar un sellado perfecto y mantener la eficiencia del combustible, al tiempo que ofrece un aspecto deportivo.<\/li>\n<\/ul>\n<p>Dale a tu BMW un toque de estilo con este <strong>tap\u00f3n del dep\u00f3sito de fibra de carbono<\/strong>. Ya sea para uso diario o para brillar en las exposiciones, esta gorra combina estilo, calidad y precisi\u00f3n para realzar su veh\u00edculo.<\/p>","protected":false},"excerpt":{"rendered":"<p>Bouchon de R\u00e9servoir d&rsquo;essence\u00a0en Fibre de Carbone pour BMW Vous en avez marre d&rsquo;ouvrir votre trappe \u00e0 essence en plastique ? Nous avons la solution pour vous avec notre bouchon de r\u00e9servoir d&rsquo;essence en fibre de carbone qui vous donne cet aspect premium m\u00eame lors de la tache ingrate de remplir son r\u00e9servoir. Apportez une [&hellip;]<\/p>\n","protected":false},"featured_media":1195,"comment_status":"open","ping_status":"closed","template":"","meta":{"_eb_attr":""},"product_brand":[],"product_cat":[263,262,67],"product_tag":[],"class_list":{"0":"post-1194","1":"product","2":"type-product","3":"status-publish","4":"has-post-thumbnail","6":"product_cat-bmw-accessoires-fibre-de-carbone","7":"product_cat-bmw-accessoires-universels","8":"product_cat-modification-exterieur-vehicule","10":"first","11":"instock","12":"taxable","13":"shipping-taxable","14":"purchasable","15":"product-type-variable"},"yoast_head":"<!-- This site is optimized with the Yoast SEO Premium plugin v20.7 (Yoast SEO v27.5) - https:\/\/yoast.com\/product\/yoast-seo-premium-wordpress\/ -->\n<title>Bouchon de r\u00e9servoir d&#039;essence en fibre de carbone BMW - MaCote.fr<\/title>\n<meta name=\"description\" content=\"retrouvez notre Bouchon de r\u00e9servoir d&#039;essence en fibre de carbone adapt\u00e9 \u00e0 toutes les BMW, elle donne un style luxueux \u00e0 votre BMW et un aspect fini \u00e0 votre projet !\" \/>\n<meta name=\"robots\" content=\"index, follow, max-snippet:-1, max-image-preview:large, max-video-preview:-1\" \/>\n<link rel=\"canonical\" href=\"https:\/\/macote.fr\/es\/producto\/cap-petrol-fibre-carbon-bmw\/\" \/>\n<meta property=\"og:locale\" content=\"es_ES\" \/>\n<meta property=\"og:type\" content=\"article\" \/>\n<meta property=\"og:title\" content=\"Bouchon de r\u00e9servoir d&#039;essence en fibre de carbone BMW\" \/>\n<meta property=\"og:description\" content=\"retrouvez notre Bouchon de r\u00e9servoir d&#039;essence en fibre de carbone adapt\u00e9 \u00e0 toutes les BMW, elle donne un style luxueux \u00e0 votre BMW et un aspect fini \u00e0 votre projet !\" \/>\n<meta property=\"og:url\" content=\"https:\/\/macote.fr\/es\/producto\/cap-petrol-fibre-carbon-bmw\/\" \/>\n<meta property=\"og:site_name\" content=\"MaCote.fr\" \/>\n<meta property=\"article:publisher\" content=\"https:\/\/www.facebook.com\/profile.php?id=100091476586119\" \/>\n<meta property=\"article:modified_time\" content=\"2025-01-26T18:40:18+00:00\" \/>\n<meta property=\"og:image\" content=\"https:\/\/macote.fr\/wp-content\/uploads\/2022\/12\/Bouchon-trape-a-essence-en-fibre-de-Carbone-BMW.webp\" \/>\n\t<meta property=\"og:image:width\" content=\"750\" \/>\n\t<meta property=\"og:image:height\" content=\"1000\" \/>\n\t<meta property=\"og:image:type\" content=\"image\/webp\" \/>\n<meta name=\"twitter:card\" content=\"summary_large_image\" \/>\n<meta name=\"twitter:label1\" content=\"Tiempo de lectura\" \/>\n\t<meta name=\"twitter:data1\" content=\"2 minutos\" \/>\n<script type=\"application\/ld+json\" class=\"yoast-schema-graph\">{\"@context\":\"https:\\\/\\\/schema.org\",\"@graph\":[{\"@type\":\"WebPage\",\"@id\":\"https:\\\/\\\/macote.fr\\\/produit\\\/bouchon-essence-fibre-carbone-bmw\\\/\",\"url\":\"https:\\\/\\\/macote.fr\\\/produit\\\/bouchon-essence-fibre-carbone-bmw\\\/\",\"name\":\"Bouchon de r\u00e9servoir d'essence en fibre de carbone BMW - MaCote.fr\",\"isPartOf\":{\"@id\":\"https:\\\/\\\/macote.fr\\\/#website\"},\"primaryImageOfPage\":{\"@id\":\"https:\\\/\\\/macote.fr\\\/produit\\\/bouchon-essence-fibre-carbone-bmw\\\/#primaryimage\"},\"image\":{\"@id\":\"https:\\\/\\\/macote.fr\\\/produit\\\/bouchon-essence-fibre-carbone-bmw\\\/#primaryimage\"},\"thumbnailUrl\":\"https:\\\/\\\/macote.fr\\\/wp-content\\\/uploads\\\/2022\\\/12\\\/Bouchon-trape-a-essence-en-fibre-de-Carbone-BMW.webp\",\"datePublished\":\"2022-12-02T13:30:54+00:00\",\"dateModified\":\"2025-01-26T18:40:18+00:00\",\"description\":\"retrouvez notre Bouchon de r\u00e9servoir d'essence en fibre de carbone adapt\u00e9 \u00e0 toutes les BMW, elle donne un style luxueux \u00e0 votre BMW et un aspect fini \u00e0 votre projet !\",\"breadcrumb\":{\"@id\":\"https:\\\/\\\/macote.fr\\\/produit\\\/bouchon-essence-fibre-carbone-bmw\\\/#breadcrumb\"},\"inLanguage\":\"es\",\"potentialAction\":[{\"@type\":\"ReadAction\",\"target\":[\"https:\\\/\\\/macote.fr\\\/produit\\\/bouchon-essence-fibre-carbone-bmw\\\/\"]}]},{\"@type\":\"ImageObject\",\"inLanguage\":\"es\",\"@id\":\"https:\\\/\\\/macote.fr\\\/produit\\\/bouchon-essence-fibre-carbone-bmw\\\/#primaryimage\",\"url\":\"https:\\\/\\\/macote.fr\\\/wp-content\\\/uploads\\\/2022\\\/12\\\/Bouchon-trape-a-essence-en-fibre-de-Carbone-BMW.webp\",\"contentUrl\":\"https:\\\/\\\/macote.fr\\\/wp-content\\\/uploads\\\/2022\\\/12\\\/Bouchon-trape-a-essence-en-fibre-de-Carbone-BMW.webp\",\"width\":750,\"height\":1000,\"caption\":\"Bouchon trape \u00e0 essence en fibre de Carbone BMW\"},{\"@type\":\"BreadcrumbList\",\"@id\":\"https:\\\/\\\/macote.fr\\\/produit\\\/bouchon-essence-fibre-carbone-bmw\\\/#breadcrumb\",\"itemListElement\":[{\"@type\":\"ListItem\",\"position\":1,\"name\":\"Accueil\",\"item\":\"https:\\\/\\\/macote.fr\\\/\"},{\"@type\":\"ListItem\",\"position\":2,\"name\":\"Boutique\",\"item\":\"https:\\\/\\\/macote.fr\\\/boutique\\\/\"},{\"@type\":\"ListItem\",\"position\":3,\"name\":\"Bouchon de r\u00e9servoir d&rsquo;essence en fibre de carbone BMW\"}]},{\"@type\":\"WebSite\",\"@id\":\"https:\\\/\\\/macote.fr\\\/#website\",\"url\":\"https:\\\/\\\/macote.fr\\\/\",\"name\":\"MaCote.fr\",\"description\":\"BMW best accessories\",\"publisher\":{\"@id\":\"https:\\\/\\\/macote.fr\\\/#organization\"},\"alternateName\":\"BMW tuning\",\"potentialAction\":[{\"@type\":\"SearchAction\",\"target\":{\"@type\":\"EntryPoint\",\"urlTemplate\":\"https:\\\/\\\/macote.fr\\\/?s={search_term_string}\"},\"query-input\":{\"@type\":\"PropertyValueSpecification\",\"valueRequired\":true,\"valueName\":\"search_term_string\"}}],\"inLanguage\":\"es\"},{\"@type\":\"Organization\",\"@id\":\"https:\\\/\\\/macote.fr\\\/#organization\",\"name\":\"Macote.fr\",\"alternateName\":\"BMW tuning\",\"url\":\"https:\\\/\\\/macote.fr\\\/\",\"logo\":{\"@type\":\"ImageObject\",\"inLanguage\":\"es\",\"@id\":\"https:\\\/\\\/macote.fr\\\/#\\\/schema\\\/logo\\\/image\\\/\",\"url\":\"https:\\\/\\\/macote.fr\\\/wp-content\\\/uploads\\\/2023\\\/11\\\/LOGO-macote.fr-dessin-bmw-noir-copy.jpg\",\"contentUrl\":\"https:\\\/\\\/macote.fr\\\/wp-content\\\/uploads\\\/2023\\\/11\\\/LOGO-macote.fr-dessin-bmw-noir-copy.jpg\",\"width\":732,\"height\":456,\"caption\":\"Macote.fr\"},\"image\":{\"@id\":\"https:\\\/\\\/macote.fr\\\/#\\\/schema\\\/logo\\\/image\\\/\"},\"sameAs\":[\"https:\\\/\\\/www.facebook.com\\\/profile.php?id=100091476586119\",\"https:\\\/\\\/www.youtube.com\\\/channel\\\/UCgO-YTbaxYO-w_C5GfL-_1w\",\"https:\\\/\\\/www.tiktok.com\\\/@macote.fr?is_from_webapp=1&sender_device=pc\",\"https:\\\/\\\/www.instagram.com\\\/i_xila_i\\\/\"]}]}<\/script>\n<!-- \/ Yoast SEO Premium plugin. -->","yoast_head_json":{"title":"Tap\u00f3n de fibra de carbono BMW - MaCote.fr","description":"Encuentre nuestro tap\u00f3n de fibra de carbono para el dep\u00f3sito de combustible, apto para todos los BMW, que aporta un estilo lujoso a su BMW y un aspecto acabado a su proyecto.","robots":{"index":"index","follow":"follow","max-snippet":"max-snippet:-1","max-image-preview":"max-image-preview:large","max-video-preview":"max-video-preview:-1"},"canonical":"https:\/\/macote.fr\/es\/producto\/cap-petrol-fibre-carbon-bmw\/","og_locale":"es_ES","og_type":"article","og_title":"Bouchon de r\u00e9servoir d'essence en fibre de carbone BMW","og_description":"retrouvez notre Bouchon de r\u00e9servoir d'essence en fibre de carbone adapt\u00e9 \u00e0 toutes les BMW, elle donne un style luxueux \u00e0 votre BMW et un aspect fini \u00e0 votre projet !","og_url":"https:\/\/macote.fr\/es\/producto\/cap-petrol-fibre-carbon-bmw\/","og_site_name":"MaCote.fr","article_publisher":"https:\/\/www.facebook.com\/profile.php?id=100091476586119","article_modified_time":"2025-01-26T18:40:18+00:00","og_image":[{"width":750,"height":1000,"url":"https:\/\/macote.fr\/wp-content\/uploads\/2022\/12\/Bouchon-trape-a-essence-en-fibre-de-Carbone-BMW.webp","type":"image\/webp"}],"twitter_card":"summary_large_image","twitter_misc":{"Tiempo de lectura":"2 minutos"},"schema":{"@context":"https:\/\/schema.org","@graph":[{"@type":"WebPage","@id":"https:\/\/macote.fr\/produit\/bouchon-essence-fibre-carbone-bmw\/","url":"https:\/\/macote.fr\/produit\/bouchon-essence-fibre-carbone-bmw\/","name":"Tap\u00f3n de fibra de carbono BMW - MaCote.fr","isPartOf":{"@id":"https:\/\/macote.fr\/#website"},"primaryImageOfPage":{"@id":"https:\/\/macote.fr\/produit\/bouchon-essence-fibre-carbone-bmw\/#primaryimage"},"image":{"@id":"https:\/\/macote.fr\/produit\/bouchon-essence-fibre-carbone-bmw\/#primaryimage"},"thumbnailUrl":"https:\/\/macote.fr\/wp-content\/uploads\/2022\/12\/Bouchon-trape-a-essence-en-fibre-de-Carbone-BMW.webp","datePublished":"2022-12-02T13:30:54+00:00","dateModified":"2025-01-26T18:40:18+00:00","description":"Encuentre nuestro tap\u00f3n de fibra de carbono para el dep\u00f3sito de combustible, apto para todos los BMW, que aporta un estilo lujoso a su BMW y un aspecto acabado a su proyecto.","breadcrumb":{"@id":"https:\/\/macote.fr\/produit\/bouchon-essence-fibre-carbone-bmw\/#breadcrumb"},"inLanguage":"es","potentialAction":[{"@type":"ReadAction","target":["https:\/\/macote.fr\/produit\/bouchon-essence-fibre-carbone-bmw\/"]}]},{"@type":"ImageObject","inLanguage":"es","@id":"https:\/\/macote.fr\/produit\/bouchon-essence-fibre-carbone-bmw\/#primaryimage","url":"https:\/\/macote.fr\/wp-content\/uploads\/2022\/12\/Bouchon-trape-a-essence-en-fibre-de-Carbone-BMW.webp","contentUrl":"https:\/\/macote.fr\/wp-content\/uploads\/2022\/12\/Bouchon-trape-a-essence-en-fibre-de-Carbone-BMW.webp","width":750,"height":1000,"caption":"Bouchon trape \u00e0 essence en fibre de Carbone BMW"},{"@type":"BreadcrumbList","@id":"https:\/\/macote.fr\/produit\/bouchon-essence-fibre-carbone-bmw\/#breadcrumb","itemListElement":[{"@type":"ListItem","position":1,"name":"Accueil","item":"https:\/\/macote.fr\/"},{"@type":"ListItem","position":2,"name":"Boutique","item":"https:\/\/macote.fr\/boutique\/"},{"@type":"ListItem","position":3,"name":"Bouchon de r\u00e9servoir d&rsquo;essence en fibre de carbone BMW"}]},{"@type":"WebSite","@id":"https:\/\/macote.fr\/#website","url":"https:\/\/macote.fr\/","name":"MyQuote.com","description":"Los mejores accesorios BMW","publisher":{"@id":"https:\/\/macote.fr\/#organization"},"alternateName":"BMW tuning","potentialAction":[{"@type":"SearchAction","target":{"@type":"EntryPoint","urlTemplate":"https:\/\/macote.fr\/?s={search_term_string}"},"query-input":{"@type":"PropertyValueSpecification","valueRequired":true,"valueName":"search_term_string"}}],"inLanguage":"es"},{"@type":"Organization","@id":"https:\/\/macote.fr\/#organization","name":"Macote.es","alternateName":"BMW tuning","url":"https:\/\/macote.fr\/","logo":{"@type":"ImageObject","inLanguage":"es","@id":"https:\/\/macote.fr\/#\/schema\/logo\/image\/","url":"https:\/\/macote.fr\/wp-content\/uploads\/2023\/11\/LOGO-macote.fr-dessin-bmw-noir-copy.jpg","contentUrl":"https:\/\/macote.fr\/wp-content\/uploads\/2023\/11\/LOGO-macote.fr-dessin-bmw-noir-copy.jpg","width":732,"height":456,"caption":"Macote.fr"},"image":{"@id":"https:\/\/macote.fr\/#\/schema\/logo\/image\/"},"sameAs":["https:\/\/www.facebook.com\/profile.php?id=100091476586119","https:\/\/www.youtube.com\/channel\/UCgO-YTbaxYO-w_C5GfL-_1w","https:\/\/www.tiktok.com\/@macote.fr?is_from_webapp=1&sender_device=pc","https:\/\/www.instagram.com\/i_xila_i\/"]}]}},"_links":{"self":[{"href":"https:\/\/macote.fr\/es\/wp-json\/wp\/v2\/product\/1194","targetHints":{"allow":["GET"]}}],"collection":[{"href":"https:\/\/macote.fr\/es\/wp-json\/wp\/v2\/product"}],"about":[{"href":"https:\/\/macote.fr\/es\/wp-json\/wp\/v2\/types\/product"}],"replies":[{"embeddable":true,"href":"https:\/\/macote.fr\/es\/wp-json\/wp\/v2\/comments?post=1194"}],"wp:featuredmedia":[{"embeddable":true,"href":"https:\/\/macote.fr\/es\/wp-json\/wp\/v2\/media\/1195"}],"wp:attachment":[{"href":"https:\/\/macote.fr\/es\/wp-json\/wp\/v2\/media?parent=1194"}],"wp:term":[{"taxonomy":"product_brand","embeddable":true,"href":"https:\/\/macote.fr\/es\/wp-json\/wp\/v2\/product_brand?post=1194"},{"taxonomy":"product_cat","embeddable":true,"href":"https:\/\/macote.fr\/es\/wp-json\/wp\/v2\/product_cat?post=1194"},{"taxonomy":"product_tag","embeddable":true,"href":"https:\/\/macote.fr\/es\/wp-json\/wp\/v2\/product_tag?post=1194"}],"curies":[{"name":"wp","href":"https:\/\/api.w.org\/{rel}","templated":true}]}}