{"id":8313,"date":"2026-09-04T13:52:39","date_gmt":"2026-09-04T11:52:39","guid":{"rendered":"https:\/\/macote.fr\/"},"modified":"2026-09-04T14:08:34","modified_gmt":"2026-09-04T12:08:34","slug":"calandre-led-iconic-glow-bmw-x5-g05-x5m-f95-x6-g06-x6m-f96-2018-2026","status":"publish","type":"product","link":"https:\/\/macote.fr\/es\/producto\/calandre-led-iconic-glow-bmw-x5-g05-x5m-f95-x6-g06-x6m-f96-2018-2026\/","title":{"rendered":"Rejilla delantera LED \u2013 Iconic Glow \u2013 BMW X5 G05, X5M F95 y X6 G06, X6M F96 (2018-2026)"},"content":{"rendered":"<h1 class=\"PDq2pG_selectionAnchorContainer\" style=\"text-align: center;\" data-section-id=\"1hpc60h\" data-start=\"418\" data-end=\"477\">Calandre LED \u00ab Iconic Glow \u00bb \u2013 BMW X5 G05, X5M F95 &amp; X6 G06, X6M F96 (2018-2026)<\/h1>\n<h3 data-section-id=\"1sx6m3i\" data-start=\"479\" data-end=\"502\">Un look de autor<\/h3>\n<p class=\"\" data-start=\"504\" data-end=\"662\">Votre BMW X5 G05, X5M F95 &amp; X6 G06, X6M F96 poss\u00e8de d\u00e9j\u00e0 un design moderne et dynamique. Mais avec cette <strong data-start=\"586\" data-end=\"614\">Ic\u00f3nica rejilla Glow LED<\/strong>, su mirada adquiere una dimensi\u00f3n totalmente nueva.<\/p>\n<p data-start=\"664\" data-end=\"859\">Inspirada en el dise\u00f1o de los BMW m\u00e1s exclusivos, esta parrilla sustituye a la original por una versi\u00f3n en negro brillante con iluminaci\u00f3n LED blanca integrada en el contorno de la doble barra.<\/p>\n<p data-start=\"861\" data-end=\"957\">Une modification simple qui transforme imm\u00e9diatement l\u2019avant de votre X5\/X5M ou X6\/X6M, de jour comme de nuit.<\/p>\n<h3 data-section-id=\"cxg78h\" data-start=\"959\" data-end=\"1012\">Un dise\u00f1o luminoso inspirado en la gama alta<\/h3>\n<p data-start=\"1014\" data-end=\"1223\">El principio se inspira en el esp\u00edritu de la tecnolog\u00eda <strong data-start=\"1061\" data-end=\"1080\">BMW Iconic Glow<\/strong> : una iluminaci\u00f3n blanca resalta el contorno de la parrilla para crear una firma luminosa elegante e inmediatamente reconocible.<\/p>\n<p data-start=\"1225\" data-end=\"1352\">La luz est\u00e1 integrada directamente en la parrilla para mantener un aspecto limpio y perfectamente integrado en el dise\u00f1o del veh\u00edculo.<\/p>\n<p data-start=\"1354\" data-end=\"1466\">Une fois allum\u00e9e, votre BMW X5 G05, X5M F95 &amp; X6 G06, X6M F96 b\u00e9n\u00e9ficie d\u2019un look plus moderne, plus sportif et r\u00e9solument premium.<\/p>\n<h3 data-section-id=\"nkml0j\" data-start=\"1468\" data-end=\"1510\">\u00bfPor qu\u00e9 esta parrilla es diferente?<\/h3>\n<ul data-start=\"1512\" data-end=\"1964\">\n<li data-section-id=\"il0vsr\" data-start=\"1512\" data-end=\"1615\"><strong data-start=\"1514\" data-end=\"1554\">Tecnolog\u00eda inspirada en Iconic Glow<\/strong> : un elemento luminoso integrado directamente en la parrilla delantera<\/li>\n<li data-section-id=\"1u5rs6w\" data-start=\"1616\" data-end=\"1694\"><strong data-start=\"1618\" data-end=\"1641\">Iluminaci\u00f3n LED blanca<\/strong> : luz n\u00edtida y homog\u00e9nea alrededor de la doble alubia<\/li>\n<li data-section-id=\"19rs5mm\" data-start=\"1695\" data-end=\"1798\"><strong data-start=\"1697\" data-end=\"1729\">Acabado Gloss Black premium<\/strong> : lamas verticales en negro brillante que aportan un aspecto deportivo y elegante<\/li>\n<li data-section-id=\"1f912q6\" data-start=\"1799\" data-end=\"1879\"><strong data-start=\"1801\" data-end=\"1816\">Dise\u00f1o OEM+<\/strong> : une modification qui respecte les lignes d\u2019origine du BMW X5\/X6<\/li>\n<li data-section-id=\"12979v4\" data-start=\"1880\" data-end=\"1964\"><strong data-start=\"1882\" data-end=\"1908\">Impacto visual inmediato<\/strong> : una parte delantera totalmente transformada en cuanto se encienden los LED<\/li>\n<\/ul>\n<h3 data-section-id=\"1pf67dl\" data-start=\"1966\" data-end=\"2006\">Lo que de verdad te va a encantar<\/h3>\n<ul data-start=\"2008\" data-end=\"2272\">\n<li data-section-id=\"1fpxrv0\" data-start=\"2008\" data-end=\"2056\"><strong data-start=\"2010\" data-end=\"2028\">F\u00e1cil montaje<\/strong> en las fijaciones originales<\/li>\n<li data-section-id=\"1ddy7fg\" data-start=\"2057\" data-end=\"2093\"><strong data-start=\"2059\" data-end=\"2075\">Sin cortes<\/strong> de la carrocer\u00eda<\/li>\n<li data-section-id=\"1nscpy\" data-start=\"2094\" data-end=\"2119\"><strong data-start=\"2096\" data-end=\"2111\">Sin codificaci\u00f3n<\/strong> anunciado<\/li>\n<li data-section-id=\"947l1y\" data-start=\"2120\" data-end=\"2150\">Mazo de cables incluido<\/li>\n<li data-section-id=\"1ji02mu\" data-start=\"2151\" data-end=\"2175\">Acabado de alta gama<\/li>\n<li data-section-id=\"1qiqzjo\" data-start=\"2176\" data-end=\"2222\">Design parfaitement adapt\u00e9 au X5 G05, X5M F95 &amp; X6 G06, X6M F96<\/li>\n<li data-section-id=\"7y1m4q\" data-start=\"2223\" data-end=\"2272\">Resistencia adecuada para su uso en exteriores<\/li>\n<\/ul>\n<h3 data-section-id=\"u3csm9\" data-start=\"2274\" data-end=\"2305\">Especificaciones t\u00e9cnicas<\/h3>\n<div class=\"group TyagGW_tableContainer\">\n<div class=\"TyagGW_tableWrapper flex flex-col-reverse w-fit\" tabindex=\"-1\">\n<table class=\"w-fit min-w-(--thread-content-width)\" data-start=\"2307\" data-end=\"2775\">\n<thead data-start=\"2307\" data-end=\"2335\">\n<tr data-start=\"2307\" data-end=\"2335\">\n<th class=\"last:pe-10\" data-start=\"2307\" data-end=\"2325\" data-col-size=\"sm\">Caracter\u00edstica<\/th>\n<th class=\"last:pe-10\" data-start=\"2325\" data-end=\"2335\" data-col-size=\"sm\">Detalle<\/th>\n<\/tr>\n<\/thead>\n<tbody data-start=\"2346\" data-end=\"2775\">\n<tr data-start=\"2346\" data-end=\"2394\">\n<td data-start=\"2346\" data-end=\"2366\" data-col-size=\"sm\"><strong data-start=\"2348\" data-end=\"2365\">Compatibilidad<\/strong><\/td>\n<td data-col-size=\"sm\" data-start=\"2366\" data-end=\"2394\">X5 G05, X5M F95 &amp; X6 G06, X6M F96 (2018-2026)<\/td>\n<\/tr>\n<tr data-start=\"2395\" data-end=\"2434\">\n<td data-start=\"2395\" data-end=\"2406\" data-col-size=\"sm\"><strong data-start=\"2397\" data-end=\"2405\">Tipo<\/strong><\/td>\n<td data-col-size=\"sm\" data-start=\"2406\" data-end=\"2434\">Rejilla delantera LED Iconic Glow<\/td>\n<\/tr>\n<tr data-start=\"2435\" data-end=\"2483\">\n<td data-start=\"2435\" data-end=\"2451\" data-col-size=\"sm\"><strong data-start=\"2437\" data-end=\"2450\">Iluminaci\u00f3n<\/strong><\/td>\n<td data-start=\"2451\" data-end=\"2483\" data-col-size=\"sm\">LED blanco integrado en el contorno<\/td>\n<\/tr>\n<tr data-start=\"2484\" data-end=\"2528\">\n<td data-start=\"2484\" data-end=\"2499\" data-col-size=\"sm\"><strong data-start=\"2486\" data-end=\"2498\">Acabado<\/strong><\/td>\n<td data-start=\"2499\" data-end=\"2528\" data-col-size=\"sm\">Negro brillante (Gloss Black)<\/td>\n<\/tr>\n<tr data-start=\"2529\" data-end=\"2564\">\n<td data-start=\"2529\" data-end=\"2542\" data-col-size=\"sm\"><strong data-start=\"2531\" data-end=\"2541\">Dise\u00f1o<\/strong><\/td>\n<td data-col-size=\"sm\" data-start=\"2542\" data-end=\"2564\">BMW de doble ri\u00f1\u00f3n<\/td>\n<\/tr>\n<tr data-start=\"2565\" data-end=\"2611\">\n<td data-start=\"2565\" data-end=\"2584\" data-col-size=\"sm\"><strong data-start=\"2567\" data-end=\"2583\">Instalaci\u00f3n<\/strong><\/td>\n<td data-col-size=\"sm\" data-start=\"2584\" data-end=\"2611\">En fijaciones originales<\/td>\n<\/tr>\n<tr data-start=\"2612\" data-end=\"2649\">\n<td data-start=\"2612\" data-end=\"2630\" data-col-size=\"sm\"><strong data-start=\"2614\" data-end=\"2629\">Conexi\u00f3n<\/strong><\/td>\n<td data-col-size=\"sm\" data-start=\"2630\" data-end=\"2649\">Cable incluido<\/td>\n<\/tr>\n<tr data-start=\"2650\" data-end=\"2686\">\n<td data-start=\"2650\" data-end=\"2663\" data-col-size=\"sm\"><strong data-start=\"2652\" data-end=\"2662\">Codificaci\u00f3n<\/strong><\/td>\n<td data-col-size=\"sm\" data-start=\"2663\" data-end=\"2686\">Sin codificaci\u00f3n anunciada<\/td>\n<\/tr>\n<tr data-start=\"2687\" data-end=\"2726\">\n<td data-start=\"2687\" data-end=\"2702\" data-col-size=\"sm\"><strong data-start=\"2689\" data-end=\"2701\">Material<\/strong><\/td>\n<td data-col-size=\"sm\" data-start=\"2702\" data-end=\"2726\">ABS de alta resistencia<\/td>\n<\/tr>\n<tr data-start=\"2727\" data-end=\"2775\">\n<td data-start=\"2727\" data-end=\"2745\" data-col-size=\"sm\"><strong data-start=\"2729\" data-end=\"2744\">Uso<\/strong><\/td>\n<td data-col-size=\"sm\" data-start=\"2745\" data-end=\"2775\">Exterior \/ para todas las estaciones<\/td>\n<\/tr>\n<\/tbody>\n<\/table>\n<\/div>\n<\/div>\n<h3 data-section-id=\"1l3y0bb\" data-start=\"2777\" data-end=\"2819\">Un BMW que ya no pasa desapercibido<\/h3>\n<p data-start=\"2821\" data-end=\"2929\">Este <strong data-start=\"2827\" data-end=\"2875\">calandre LED Iconic Glow pour X5 G05, X5M F95 &amp; X6 G06, X6M F96<\/strong>\u00a0Es mucho m\u00e1s que una simple rejilla delantera de recambio.<\/p>\n<p data-start=\"2931\" data-end=\"3035\">Aporta una aut\u00e9ntica <strong data-start=\"2958\" data-end=\"2981\">firma luminosa<\/strong> \u00e0 votre X5\/X6 tout en conservant l&rsquo;esprit du design BMW.<\/p>\n<p data-start=\"3037\" data-end=\"3227\">El resultado es especialmente espectacular por la noche: el contorno luminoso resalta el dise\u00f1o en forma de \u00abdoble alubia\u00bb y confiere a la parte delantera del veh\u00edculo un aspecto mucho m\u00e1s moderno y exclusivo.<\/p>\n<p data-start=\"3229\" data-end=\"3293\">Un detalle que cambia por completo el aspecto de tu BMW.<\/p>","protected":false},"excerpt":{"rendered":"<p>Calandre LED \u00ab Iconic Glow \u00bb \u2013 BMW X5 G05, X5M F95 &amp; X6 G06, X6M F96 (2018-2026) Un regard signature Votre BMW X5 G05, X5M F95 &amp; X6 G06, X6M F96 poss\u00e8de d\u00e9j\u00e0 un design moderne et dynamique. Mais avec cette calandre LED Iconic Glow, son regard prend une toute nouvelle dimension. Inspir\u00e9e du [&hellip;]<\/p>\n","protected":false},"featured_media":8317,"comment_status":"open","ping_status":"closed","template":"","meta":{"_eb_attr":"","_members_access_role":[],"_members_access_error":""},"product_brand":[],"product_cat":[290,285,296,269,68,67,178,195,179,198],"product_tag":[],"class_list":["post-8313","product","type-product","status-publish","has-post-thumbnail","product_cat-accessoires-macote-bmw","product_cat-bmw-oem","product_cat-calandre","product_cat-calandre-led-iconic-glow","product_cat-eclairage-signature-lumineuse","product_cat-modification-exterieur-vehicule","product_cat-x5","product_cat-x5m-f95-x5-g05-g18","product_cat-x6","product_cat-x6m-f96-x6-g06","first","instock","taxable","shipping-taxable","purchasable","product-type-variable"],"yoast_head":"<!-- This site is optimized with the Yoast SEO Premium plugin v20.7 (Yoast SEO v28.4) - https:\/\/yoast.com\/product\/yoast-seo-premium-wordpress\/ -->\n<title>Calandre LED - Iconic Glow - BMW X5 G05, X5M F95 &amp; X6 G06, X6M F96 (2018-2026) - MaCote.fr<\/title>\n<meta name=\"robots\" content=\"index, follow, max-snippet:-1, max-image-preview:large, max-video-preview:-1\" \/>\n<link rel=\"canonical\" href=\"https:\/\/macote.fr\/es\/producto\/calandre-led-iconic-glow-bmw-x5-g05-x5m-f95-x6-g06-x6m-f96-2018-2026\/\" \/>\n<meta property=\"og:locale\" content=\"es_ES\" \/>\n<meta property=\"og:type\" content=\"article\" \/>\n<meta property=\"og:title\" content=\"Calandre LED - Iconic Glow - BMW X5 G05, X5M F95 &amp; X6 G06, X6M F96 (2018-2026)\" \/>\n<meta property=\"og:description\" content=\"Calandre LED \u00ab Iconic Glow \u00bb \u2013 BMW X5 G05, X5M F95 &amp; X6 G06, X6M F96 (2018-2026) Un regard signature Votre BMW X5 G05, X5M F95 &amp; X6 G06, X6M F96 poss\u00e8de d\u00e9j\u00e0 un design moderne et dynamique. Mais avec cette calandre LED Iconic Glow, son regard prend une toute nouvelle dimension. Inspir\u00e9e du [&hellip;]\" \/>\n<meta property=\"og:url\" content=\"https:\/\/macote.fr\/es\/producto\/calandre-led-iconic-glow-bmw-x5-g05-x5m-f95-x6-g06-x6m-f96-2018-2026\/\" \/>\n<meta property=\"og:site_name\" content=\"MaCote.fr\" \/>\n<meta property=\"article:publisher\" content=\"https:\/\/www.facebook.com\/profile.php?id=100091476586119\" \/>\n<meta property=\"article:modified_time\" content=\"2026-09-04T12:08:34+00:00\" \/>\n<meta property=\"og:image\" content=\"https:\/\/macote.fr\/wp-content\/uploads\/2026\/09\/Calandre-BMW-X5-G05-X6-G06-LED-Iconic-Glow-\u2013-Noir-Brillant-\u2013-Vue-de-face-819x1024.png\" \/>\n\t<meta property=\"og:image:width\" content=\"819\" \/>\n\t<meta property=\"og:image:height\" content=\"1024\" \/>\n\t<meta property=\"og:image:type\" content=\"image\/png\" \/>\n<meta name=\"twitter:card\" content=\"summary_large_image\" \/>\n<meta name=\"twitter:label1\" content=\"Tiempo de lectura\" \/>\n\t<meta name=\"twitter:data1\" content=\"3 minutos\" \/>\n<script type=\"application\/ld+json\" class=\"yoast-schema-graph\">{\"@context\":\"https:\\\/\\\/schema.org\",\"@graph\":[{\"@type\":\"WebPage\",\"@id\":\"https:\\\/\\\/macote.fr\\\/produit\\\/calandre-led-iconic-glow-bmw-x5-g05-x5m-f95-x6-g06-x6m-f96-2018-2026\\\/\",\"url\":\"https:\\\/\\\/macote.fr\\\/produit\\\/calandre-led-iconic-glow-bmw-x5-g05-x5m-f95-x6-g06-x6m-f96-2018-2026\\\/\",\"name\":\"Calandre LED - Iconic Glow - BMW X5 G05, X5M F95 & X6 G06, X6M F96 (2018-2026) - MaCote.fr\",\"isPartOf\":{\"@id\":\"https:\\\/\\\/macote.fr\\\/#website\"},\"primaryImageOfPage\":{\"@id\":\"https:\\\/\\\/macote.fr\\\/produit\\\/calandre-led-iconic-glow-bmw-x5-g05-x5m-f95-x6-g06-x6m-f96-2018-2026\\\/#primaryimage\"},\"image\":{\"@id\":\"https:\\\/\\\/macote.fr\\\/produit\\\/calandre-led-iconic-glow-bmw-x5-g05-x5m-f95-x6-g06-x6m-f96-2018-2026\\\/#primaryimage\"},\"thumbnailUrl\":\"https:\\\/\\\/macote.fr\\\/wp-content\\\/uploads\\\/2026\\\/09\\\/Calandre-BMW-X5-G05-X6-G06-LED-Iconic-Glow-\u2013-Noir-Brillant-\u2013-Vue-de-face.png\",\"datePublished\":\"2026-09-04T11:52:39+00:00\",\"dateModified\":\"2026-09-04T12:08:34+00:00\",\"breadcrumb\":{\"@id\":\"https:\\\/\\\/macote.fr\\\/produit\\\/calandre-led-iconic-glow-bmw-x5-g05-x5m-f95-x6-g06-x6m-f96-2018-2026\\\/#breadcrumb\"},\"inLanguage\":\"es\",\"potentialAction\":[{\"@type\":\"ReadAction\",\"target\":[\"https:\\\/\\\/macote.fr\\\/produit\\\/calandre-led-iconic-glow-bmw-x5-g05-x5m-f95-x6-g06-x6m-f96-2018-2026\\\/\"]}]},{\"@type\":\"ImageObject\",\"inLanguage\":\"es\",\"@id\":\"https:\\\/\\\/macote.fr\\\/produit\\\/calandre-led-iconic-glow-bmw-x5-g05-x5m-f95-x6-g06-x6m-f96-2018-2026\\\/#primaryimage\",\"url\":\"https:\\\/\\\/macote.fr\\\/wp-content\\\/uploads\\\/2026\\\/09\\\/Calandre-BMW-X5-G05-X6-G06-LED-Iconic-Glow-\u2013-Noir-Brillant-\u2013-Vue-de-face.png\",\"contentUrl\":\"https:\\\/\\\/macote.fr\\\/wp-content\\\/uploads\\\/2026\\\/09\\\/Calandre-BMW-X5-G05-X6-G06-LED-Iconic-Glow-\u2013-Noir-Brillant-\u2013-Vue-de-face.png\",\"width\":1122,\"height\":1402,\"caption\":\"Calandre BMW X5 G05 : X6 G06 LED Iconic Glow \u2013 Noir Brillant \u2013 Vue de face\"},{\"@type\":\"BreadcrumbList\",\"@id\":\"https:\\\/\\\/macote.fr\\\/produit\\\/calandre-led-iconic-glow-bmw-x5-g05-x5m-f95-x6-g06-x6m-f96-2018-2026\\\/#breadcrumb\",\"itemListElement\":[{\"@type\":\"ListItem\",\"position\":1,\"name\":\"Accueil\",\"item\":\"https:\\\/\\\/macote.fr\\\/\"},{\"@type\":\"ListItem\",\"position\":2,\"name\":\"Boutique\",\"item\":\"https:\\\/\\\/macote.fr\\\/boutique\\\/\"},{\"@type\":\"ListItem\",\"position\":3,\"name\":\"Calandre LED &#8211; Iconic Glow &#8211; BMW X5 G05, X5M F95 &#038; X6 G06, X6M F96 (2018-2026)\"}]},{\"@type\":\"WebSite\",\"@id\":\"https:\\\/\\\/macote.fr\\\/#website\",\"url\":\"https:\\\/\\\/macote.fr\\\/\",\"name\":\"MaCote.fr\",\"description\":\"BMW best accessories\",\"publisher\":{\"@id\":\"https:\\\/\\\/macote.fr\\\/#organization\"},\"alternateName\":\"BMW tuning\",\"potentialAction\":[{\"@type\":\"SearchAction\",\"target\":{\"@type\":\"EntryPoint\",\"urlTemplate\":\"https:\\\/\\\/macote.fr\\\/?s={search_term_string}\"},\"query-input\":{\"@type\":\"PropertyValueSpecification\",\"valueRequired\":true,\"valueName\":\"search_term_string\"}}],\"inLanguage\":\"es\"},{\"@type\":\"Organization\",\"@id\":\"https:\\\/\\\/macote.fr\\\/#organization\",\"name\":\"Macote.fr\",\"alternateName\":\"BMW tuning\",\"url\":\"https:\\\/\\\/macote.fr\\\/\",\"logo\":{\"@type\":\"ImageObject\",\"inLanguage\":\"es\",\"@id\":\"https:\\\/\\\/macote.fr\\\/#\\\/schema\\\/logo\\\/image\\\/\",\"url\":\"https:\\\/\\\/macote.fr\\\/wp-content\\\/uploads\\\/2023\\\/11\\\/LOGO-macote.fr-dessin-bmw-noir-copy.jpg\",\"contentUrl\":\"https:\\\/\\\/macote.fr\\\/wp-content\\\/uploads\\\/2023\\\/11\\\/LOGO-macote.fr-dessin-bmw-noir-copy.jpg\",\"width\":732,\"height\":456,\"caption\":\"Macote.fr\"},\"image\":{\"@id\":\"https:\\\/\\\/macote.fr\\\/#\\\/schema\\\/logo\\\/image\\\/\"},\"sameAs\":[\"https:\\\/\\\/www.facebook.com\\\/profile.php?id=100091476586119\",\"https:\\\/\\\/www.youtube.com\\\/channel\\\/UCgO-YTbaxYO-w_C5GfL-_1w\",\"https:\\\/\\\/www.tiktok.com\\\/@macote.fr?is_from_webapp=1&sender_device=pc\",\"https:\\\/\\\/www.instagram.com\\\/i_xila_i\\\/\"]}]}<\/script>\n<!-- \/ Yoast SEO Premium plugin. -->","yoast_head_json":{"title":"Calandre LED - Iconic Glow - BMW X5 G05, X5M F95 & X6 G06, X6M F96 (2018-2026) - MaCote.fr","robots":{"index":"index","follow":"follow","max-snippet":"max-snippet:-1","max-image-preview":"max-image-preview:large","max-video-preview":"max-video-preview:-1"},"canonical":"https:\/\/macote.fr\/es\/producto\/calandre-led-iconic-glow-bmw-x5-g05-x5m-f95-x6-g06-x6m-f96-2018-2026\/","og_locale":"es_ES","og_type":"article","og_title":"Calandre LED - Iconic Glow - BMW X5 G05, X5M F95 & X6 G06, X6M F96 (2018-2026)","og_description":"Calandre LED \u00ab Iconic Glow \u00bb \u2013 BMW X5 G05, X5M F95 &amp; X6 G06, X6M F96 (2018-2026) Un regard signature Votre BMW X5 G05, X5M F95 &amp; X6 G06, X6M F96 poss\u00e8de d\u00e9j\u00e0 un design moderne et dynamique. Mais avec cette calandre LED Iconic Glow, son regard prend une toute nouvelle dimension. Inspir\u00e9e du [&hellip;]","og_url":"https:\/\/macote.fr\/es\/producto\/calandre-led-iconic-glow-bmw-x5-g05-x5m-f95-x6-g06-x6m-f96-2018-2026\/","og_site_name":"MaCote.fr","article_publisher":"https:\/\/www.facebook.com\/profile.php?id=100091476586119","article_modified_time":"2026-09-04T12:08:34+00:00","og_image":[{"width":819,"height":1024,"url":"https:\/\/macote.fr\/wp-content\/uploads\/2026\/09\/Calandre-BMW-X5-G05-X6-G06-LED-Iconic-Glow-\u2013-Noir-Brillant-\u2013-Vue-de-face-819x1024.png","type":"image\/png"}],"twitter_card":"summary_large_image","twitter_misc":{"Tiempo de lectura":"3 minutos"},"schema":{"@context":"https:\/\/schema.org","@graph":[{"@type":"WebPage","@id":"https:\/\/macote.fr\/produit\/calandre-led-iconic-glow-bmw-x5-g05-x5m-f95-x6-g06-x6m-f96-2018-2026\/","url":"https:\/\/macote.fr\/produit\/calandre-led-iconic-glow-bmw-x5-g05-x5m-f95-x6-g06-x6m-f96-2018-2026\/","name":"Calandre LED - Iconic Glow - BMW X5 G05, X5M F95 & X6 G06, X6M F96 (2018-2026) - MaCote.fr","isPartOf":{"@id":"https:\/\/macote.fr\/#website"},"primaryImageOfPage":{"@id":"https:\/\/macote.fr\/produit\/calandre-led-iconic-glow-bmw-x5-g05-x5m-f95-x6-g06-x6m-f96-2018-2026\/#primaryimage"},"image":{"@id":"https:\/\/macote.fr\/produit\/calandre-led-iconic-glow-bmw-x5-g05-x5m-f95-x6-g06-x6m-f96-2018-2026\/#primaryimage"},"thumbnailUrl":"https:\/\/macote.fr\/wp-content\/uploads\/2026\/09\/Calandre-BMW-X5-G05-X6-G06-LED-Iconic-Glow-\u2013-Noir-Brillant-\u2013-Vue-de-face.png","datePublished":"2026-09-04T11:52:39+00:00","dateModified":"2026-09-04T12:08:34+00:00","breadcrumb":{"@id":"https:\/\/macote.fr\/produit\/calandre-led-iconic-glow-bmw-x5-g05-x5m-f95-x6-g06-x6m-f96-2018-2026\/#breadcrumb"},"inLanguage":"es","potentialAction":[{"@type":"ReadAction","target":["https:\/\/macote.fr\/produit\/calandre-led-iconic-glow-bmw-x5-g05-x5m-f95-x6-g06-x6m-f96-2018-2026\/"]}]},{"@type":"ImageObject","inLanguage":"es","@id":"https:\/\/macote.fr\/produit\/calandre-led-iconic-glow-bmw-x5-g05-x5m-f95-x6-g06-x6m-f96-2018-2026\/#primaryimage","url":"https:\/\/macote.fr\/wp-content\/uploads\/2026\/09\/Calandre-BMW-X5-G05-X6-G06-LED-Iconic-Glow-\u2013-Noir-Brillant-\u2013-Vue-de-face.png","contentUrl":"https:\/\/macote.fr\/wp-content\/uploads\/2026\/09\/Calandre-BMW-X5-G05-X6-G06-LED-Iconic-Glow-\u2013-Noir-Brillant-\u2013-Vue-de-face.png","width":1122,"height":1402,"caption":"Calandre BMW X5 G05 : X6 G06 LED Iconic Glow \u2013 Noir Brillant \u2013 Vue de face"},{"@type":"BreadcrumbList","@id":"https:\/\/macote.fr\/produit\/calandre-led-iconic-glow-bmw-x5-g05-x5m-f95-x6-g06-x6m-f96-2018-2026\/#breadcrumb","itemListElement":[{"@type":"ListItem","position":1,"name":"Accueil","item":"https:\/\/macote.fr\/"},{"@type":"ListItem","position":2,"name":"Boutique","item":"https:\/\/macote.fr\/boutique\/"},{"@type":"ListItem","position":3,"name":"Calandre LED &#8211; Iconic Glow &#8211; BMW X5 G05, X5M F95 &#038; X6 G06, X6M F96 (2018-2026)"}]},{"@type":"WebSite","@id":"https:\/\/macote.fr\/#website","url":"https:\/\/macote.fr\/","name":"MyQuote.com","description":"Los mejores accesorios BMW","publisher":{"@id":"https:\/\/macote.fr\/#organization"},"alternateName":"BMW tuning","potentialAction":[{"@type":"SearchAction","target":{"@type":"EntryPoint","urlTemplate":"https:\/\/macote.fr\/?s={search_term_string}"},"query-input":{"@type":"PropertyValueSpecification","valueRequired":true,"valueName":"search_term_string"}}],"inLanguage":"es"},{"@type":"Organization","@id":"https:\/\/macote.fr\/#organization","name":"Macote.es","alternateName":"BMW tuning","url":"https:\/\/macote.fr\/","logo":{"@type":"ImageObject","inLanguage":"es","@id":"https:\/\/macote.fr\/#\/schema\/logo\/image\/","url":"https:\/\/macote.fr\/wp-content\/uploads\/2023\/11\/LOGO-macote.fr-dessin-bmw-noir-copy.jpg","contentUrl":"https:\/\/macote.fr\/wp-content\/uploads\/2023\/11\/LOGO-macote.fr-dessin-bmw-noir-copy.jpg","width":732,"height":456,"caption":"Macote.fr"},"image":{"@id":"https:\/\/macote.fr\/#\/schema\/logo\/image\/"},"sameAs":["https:\/\/www.facebook.com\/profile.php?id=100091476586119","https:\/\/www.youtube.com\/channel\/UCgO-YTbaxYO-w_C5GfL-_1w","https:\/\/www.tiktok.com\/@macote.fr?is_from_webapp=1&sender_device=pc","https:\/\/www.instagram.com\/i_xila_i\/"]}]}},"_links":{"self":[{"href":"https:\/\/macote.fr\/es\/wp-json\/wp\/v2\/product\/8313","targetHints":{"allow":["GET"]}}],"collection":[{"href":"https:\/\/macote.fr\/es\/wp-json\/wp\/v2\/product"}],"about":[{"href":"https:\/\/macote.fr\/es\/wp-json\/wp\/v2\/types\/product"}],"replies":[{"embeddable":true,"href":"https:\/\/macote.fr\/es\/wp-json\/wp\/v2\/comments?post=8313"}],"wp:featuredmedia":[{"embeddable":true,"href":"https:\/\/macote.fr\/es\/wp-json\/wp\/v2\/media\/8317"}],"wp:attachment":[{"href":"https:\/\/macote.fr\/es\/wp-json\/wp\/v2\/media?parent=8313"}],"wp:term":[{"taxonomy":"product_brand","embeddable":true,"href":"https:\/\/macote.fr\/es\/wp-json\/wp\/v2\/product_brand?post=8313"},{"taxonomy":"product_cat","embeddable":true,"href":"https:\/\/macote.fr\/es\/wp-json\/wp\/v2\/product_cat?post=8313"},{"taxonomy":"product_tag","embeddable":true,"href":"https:\/\/macote.fr\/es\/wp-json\/wp\/v2\/product_tag?post=8313"}],"curies":[{"name":"wp","href":"https:\/\/api.w.org\/{rel}","templated":true}]}}